{"id":27205,"date":"2021-12-08T00:00:00","date_gmt":"2021-12-07T23:00:00","guid":{"rendered":"https:\/\/www.sentierigressoney.it\/sentieri\/col-ranzola-2171m-sentier-3b\/"},"modified":"2026-02-11T18:45:15","modified_gmt":"2026-02-11T17:45:15","slug":"col-ranzola-2171m-sentier-3b","status":"publish","type":"portfolio","link":"https:\/\/www.sentierigressoney.it\/fr\/sentieri\/col-ranzola-2171m-sentier-3b\/","title":{"rendered":"Col Ranzola (2171m), sentier 3B"},"content":{"rendered":"<div class='clear'><\/div><div id='sub_menu1'  class='av-submenu-container av-baonez-281252e2816deee60f45e9a0945af1a4 main_color  avia-builder-el-0  el_before_av_submenu  avia-builder-el-first  fullwidth_submenu_sentieri av-sticky-submenu container_wrap fullsize' style='z-index:301' ><div class='container av-menu-mobile-disabled av-submenu-pos-center'><ul id=\"menu-submenu_sentieri-fr\" class=\"av-subnav-menu\" role=\"menu\"><li role=\"menuitem\" id=\"menu-item-31139\" class=\"menuitem_sentieri menu-item menu-item-type-custom menu-item-object-custom menu-item-top-level menu-item-top-level-1\"><a href=\"#descrizionegenerale\" itemprop=\"url\" tabindex=\"0\"><span class=\"avia-bullet\"><\/span><span class=\"avia-menu-text\">Description g\u00e9n\u00e9rale<\/span><span class=\"avia-menu-fx\"><span class=\"avia-arrow-wrap\"><span class=\"avia-arrow\"><\/span><\/span><\/span><\/a><\/li>\n<li role=\"menuitem\" id=\"menu-item-31140\" class=\"menuitem_sentieri menu-item menu-item-type-custom menu-item-object-custom menu-item-top-level menu-item-top-level-2\"><a href=\"#partenzaearrivo\" itemprop=\"url\" tabindex=\"0\"><span class=\"avia-bullet\"><\/span><span class=\"avia-menu-text\">D\u00e9part et arriv\u00e9e<\/span><span class=\"avia-menu-fx\"><span class=\"avia-arrow-wrap\"><span class=\"avia-arrow\"><\/span><\/span><\/span><\/a><\/li>\n<li role=\"menuitem\" id=\"menu-item-31141\" class=\"menuitem_sentieri menu-item menu-item-type-custom menu-item-object-custom menu-item-top-level menu-item-top-level-3\"><a href=\"#mappadelsentiero\" itemprop=\"url\" tabindex=\"0\"><span class=\"avia-bullet\"><\/span><span class=\"avia-menu-text\">L&rsquo;itin\u00e9raire<\/span><span class=\"avia-menu-fx\"><span class=\"avia-arrow-wrap\"><span class=\"avia-arrow\"><\/span><\/span><\/span><\/a><\/li>\n<li role=\"menuitem\" id=\"menu-item-31142\" class=\"menuitem_sentieri menu-item menu-item-type-custom menu-item-object-custom menu-item-top-level menu-item-top-level-4\"><a href=\"#gpxtrack\" itemprop=\"url\" tabindex=\"0\"><span class=\"avia-bullet\"><\/span><span class=\"avia-menu-text\">Carte et trace GPX<\/span><span class=\"avia-menu-fx\"><span class=\"avia-arrow-wrap\"><span class=\"avia-arrow\"><\/span><\/span><\/span><\/a><\/li>\n<li role=\"menuitem\" id=\"menu-item-31143\" class=\"menuitem_sentieri_highlighted menu-item menu-item-type-custom menu-item-object-custom menu-item-has-children menu-item-top-level menu-item-top-level-5\"><a itemprop=\"url\" tabindex=\"0\"><span class=\"avia-bullet\"><\/span><span class=\"avia-menu-text\">Retour aux sentiers de&#8230;<\/span><span class=\"avia-menu-fx\"><span class=\"avia-arrow-wrap\"><span class=\"avia-arrow\"><\/span><\/span><\/span><\/a>\n\n\n<ul class=\"sub-menu\">\n\t<li role=\"menuitem\" id=\"menu-item-31144\" class=\"menuitem_sentieri_highlighted menu-item menu-item-type-post_type menu-item-object-page\"><a href=\"https:\/\/www.sentierigressoney.it\/fr\/sentiers-de-gressoney-saint-jean\/\" itemprop=\"url\" tabindex=\"0\"><span class=\"avia-bullet\"><\/span><span class=\"avia-menu-text\">Gressoney-Saint-Jean<\/span><\/a><\/li>\n\t<li role=\"menuitem\" id=\"menu-item-31145\" class=\"menuitem_sentieri_highlighted menu-item menu-item-type-post_type menu-item-object-page\"><a href=\"https:\/\/www.sentierigressoney.it\/fr\/sentiers-de-gressoney-la-trinite\/\" itemprop=\"url\" tabindex=\"0\"><span class=\"avia-bullet\"><\/span><span class=\"avia-menu-text\">Gressoney-La-Trinit\u00e9<\/span><\/a><\/li>\n<\/ul>\n<\/li>\n<\/ul><\/div><\/div><div class='sticky_placeholder'><\/div>\n<div class='clear'><\/div><div id='sub_menu2'  class='av-submenu-container av-5dzbu3-30041a4443fd5e44c33937e720213d1c main_color  avia-builder-el-1  el_after_av_submenu  el_before_av_section  fullwidth_submenu_sentieri_mobile av-sticky-submenu submenu-not-first container_wrap fullsize' style='z-index:302' ><div class='container av-menu-mobile-disabled av-submenu-pos-center'><ul id=\"menu-submenu_sentieri_mobile-fr\" class=\"av-subnav-menu\" role=\"menu\"><li role=\"menuitem\" id=\"menu-item-31152\" class=\"menu-item menu-item-type-custom menu-item-object-custom menu-item-top-level menu-item-top-level-1\"><a href=\"#descrizionegenerale\" itemprop=\"url\" tabindex=\"0\"><span class=\"avia-bullet\"><\/span><span class=\"avia-menu-text\"><span  class='av_font_icon av-mhrxum4i-d2ed3779326e0b469406769a708b0d17 avia_animate_when_visible av-icon-style- avia-icon-pos-center avia-svg-icon avia-font-svg_entypo-fontello av-no-color avia-icon-animate'><span class='av-icon-char' data-av_svg_icon='to-start' data-av_iconset='svg_entypo-fontello' ><svg version=\"1.1\" xmlns=\"http:\/\/www.w3.org\/2000\/svg\" width=\"19\" height=\"32\" viewBox=\"0 0 19 32\" preserveAspectRatio=\"xMidYMid meet\" aria-labelledby='av-svg-title-1' aria-describedby='av-svg-desc-1' role=\"graphics-symbol\" aria-hidden=\"true\">\n<title id='av-svg-title-1'>To-start<\/title>\n<desc id='av-svg-desc-1'>To-start<\/desc>\n<path d=\"M5.568 16q0-0.448 0.448-0.768l11.648-7.296q0.64-0.448 1.088-0.16t0.448 1.12v14.144q0 0.832-0.448 1.12t-1.088-0.16l-11.648-7.296q-0.448-0.32-0.448-0.704zM0 8.512q0-1.856 2.432-1.856 2.368 0 2.368 1.856v14.912q0 1.856-2.368 1.856-2.432 0-2.432-1.856v-14.912z\"><\/path>\n<\/svg><\/span><\/span><\/span><span class=\"avia-menu-fx\"><span class=\"avia-arrow-wrap\"><span class=\"avia-arrow\"><\/span><\/span><\/span><\/a><\/li>\n<li role=\"menuitem\" id=\"menu-item-31153\" class=\"menu-item menu-item-type-custom menu-item-object-custom menu-item-top-level menu-item-top-level-2\"><a href=\"#partenzaearrivo\" itemprop=\"url\" tabindex=\"0\"><span class=\"avia-bullet\"><\/span><span class=\"avia-menu-text\"><span  class='av_font_icon av-mhuo4bia-715a8115ec8a38d3fb36d35af1c48bc2 avia_animate_when_visible av-icon-style- avia-icon-pos-center avia-svg-icon avia-font-svg_entypo-fontello av-no-color avia-icon-animate'><span class='av-icon-char' data-av_svg_icon='rocket' data-av_iconset='svg_entypo-fontello' ><svg version=\"1.1\" xmlns=\"http:\/\/www.w3.org\/2000\/svg\" width=\"28\" height=\"32\" viewBox=\"0 0 28 32\" preserveAspectRatio=\"xMidYMid meet\" aria-labelledby='av-svg-title-2' aria-describedby='av-svg-desc-2' role=\"graphics-symbol\" aria-hidden=\"true\">\n<title id='av-svg-title-2'>Rocket<\/title>\n<desc id='av-svg-desc-2'>Rocket<\/desc>\n<path d=\"M17.376 19.648q0.192 1.6 0.256 2.592t-0.256 1.888-0.416 1.28-1.12 1.024-1.44 0.832-2.24 0.992-2.72 1.184q-1.024 0.384-1.44-0.128t-0.096-1.408l1.28-3.52-4.16-4.224-3.392 1.28q-0.896 0.384-1.376-0.064t-0.096-1.472q0.384-0.96 0.992-2.528t0.864-2.080 0.704-1.44 0.8-1.152 0.928-0.64 1.312-0.416h1.664t2.272 0.192q0.32-0.448 0.928-1.248t2.464-2.72 3.776-3.328 4.64-2.4 5.28-0.608q0.256 0 0.448 0.192 0.128 0.128 0.192 0.448 0.32 2.624-0.576 5.376t-2.432 4.832-3.136 3.776-2.752 2.592zM18.976 10.176q0.704 0.704 1.728 0.704t1.728-0.704q0.704-0.768 0.704-1.792t-0.704-1.792q-0.704-0.704-1.728-0.704t-1.728 0.704q-0.704 0.768-0.704 1.792t0.704 1.792z\"><\/path>\n<\/svg><\/span><\/span><\/span><span class=\"avia-menu-fx\"><span class=\"avia-arrow-wrap\"><span class=\"avia-arrow\"><\/span><\/span><\/span><\/a><\/li>\n<li role=\"menuitem\" id=\"menu-item-31154\" class=\"menu-item menu-item-type-custom menu-item-object-custom menu-item-top-level menu-item-top-level-3\"><a href=\"#mappadelsentiero\" itemprop=\"url\" tabindex=\"0\"><span class=\"avia-bullet\"><\/span><span class=\"avia-menu-text\"><span  class='av_font_icon av-mhrxqa57-359ac9276080abd513a2bb6d542e494c avia_animate_when_visible av-icon-style- avia-icon-pos-center avia-svg-icon avia-font-svg_entypo-fontello av-no-color avia-icon-animate'><span class='av-icon-char' data-av_svg_icon='map' data-av_iconset='svg_entypo-fontello' ><svg version=\"1.1\" xmlns=\"http:\/\/www.w3.org\/2000\/svg\" width=\"32\" height=\"32\" viewBox=\"0 0 32 32\" preserveAspectRatio=\"xMidYMid meet\" aria-labelledby='av-svg-title-3' aria-describedby='av-svg-desc-3' role=\"graphics-symbol\" aria-hidden=\"true\">\n<title id='av-svg-title-3'>Map<\/title>\n<desc id='av-svg-desc-3'>Map<\/desc>\n<path d=\"M31.488 8q0.512 0.32 0.512 0.96v18.688q0 0.64-0.512 0.96-0.256 0.192-0.512 0.192t-0.576-0.192l-6.912-4.352-6.912 4.352q-0.576 0.32-1.088 0l-6.976-4.352-6.912 4.352q-0.512 0.32-1.088 0-0.512-0.32-0.512-0.96v-18.688q0-0.64 0.512-0.96l7.488-4.672q0.576-0.32 1.088 0l6.912 4.352 6.976-4.352q0.512-0.32 1.024 0zM7.488 22.4v-16.192l-5.376 3.328v16.192zM14.976 25.728v-16.192l-5.376-3.328v16.192zM22.464 22.4v-16.192l-5.44 3.328v16.192zM29.888 25.728v-16.192l-5.376-3.328v16.192z\"><\/path>\n<\/svg><\/span><\/span><\/span><span class=\"avia-menu-fx\"><span class=\"avia-arrow-wrap\"><span class=\"avia-arrow\"><\/span><\/span><\/span><\/a><\/li>\n<li role=\"menuitem\" id=\"menu-item-31155\" class=\"menu-item menu-item-type-custom menu-item-object-custom menu-item-top-level menu-item-top-level-4\"><a href=\"#gpxtrack\" itemprop=\"url\" tabindex=\"0\"><span class=\"avia-bullet\"><\/span><span class=\"avia-menu-text\"><span  class='av_font_icon av-mhuo4bia-dd4e6d883e147e67f14cfda3807f3eeb avia_animate_when_visible av-icon-style- avia-icon-pos-center avia-svg-icon avia-font-svg_entypo-fontello av-no-color avia-icon-animate'><span class='av-icon-char' data-av_svg_icon='address' data-av_iconset='svg_entypo-fontello' ><svg version=\"1.1\" xmlns=\"http:\/\/www.w3.org\/2000\/svg\" width=\"32\" height=\"32\" viewBox=\"0 0 32 32\" preserveAspectRatio=\"xMidYMid meet\" aria-labelledby='av-svg-title-4' aria-describedby='av-svg-desc-4' role=\"graphics-symbol\" aria-hidden=\"true\">\n<title id='av-svg-title-4'>Address<\/title>\n<desc id='av-svg-desc-4'>Address icon<\/desc>\n<path d=\"M13.632 1.6q0.64 0 0.64 0.64v27.52q0 0.64-0.64 0.64h-1.472q-0.64 0-0.64-0.64v-14.080h-5.632q-0.512 0-0.896-0.192-0.384-0.064-0.832-0.384l-3.84-2.624q-0.32-0.192-0.32-0.512t0.32-0.512l3.84-2.624q0.448-0.32 0.832-0.384 0.256-0.128 0.896-0.128h5.632v-6.080q0-0.64 0.64-0.64h1.472zM31.68 8.256q0.32 0.192 0.32 0.512t-0.32 0.512l-3.776 2.624q-0.704 0.384-0.832 0.384-0.448 0.192-0.896 0.192h-9.664l-1.28-7.36h10.944q0.576 0 0.896 0.128t0.832 0.384z\"><\/path>\n<\/svg><\/span><\/span><\/span><span class=\"avia-menu-fx\"><span class=\"avia-arrow-wrap\"><span class=\"avia-arrow\"><\/span><\/span><\/span><\/a><\/li>\n<li role=\"menuitem\" id=\"menu-item-31156\" class=\"fullwidthsubmenu_differentcolor menu-item menu-item-type-post_type menu-item-object-page menu-item-top-level menu-item-top-level-5\"><a href=\"https:\/\/www.sentierigressoney.it\/fr\/sentiers-de-gressoney-saint-jean\/\" itemprop=\"url\" tabindex=\"0\"><span class=\"avia-bullet\"><\/span><span class=\"avia-menu-text\">SJ<\/span><span class=\"avia-menu-fx\"><span class=\"avia-arrow-wrap\"><span class=\"avia-arrow\"><\/span><\/span><\/span><\/a><\/li>\n<li role=\"menuitem\" id=\"menu-item-31157\" class=\"fullwidthsubmenu_differentcolor menu-item menu-item-type-post_type menu-item-object-page menu-item-top-level menu-item-top-level-6\"><a href=\"https:\/\/www.sentierigressoney.it\/fr\/sentiers-de-gressoney-la-trinite\/\" itemprop=\"url\" tabindex=\"0\"><span class=\"avia-bullet\"><\/span><span class=\"avia-menu-text\">LT<\/span><span class=\"avia-menu-fx\"><span class=\"avia-arrow-wrap\"><span class=\"avia-arrow\"><\/span><\/span><\/span><\/a><\/li>\n<li role=\"menuitem\" id=\"menu-item-31558\" class=\"fullwidthsubmenu_differentcolor menu-item menu-item-type-post_type menu-item-object-page menu-item-home menu-item-top-level menu-item-top-level-7\"><a href=\"https:\/\/www.sentierigressoney.it\/fr\/\" itemprop=\"url\" tabindex=\"0\"><span class=\"avia-bullet\"><\/span><span class=\"avia-menu-text\"><span  class='av_font_icon av-miboxafy-0d8004f705cb919bb0d1892837d03658 avia_animate_when_visible av-icon-style- avia-icon-pos-center avia-svg-icon avia-font-svg_entypo-fontello av-no-color avia-icon-animate'><span class='av-icon-char' data-av_svg_icon='home' data-av_iconset='svg_entypo-fontello' ><svg version=\"1.1\" xmlns=\"http:\/\/www.w3.org\/2000\/svg\" width=\"29\" height=\"32\" viewBox=\"0 0 29 32\" preserveAspectRatio=\"xMidYMid meet\" aria-labelledby='av-svg-title-5' aria-describedby='av-svg-desc-5' role=\"graphics-symbol\" aria-hidden=\"true\">\n<title id='av-svg-title-5'>Home<\/title>\n<desc id='av-svg-desc-5'>Home<\/desc>\n<path d=\"M28.416 16.448q0.512 0.512 0.352 0.864t-0.864 0.352h-2.688v9.92q0 0.448-0.032 0.672t-0.256 0.416-0.736 0.192h-6.528v-9.92h-6.528v9.92h-6.208q-0.896 0-1.12-0.32t-0.224-0.96v-9.92h-2.688q-0.704 0-0.864-0.352t0.352-0.864l12.8-12.864q0.512-0.512 1.216-0.512t1.216 0.512z\"><\/path>\n<\/svg><\/span><\/span><\/span><span class=\"avia-menu-fx\"><span class=\"avia-arrow-wrap\"><span class=\"avia-arrow\"><\/span><\/span><\/span><\/a><\/li>\n<\/ul><\/div><\/div><div class='sticky_placeholder'><\/div>\n<p>\n<style type=\"text\/css\" data-created_by=\"avia_inline_auto\" id=\"style-css-av-kbwgwb-fe1430d774f09b0cbcfb0ba6c6d3653e\">\n.avia-section.av-kbwgwb-fe1430d774f09b0cbcfb0ba6c6d3653e{\nposition:relative;\n}\n.avia-section.av-kbwgwb-fe1430d774f09b0cbcfb0ba6c6d3653e .avia-divider-svg-bottom svg{\nheight:350px;\nwidth:calc(100% + 1.3px);\nfill:#3a3a3a;\n}\n<\/style>\n<div id='av_section_1'  class='avia-section av-kbwgwb-fe1430d774f09b0cbcfb0ba6c6d3653e main_color avia-section-default avia-no-border-styling  avia-builder-el-2  el_after_av_submenu  el_before_av_heading  avia-bg-style-scroll container_wrap fullsize'  ><div class='avia-divider-svg avia-divider-svg-mountains avia-divider-svg-bottom avia-svg-original'><svg xmlns=\"http:\/\/www.w3.org\/2000\/svg\" viewBox=\"0 0 1000 100\" preserveAspectRatio=\"none\">\n\t<path opacity=\"0.33\" d=\"M473,67.3c-203.9,88.3-263.1-34-320.3,0C66,119.1,0,59.7,0,59.7V0h1000v59.7 c0,0-62.1,26.1-94.9,29.3c-32.8,3.3-62.8-12.3-75.8-22.1C806,49.6,745.3,8.7,694.9,4.7S492.4,59,473,67.3z\"\/>\n\t<path opacity=\"0.66\" d=\"M734,67.3c-45.5,0-77.2-23.2-129.1-39.1c-28.6-8.7-150.3-10.1-254,39.1 s-91.7-34.4-149.2,0C115.7,118.3,0,39.8,0,39.8V0h1000v36.5c0,0-28.2-18.5-92.1-18.5C810.2,18.1,775.7,67.3,734,67.3z\"\/>\n\t<path d=\"M766.1,28.9c-200-57.5-266,65.5-395.1,19.5C242,1.8,242,5.4,184.8,20.6C128,35.8,132.3,44.9,89.9,52.5C28.6,63.7,0,0,0,0 h1000c0,0-9.9,40.9-83.6,48.1S829.6,47,766.1,28.9z\"\/>\n<\/svg><\/div><div class='container av-section-cont-open' ><div class='template-page content  av-content-full alpha units'><div class='post-entry post-entry-type-page post-entry-27205'><div class='entry-content-wrapper clearfix'>\n\n<style type=\"text\/css\" data-created_by=\"avia_inline_auto\" id=\"style-css-av-kxma6d1h-7704e765180d05692c8bd9888c76700b\">\n#top .av-special-heading.av-kxma6d1h-7704e765180d05692c8bd9888c76700b{\npadding-bottom:10px;\ncolor:#ffffff;\n}\nbody .av-special-heading.av-kxma6d1h-7704e765180d05692c8bd9888c76700b .av-special-heading-tag .heading-char{\nfont-size:25px;\n}\n.av-special-heading.av-kxma6d1h-7704e765180d05692c8bd9888c76700b .special-heading-inner-border{\nborder-color:#ffffff;\n}\n.av-special-heading.av-kxma6d1h-7704e765180d05692c8bd9888c76700b .av-subheading{\nfont-size:34px;\ncolor:#ffffff;\n}\n<\/style>\n<div  id=\"descrizionegenerale\"  class='av-special-heading av-kxma6d1h-7704e765180d05692c8bd9888c76700b av-special-heading-h1 custom-color-heading blockquote modern-quote modern-centered  avia-builder-el-3  el_before_av_textblock  avia-builder-el-first  av-thin-font'><h1 class='av-special-heading-tag '  itemprop=\"headline\"  ><strong>Col Ranzola (2171m), sentier 3B<\/strong><\/h1><div class='av_custom_color av-subheading av-subheading_below'><p>de <strong>Weismatten<\/strong> au <strong>col Ranzola<\/strong><\/p>\n<\/div><div class=\"special-heading-border\"><div class=\"special-heading-inner-border\"><\/div><\/div><\/div>\n\n<style type=\"text\/css\" data-created_by=\"avia_inline_auto\" id=\"style-css-av-kxma6vuu-8a71b9b9f654d2540b60fd09f1324ee4\">\n#top .av_textblock_section.av-kxma6vuu-8a71b9b9f654d2540b60fd09f1324ee4 .avia_textblock{\ntext-align:left;\n}\n<\/style>\n<section  class='av_textblock_section av-kxma6vuu-8a71b9b9f654d2540b60fd09f1324ee4 '   itemscope=\"itemscope\" itemtype=\"https:\/\/schema.org\/CreativeWork\" ><div class='avia_textblock'  itemprop=\"text\" ><div id=\"attachment_24298\" style=\"width: 505px\" class=\"wp-caption alignleft\"><a href=\"https:\/\/www.sentierigressoney.it\/wp-content\/uploads\/2022\/06\/DSF2843.jpg\"><img loading=\"lazy\" decoding=\"async\" aria-describedby=\"caption-attachment-24298\" class=\"wp-image-9494 size-portfolio\" title=\"Avance vers le col de Ranzola.\" src=\"https:\/\/www.sentierigressoney.it\/wp-content\/uploads\/2022\/06\/DSF2843-495x400.jpg\" alt=\"Avance vers le col de Ranzola.\" width=\"495\" height=\"400\" srcset=\"https:\/\/www.sentierigressoney.it\/wp-content\/uploads\/2022\/06\/DSF2843-495x400.jpg 495w, https:\/\/www.sentierigressoney.it\/wp-content\/uploads\/2022\/06\/DSF2843-845x684.jpg 845w\" sizes=\"auto, (max-width: 495px) 100vw, 495px\" \/><\/a><p id=\"caption-attachment-24298\" class=\"wp-caption-text\">Avance vers le col de Ranzola.<\/p><\/div>\n<p>Le sentier <strong>3B<\/strong> part de <strong>Weismatten<\/strong> et arrive au <strong>col Ranzola (2171 m)<\/strong>. Il mesure <strong>2833 m de<\/strong> long et le d\u00e9nivel\u00e9 positif total est de <strong>159 m.<\/strong><br \/>\nLa dur\u00e9e approximative de l&rsquo;ascension est de <strong>0h55<\/strong>. Le sentier est class\u00e9 comme \u00e9tant de difficult\u00e9 <strong>E<\/strong>.<\/p>\n<p>Le parcours commence \u00e0 l&rsquo;arriv\u00e9e du t\u00e9l\u00e9si\u00e8ge Weismatten (<a href=\"https:\/\/www.sentierigressoney.it\/fr\/remontees-mecaniques\/\" target=\"_blank\" rel=\"noopener\">horaires et tarifs<\/a>), \u00e9galement accessible par le <a href=\"https:\/\/www.sentierigressoney.it\/fr\/sentieri\/weismatten-2055m-sentier-2\/\" class=\"sentiero-chip clickable-chip\">\n                    <i class=\"fas fa-hiking chip-icon-fa\"><\/i> \n                    <span class=\"chip-label\">SENTIER 2<\/span>\n                <\/a>. Le sentier 3B est en commun avec le <a href=\"https:\/\/www.sentierigressoney.it\/fr\/sentieri\/punta-della-regina-2382-m-sentier-3a\/\" class=\"sentiero-chip clickable-chip\">\n                    <i class=\"fas fa-hiking chip-icon-fa\"><\/i> \n                    <span class=\"chip-label\">SENTIER 3A<\/span>\n                <\/a>, jusqu&rsquo;au bassin du lac de Gombetta. \u00c0 cet endroit, il y a un embranchement, o\u00f9 tu quittes la 3A (qui se dirige vers le col de Garda et monte ensuite jusqu&rsquo;\u00e0 Punta della Regina) pour continuer vers le nord, en contournant Punta della Regina, et en arrivant \u00e0 <strong>Col Ranzola<\/strong>.<\/p>\n<div id=\"attachment_24270\" style=\"width: 310px\" class=\"wp-caption alignright\"><a href=\"https:\/\/www.sentierigressoney.it\/wp-content\/uploads\/2021\/12\/passaggio-dei-migranti-valsesiani.png\"><img loading=\"lazy\" decoding=\"async\" aria-describedby=\"caption-attachment-24270\" class=\"wp-image-9342 size-medium\" title=\"Le voyage des migrants valsesiens\" src=\"https:\/\/www.sentierigressoney.it\/wp-content\/uploads\/2021\/12\/passaggio-dei-migranti-valsesiani-300x125.png\" alt=\"Le voyage des migrants valsesiens\" width=\"300\" height=\"125\" srcset=\"https:\/\/www.sentierigressoney.it\/wp-content\/uploads\/2021\/12\/passaggio-dei-migranti-valsesiani-300x125.png 300w, https:\/\/www.sentierigressoney.it\/wp-content\/uploads\/2021\/12\/passaggio-dei-migranti-valsesiani-1030x430.png 1030w, https:\/\/www.sentierigressoney.it\/wp-content\/uploads\/2021\/12\/passaggio-dei-migranti-valsesiani-768x321.png 768w, https:\/\/www.sentierigressoney.it\/wp-content\/uploads\/2021\/12\/passaggio-dei-migranti-valsesiani-1500x627.png 1500w, https:\/\/www.sentierigressoney.it\/wp-content\/uploads\/2021\/12\/passaggio-dei-migranti-valsesiani-705x295.png 705w, https:\/\/www.sentierigressoney.it\/wp-content\/uploads\/2021\/12\/passaggio-dei-migranti-valsesiani.png 1532w\" sizes=\"auto, (max-width: 300px) 100vw, 300px\" \/><\/a><p id=\"caption-attachment-24270\" class=\"wp-caption-text\">Le voyage des migrants valsesiens<\/p><\/div>\n<p>Le col Ranzola<em>(Col de Ranzolaz<\/em> en fran\u00e7ais, <em>Arescoll<\/em> en Titsch) est un col reliant Gressoney-Saint-Jean \u00e0 Brusson, et \u00e9tant presque parfaitement align\u00e9 avec le <em>col<\/em> <em>du Joux<\/em> et le <em>col de Valdobbia<\/em>, il repr\u00e9sentait le lien id\u00e9al pour les \u00e9migrants de Valsesia qui voulaient arriver dans le Valle Grande d&rsquo;Aosta et passer ensuite en France.<\/p>\n<p>En 1857, L\u00e9on Tolsto\u00ef est \u00e9galement pass\u00e9 par l\u00e0, alors qu&rsquo;il se rendait en Suisse par le col du Grand-Saint-Bernard, \u00e0 l&rsquo;\u00e2ge de 29 ans : une plaque comm\u00e9morant son passage se trouve aujourd&rsquo;hui sur le col.<\/p>\n<div id=\"attachment_24299\" style=\"width: 310px\" class=\"wp-caption alignleft\"><a href=\"https:\/\/www.sentierigressoney.it\/wp-content\/uploads\/2022\/06\/anello-attorno-punta-regina.png\"><img loading=\"lazy\" decoding=\"async\" aria-describedby=\"caption-attachment-24299\" class=\"wp-image-9496 size-medium\" title=\"L'anneau autour de Punta Regina\" src=\"https:\/\/www.sentierigressoney.it\/wp-content\/uploads\/2022\/06\/anello-attorno-punta-regina-300x146.png\" alt=\"L'anneau autour de Punta Regina\" width=\"300\" height=\"146\" srcset=\"https:\/\/www.sentierigressoney.it\/wp-content\/uploads\/2022\/06\/anello-attorno-punta-regina-300x146.png 300w, https:\/\/www.sentierigressoney.it\/wp-content\/uploads\/2022\/06\/anello-attorno-punta-regina-1030x501.png 1030w, https:\/\/www.sentierigressoney.it\/wp-content\/uploads\/2022\/06\/anello-attorno-punta-regina-768x373.png 768w, https:\/\/www.sentierigressoney.it\/wp-content\/uploads\/2022\/06\/anello-attorno-punta-regina-705x343.png 705w, https:\/\/www.sentierigressoney.it\/wp-content\/uploads\/2022\/06\/anello-attorno-punta-regina.png 1364w\" sizes=\"auto, (max-width: 300px) 100vw, 300px\" \/><\/a><p id=\"caption-attachment-24299\" class=\"wp-caption-text\">L&rsquo;anneau autour de Punta della Regina<\/p><\/div>\n<p>Le seul tron\u00e7on tr\u00e8s court du sentier <strong>3B <\/strong> qui n&rsquo;est pas commun avec le sentier 3A a une longueur d&rsquo;environ un kilom\u00e8tre, un d\u00e9nivel\u00e9 n\u00e9gligeable, et est typiquement parcouru par ceux qui doivent se d\u00e9placer entre Gombetta et Colle Ranzola parce qu&rsquo;ils font une boucle autour de Punta della Regina (en montant du nord et en descendant du sud, ou vice-versa). L&rsquo;image ci-contre montre un d\u00e9tail de tous les sentiers de la zone de Punta della Regina.<\/p>\n<\/div><\/section>\n<div  class='avia-button-wrap av-jh8uyj-da7e8a4a9d14e5ea211dcae6ccc429f6-wrap avia-button-center  avia-builder-el-5  el_after_av_textblock  avia-builder-el-last  pulsantesentieri'>\n<style type=\"text\/css\" data-created_by=\"avia_inline_auto\" id=\"style-css-av-jh8uyj-da7e8a4a9d14e5ea211dcae6ccc429f6\">\n#top #wrap_all .avia-button.av-jh8uyj-da7e8a4a9d14e5ea211dcae6ccc429f6{\nbackground-color:#3d3d3d;\nborder-color:#aaaaaa;\ncolor:#bfbfbf;\nborder-style:solid;\nborder-width:1px 1px 1px 1px;\ntransition:all 0.4s ease-in-out;\n}\n#top #wrap_all .avia-button.av-jh8uyj-da7e8a4a9d14e5ea211dcae6ccc429f6:hover{\nbackground-color:#8e8e8e;\ncolor:white;\ntransition:all 0.4s ease-in-out;\n}\n#top #wrap_all .avia-button.av-jh8uyj-da7e8a4a9d14e5ea211dcae6ccc429f6 .avia-svg-icon svg:first-child{\nfill:#bfbfbf;\nstroke:#bfbfbf;\n}\n#top #wrap_all .avia-button.av-jh8uyj-da7e8a4a9d14e5ea211dcae6ccc429f6:hover .avia-svg-icon svg:first-child{\nfill:white;\nstroke:white;\n}\n<\/style>\n<a href='https:\/\/www.sentierigressoney.it\/fr\/informations\/'  class='avia-button av-jh8uyj-da7e8a4a9d14e5ea211dcae6ccc429f6 av-link-btn avia-icon_select-yes-left-icon avia-size-small avia-position-center'  target=\"_blank\"  rel=\"noopener noreferrer\"  aria-label=\"Plus d&#039;informations sur le niveau de difficult\u00e9, les dur\u00e9es d&#039;ascension, les cartes et les pistes GPX.\"><span class='avia_button_icon avia_button_icon_left avia-iconfont avia-font-entypo-fontello' data-av_icon='\ue81d' data-av_iconfont='entypo-fontello' ><\/span><span class='avia_iconbox_title' >Plus d&#039;informations sur le niveau de difficult\u00e9, les dur\u00e9es d&#039;ascension, les cartes et les pistes GPX.<\/span><\/a><\/div>\n<\/div><\/div><\/div><!-- close content main div --><\/div><\/div><div id='after_section_1'  class='main_color av_default_container_wrap container_wrap fullsize'  ><div class='container av-section-cont-open' ><div class='template-page content  av-content-full alpha units'><div class='post-entry post-entry-type-page post-entry-27205'><div class='entry-content-wrapper clearfix'>\n<style type=\"text\/css\" data-created_by=\"avia_inline_auto\" id=\"style-css-av-2ca7mj-6893923d39ff8af6a65934e3c8cd4f67\">\n#top .av-special-heading.av-2ca7mj-6893923d39ff8af6a65934e3c8cd4f67{\npadding-bottom:10px;\n}\nbody .av-special-heading.av-2ca7mj-6893923d39ff8af6a65934e3c8cd4f67 .av-special-heading-tag .heading-char{\nfont-size:25px;\ncolor:#8e8e8e;\npadding-bottom:10px;\n}\nbody .av-special-heading.av-2ca7mj-6893923d39ff8af6a65934e3c8cd4f67 .av-special-heading-tag .heading-char.avia-svg-icon svg:first-child{\nfill:#8e8e8e;\nstroke:#8e8e8e;\n}\n.av-special-heading.av-2ca7mj-6893923d39ff8af6a65934e3c8cd4f67 .av-subheading{\nfont-size:15px;\n}\n<\/style>\n<div  class='av-special-heading av-2ca7mj-6893923d39ff8af6a65934e3c8cd4f67 av-special-heading-h3 custom-color-heading blockquote elegant-quote elegant-centered  avia-builder-el-6  el_after_av_section  el_before_av_horizontal_gallery  avia-builder-el-no-sibling  av-thin-font av-icon'><h3 class='av-special-heading-tag '  itemprop=\"headline\"  ><span class='heading-char avia-iconfont avia-font-entypo-fontello' data-av_icon='\ue80f' data-av_iconfont='entypo-fontello' ><\/span><span class=\"heading-wrap\"><strong>Galerie de photos<\/strong><\/span><\/h3><div class=\"special-heading-border\"><div class=\"special-heading-inner-border\"><\/div><\/div><\/div><\/p>\n\n<style type=\"text\/css\" data-created_by=\"avia_inline_auto\" id=\"style-css-av-l44rthjg-1f9e701d1d0297af7a1068eec883d928\">\n.av-horizontal-gallery.av-l44rthjg-1f9e701d1d0297af7a1068eec883d928{\npadding:3.75% 0px;;\n}\n.av-horizontal-gallery.av-l44rthjg-1f9e701d1d0297af7a1068eec883d928 .av-horizontal-gallery-inner{\npadding-bottom:25%;\n}\n<\/style>\n<div  class='av-horizontal-gallery av-l44rthjg-1f9e701d1d0297af7a1068eec883d928 av-horizontal-gallery-1px-gap av-horizontal-gallery-enlarge-effect  avia-builder-el-7  el_after_av_heading  el_before_av_section  subline-gallery av-slideshow-ui av-control-default av-slideshow-manual av-loop-once av-loop-manual-endless av-horizontal-gallery-1' data-slideshow-data=\"{&quot;enlarge&quot;:1.3,&quot;animation&quot;:&quot;slide&quot;,&quot;autoplay&quot;:false,&quot;loop_autoplay&quot;:&quot;once&quot;,&quot;interval&quot;:5,&quot;loop_manual&quot;:&quot;manual-endless&quot;,&quot;autoplay_stopper&quot;:false,&quot;noNavigation&quot;:false,&quot;bg_slider&quot;:false,&quot;keep_padding&quot;:&quot;&quot;,&quot;hoverpause&quot;:false,&quot;show_slide_delay&quot;:0,&quot;initial&quot;:&quot;1&quot;}\"  itemprop=\"image\" itemscope=\"itemscope\" itemtype=\"https:\/\/schema.org\/ImageObject\" ><div class='avia-slideshow-arrows avia-slideshow-controls' ><a href='#prev' class='prev-slide av-horizontal-gallery-prev avia-svg-icon avia-font-svg_entypo-fontello' data-av_svg_icon='left-open-big' data-av_iconset='svg_entypo-fontello' tabindex='-1' title=\"Pr\u00e9c\u00e9dent\"><svg version=\"1.1\" xmlns=\"http:\/\/www.w3.org\/2000\/svg\" width=\"15\" height=\"32\" viewBox=\"0 0 15 32\" preserveAspectRatio=\"xMidYMid meet\" aria-labelledby='av-svg-title-6' aria-describedby='av-svg-desc-6' role=\"graphics-symbol\" aria-hidden=\"true\">\n<title id='av-svg-title-6'>Pr\u00e9c\u00e9dent<\/title>\n<desc id='av-svg-desc-6'>Pr\u00e9c\u00e9dent<\/desc>\n<path d=\"M14.464 27.84q0.832 0.832 0 1.536-0.832 0.832-1.536 0l-12.544-12.608q-0.768-0.768 0-1.6l12.544-12.608q0.704-0.832 1.536 0 0.832 0.704 0 1.536l-11.456 11.904z\"><\/path>\n<\/svg><span class='avia_hidden_link_text'>Pr\u00e9c\u00e9dent<\/span><\/a><a href='#next' class='next-slide av-horizontal-gallery-next avia-svg-icon avia-font-svg_entypo-fontello' data-av_svg_icon='right-open-big' data-av_iconset='svg_entypo-fontello' tabindex='-1' title=\"Suivant\"><svg version=\"1.1\" xmlns=\"http:\/\/www.w3.org\/2000\/svg\" width=\"15\" height=\"32\" viewBox=\"0 0 15 32\" preserveAspectRatio=\"xMidYMid meet\" aria-labelledby='av-svg-title-7' aria-describedby='av-svg-desc-7' role=\"graphics-symbol\" aria-hidden=\"true\">\n<title id='av-svg-title-7'>Suivant<\/title>\n<desc id='av-svg-desc-7'>Suivant<\/desc>\n<path d=\"M0.416 27.84l11.456-11.84-11.456-11.904q-0.832-0.832 0-1.536 0.832-0.832 1.536 0l12.544 12.608q0.768 0.832 0 1.6l-12.544 12.608q-0.704 0.832-1.536 0-0.832-0.704 0-1.536z\"><\/path>\n<\/svg><span class='avia_hidden_link_text'>Suivant<\/span><\/a><\/div><div class='avia-slideshow-dots avia-slideshow-controls av-horizontal-gallery-dots fade-in'><a href='#1' class='goto-slide active' >1<\/a><a href='#2' class='goto-slide ' >2<\/a><a href='#3' class='goto-slide ' >3<\/a><a href='#4' class='goto-slide ' >4<\/a><a href='#5' class='goto-slide ' >5<\/a><a href='#6' class='goto-slide ' >6<\/a><a href='#7' class='goto-slide ' >7<\/a><a href='#8' class='goto-slide ' >8<\/a><a href='#9' class='goto-slide ' >9<\/a><a href='#10' class='goto-slide ' >10<\/a><a href='#11' class='goto-slide ' >11<\/a><a href='#12' class='goto-slide ' >12<\/a><a href='#13' class='goto-slide ' >13<\/a><a href='#14' class='goto-slide ' >14<\/a><\/div><div class='av-horizontal-gallery-inner' data-av-height='25'><div class=\"av-horizontal-gallery-slider\"><div class=\"av-horizontal-gallery-wrap noHover\"><img decoding=\"async\" fetchpriority=\"high\" class='wp-image-24274 avia-img-lazy-loading-not-24274 av-horizontal-gallery-img' width=\"495\" height=\"400\" src=\"https:\/\/www.sentierigressoney.it\/wp-content\/uploads\/2022\/06\/DSC5792-495x400.jpg\" title='Le d\u00e9but du sentier' alt='Le d\u00e9but du sentier' srcset=\"https:\/\/www.sentierigressoney.it\/wp-content\/uploads\/2022\/06\/DSC5792-495x400.jpg 495w, https:\/\/www.sentierigressoney.it\/wp-content\/uploads\/2022\/06\/DSC5792-845x684.jpg 845w\" sizes=\"(max-width: 495px) 100vw, 495px\" \/><a href=\"https:\/\/www.sentierigressoney.it\/wp-content\/uploads\/2022\/06\/DSC5792.jpg\" data-srcset=\"https:\/\/www.sentierigressoney.it\/wp-content\/uploads\/2022\/06\/DSC5792.jpg 2247w, https:\/\/www.sentierigressoney.it\/wp-content\/uploads\/2022\/06\/DSC5792-300x200.jpg 300w, https:\/\/www.sentierigressoney.it\/wp-content\/uploads\/2022\/06\/DSC5792-1030x688.jpg 1030w, https:\/\/www.sentierigressoney.it\/wp-content\/uploads\/2022\/06\/DSC5792-768x513.jpg 768w, https:\/\/www.sentierigressoney.it\/wp-content\/uploads\/2022\/06\/DSC5792-1536x1025.jpg 1536w, https:\/\/www.sentierigressoney.it\/wp-content\/uploads\/2022\/06\/DSC5792-2048x1367.jpg 2048w, https:\/\/www.sentierigressoney.it\/wp-content\/uploads\/2022\/06\/DSC5792-1500x1001.jpg 1500w, https:\/\/www.sentierigressoney.it\/wp-content\/uploads\/2022\/06\/DSC5792-705x471.jpg 705w\" data-sizes=\"(max-width: 2247px) 100vw, 2247px\" class='av-horizontal-gallery-link avia-svg-icon avia-font-svg_entypo-fontello' data-av_svg_icon='resize-full' data-av_iconset='svg_entypo-fontello' title='Le d\u00e9but du sentier' alt='Le d\u00e9but du sentier' aria-label='Ouvrir l\u2019image dans une Lightbox: Le d\u00e9but du sentier'><svg version=\"1.1\" xmlns=\"http:\/\/www.w3.org\/2000\/svg\" width=\"25\" height=\"32\" viewBox=\"0 0 25 32\" preserveAspectRatio=\"xMidYMid meet\" aria-labelledby='av-svg-title-8' aria-describedby='av-svg-desc-8' role=\"graphics-symbol\" aria-hidden=\"true\">\n<title id='av-svg-title-8'>Ouvrir l\u2019image dans une Lightbox: Le d\u00e9but du sentier<\/title>\n<desc id='av-svg-desc-8'>Ouvrir l\u2019image dans une Lightbox: Le d\u00e9but du sentier<\/desc>\n<path d=\"M15.232 3.328h10.112v10.112l-3.2-3.968-4.672 4.864-3.2-3.2 4.864-4.672zM7.872 17.536l3.2 3.2-4.864 4.672 3.904 3.2h-10.112v-10.112l3.2 3.904z\"><\/path>\n<\/svg><\/a><\/div><div class=\"av-horizontal-gallery-wrap noHover\"><img decoding=\"async\" fetchpriority=\"high\" class='wp-image-24281 avia-img-lazy-loading-not-24281 av-horizontal-gallery-img' width=\"495\" height=\"400\" src=\"https:\/\/www.sentierigressoney.it\/wp-content\/uploads\/2022\/06\/DSF4190-495x400.jpg\" title='Pr\u00e9 blancWissomatt\u00f2, 2161m' alt='Pr\u00e9 blancNWissomatt\u00f2, 2161m' srcset=\"https:\/\/www.sentierigressoney.it\/wp-content\/uploads\/2022\/06\/DSF4190-495x400.jpg 495w, https:\/\/www.sentierigressoney.it\/wp-content\/uploads\/2022\/06\/DSF4190-845x684.jpg 845w\" sizes=\"(max-width: 495px) 100vw, 495px\" \/><a href=\"https:\/\/www.sentierigressoney.it\/wp-content\/uploads\/2022\/06\/DSF4190.jpg\" data-srcset=\"https:\/\/www.sentierigressoney.it\/wp-content\/uploads\/2022\/06\/DSF4190.jpg 2250w, https:\/\/www.sentierigressoney.it\/wp-content\/uploads\/2022\/06\/DSF4190-300x200.jpg 300w, https:\/\/www.sentierigressoney.it\/wp-content\/uploads\/2022\/06\/DSF4190-1030x687.jpg 1030w, https:\/\/www.sentierigressoney.it\/wp-content\/uploads\/2022\/06\/DSF4190-768x512.jpg 768w, https:\/\/www.sentierigressoney.it\/wp-content\/uploads\/2022\/06\/DSF4190-1536x1024.jpg 1536w, https:\/\/www.sentierigressoney.it\/wp-content\/uploads\/2022\/06\/DSF4190-2048x1365.jpg 2048w, https:\/\/www.sentierigressoney.it\/wp-content\/uploads\/2022\/06\/DSF4190-1500x1000.jpg 1500w, https:\/\/www.sentierigressoney.it\/wp-content\/uploads\/2022\/06\/DSF4190-705x470.jpg 705w\" data-sizes=\"(max-width: 2250px) 100vw, 2250px\" class='av-horizontal-gallery-link avia-svg-icon avia-font-svg_entypo-fontello' data-av_svg_icon='resize-full' data-av_iconset='svg_entypo-fontello' title='Alpe PratoWissomatt\u00f2, 2161m' alt='Pr\u00e9 blancNWissomatt\u00f2, 2161m' aria-label='Ouvrir l\u2019image dans une Lightbox: Pr\u00e9 blancWissomatt\u00f2, 2161m'><svg version=\"1.1\" xmlns=\"http:\/\/www.w3.org\/2000\/svg\" width=\"25\" height=\"32\" viewBox=\"0 0 25 32\" preserveAspectRatio=\"xMidYMid meet\" aria-labelledby='av-svg-title-9' aria-describedby='av-svg-desc-9' role=\"graphics-symbol\" aria-hidden=\"true\">\n<title id='av-svg-title-9'>Ouvrir l\u2019image dans une Lightbox: Pr\u00e9 blancWissomatt\u00f2, 2161m<\/title>\n<desc id='av-svg-desc-9'>Ouvrir l\u2019image dans une Lightbox: Pr\u00e9 blancWissomatt\u00f2, 2161m<\/desc>\n<path d=\"M15.232 3.328h10.112v10.112l-3.2-3.968-4.672 4.864-3.2-3.2 4.864-4.672zM7.872 17.536l3.2 3.2-4.864 4.672 3.904 3.2h-10.112v-10.112l3.2 3.904z\"><\/path>\n<\/svg><\/a><\/div><div class=\"av-horizontal-gallery-wrap noHover\"><img decoding=\"async\" fetchpriority=\"high\" class='wp-image-24280 avia-img-lazy-loading-not-24280 av-horizontal-gallery-img' width=\"495\" height=\"400\" src=\"https:\/\/www.sentierigressoney.it\/wp-content\/uploads\/2022\/06\/DSF4187-495x400.jpg\" title='Tu montes sur cet \u00e9paulement montagneux' alt='Tu montes sur cet \u00e9paulement montagneux' srcset=\"https:\/\/www.sentierigressoney.it\/wp-content\/uploads\/2022\/06\/DSF4187-495x400.jpg 495w, https:\/\/www.sentierigressoney.it\/wp-content\/uploads\/2022\/06\/DSF4187-845x684.jpg 845w\" sizes=\"(max-width: 495px) 100vw, 495px\" \/><a href=\"https:\/\/www.sentierigressoney.it\/wp-content\/uploads\/2022\/06\/DSF4187.jpg\" data-srcset=\"https:\/\/www.sentierigressoney.it\/wp-content\/uploads\/2022\/06\/DSF4187.jpg 2250w, https:\/\/www.sentierigressoney.it\/wp-content\/uploads\/2022\/06\/DSF4187-300x200.jpg 300w, https:\/\/www.sentierigressoney.it\/wp-content\/uploads\/2022\/06\/DSF4187-1030x687.jpg 1030w, https:\/\/www.sentierigressoney.it\/wp-content\/uploads\/2022\/06\/DSF4187-768x512.jpg 768w, https:\/\/www.sentierigressoney.it\/wp-content\/uploads\/2022\/06\/DSF4187-1536x1024.jpg 1536w, https:\/\/www.sentierigressoney.it\/wp-content\/uploads\/2022\/06\/DSF4187-2048x1365.jpg 2048w, https:\/\/www.sentierigressoney.it\/wp-content\/uploads\/2022\/06\/DSF4187-1500x1000.jpg 1500w, https:\/\/www.sentierigressoney.it\/wp-content\/uploads\/2022\/06\/DSF4187-705x470.jpg 705w\" data-sizes=\"(max-width: 2250px) 100vw, 2250px\" class='av-horizontal-gallery-link avia-svg-icon avia-font-svg_entypo-fontello' data-av_svg_icon='resize-full' data-av_iconset='svg_entypo-fontello' title='Tu montes sur cet \u00e9paulement montagneux' alt='Tu montes sur cet \u00e9paulement montagneux' aria-label='Ouvrir l\u2019image dans une Lightbox: Tu montes sur cet \u00e9paulement montagneux'><svg version=\"1.1\" xmlns=\"http:\/\/www.w3.org\/2000\/svg\" width=\"25\" height=\"32\" viewBox=\"0 0 25 32\" preserveAspectRatio=\"xMidYMid meet\" aria-labelledby='av-svg-title-10' aria-describedby='av-svg-desc-10' role=\"graphics-symbol\" aria-hidden=\"true\">\n<title id='av-svg-title-10'>Ouvrir l\u2019image dans une Lightbox: Tu montes sur cet \u00e9paulement montagneux<\/title>\n<desc id='av-svg-desc-10'>Ouvrir l\u2019image dans une Lightbox: Tu montes sur cet \u00e9paulement montagneux<\/desc>\n<path d=\"M15.232 3.328h10.112v10.112l-3.2-3.968-4.672 4.864-3.2-3.2 4.864-4.672zM7.872 17.536l3.2 3.2-4.864 4.672 3.904 3.2h-10.112v-10.112l3.2 3.904z\"><\/path>\n<\/svg><\/a><\/div><div class=\"av-horizontal-gallery-wrap noHover\"><img decoding=\"async\" fetchpriority=\"high\" class='wp-image-24282 avia-img-lazy-loading-not-24282 av-horizontal-gallery-img' width=\"495\" height=\"400\" src=\"https:\/\/www.sentierigressoney.it\/wp-content\/uploads\/2022\/06\/DSF4191-495x400.jpg\" title='Travers\u00e9e de la pierraille (2178m)' alt='Travers\u00e9e de la pierraille (2178m)' srcset=\"https:\/\/www.sentierigressoney.it\/wp-content\/uploads\/2022\/06\/DSF4191-495x400.jpg 495w, https:\/\/www.sentierigressoney.it\/wp-content\/uploads\/2022\/06\/DSF4191-845x684.jpg 845w\" sizes=\"(max-width: 495px) 100vw, 495px\" \/><a href=\"https:\/\/www.sentierigressoney.it\/wp-content\/uploads\/2022\/06\/DSF4191.jpg\" data-srcset=\"https:\/\/www.sentierigressoney.it\/wp-content\/uploads\/2022\/06\/DSF4191.jpg 2250w, https:\/\/www.sentierigressoney.it\/wp-content\/uploads\/2022\/06\/DSF4191-300x200.jpg 300w, https:\/\/www.sentierigressoney.it\/wp-content\/uploads\/2022\/06\/DSF4191-1030x687.jpg 1030w, https:\/\/www.sentierigressoney.it\/wp-content\/uploads\/2022\/06\/DSF4191-768x512.jpg 768w, https:\/\/www.sentierigressoney.it\/wp-content\/uploads\/2022\/06\/DSF4191-1536x1024.jpg 1536w, https:\/\/www.sentierigressoney.it\/wp-content\/uploads\/2022\/06\/DSF4191-2048x1365.jpg 2048w, https:\/\/www.sentierigressoney.it\/wp-content\/uploads\/2022\/06\/DSF4191-1500x1000.jpg 1500w, https:\/\/www.sentierigressoney.it\/wp-content\/uploads\/2022\/06\/DSF4191-705x470.jpg 705w\" data-sizes=\"(max-width: 2250px) 100vw, 2250px\" class='av-horizontal-gallery-link avia-svg-icon avia-font-svg_entypo-fontello' data-av_svg_icon='resize-full' data-av_iconset='svg_entypo-fontello' title='Travers\u00e9e de la pierraille (2178m)' alt='Travers\u00e9e de la pierraille (2178m)' aria-label='Ouvrir l\u2019image dans une Lightbox: Travers\u00e9e de la pierraille (2178m)'><svg version=\"1.1\" xmlns=\"http:\/\/www.w3.org\/2000\/svg\" width=\"25\" height=\"32\" viewBox=\"0 0 25 32\" preserveAspectRatio=\"xMidYMid meet\" aria-labelledby='av-svg-title-11' aria-describedby='av-svg-desc-11' role=\"graphics-symbol\" aria-hidden=\"true\">\n<title id='av-svg-title-11'>Ouvrir l\u2019image dans une Lightbox: Travers\u00e9e de la pierraille (2178m)<\/title>\n<desc id='av-svg-desc-11'>Ouvrir l\u2019image dans une Lightbox: Travers\u00e9e de la pierraille (2178m)<\/desc>\n<path d=\"M15.232 3.328h10.112v10.112l-3.2-3.968-4.672 4.864-3.2-3.2 4.864-4.672zM7.872 17.536l3.2 3.2-4.864 4.672 3.904 3.2h-10.112v-10.112l3.2 3.904z\"><\/path>\n<\/svg><\/a><\/div><div class=\"av-horizontal-gallery-wrap noHover\"><img decoding=\"async\" fetchpriority=\"high\" class='wp-image-24286 avia-img-lazy-loading-not-24286 av-horizontal-gallery-img' width=\"495\" height=\"400\" src=\"https:\/\/www.sentierigressoney.it\/wp-content\/uploads\/2022\/06\/DSC_2907-495x400.jpg\" title='Le deuxi\u00e8me Belv\u00e9d\u00e8re (juillet 2006)' alt='Le deuxi\u00e8me Belv\u00e9d\u00e8re (juillet 2006)' srcset=\"https:\/\/www.sentierigressoney.it\/wp-content\/uploads\/2022\/06\/DSC_2907-495x400.jpg 495w, https:\/\/www.sentierigressoney.it\/wp-content\/uploads\/2022\/06\/DSC_2907-845x684.jpg 845w\" sizes=\"(max-width: 495px) 100vw, 495px\" \/><a href=\"https:\/\/www.sentierigressoney.it\/wp-content\/uploads\/2022\/06\/DSC_2907.jpg\" data-srcset=\"https:\/\/www.sentierigressoney.it\/wp-content\/uploads\/2022\/06\/DSC_2907.jpg 2256w, https:\/\/www.sentierigressoney.it\/wp-content\/uploads\/2022\/06\/DSC_2907-300x199.jpg 300w, https:\/\/www.sentierigressoney.it\/wp-content\/uploads\/2022\/06\/DSC_2907-1030x685.jpg 1030w, https:\/\/www.sentierigressoney.it\/wp-content\/uploads\/2022\/06\/DSC_2907-768x511.jpg 768w, https:\/\/www.sentierigressoney.it\/wp-content\/uploads\/2022\/06\/DSC_2907-1536x1021.jpg 1536w, https:\/\/www.sentierigressoney.it\/wp-content\/uploads\/2022\/06\/DSC_2907-2048x1362.jpg 2048w, https:\/\/www.sentierigressoney.it\/wp-content\/uploads\/2022\/06\/DSC_2907-1500x997.jpg 1500w, https:\/\/www.sentierigressoney.it\/wp-content\/uploads\/2022\/06\/DSC_2907-705x469.jpg 705w\" data-sizes=\"(max-width: 2256px) 100vw, 2256px\" class='av-horizontal-gallery-link avia-svg-icon avia-font-svg_entypo-fontello' data-av_svg_icon='resize-full' data-av_iconset='svg_entypo-fontello' title='Le Belv\u00e9d\u00e8re \u00e0 2200m' alt='Le deuxi\u00e8me Belv\u00e9d\u00e8re (juillet 2006)' aria-label='Ouvrir l\u2019image dans une Lightbox: Le deuxi\u00e8me Belv\u00e9d\u00e8re (juillet 2006)'><svg version=\"1.1\" xmlns=\"http:\/\/www.w3.org\/2000\/svg\" width=\"25\" height=\"32\" viewBox=\"0 0 25 32\" preserveAspectRatio=\"xMidYMid meet\" aria-labelledby='av-svg-title-12' aria-describedby='av-svg-desc-12' role=\"graphics-symbol\" aria-hidden=\"true\">\n<title id='av-svg-title-12'>Ouvrir l\u2019image dans une Lightbox: Le deuxi\u00e8me Belv\u00e9d\u00e8re (juillet 2006)<\/title>\n<desc id='av-svg-desc-12'>Ouvrir l\u2019image dans une Lightbox: Le deuxi\u00e8me Belv\u00e9d\u00e8re (juillet 2006)<\/desc>\n<path d=\"M15.232 3.328h10.112v10.112l-3.2-3.968-4.672 4.864-3.2-3.2 4.864-4.672zM7.872 17.536l3.2 3.2-4.864 4.672 3.904 3.2h-10.112v-10.112l3.2 3.904z\"><\/path>\n<\/svg><\/a><\/div><div class=\"av-horizontal-gallery-wrap noHover\"><img decoding=\"async\" fetchpriority=\"high\" class='wp-image-24272 avia-img-lazy-loading-not-24272 av-horizontal-gallery-img' width=\"495\" height=\"400\" src=\"https:\/\/www.sentierigressoney.it\/wp-content\/uploads\/2022\/06\/DSC_8752-495x400.jpg\" title='L&#039;aventure s&#039;\u00e9tire avec des c\u00e2bles d&#039;acier' alt='L&#039;aventure s&#039;\u00e9tire avec des c\u00e2bles d&#039;acier' srcset=\"https:\/\/www.sentierigressoney.it\/wp-content\/uploads\/2022\/06\/DSC_8752-495x400.jpg 495w, https:\/\/www.sentierigressoney.it\/wp-content\/uploads\/2022\/06\/DSC_8752-845x684.jpg 845w\" sizes=\"(max-width: 495px) 100vw, 495px\" \/><a href=\"https:\/\/www.sentierigressoney.it\/wp-content\/uploads\/2022\/06\/DSC_8752.jpg\" data-srcset=\"https:\/\/www.sentierigressoney.it\/wp-content\/uploads\/2022\/06\/DSC_8752.jpg 997w, https:\/\/www.sentierigressoney.it\/wp-content\/uploads\/2022\/06\/DSC_8752-200x300.jpg 200w, https:\/\/www.sentierigressoney.it\/wp-content\/uploads\/2022\/06\/DSC_8752-685x1030.jpg 685w, https:\/\/www.sentierigressoney.it\/wp-content\/uploads\/2022\/06\/DSC_8752-768x1155.jpg 768w, https:\/\/www.sentierigressoney.it\/wp-content\/uploads\/2022\/06\/DSC_8752-469x705.jpg 469w\" data-sizes=\"(max-width: 997px) 100vw, 997px\" class='av-horizontal-gallery-link avia-svg-icon avia-font-svg_entypo-fontello' data-av_svg_icon='resize-full' data-av_iconset='svg_entypo-fontello' title='L&#039;aventure s&#039;\u00e9tire avec des c\u00e2bles d&#039;acier' alt='L&#039;aventure s&#039;\u00e9tire avec des c\u00e2bles d&#039;acier' aria-label='Ouvrir l\u2019image dans une Lightbox: L&#039;aventure s&#039;\u00e9tire avec des c\u00e2bles d&#039;acier'><svg version=\"1.1\" xmlns=\"http:\/\/www.w3.org\/2000\/svg\" width=\"25\" height=\"32\" viewBox=\"0 0 25 32\" preserveAspectRatio=\"xMidYMid meet\" aria-labelledby='av-svg-title-13' aria-describedby='av-svg-desc-13' role=\"graphics-symbol\" aria-hidden=\"true\">\n<title id='av-svg-title-13'>Ouvrir l\u2019image dans une Lightbox: L&#039;aventure s&#039;\u00e9tire avec des c\u00e2bles d&#039;acier<\/title>\n<desc id='av-svg-desc-13'>Ouvrir l\u2019image dans une Lightbox: L&#039;aventure s&#039;\u00e9tire avec des c\u00e2bles d&#039;acier<\/desc>\n<path d=\"M15.232 3.328h10.112v10.112l-3.2-3.968-4.672 4.864-3.2-3.2 4.864-4.672zM7.872 17.536l3.2 3.2-4.864 4.672 3.904 3.2h-10.112v-10.112l3.2 3.904z\"><\/path>\n<\/svg><\/a><\/div><div class=\"av-horizontal-gallery-wrap noHover\"><img decoding=\"async\" fetchpriority=\"high\" class='wp-image-24288 avia-img-lazy-loading-not-24288 av-horizontal-gallery-img' width=\"495\" height=\"400\" src=\"https:\/\/www.sentierigressoney.it\/wp-content\/uploads\/2022\/06\/DSC_3008-495x400.jpg\" title='Il y a quelques ouvertures panoramiques sur le sentier.' alt='Il y a quelques ouvertures panoramiques sur le sentier.' srcset=\"https:\/\/www.sentierigressoney.it\/wp-content\/uploads\/2022\/06\/DSC_3008-495x400.jpg 495w, https:\/\/www.sentierigressoney.it\/wp-content\/uploads\/2022\/06\/DSC_3008-845x684.jpg 845w\" sizes=\"(max-width: 495px) 100vw, 495px\" \/><a href=\"https:\/\/www.sentierigressoney.it\/wp-content\/uploads\/2022\/06\/DSC_3008.jpg\" data-srcset=\"https:\/\/www.sentierigressoney.it\/wp-content\/uploads\/2022\/06\/DSC_3008.jpg 2256w, https:\/\/www.sentierigressoney.it\/wp-content\/uploads\/2022\/06\/DSC_3008-300x199.jpg 300w, https:\/\/www.sentierigressoney.it\/wp-content\/uploads\/2022\/06\/DSC_3008-1030x685.jpg 1030w, https:\/\/www.sentierigressoney.it\/wp-content\/uploads\/2022\/06\/DSC_3008-768x511.jpg 768w, https:\/\/www.sentierigressoney.it\/wp-content\/uploads\/2022\/06\/DSC_3008-1536x1021.jpg 1536w, https:\/\/www.sentierigressoney.it\/wp-content\/uploads\/2022\/06\/DSC_3008-2048x1362.jpg 2048w, https:\/\/www.sentierigressoney.it\/wp-content\/uploads\/2022\/06\/DSC_3008-1500x997.jpg 1500w, https:\/\/www.sentierigressoney.it\/wp-content\/uploads\/2022\/06\/DSC_3008-705x469.jpg 705w\" data-sizes=\"(max-width: 2256px) 100vw, 2256px\" class='av-horizontal-gallery-link avia-svg-icon avia-font-svg_entypo-fontello' data-av_svg_icon='resize-full' data-av_iconset='svg_entypo-fontello' title='Il y a quelques ouvertures panoramiques sur le sentier.' alt='Il y a quelques ouvertures panoramiques sur le sentier.' aria-label='Ouvrir l\u2019image dans une Lightbox: Il y a quelques ouvertures panoramiques sur le sentier.'><svg version=\"1.1\" xmlns=\"http:\/\/www.w3.org\/2000\/svg\" width=\"25\" height=\"32\" viewBox=\"0 0 25 32\" preserveAspectRatio=\"xMidYMid meet\" aria-labelledby='av-svg-title-14' aria-describedby='av-svg-desc-14' role=\"graphics-symbol\" aria-hidden=\"true\">\n<title id='av-svg-title-14'>Ouvrir l\u2019image dans une Lightbox: Il y a quelques ouvertures panoramiques sur le sentier.<\/title>\n<desc id='av-svg-desc-14'>Ouvrir l\u2019image dans une Lightbox: Il y a quelques ouvertures panoramiques sur le sentier.<\/desc>\n<path d=\"M15.232 3.328h10.112v10.112l-3.2-3.968-4.672 4.864-3.2-3.2 4.864-4.672zM7.872 17.536l3.2 3.2-4.864 4.672 3.904 3.2h-10.112v-10.112l3.2 3.904z\"><\/path>\n<\/svg><\/a><\/div><div class=\"av-horizontal-gallery-wrap noHover\"><img decoding=\"async\" fetchpriority=\"high\" class='wp-image-24278 avia-img-lazy-loading-not-24278 av-horizontal-gallery-img' width=\"495\" height=\"400\" src=\"https:\/\/www.sentierigressoney.it\/wp-content\/uploads\/2022\/06\/DSC5876-HDR-495x400.jpg\" title='Punta Regina depuis le sentier' alt='Punta Regina depuis le sentier' srcset=\"https:\/\/www.sentierigressoney.it\/wp-content\/uploads\/2022\/06\/DSC5876-HDR-495x400.jpg 495w, https:\/\/www.sentierigressoney.it\/wp-content\/uploads\/2022\/06\/DSC5876-HDR-845x684.jpg 845w\" sizes=\"(max-width: 495px) 100vw, 495px\" \/><a href=\"https:\/\/www.sentierigressoney.it\/wp-content\/uploads\/2022\/06\/DSC5876-HDR.jpg\" data-srcset=\"https:\/\/www.sentierigressoney.it\/wp-content\/uploads\/2022\/06\/DSC5876-HDR.jpg 2247w, https:\/\/www.sentierigressoney.it\/wp-content\/uploads\/2022\/06\/DSC5876-HDR-300x200.jpg 300w, https:\/\/www.sentierigressoney.it\/wp-content\/uploads\/2022\/06\/DSC5876-HDR-1030x688.jpg 1030w, https:\/\/www.sentierigressoney.it\/wp-content\/uploads\/2022\/06\/DSC5876-HDR-768x513.jpg 768w, https:\/\/www.sentierigressoney.it\/wp-content\/uploads\/2022\/06\/DSC5876-HDR-1536x1025.jpg 1536w, https:\/\/www.sentierigressoney.it\/wp-content\/uploads\/2022\/06\/DSC5876-HDR-2048x1367.jpg 2048w, https:\/\/www.sentierigressoney.it\/wp-content\/uploads\/2022\/06\/DSC5876-HDR-1500x1001.jpg 1500w, https:\/\/www.sentierigressoney.it\/wp-content\/uploads\/2022\/06\/DSC5876-HDR-705x471.jpg 705w\" data-sizes=\"(max-width: 2247px) 100vw, 2247px\" class='av-horizontal-gallery-link avia-svg-icon avia-font-svg_entypo-fontello' data-av_svg_icon='resize-full' data-av_iconset='svg_entypo-fontello' title='Punta Regina depuis le sentier' alt='Punta Regina depuis le sentier' aria-label='Ouvrir l\u2019image dans une Lightbox: Punta Regina depuis le sentier'><svg version=\"1.1\" xmlns=\"http:\/\/www.w3.org\/2000\/svg\" width=\"25\" height=\"32\" viewBox=\"0 0 25 32\" preserveAspectRatio=\"xMidYMid meet\" aria-labelledby='av-svg-title-15' aria-describedby='av-svg-desc-15' role=\"graphics-symbol\" aria-hidden=\"true\">\n<title id='av-svg-title-15'>Ouvrir l\u2019image dans une Lightbox: Punta Regina depuis le sentier<\/title>\n<desc id='av-svg-desc-15'>Ouvrir l\u2019image dans une Lightbox: Punta Regina depuis le sentier<\/desc>\n<path d=\"M15.232 3.328h10.112v10.112l-3.2-3.968-4.672 4.864-3.2-3.2 4.864-4.672zM7.872 17.536l3.2 3.2-4.864 4.672 3.904 3.2h-10.112v-10.112l3.2 3.904z\"><\/path>\n<\/svg><\/a><\/div><div class=\"av-horizontal-gallery-wrap noHover\"><img decoding=\"async\" fetchpriority=\"high\" class='wp-image-24296 avia-img-lazy-loading-not-24296 av-horizontal-gallery-img' width=\"495\" height=\"400\" src=\"https:\/\/www.sentierigressoney.it\/wp-content\/uploads\/2022\/06\/DSF2837-495x400.jpg\" title='Le bassin du lac Gombetta a \u00e9t\u00e9 r\u00e9cemment abandonn\u00e9' alt='Le bassin du lac Gombetta a \u00e9t\u00e9 r\u00e9cemment abandonn\u00e9' srcset=\"https:\/\/www.sentierigressoney.it\/wp-content\/uploads\/2022\/06\/DSF2837-495x400.jpg 495w, https:\/\/www.sentierigressoney.it\/wp-content\/uploads\/2022\/06\/DSF2837-845x684.jpg 845w\" sizes=\"(max-width: 495px) 100vw, 495px\" \/><a href=\"https:\/\/www.sentierigressoney.it\/wp-content\/uploads\/2022\/06\/DSF2837.jpg\" data-srcset=\"https:\/\/www.sentierigressoney.it\/wp-content\/uploads\/2022\/06\/DSF2837.jpg 2250w, https:\/\/www.sentierigressoney.it\/wp-content\/uploads\/2022\/06\/DSF2837-300x200.jpg 300w, https:\/\/www.sentierigressoney.it\/wp-content\/uploads\/2022\/06\/DSF2837-1030x687.jpg 1030w, https:\/\/www.sentierigressoney.it\/wp-content\/uploads\/2022\/06\/DSF2837-768x512.jpg 768w, https:\/\/www.sentierigressoney.it\/wp-content\/uploads\/2022\/06\/DSF2837-1536x1024.jpg 1536w, https:\/\/www.sentierigressoney.it\/wp-content\/uploads\/2022\/06\/DSF2837-2048x1365.jpg 2048w, https:\/\/www.sentierigressoney.it\/wp-content\/uploads\/2022\/06\/DSF2837-1500x1000.jpg 1500w, https:\/\/www.sentierigressoney.it\/wp-content\/uploads\/2022\/06\/DSF2837-705x470.jpg 705w\" data-sizes=\"(max-width: 2250px) 100vw, 2250px\" class='av-horizontal-gallery-link avia-svg-icon avia-font-svg_entypo-fontello' data-av_svg_icon='resize-full' data-av_iconset='svg_entypo-fontello' title='Le bassin du lac Gombetta a \u00e9t\u00e9 r\u00e9cemment abandonn\u00e9' alt='Le bassin du lac Gombetta a \u00e9t\u00e9 r\u00e9cemment abandonn\u00e9' aria-label='Ouvrir l\u2019image dans une Lightbox: Le bassin du lac Gombetta a \u00e9t\u00e9 r\u00e9cemment abandonn\u00e9'><svg version=\"1.1\" xmlns=\"http:\/\/www.w3.org\/2000\/svg\" width=\"25\" height=\"32\" viewBox=\"0 0 25 32\" preserveAspectRatio=\"xMidYMid meet\" aria-labelledby='av-svg-title-16' aria-describedby='av-svg-desc-16' role=\"graphics-symbol\" aria-hidden=\"true\">\n<title id='av-svg-title-16'>Ouvrir l\u2019image dans une Lightbox: Le bassin du lac Gombetta a \u00e9t\u00e9 r\u00e9cemment abandonn\u00e9<\/title>\n<desc id='av-svg-desc-16'>Ouvrir l\u2019image dans une Lightbox: Le bassin du lac Gombetta a \u00e9t\u00e9 r\u00e9cemment abandonn\u00e9<\/desc>\n<path d=\"M15.232 3.328h10.112v10.112l-3.2-3.968-4.672 4.864-3.2-3.2 4.864-4.672zM7.872 17.536l3.2 3.2-4.864 4.672 3.904 3.2h-10.112v-10.112l3.2 3.904z\"><\/path>\n<\/svg><\/a><\/div><div class=\"av-horizontal-gallery-wrap noHover\"><img decoding=\"async\" fetchpriority=\"high\" class='wp-image-24295 avia-img-lazy-loading-not-24295 av-horizontal-gallery-img' width=\"495\" height=\"400\" src=\"https:\/\/www.sentierigressoney.it\/wp-content\/uploads\/2022\/06\/DSF2832-495x400.jpg\" title='La premi\u00e8re section du sentier' alt='La premi\u00e8re section du sentier' srcset=\"https:\/\/www.sentierigressoney.it\/wp-content\/uploads\/2022\/06\/DSF2832-495x400.jpg 495w, https:\/\/www.sentierigressoney.it\/wp-content\/uploads\/2022\/06\/DSF2832-845x684.jpg 845w\" sizes=\"(max-width: 495px) 100vw, 495px\" \/><a href=\"https:\/\/www.sentierigressoney.it\/wp-content\/uploads\/2022\/06\/DSF2832.jpg\" data-srcset=\"https:\/\/www.sentierigressoney.it\/wp-content\/uploads\/2022\/06\/DSF2832.jpg 2250w, https:\/\/www.sentierigressoney.it\/wp-content\/uploads\/2022\/06\/DSF2832-300x200.jpg 300w, https:\/\/www.sentierigressoney.it\/wp-content\/uploads\/2022\/06\/DSF2832-1030x687.jpg 1030w, https:\/\/www.sentierigressoney.it\/wp-content\/uploads\/2022\/06\/DSF2832-768x512.jpg 768w, https:\/\/www.sentierigressoney.it\/wp-content\/uploads\/2022\/06\/DSF2832-1536x1024.jpg 1536w, https:\/\/www.sentierigressoney.it\/wp-content\/uploads\/2022\/06\/DSF2832-2048x1365.jpg 2048w, https:\/\/www.sentierigressoney.it\/wp-content\/uploads\/2022\/06\/DSF2832-1500x1000.jpg 1500w, https:\/\/www.sentierigressoney.it\/wp-content\/uploads\/2022\/06\/DSF2832-705x470.jpg 705w\" data-sizes=\"(max-width: 2250px) 100vw, 2250px\" class='av-horizontal-gallery-link avia-svg-icon avia-font-svg_entypo-fontello' data-av_svg_icon='resize-full' data-av_iconset='svg_entypo-fontello' title='La premi\u00e8re section du sentier' alt='La premi\u00e8re section du sentier' aria-label='Ouvrir l\u2019image dans une Lightbox: La premi\u00e8re section du sentier'><svg version=\"1.1\" xmlns=\"http:\/\/www.w3.org\/2000\/svg\" width=\"25\" height=\"32\" viewBox=\"0 0 25 32\" preserveAspectRatio=\"xMidYMid meet\" aria-labelledby='av-svg-title-17' aria-describedby='av-svg-desc-17' role=\"graphics-symbol\" aria-hidden=\"true\">\n<title id='av-svg-title-17'>Ouvrir l\u2019image dans une Lightbox: La premi\u00e8re section du sentier<\/title>\n<desc id='av-svg-desc-17'>Ouvrir l\u2019image dans une Lightbox: La premi\u00e8re section du sentier<\/desc>\n<path d=\"M15.232 3.328h10.112v10.112l-3.2-3.968-4.672 4.864-3.2-3.2 4.864-4.672zM7.872 17.536l3.2 3.2-4.864 4.672 3.904 3.2h-10.112v-10.112l3.2 3.904z\"><\/path>\n<\/svg><\/a><\/div><div class=\"av-horizontal-gallery-wrap noHover\"><img decoding=\"async\" fetchpriority=\"high\" class='wp-image-24298 avia-img-lazy-loading-not-24298 av-horizontal-gallery-img' width=\"495\" height=\"400\" src=\"https:\/\/www.sentierigressoney.it\/wp-content\/uploads\/2022\/06\/DSF2843-495x400.jpg\" title='Avance vers le col de Ranzola.' alt='Avance vers le col de Ranzola.' srcset=\"https:\/\/www.sentierigressoney.it\/wp-content\/uploads\/2022\/06\/DSF2843-495x400.jpg 495w, https:\/\/www.sentierigressoney.it\/wp-content\/uploads\/2022\/06\/DSF2843-845x684.jpg 845w\" sizes=\"(max-width: 495px) 100vw, 495px\" \/><a href=\"https:\/\/www.sentierigressoney.it\/wp-content\/uploads\/2022\/06\/DSF2843.jpg\" data-srcset=\"https:\/\/www.sentierigressoney.it\/wp-content\/uploads\/2022\/06\/DSF2843.jpg 2250w, https:\/\/www.sentierigressoney.it\/wp-content\/uploads\/2022\/06\/DSF2843-300x200.jpg 300w, https:\/\/www.sentierigressoney.it\/wp-content\/uploads\/2022\/06\/DSF2843-1030x687.jpg 1030w, https:\/\/www.sentierigressoney.it\/wp-content\/uploads\/2022\/06\/DSF2843-768x512.jpg 768w, https:\/\/www.sentierigressoney.it\/wp-content\/uploads\/2022\/06\/DSF2843-1536x1024.jpg 1536w, https:\/\/www.sentierigressoney.it\/wp-content\/uploads\/2022\/06\/DSF2843-2048x1365.jpg 2048w, https:\/\/www.sentierigressoney.it\/wp-content\/uploads\/2022\/06\/DSF2843-1500x1000.jpg 1500w, https:\/\/www.sentierigressoney.it\/wp-content\/uploads\/2022\/06\/DSF2843-705x470.jpg 705w\" data-sizes=\"(max-width: 2250px) 100vw, 2250px\" class='av-horizontal-gallery-link avia-svg-icon avia-font-svg_entypo-fontello' data-av_svg_icon='resize-full' data-av_iconset='svg_entypo-fontello' title='Avance vers le col de Ranzola.' alt='Avance vers le col de Ranzola.' aria-label='Ouvrir l\u2019image dans une Lightbox: Avance vers le col de Ranzola.'><svg version=\"1.1\" xmlns=\"http:\/\/www.w3.org\/2000\/svg\" width=\"25\" height=\"32\" viewBox=\"0 0 25 32\" preserveAspectRatio=\"xMidYMid meet\" aria-labelledby='av-svg-title-18' aria-describedby='av-svg-desc-18' role=\"graphics-symbol\" aria-hidden=\"true\">\n<title id='av-svg-title-18'>Ouvrir l\u2019image dans une Lightbox: Avance vers le col de Ranzola.<\/title>\n<desc id='av-svg-desc-18'>Ouvrir l\u2019image dans une Lightbox: Avance vers le col de Ranzola.<\/desc>\n<path d=\"M15.232 3.328h10.112v10.112l-3.2-3.968-4.672 4.864-3.2-3.2 4.864-4.672zM7.872 17.536l3.2 3.2-4.864 4.672 3.904 3.2h-10.112v-10.112l3.2 3.904z\"><\/path>\n<\/svg><\/a><\/div><div class=\"av-horizontal-gallery-wrap noHover\"><img decoding=\"async\" fetchpriority=\"high\" class='wp-image-24297 avia-img-lazy-loading-not-24297 av-horizontal-gallery-img' width=\"495\" height=\"400\" src=\"https:\/\/www.sentierigressoney.it\/wp-content\/uploads\/2022\/06\/DSF2839-495x400.jpg\" title='Derni\u00e8re ligne droite avant d&#039;arriver en vue de Ranzola inf\u00e9rieur.' alt='Derni\u00e8re ligne droite avant d&#039;arriver en vue de Ranzola inf\u00e9rieur.' srcset=\"https:\/\/www.sentierigressoney.it\/wp-content\/uploads\/2022\/06\/DSF2839-495x400.jpg 495w, https:\/\/www.sentierigressoney.it\/wp-content\/uploads\/2022\/06\/DSF2839-845x684.jpg 845w\" sizes=\"(max-width: 495px) 100vw, 495px\" \/><a href=\"https:\/\/www.sentierigressoney.it\/wp-content\/uploads\/2022\/06\/DSF2839.jpg\" data-srcset=\"https:\/\/www.sentierigressoney.it\/wp-content\/uploads\/2022\/06\/DSF2839.jpg 2250w, https:\/\/www.sentierigressoney.it\/wp-content\/uploads\/2022\/06\/DSF2839-300x200.jpg 300w, https:\/\/www.sentierigressoney.it\/wp-content\/uploads\/2022\/06\/DSF2839-1030x687.jpg 1030w, https:\/\/www.sentierigressoney.it\/wp-content\/uploads\/2022\/06\/DSF2839-768x512.jpg 768w, https:\/\/www.sentierigressoney.it\/wp-content\/uploads\/2022\/06\/DSF2839-1536x1024.jpg 1536w, https:\/\/www.sentierigressoney.it\/wp-content\/uploads\/2022\/06\/DSF2839-2048x1365.jpg 2048w, https:\/\/www.sentierigressoney.it\/wp-content\/uploads\/2022\/06\/DSF2839-1500x1000.jpg 1500w, https:\/\/www.sentierigressoney.it\/wp-content\/uploads\/2022\/06\/DSF2839-705x470.jpg 705w\" data-sizes=\"(max-width: 2250px) 100vw, 2250px\" class='av-horizontal-gallery-link avia-svg-icon avia-font-svg_entypo-fontello' data-av_svg_icon='resize-full' data-av_iconset='svg_entypo-fontello' title='Derni\u00e8re ligne droite avant d&#039;arriver en vue de Ranzola inf\u00e9rieur.' alt='Derni\u00e8re ligne droite avant d&#039;arriver en vue de Ranzola inf\u00e9rieur.' aria-label='Ouvrir l\u2019image dans une Lightbox: Derni\u00e8re ligne droite avant d&#039;arriver en vue de Ranzola inf\u00e9rieur.'><svg version=\"1.1\" xmlns=\"http:\/\/www.w3.org\/2000\/svg\" width=\"25\" height=\"32\" viewBox=\"0 0 25 32\" preserveAspectRatio=\"xMidYMid meet\" aria-labelledby='av-svg-title-19' aria-describedby='av-svg-desc-19' role=\"graphics-symbol\" aria-hidden=\"true\">\n<title id='av-svg-title-19'>Ouvrir l\u2019image dans une Lightbox: Derni\u00e8re ligne droite avant d&#039;arriver en vue de Ranzola inf\u00e9rieur.<\/title>\n<desc id='av-svg-desc-19'>Ouvrir l\u2019image dans une Lightbox: Derni\u00e8re ligne droite avant d&#039;arriver en vue de Ranzola inf\u00e9rieur.<\/desc>\n<path d=\"M15.232 3.328h10.112v10.112l-3.2-3.968-4.672 4.864-3.2-3.2 4.864-4.672zM7.872 17.536l3.2 3.2-4.864 4.672 3.904 3.2h-10.112v-10.112l3.2 3.904z\"><\/path>\n<\/svg><\/a><\/div><div class=\"av-horizontal-gallery-wrap noHover\"><img decoding=\"async\" fetchpriority=\"high\" class='wp-image-24294 avia-img-lazy-loading-not-24294 av-horizontal-gallery-img' width=\"495\" height=\"400\" src=\"https:\/\/www.sentierigressoney.it\/wp-content\/uploads\/2022\/06\/DSF2784-495x400.jpg\" title='Le dernier tron\u00e7on en mont\u00e9e jusqu&#039;au col Ranzola.' alt='Le dernier tron\u00e7on en mont\u00e9e jusqu&#039;au col Ranzola.' srcset=\"https:\/\/www.sentierigressoney.it\/wp-content\/uploads\/2022\/06\/DSF2784-495x400.jpg 495w, https:\/\/www.sentierigressoney.it\/wp-content\/uploads\/2022\/06\/DSF2784-845x684.jpg 845w\" sizes=\"(max-width: 495px) 100vw, 495px\" \/><a href=\"https:\/\/www.sentierigressoney.it\/wp-content\/uploads\/2022\/06\/DSF2784.jpg\" data-srcset=\"https:\/\/www.sentierigressoney.it\/wp-content\/uploads\/2022\/06\/DSF2784.jpg 2250w, https:\/\/www.sentierigressoney.it\/wp-content\/uploads\/2022\/06\/DSF2784-300x200.jpg 300w, https:\/\/www.sentierigressoney.it\/wp-content\/uploads\/2022\/06\/DSF2784-1030x687.jpg 1030w, https:\/\/www.sentierigressoney.it\/wp-content\/uploads\/2022\/06\/DSF2784-768x512.jpg 768w, https:\/\/www.sentierigressoney.it\/wp-content\/uploads\/2022\/06\/DSF2784-1536x1024.jpg 1536w, https:\/\/www.sentierigressoney.it\/wp-content\/uploads\/2022\/06\/DSF2784-2048x1365.jpg 2048w, https:\/\/www.sentierigressoney.it\/wp-content\/uploads\/2022\/06\/DSF2784-1500x1000.jpg 1500w, https:\/\/www.sentierigressoney.it\/wp-content\/uploads\/2022\/06\/DSF2784-705x470.jpg 705w\" data-sizes=\"(max-width: 2250px) 100vw, 2250px\" class='av-horizontal-gallery-link avia-svg-icon avia-font-svg_entypo-fontello' data-av_svg_icon='resize-full' data-av_iconset='svg_entypo-fontello' title='Le dernier tron\u00e7on en mont\u00e9e jusqu&#039;au col Ranzola.' alt='Le dernier tron\u00e7on en mont\u00e9e jusqu&#039;au col Ranzola.' aria-label='Ouvrir l\u2019image dans une Lightbox: Le dernier tron\u00e7on en mont\u00e9e jusqu&#039;au col Ranzola.'><svg version=\"1.1\" xmlns=\"http:\/\/www.w3.org\/2000\/svg\" width=\"25\" height=\"32\" viewBox=\"0 0 25 32\" preserveAspectRatio=\"xMidYMid meet\" aria-labelledby='av-svg-title-20' aria-describedby='av-svg-desc-20' role=\"graphics-symbol\" aria-hidden=\"true\">\n<title id='av-svg-title-20'>Ouvrir l\u2019image dans une Lightbox: Le dernier tron\u00e7on en mont\u00e9e jusqu&#039;au col Ranzola.<\/title>\n<desc id='av-svg-desc-20'>Ouvrir l\u2019image dans une Lightbox: Le dernier tron\u00e7on en mont\u00e9e jusqu&#039;au col Ranzola.<\/desc>\n<path d=\"M15.232 3.328h10.112v10.112l-3.2-3.968-4.672 4.864-3.2-3.2 4.864-4.672zM7.872 17.536l3.2 3.2-4.864 4.672 3.904 3.2h-10.112v-10.112l3.2 3.904z\"><\/path>\n<\/svg><\/a><\/div><div class=\"av-horizontal-gallery-wrap noHover\"><img decoding=\"async\" fetchpriority=\"high\" class='wp-image-24299 avia-img-lazy-loading-not-24299 av-horizontal-gallery-img' width=\"495\" height=\"400\" src=\"https:\/\/www.sentierigressoney.it\/wp-content\/uploads\/2022\/06\/anello-attorno-punta-regina-495x400.png\" title='L&#039;anneau autour de Punta Regina' alt='L&#039;anneau autour de Punta Regina' \/><a href=\"https:\/\/www.sentierigressoney.it\/wp-content\/uploads\/2022\/06\/anello-attorno-punta-regina.png\" data-srcset=\"https:\/\/www.sentierigressoney.it\/wp-content\/uploads\/2022\/06\/anello-attorno-punta-regina.png 1364w, https:\/\/www.sentierigressoney.it\/wp-content\/uploads\/2022\/06\/anello-attorno-punta-regina-300x146.png 300w, https:\/\/www.sentierigressoney.it\/wp-content\/uploads\/2022\/06\/anello-attorno-punta-regina-1030x501.png 1030w, https:\/\/www.sentierigressoney.it\/wp-content\/uploads\/2022\/06\/anello-attorno-punta-regina-768x373.png 768w, https:\/\/www.sentierigressoney.it\/wp-content\/uploads\/2022\/06\/anello-attorno-punta-regina-705x343.png 705w\" data-sizes=\"(max-width: 1364px) 100vw, 1364px\" class='av-horizontal-gallery-link avia-svg-icon avia-font-svg_entypo-fontello' data-av_svg_icon='resize-full' data-av_iconset='svg_entypo-fontello' title='L&#039;anneau autour de Punta Regina' alt='L&#039;anneau autour de Punta Regina' aria-label='Ouvrir l\u2019image dans une Lightbox: L&#039;anneau autour de Punta Regina'><svg version=\"1.1\" xmlns=\"http:\/\/www.w3.org\/2000\/svg\" width=\"25\" height=\"32\" viewBox=\"0 0 25 32\" preserveAspectRatio=\"xMidYMid meet\" aria-labelledby='av-svg-title-21' aria-describedby='av-svg-desc-21' role=\"graphics-symbol\" aria-hidden=\"true\">\n<title id='av-svg-title-21'>Ouvrir l\u2019image dans une Lightbox: L&#039;anneau autour de Punta Regina<\/title>\n<desc id='av-svg-desc-21'>Ouvrir l\u2019image dans une Lightbox: L&#039;anneau autour de Punta Regina<\/desc>\n<path d=\"M15.232 3.328h10.112v10.112l-3.2-3.968-4.672 4.864-3.2-3.2 4.864-4.672zM7.872 17.536l3.2 3.2-4.864 4.672 3.904 3.2h-10.112v-10.112l3.2 3.904z\"><\/path>\n<\/svg><\/a><\/div><\/div><\/div><\/div>\n\n<style type=\"text\/css\" data-created_by=\"avia_inline_auto\" id=\"style-css-av-huh5u3-754c79b579a3efcb5e40c8ad9f6526df\">\n.avia-section.av-huh5u3-754c79b579a3efcb5e40c8ad9f6526df{\nmargin-top:0px;\nmargin-bottom:0px;\n}\n<\/style>\n<div id='av_section_2'  class='avia-section av-huh5u3-754c79b579a3efcb5e40c8ad9f6526df main_color avia-section-default avia-no-border-styling  avia-builder-el-8  el_after_av_horizontal_gallery  avia-builder-el-last  avia-bg-style-scroll container_wrap fullsize'  ><div class='container av-section-cont-open' ><div class='template-page content  av-content-full alpha units'><div class='post-entry post-entry-type-page post-entry-27205'><div class='entry-content-wrapper clearfix'>\n\n<style type=\"text\/css\" data-created_by=\"avia_inline_auto\" id=\"style-css-av-1iqwaz-5a99f20a57a9edb84e38cbbfe8efe31d\">\n#top .av-special-heading.av-1iqwaz-5a99f20a57a9edb84e38cbbfe8efe31d{\npadding-bottom:10px;\n}\nbody .av-special-heading.av-1iqwaz-5a99f20a57a9edb84e38cbbfe8efe31d .av-special-heading-tag .heading-char{\nfont-size:25px;\ncolor:#8e8e8e;\npadding-bottom:10px;\n}\nbody .av-special-heading.av-1iqwaz-5a99f20a57a9edb84e38cbbfe8efe31d .av-special-heading-tag .heading-char.avia-svg-icon svg:first-child{\nfill:#8e8e8e;\nstroke:#8e8e8e;\n}\n.av-special-heading.av-1iqwaz-5a99f20a57a9edb84e38cbbfe8efe31d .av-subheading{\nfont-size:15px;\n}\n<\/style>\n<div  id=\"partenzaearrivo\"  class='av-special-heading av-1iqwaz-5a99f20a57a9edb84e38cbbfe8efe31d av-special-heading-h2 custom-color-heading blockquote elegant-quote elegant-centered  avia-builder-el-9  el_before_av_one_half  avia-builder-el-first  av-thin-font av-icon'><h2 class='av-special-heading-tag '  itemprop=\"headline\"  ><span class='heading-char avia-iconfont avia-font-entypo-fontello' data-av_icon='\ue8dd' data-av_iconfont='entypo-fontello' ><\/span><span class=\"heading-wrap\"><strong>1. D\u00e9part et arriv\u00e9e<\/strong><\/span><\/h2><div class=\"special-heading-border\"><div class=\"special-heading-inner-border\"><\/div><\/div><\/div>\n<div  class='flex_column av-4dn12j-7769158898ca2df924311dfe88ab0341 av_one_half  avia-builder-el-10  el_after_av_heading  el_before_av_one_half  first flex_column_div  '     ><p>\n<style type=\"text\/css\" data-created_by=\"avia_inline_auto\" id=\"style-css-av-kxma71kk-ab6ab89ca3531dd841abd220d84313fd\">\n#top .av_textblock_section.av-kxma71kk-ab6ab89ca3531dd841abd220d84313fd .avia_textblock{\ntext-align:left;\n}\n<\/style>\n<section  class='av_textblock_section av-kxma71kk-ab6ab89ca3531dd841abd220d84313fd '   itemscope=\"itemscope\" itemtype=\"https:\/\/schema.org\/CreativeWork\" ><div class='avia_textblock'  itemprop=\"text\" ><p>Le sentier <strong>3B<\/strong> commence \u00e0 <strong>Weismatten<\/strong>, l&rsquo;altitude est de <strong>2041m<\/strong>.<br \/>\n<a href=\"http:\/\/maps.google.com\/maps?&amp;t=k&amp;q=45.7483138513+7.82499961266\" target=\"_blank\" rel=\"noopener\">Voir sur Google Maps<\/a>.<\/p>\n<\/div><\/section><br \/>\n<\/p><\/div><div  class='flex_column av-25qvej-b6b127bcb98416f37a933008c260fd48 av_one_half  avia-builder-el-13  el_after_av_one_half  el_before_av_heading  flex_column_div  '     ><p>\n<style type=\"text\/css\" data-created_by=\"avia_inline_auto\" id=\"style-css-av-kxma7cm4-756d0ea74b7819ec5d2e76269f693e6f\">\n#top .av_textblock_section.av-kxma7cm4-756d0ea74b7819ec5d2e76269f693e6f .avia_textblock{\ntext-align:left;\n}\n<\/style>\n<section  class='av_textblock_section av-kxma7cm4-756d0ea74b7819ec5d2e76269f693e6f '   itemscope=\"itemscope\" itemtype=\"https:\/\/schema.org\/CreativeWork\" ><div class='avia_textblock'  itemprop=\"text\" ><p>Le lieu d&rsquo;arriv\u00e9e est le <strong>col Ranzola<\/strong>. L&rsquo;altitude est de <strong>2171 m.<\/strong><br \/>\n<a href=\"http:\/\/maps.google.com\/maps?&amp;t=k&amp;q=45.7546233041+7.80331757959\" target=\"_blank\" rel=\"noopener\" data-wplink-edit=\"true\">Voir sur Google Maps<\/a>.<\/p>\n<\/div><\/section><br \/>\n<\/p><\/div>\n<style type=\"text\/css\" data-created_by=\"avia_inline_auto\" id=\"style-css-av-duwhaz-bbb8ba574d2eae94d58788a6ce37d5c2\">\n#top .av-special-heading.av-duwhaz-bbb8ba574d2eae94d58788a6ce37d5c2{\npadding-bottom:10px;\n}\nbody .av-special-heading.av-duwhaz-bbb8ba574d2eae94d58788a6ce37d5c2 .av-special-heading-tag .heading-char{\nfont-size:25px;\ncolor:#8e8e8e;\npadding-bottom:10px;\n}\nbody .av-special-heading.av-duwhaz-bbb8ba574d2eae94d58788a6ce37d5c2 .av-special-heading-tag .heading-char.avia-svg-icon svg:first-child{\nfill:#8e8e8e;\nstroke:#8e8e8e;\n}\n.av-special-heading.av-duwhaz-bbb8ba574d2eae94d58788a6ce37d5c2 .av-subheading{\nfont-size:15px;\n}\n<\/style>\n<div  id=\"mappadelsentiero\"  class='av-special-heading av-duwhaz-bbb8ba574d2eae94d58788a6ce37d5c2 av-special-heading-h2 custom-color-heading blockquote elegant-quote elegant-centered  avia-builder-el-16  el_after_av_one_half  el_before_av_textblock  av-thin-font av-icon'><h2 class='av-special-heading-tag '  itemprop=\"headline\"  ><span class='heading-char avia-iconfont avia-font-entypo-fontello' data-av_icon='\ue843' data-av_iconfont='entypo-fontello' ><\/span><span class=\"heading-wrap\"><strong>2. Carte des sentiers<\/strong><\/span><\/h2><div class=\"special-heading-border\"><div class=\"special-heading-inner-border\"><\/div><\/div><\/div>\n\n<style type=\"text\/css\" data-created_by=\"avia_inline_auto\" id=\"style-css-av-l44r7tnd-b7b93d578b245df00fafbbde10a98725\">\n#top .av_textblock_section.av-l44r7tnd-b7b93d578b245df00fafbbde10a98725 .avia_textblock{\ntext-align:left;\n}\n<\/style>\n<section  class='av_textblock_section av-l44r7tnd-b7b93d578b245df00fafbbde10a98725 '   itemscope=\"itemscope\" itemtype=\"https:\/\/schema.org\/CreativeWork\" ><div class='avia_textblock'  itemprop=\"text\" ><p>Devant le <a href=\"https:\/\/www.sentierigressoney.it\/fr\/refuges\/#mollino\" target=\"_blank\" rel=\"noopener\">refuge Carlo Mollino<\/a> se trouve le panneau indiquant les directions pour le <a href=\"https:\/\/www.sentierigressoney.it\/fr\/sentieri\/punta-della-regina-2382-m-sentier-3a\/\" class=\"sentiero-chip clickable-chip\">\n                    <i class=\"fas fa-hiking chip-icon-fa\"><\/i> \n                    <span class=\"chip-label\">SENTIER 3A <\/span>\n                <\/a>(vers la Punta della Regina) et le <a href=\"https:\/\/www.sentierigressoney.it\/fr\/sentieri\/col-de-frudiere-2271m-sentier-1a\/\" class=\"sentiero-chip clickable-chip\">\n                    <i class=\"fas fa-hiking chip-icon-fa\"><\/i> \n                    <span class=\"chip-label\">SENTIER 1A <\/span>\n                <\/a>(vers le Colle di Frudi\u00e8re). Le <strong>sentier 3B<\/strong> est partag\u00e9 avec le 3A jusqu&rsquo;au bassin du lac Gombetta, il faut donc suivre les indications pour le 3A.<\/p>\n<div id=\"attachment_24254\" style=\"width: 210px\" class=\"wp-caption aligncenter\"><a href=\"https:\/\/www.sentierigressoney.it\/wp-content\/uploads\/2021\/12\/DSF8157.jpg\"><img loading=\"lazy\" decoding=\"async\" aria-describedby=\"caption-attachment-24254\" class=\"wp-image-9306 size-medium\" title=\"Le panneau de signalisation devant la cabane.\" src=\"https:\/\/www.sentierigressoney.it\/wp-content\/uploads\/2021\/12\/DSF8157-200x300.jpg\" alt=\"Le panneau de signalisation devant la cabane.\" width=\"200\" height=\"300\" srcset=\"https:\/\/www.sentierigressoney.it\/wp-content\/uploads\/2021\/12\/DSF8157-200x300.jpg 200w, https:\/\/www.sentierigressoney.it\/wp-content\/uploads\/2021\/12\/DSF8157-687x1030.jpg 687w, https:\/\/www.sentierigressoney.it\/wp-content\/uploads\/2021\/12\/DSF8157-768x1152.jpg 768w, https:\/\/www.sentierigressoney.it\/wp-content\/uploads\/2021\/12\/DSF8157-470x705.jpg 470w, https:\/\/www.sentierigressoney.it\/wp-content\/uploads\/2021\/12\/DSF8157.jpg 1000w\" sizes=\"auto, (max-width: 200px) 100vw, 200px\" \/><\/a><p id=\"caption-attachment-24254\" class=\"wp-caption-text\">Le panneau de signalisation devant la cabane.<\/p><\/div>\n<p>Le sentier 3A d\u00e9marre \u00e0 droite, le sentier est toujours bien indiqu\u00e9 et monte doucement sur plusieurs pentes au sein d&rsquo;une for\u00eat pas trop dense de m\u00e9l\u00e8zes et de pins sylvestres.<\/p>\n<div id=\"attachment_24274\" style=\"width: 505px\" class=\"wp-caption aligncenter\"><a href=\"https:\/\/www.sentierigressoney.it\/wp-content\/uploads\/2022\/06\/DSC5792.jpg\"><img loading=\"lazy\" decoding=\"async\" aria-describedby=\"caption-attachment-24274\" class=\"wp-image-9426 size-portfolio\" title=\"Le d\u00e9but du sentier\" src=\"https:\/\/www.sentierigressoney.it\/wp-content\/uploads\/2022\/06\/DSC5792-495x400.jpg\" alt=\"Le d\u00e9but du sentier\" width=\"495\" height=\"400\" srcset=\"https:\/\/www.sentierigressoney.it\/wp-content\/uploads\/2022\/06\/DSC5792-495x400.jpg 495w, https:\/\/www.sentierigressoney.it\/wp-content\/uploads\/2022\/06\/DSC5792-845x684.jpg 845w\" sizes=\"auto, (max-width: 495px) 100vw, 495px\" \/><\/a><p id=\"caption-attachment-24274\" class=\"wp-caption-text\">Le d\u00e9but du sentier<\/p><\/div>\n<p>Continue \u00e0 grimper jusqu&rsquo;\u00e0 atteindre une large clairi\u00e8re au d\u00e9but de laquelle se trouve le refuge <strong>Alpe PratoWissomatt\u00f2, 2161m. <\/strong> <\/p>\n<div id=\"attachment_24281\" style=\"width: 505px\" class=\"wp-caption aligncenter\"><a href=\"https:\/\/www.sentierigressoney.it\/wp-content\/uploads\/2022\/06\/DSF4190.jpg\"><img loading=\"lazy\" decoding=\"async\" aria-describedby=\"caption-attachment-24281\" class=\"wp-image-9435 size-portfolio\" title=\"Alpe PratoWissomatt\u00f2, 2161m\" src=\"https:\/\/www.sentierigressoney.it\/wp-content\/uploads\/2022\/06\/DSF4190-495x400.jpg\" alt=\"Alpe PratoWissomatt\u00f2, 2161m\" width=\"495\" height=\"400\" srcset=\"https:\/\/www.sentierigressoney.it\/wp-content\/uploads\/2022\/06\/DSF4190-495x400.jpg 495w, https:\/\/www.sentierigressoney.it\/wp-content\/uploads\/2022\/06\/DSF4190-845x684.jpg 845w\" sizes=\"auto, (max-width: 495px) 100vw, 495px\" \/><\/a><p id=\"caption-attachment-24281\" class=\"wp-caption-text\">Alpe PratoWissomatt\u00f2, 2161m<\/p><\/div>\n<p>\u00c0 l&rsquo;Alpe Prato, il y a une bifurcation : en continuant tout droit, tu entrerais dans le <a href=\"https:\/\/www.sentierigressoney.it\/fr\/sentieri\/col-de-la-garda-2314m-sentier-1c\/\" class=\"sentiero-chip clickable-chip\">\n                    <i class=\"fas fa-hiking chip-icon-fa\"><\/i> \n                    <span class=\"chip-label\">SENTIER 1C<\/span>\n                <\/a>, qui m\u00e8ne par le <strong>col de Pra Bianco<\/strong> au <strong>col de Garda<\/strong>. Il est difficile de le prendre par erreur : le <strong>sentier 3A (et 3B) <\/strong> tourne clairement \u00e0 droite, en direction de l&rsquo;\u00e9paule de la montagne toute proche. Apr\u00e8s quelques virages, \u00e0 2178m, tu traverses une pente d&rsquo;\u00e9boulis parfaitement dompt\u00e9e.<\/p>\n<div id=\"attachment_24282\" style=\"width: 505px\" class=\"wp-caption aligncenter\"><a href=\"https:\/\/www.sentierigressoney.it\/wp-content\/uploads\/2022\/06\/DSF4191.jpg\"><img loading=\"lazy\" decoding=\"async\" aria-describedby=\"caption-attachment-24282\" class=\"wp-image-9436 size-portfolio\" title=\"Travers\u00e9e de la pierraille (2178m)\" src=\"https:\/\/www.sentierigressoney.it\/wp-content\/uploads\/2022\/06\/DSF4191-495x400.jpg\" alt=\"Travers\u00e9e de la pierraille (2178m)\" width=\"495\" height=\"400\" srcset=\"https:\/\/www.sentierigressoney.it\/wp-content\/uploads\/2022\/06\/DSF4191-495x400.jpg 495w, https:\/\/www.sentierigressoney.it\/wp-content\/uploads\/2022\/06\/DSF4191-845x684.jpg 845w\" sizes=\"auto, (max-width: 495px) 100vw, 495px\" \/><\/a><p id=\"caption-attachment-24282\" class=\"wp-caption-text\">Travers\u00e9e de la pierraille (2178m)<\/p><\/div>\n<p>Apr\u00e8s avoir termin\u00e9 l&rsquo;\u00e9boulis, grimpe sur le court \u00e9paulement montagneux et monte jusqu&rsquo;\u00e0 <strong>2200m.<\/strong> \u00c0 cet endroit, deux <strong>belv\u00e9d\u00e8res <\/strong>offrent une vue magnifique sur Gressoney-Saint-Jean et le Mont Rose.<\/p>\n<div id=\"attachment_24286\" style=\"width: 505px\" class=\"wp-caption aligncenter\"><a href=\"https:\/\/www.sentierigressoney.it\/wp-content\/uploads\/2022\/06\/DSC_2907.jpg\"><img loading=\"lazy\" decoding=\"async\" aria-describedby=\"caption-attachment-24286\" class=\"wp-image-9441 size-portfolio\" title=\"Le Belv\u00e9d\u00e8re \u00e0 2200m\" src=\"https:\/\/www.sentierigressoney.it\/wp-content\/uploads\/2022\/06\/DSC_2907-495x400.jpg\" alt=\"Le Belv\u00e9d\u00e8re \u00e0 2200m\" width=\"495\" height=\"400\" srcset=\"https:\/\/www.sentierigressoney.it\/wp-content\/uploads\/2022\/06\/DSC_2907-495x400.jpg 495w, https:\/\/www.sentierigressoney.it\/wp-content\/uploads\/2022\/06\/DSC_2907-845x684.jpg 845w\" sizes=\"auto, (max-width: 495px) 100vw, 495px\" \/><\/a><p id=\"caption-attachment-24286\" class=\"wp-caption-text\">Le Belv\u00e9d\u00e8re \u00e0 2200m<\/p><\/div>\n<p>Depuis le point de vue, tu perds un peu d&rsquo;altitude, tu descends le long d&rsquo;une partie ombrag\u00e9e du sentier avec quelques sections rocheuses facilit\u00e9es par des cordes et des c\u00e2bles. Les difficult\u00e9s techniques sont tout \u00e0 fait abordables, comme tu peux le voir sur l&rsquo;image ci-dessous.<\/p>\n<div id=\"attachment_24272\" style=\"width: 505px\" class=\"wp-caption aligncenter\"><a href=\"https:\/\/www.sentierigressoney.it\/wp-content\/uploads\/2022\/06\/DSC_8752.jpg\"><img loading=\"lazy\" decoding=\"async\" aria-describedby=\"caption-attachment-24272\" class=\"wp-image-9424 size-portfolio\" title=\"L'aventure s'\u00e9tire avec des c\u00e2bles d'acier\" src=\"https:\/\/www.sentierigressoney.it\/wp-content\/uploads\/2022\/06\/DSC_8752-495x400.jpg\" alt=\"L'aventure s'\u00e9tire avec des c\u00e2bles d'acier\" width=\"495\" height=\"400\" srcset=\"https:\/\/www.sentierigressoney.it\/wp-content\/uploads\/2022\/06\/DSC_8752-495x400.jpg 495w, https:\/\/www.sentierigressoney.it\/wp-content\/uploads\/2022\/06\/DSC_8752-845x684.jpg 845w\" sizes=\"auto, (max-width: 495px) 100vw, 495px\" \/><\/a><p id=\"caption-attachment-24272\" class=\"wp-caption-text\">L&rsquo;aventure s&rsquo;\u00e9tire avec des c\u00e2bles d&rsquo;acier<\/p><\/div>\n<p>Le sentier continue \u00e0 mi-hauteur, toujours en perdant de l&rsquo;altitude ou en montant tr\u00e8s l\u00e9g\u00e8rement. Ici, nous voyons enfin la destination de l&rsquo;itin\u00e9raire, le monticule de Punta della Regina.<\/p>\n<div id=\"attachment_24278\" style=\"width: 505px\" class=\"wp-caption aligncenter\"><a href=\"https:\/\/www.sentierigressoney.it\/wp-content\/uploads\/2022\/06\/DSC5876-HDR.jpg\"><img loading=\"lazy\" decoding=\"async\" aria-describedby=\"caption-attachment-24278\" class=\"wp-image-9432 size-portfolio\" title=\"Punta della Regina depuis le sentier\" src=\"https:\/\/www.sentierigressoney.it\/wp-content\/uploads\/2022\/06\/DSC5876-HDR-495x400.jpg\" alt=\"Punta della Regina depuis le sentier\" width=\"495\" height=\"400\" srcset=\"https:\/\/www.sentierigressoney.it\/wp-content\/uploads\/2022\/06\/DSC5876-HDR-495x400.jpg 495w, https:\/\/www.sentierigressoney.it\/wp-content\/uploads\/2022\/06\/DSC5876-HDR-845x684.jpg 845w\" sizes=\"auto, (max-width: 495px) 100vw, 495px\" \/><\/a><p id=\"caption-attachment-24278\" class=\"wp-caption-text\">Punta della Regina depuis le sentier<\/p><\/div>\n<p>\u00c0 2100 m, tu coupes une derni\u00e8re pente d&rsquo;\u00e9boulis, et tu atteins enfin une cuvette en contrebas de la Punta della Regina dans laquelle se trouve le <strong>Lago della Gombetta<\/strong>(il est possible de le trouver \u00e0 sec).<\/p>\n<div id=\"attachment_24366\" style=\"width: 505px\" class=\"wp-caption aligncenter\"><a href=\"https:\/\/www.sentierigressoney.it\/wp-content\/uploads\/2022\/06\/DSCF9763.jpg\"><img loading=\"lazy\" decoding=\"async\" aria-describedby=\"caption-attachment-24366\" class=\"wp-image-9713 size-portfolio\" title=\"Le bassin avec le lac de Gombetta\" src=\"https:\/\/www.sentierigressoney.it\/wp-content\/uploads\/2022\/06\/DSCF9763-495x400.jpg\" alt=\"Le bassin avec le lac de Gombetta\" width=\"495\" height=\"400\" srcset=\"https:\/\/www.sentierigressoney.it\/wp-content\/uploads\/2022\/06\/DSCF9763-495x400.jpg 495w, https:\/\/www.sentierigressoney.it\/wp-content\/uploads\/2022\/06\/DSCF9763-845x684.jpg 845w\" sizes=\"auto, (max-width: 495px) 100vw, 495px\" \/><\/a><p id=\"caption-attachment-24366\" class=\"wp-caption-text\">Le bassin avec le lac de Gombetta<\/p><\/div>\n<p>\u00c0 cet endroit, tu rejoins le <a href=\"https:\/\/www.sentierigressoney.it\/fr\/sentieri\/col-ranzola-2171m-sentier-3b\/\" class=\"sentiero-chip clickable-chip\">\n                    <i class=\"fas fa-hiking chip-icon-fa\"><\/i> \n                    <span class=\"chip-label\">SENTIER 3B <\/span>\n                <\/a>qui m\u00e8ne au col de Ranzola, en tournant \u00e0 droite \u00e0 Punta della Regina.<\/p>\n<p>Nous poursuivons donc notre route vers le nord. Le sentier est tr\u00e8s court, presque plat et parfaitement balis\u00e9.<\/p>\n<div id=\"attachment_24295\" style=\"width: 505px\" class=\"wp-caption aligncenter\"><a href=\"https:\/\/www.sentierigressoney.it\/wp-content\/uploads\/2022\/06\/DSF2832.jpg\"><img loading=\"lazy\" decoding=\"async\" aria-describedby=\"caption-attachment-24295\" class=\"wp-image-9491 size-portfolio\" title=\"La premi\u00e8re section du sentier\" src=\"https:\/\/www.sentierigressoney.it\/wp-content\/uploads\/2022\/06\/DSF2832-495x400.jpg\" alt=\"La premi\u00e8re section du sentier\" width=\"495\" height=\"400\" srcset=\"https:\/\/www.sentierigressoney.it\/wp-content\/uploads\/2022\/06\/DSF2832-495x400.jpg 495w, https:\/\/www.sentierigressoney.it\/wp-content\/uploads\/2022\/06\/DSF2832-845x684.jpg 845w\" sizes=\"auto, (max-width: 495px) 100vw, 495px\" \/><\/a><p id=\"caption-attachment-24295\" class=\"wp-caption-text\">La premi\u00e8re section du sentier<\/p><\/div>\n<p>En peu de temps, tu contournes l&rsquo;\u00e9paule de Punta Regina, et tu arrives en vue du col Ranzola<\/p>\n<div id=\"attachment_24298-2\" style=\"width: 505px\" class=\"wp-caption aligncenter\"><a href=\"https:\/\/www.sentierigressoney.it\/wp-content\/uploads\/2022\/06\/DSF2843.jpg\"><img loading=\"lazy\" decoding=\"async\" aria-describedby=\"caption-attachment-24298-2\" class=\"wp-image-9494 size-portfolio\" title=\"Avance vers le col de Ranzola.\" src=\"https:\/\/www.sentierigressoney.it\/wp-content\/uploads\/2022\/06\/DSF2843-495x400.jpg\" alt=\"Avance vers le col de Ranzola.\" width=\"495\" height=\"400\" srcset=\"https:\/\/www.sentierigressoney.it\/wp-content\/uploads\/2022\/06\/DSF2843-495x400.jpg 495w, https:\/\/www.sentierigressoney.it\/wp-content\/uploads\/2022\/06\/DSF2843-845x684.jpg 845w\" sizes=\"auto, (max-width: 495px) 100vw, 495px\" \/><\/a><p id=\"caption-attachment-24298-2\" class=\"wp-caption-text\">Avance vers le col de Ranzola.<\/p><\/div>\n<p>&#8230;que l&rsquo;on atteint apr\u00e8s une courte mont\u00e9e finale.<\/p>\n<div id=\"attachment_24294\" style=\"width: 505px\" class=\"wp-caption aligncenter\"><a href=\"https:\/\/www.sentierigressoney.it\/wp-content\/uploads\/2022\/06\/DSF2784.jpg\"><img loading=\"lazy\" decoding=\"async\" aria-describedby=\"caption-attachment-24294\" class=\"wp-image-9490 size-portfolio\" title=\"Le dernier tron\u00e7on en mont\u00e9e jusqu'au col Ranzola.\" src=\"https:\/\/www.sentierigressoney.it\/wp-content\/uploads\/2022\/06\/DSF2784-495x400.jpg\" alt=\"Le dernier tron\u00e7on en mont\u00e9e jusqu'au col Ranzola.\" width=\"495\" height=\"400\" srcset=\"https:\/\/www.sentierigressoney.it\/wp-content\/uploads\/2022\/06\/DSF2784-495x400.jpg 495w, https:\/\/www.sentierigressoney.it\/wp-content\/uploads\/2022\/06\/DSF2784-845x684.jpg 845w\" sizes=\"auto, (max-width: 495px) 100vw, 495px\" \/><\/a><p id=\"caption-attachment-24294\" class=\"wp-caption-text\">Le dernier tron\u00e7on en mont\u00e9e jusqu&rsquo;au col Ranzola.<\/p><\/div>\n<\/div><\/section>\n\n<style type=\"text\/css\" data-created_by=\"avia_inline_auto\" id=\"style-css-av-61zb8b-2e4f115bb73c13fd3877d6883c8b7ead\">\n#top .hr.hr-invisible.av-61zb8b-2e4f115bb73c13fd3877d6883c8b7ead{\nheight:50px;\n}\n<\/style>\n<div  class='hr av-61zb8b-2e4f115bb73c13fd3877d6883c8b7ead hr-invisible  avia-builder-el-18  el_after_av_textblock  el_before_av_heading '><span class='hr-inner '><span class=\"hr-inner-style\"><\/span><\/span><\/div>\n\n<style type=\"text\/css\" data-created_by=\"avia_inline_auto\" id=\"style-css-av-3yftzv-9f40785bec7d6f51d52edb283458d902\">\n#top .av-special-heading.av-3yftzv-9f40785bec7d6f51d52edb283458d902{\npadding-bottom:10px;\n}\nbody .av-special-heading.av-3yftzv-9f40785bec7d6f51d52edb283458d902 .av-special-heading-tag .heading-char{\nfont-size:25px;\npadding-bottom:10px;\n}\n.av-special-heading.av-3yftzv-9f40785bec7d6f51d52edb283458d902 .av-subheading{\nfont-size:15px;\n}\n<\/style>\n<div  id=\"gpxtrack\"  class='av-special-heading av-3yftzv-9f40785bec7d6f51d52edb283458d902 av-special-heading-h2 blockquote elegant-quote elegant-centered  avia-builder-el-19  el_after_av_hr  el_before_av_textblock  gpxtrackanchor av-thin-font av-icon'><h2 class='av-special-heading-tag '  itemprop=\"headline\"  ><span class='heading-char avia-iconfont avia-font-entypo-fontello' data-av_icon='\ue841' data-av_iconfont='entypo-fontello' ><\/span><span class=\"heading-wrap\"><strong>3. Carte et trace GPX<\/strong><\/span><\/h2><div class=\"special-heading-border\"><div class=\"special-heading-inner-border\"><\/div><\/div><\/div>\n<section  class='av_textblock_section av-2rnu6j-626ef1433441f25e7b34955ac0285290 '   itemscope=\"itemscope\" itemtype=\"https:\/\/schema.org\/CreativeWork\" ><div class='avia_textblock'  itemprop=\"text\" ><p>Voici la carte officielle du sentier figurant dans le <a href=\"https:\/\/mappe.partout.it\/pub\/geosentieri\/#\">registre des sentiers SCT<\/a> de la Vall\u00e9e d'Aoste.<br \/>\nVous pouvez t\u00e9l\u00e9charger la trace GPX du sentier si vous souhaitez l'utiliser dans votre application pr\u00e9f\u00e9r\u00e9e.<\/p>\n<\/div><\/section>\n<div  class='avia-button-wrap av-kxma7t1x-07cd230974e9f8255ac44c125b820515-wrap avia-button-center  avia-builder-el-21  el_after_av_textblock  el_before_av_codeblock  pulsantesentieri'>\n<style type=\"text\/css\" data-created_by=\"avia_inline_auto\" id=\"style-css-av-kxma7t1x-07cd230974e9f8255ac44c125b820515\">\n#top #wrap_all .avia-button.av-kxma7t1x-07cd230974e9f8255ac44c125b820515{\nbackground-color:#3d3d3d;\nborder-color:#aaaaaa;\ncolor:#bfbfbf;\nborder-style:solid;\nborder-width:1px 1px 1px 1px;\ntransition:all 0.4s ease-in-out;\n}\n#top #wrap_all .avia-button.av-kxma7t1x-07cd230974e9f8255ac44c125b820515:hover{\nbackground-color:#8e8e8e;\ncolor:white;\ntransition:all 0.4s ease-in-out;\n}\n#top #wrap_all .avia-button.av-kxma7t1x-07cd230974e9f8255ac44c125b820515 .avia-svg-icon svg:first-child{\nfill:#bfbfbf;\nstroke:#bfbfbf;\n}\n#top #wrap_all .avia-button.av-kxma7t1x-07cd230974e9f8255ac44c125b820515:hover .avia-svg-icon svg:first-child{\nfill:white;\nstroke:white;\n}\n<\/style>\n<a href='https:\/\/www.sentierigressoney.it\/wp-content\/uploads\/2021\/12\/SJ_03B.gpx'  class='avia-button av-kxma7t1x-07cd230974e9f8255ac44c125b820515 av-link-btn avia-icon_select-yes-left-icon avia-size-small avia-position-center'   aria-label=\"T\u00e9l\u00e9charge le sentier au format GPX\"><span class='avia_button_icon avia_button_icon_left avia-iconfont avia-font-entypo-fontello' data-av_icon='\ue82d' data-av_iconfont='entypo-fontello' ><\/span><span class='avia_iconbox_title' >T\u00e9l\u00e9charge le sentier au format GPX<\/span><\/a><\/div>\n\n\n","protected":false},"excerpt":{"rendered":"<p>Difficult\u00e9 : E<br \/>\nLongueur : 2833m<br \/>\nD\u00e9nivel\u00e9 : 159m<br \/>\nDur\u00e9e : 0h55 <\/p>\n","protected":false},"author":1,"featured_media":24298,"comment_status":"closed","ping_status":"closed","template":"","meta":{"footnotes":""},"tags":[],"portfolio_entries":[117,107],"class_list":["post-27205","portfolio","type-portfolio","status-publish","has-post-thumbnail","hentry","portfolio_entries-difficulte-e-fr","portfolio_entries-gressoney-saint-jean-fr"],"yoast_head":"<!-- This site is optimized with the Yoast SEO plugin v28.3 - https:\/\/yoast.com\/product\/yoast-seo-wordpress\/ -->\n<title>Col Ranzola (2171m), sentier 3B<\/title>\n<meta name=\"description\" content=\"Description, trace GPX et photographies d\u00e9crivant le sentier 3B de Gressoney-Saint-Jean, de Weismatten \u00e0 Col Ranzola.\" \/>\n<meta name=\"robots\" content=\"index, follow, max-snippet:-1, max-image-preview:large, max-video-preview:-1\" \/>\n<link rel=\"canonical\" href=\"https:\/\/www.sentierigressoney.it\/fr\/sentieri\/col-ranzola-2171m-sentier-3b\/\" \/>\n<meta property=\"og:locale\" content=\"fr_FR\" \/>\n<meta property=\"og:type\" content=\"article\" \/>\n<meta property=\"og:title\" content=\"Col Ranzola (2171m), sentier 3B\" \/>\n<meta property=\"og:description\" content=\"Description, trace GPX et photographies d\u00e9crivant le sentier 3B de Gressoney-Saint-Jean, de Weismatten \u00e0 Col Ranzola.\" \/>\n<meta property=\"og:url\" content=\"https:\/\/www.sentierigressoney.it\/fr\/sentieri\/col-ranzola-2171m-sentier-3b\/\" \/>\n<meta property=\"og:site_name\" content=\"I sentieri di Gressoney\" \/>\n<meta property=\"article:publisher\" content=\"https:\/\/www.facebook.com\/sentierigressoney\" \/>\n<meta property=\"article:modified_time\" content=\"2026-02-11T17:45:15+00:00\" \/>\n<meta property=\"og:image\" content=\"https:\/\/www.sentierigressoney.it\/wp-content\/uploads\/2022\/06\/DSF2843.jpg\" \/>\n\t<meta property=\"og:image:width\" content=\"2250\" \/>\n\t<meta property=\"og:image:height\" content=\"1500\" \/>\n\t<meta property=\"og:image:type\" content=\"image\/jpeg\" \/>\n<meta name=\"twitter:card\" content=\"summary_large_image\" \/>\n<meta name=\"twitter:label1\" content=\"Dur\u00e9e de lecture estim\u00e9e\" \/>\n\t<meta name=\"twitter:data1\" content=\"21 minutes\" \/>\n<script type=\"application\/ld+json\" class=\"yoast-schema-graph\">{\"@context\":\"https:\\\/\\\/schema.org\",\"@graph\":[{\"@type\":\"WebPage\",\"@id\":\"https:\\\/\\\/www.sentierigressoney.it\\\/fr\\\/sentieri\\\/col-ranzola-2171m-sentier-3b\\\/\",\"url\":\"https:\\\/\\\/www.sentierigressoney.it\\\/fr\\\/sentieri\\\/col-ranzola-2171m-sentier-3b\\\/\",\"name\":\"Col Ranzola (2171m), sentier 3B\",\"isPartOf\":{\"@id\":\"https:\\\/\\\/www.sentierigressoney.it\\\/fr\\\/#website\"},\"primaryImageOfPage\":{\"@id\":\"https:\\\/\\\/www.sentierigressoney.it\\\/fr\\\/sentieri\\\/col-ranzola-2171m-sentier-3b\\\/#primaryimage\"},\"image\":{\"@id\":\"https:\\\/\\\/www.sentierigressoney.it\\\/fr\\\/sentieri\\\/col-ranzola-2171m-sentier-3b\\\/#primaryimage\"},\"thumbnailUrl\":\"https:\\\/\\\/www.sentierigressoney.it\\\/wp-content\\\/uploads\\\/2022\\\/06\\\/DSF2843.jpg\",\"datePublished\":\"2021-12-07T23:00:00+00:00\",\"dateModified\":\"2026-02-11T17:45:15+00:00\",\"description\":\"Description, trace GPX et photographies d\u00e9crivant le sentier 3B de Gressoney-Saint-Jean, de Weismatten \u00e0 Col Ranzola.\",\"inLanguage\":\"fr-FR\",\"potentialAction\":[{\"@type\":\"ReadAction\",\"target\":[\"https:\\\/\\\/www.sentierigressoney.it\\\/fr\\\/sentieri\\\/col-ranzola-2171m-sentier-3b\\\/\"]}]},{\"@type\":\"ImageObject\",\"inLanguage\":\"fr-FR\",\"@id\":\"https:\\\/\\\/www.sentierigressoney.it\\\/fr\\\/sentieri\\\/col-ranzola-2171m-sentier-3b\\\/#primaryimage\",\"url\":\"https:\\\/\\\/www.sentierigressoney.it\\\/wp-content\\\/uploads\\\/2022\\\/06\\\/DSF2843.jpg\",\"contentUrl\":\"https:\\\/\\\/www.sentierigressoney.it\\\/wp-content\\\/uploads\\\/2022\\\/06\\\/DSF2843.jpg\",\"width\":2250,\"height\":1500,\"caption\":\"Avance vers le col de Ranzola.\"},{\"@type\":\"WebSite\",\"@id\":\"https:\\\/\\\/www.sentierigressoney.it\\\/fr\\\/#website\",\"url\":\"https:\\\/\\\/www.sentierigressoney.it\\\/fr\\\/\",\"name\":\"Sentieri di Gressoney\",\"description\":\"Informazioni sui sentieri di Gressoney\",\"publisher\":{\"@id\":\"https:\\\/\\\/www.sentierigressoney.it\\\/fr\\\/#organization\"},\"alternateName\":\"Sentieri di Gressoney\",\"potentialAction\":[{\"@type\":\"SearchAction\",\"target\":{\"@type\":\"EntryPoint\",\"urlTemplate\":\"https:\\\/\\\/www.sentierigressoney.it\\\/fr\\\/?s={search_term_string}\"},\"query-input\":{\"@type\":\"PropertyValueSpecification\",\"valueRequired\":true,\"valueName\":\"search_term_string\"}}],\"inLanguage\":\"fr-FR\"},{\"@type\":\"Organization\",\"@id\":\"https:\\\/\\\/www.sentierigressoney.it\\\/fr\\\/#organization\",\"name\":\"Sentieri di Gressoney\",\"alternateName\":\"Sentieri Gressoney\",\"url\":\"https:\\\/\\\/www.sentierigressoney.it\\\/fr\\\/\",\"logo\":{\"@type\":\"ImageObject\",\"inLanguage\":\"fr-FR\",\"@id\":\"https:\\\/\\\/www.sentierigressoney.it\\\/fr\\\/#\\\/schema\\\/logo\\\/image\\\/\",\"url\":\"https:\\\/\\\/www.sentierigressoney.it\\\/wp-content\\\/uploads\\\/2022\\\/01\\\/stambecco-2.jpg\",\"contentUrl\":\"https:\\\/\\\/www.sentierigressoney.it\\\/wp-content\\\/uploads\\\/2022\\\/01\\\/stambecco-2.jpg\",\"width\":2250,\"height\":1500,\"caption\":\"Sentieri di Gressoney\"},\"image\":{\"@id\":\"https:\\\/\\\/www.sentierigressoney.it\\\/fr\\\/#\\\/schema\\\/logo\\\/image\\\/\"},\"sameAs\":[\"https:\\\/\\\/www.facebook.com\\\/sentierigressoney\",\"https:\\\/\\\/www.instagram.com\\\/sentierigressoney\\\/\"]}]}<\/script>\n<!-- \/ Yoast SEO plugin. -->","yoast_head_json":{"title":"Col Ranzola (2171m), sentier 3B","description":"Description, trace GPX et photographies d\u00e9crivant le sentier 3B de Gressoney-Saint-Jean, de Weismatten \u00e0 Col Ranzola.","robots":{"index":"index","follow":"follow","max-snippet":"max-snippet:-1","max-image-preview":"max-image-preview:large","max-video-preview":"max-video-preview:-1"},"canonical":"https:\/\/www.sentierigressoney.it\/fr\/sentieri\/col-ranzola-2171m-sentier-3b\/","og_locale":"fr_FR","og_type":"article","og_title":"Col Ranzola (2171m), sentier 3B","og_description":"Description, trace GPX et photographies d\u00e9crivant le sentier 3B de Gressoney-Saint-Jean, de Weismatten \u00e0 Col Ranzola.","og_url":"https:\/\/www.sentierigressoney.it\/fr\/sentieri\/col-ranzola-2171m-sentier-3b\/","og_site_name":"I sentieri di Gressoney","article_publisher":"https:\/\/www.facebook.com\/sentierigressoney","article_modified_time":"2026-02-11T17:45:15+00:00","og_image":[{"width":2250,"height":1500,"url":"https:\/\/www.sentierigressoney.it\/wp-content\/uploads\/2022\/06\/DSF2843.jpg","type":"image\/jpeg"}],"twitter_card":"summary_large_image","twitter_misc":{"Dur\u00e9e de lecture estim\u00e9e":"21 minutes"},"schema":{"@context":"https:\/\/schema.org","@graph":[{"@type":"WebPage","@id":"https:\/\/www.sentierigressoney.it\/fr\/sentieri\/col-ranzola-2171m-sentier-3b\/","url":"https:\/\/www.sentierigressoney.it\/fr\/sentieri\/col-ranzola-2171m-sentier-3b\/","name":"Col Ranzola (2171m), sentier 3B","isPartOf":{"@id":"https:\/\/www.sentierigressoney.it\/fr\/#website"},"primaryImageOfPage":{"@id":"https:\/\/www.sentierigressoney.it\/fr\/sentieri\/col-ranzola-2171m-sentier-3b\/#primaryimage"},"image":{"@id":"https:\/\/www.sentierigressoney.it\/fr\/sentieri\/col-ranzola-2171m-sentier-3b\/#primaryimage"},"thumbnailUrl":"https:\/\/www.sentierigressoney.it\/wp-content\/uploads\/2022\/06\/DSF2843.jpg","datePublished":"2021-12-07T23:00:00+00:00","dateModified":"2026-02-11T17:45:15+00:00","description":"Description, trace GPX et photographies d\u00e9crivant le sentier 3B de Gressoney-Saint-Jean, de Weismatten \u00e0 Col Ranzola.","inLanguage":"fr-FR","potentialAction":[{"@type":"ReadAction","target":["https:\/\/www.sentierigressoney.it\/fr\/sentieri\/col-ranzola-2171m-sentier-3b\/"]}]},{"@type":"ImageObject","inLanguage":"fr-FR","@id":"https:\/\/www.sentierigressoney.it\/fr\/sentieri\/col-ranzola-2171m-sentier-3b\/#primaryimage","url":"https:\/\/www.sentierigressoney.it\/wp-content\/uploads\/2022\/06\/DSF2843.jpg","contentUrl":"https:\/\/www.sentierigressoney.it\/wp-content\/uploads\/2022\/06\/DSF2843.jpg","width":2250,"height":1500,"caption":"Avance vers le col de Ranzola."},{"@type":"WebSite","@id":"https:\/\/www.sentierigressoney.it\/fr\/#website","url":"https:\/\/www.sentierigressoney.it\/fr\/","name":"Sentieri di Gressoney","description":"Informazioni sui sentieri di Gressoney","publisher":{"@id":"https:\/\/www.sentierigressoney.it\/fr\/#organization"},"alternateName":"Sentieri di Gressoney","potentialAction":[{"@type":"SearchAction","target":{"@type":"EntryPoint","urlTemplate":"https:\/\/www.sentierigressoney.it\/fr\/?s={search_term_string}"},"query-input":{"@type":"PropertyValueSpecification","valueRequired":true,"valueName":"search_term_string"}}],"inLanguage":"fr-FR"},{"@type":"Organization","@id":"https:\/\/www.sentierigressoney.it\/fr\/#organization","name":"Sentieri di Gressoney","alternateName":"Sentieri Gressoney","url":"https:\/\/www.sentierigressoney.it\/fr\/","logo":{"@type":"ImageObject","inLanguage":"fr-FR","@id":"https:\/\/www.sentierigressoney.it\/fr\/#\/schema\/logo\/image\/","url":"https:\/\/www.sentierigressoney.it\/wp-content\/uploads\/2022\/01\/stambecco-2.jpg","contentUrl":"https:\/\/www.sentierigressoney.it\/wp-content\/uploads\/2022\/01\/stambecco-2.jpg","width":2250,"height":1500,"caption":"Sentieri di Gressoney"},"image":{"@id":"https:\/\/www.sentierigressoney.it\/fr\/#\/schema\/logo\/image\/"},"sameAs":["https:\/\/www.facebook.com\/sentierigressoney","https:\/\/www.instagram.com\/sentierigressoney\/"]}]}},"_links":{"self":[{"href":"https:\/\/www.sentierigressoney.it\/fr\/wp-json\/wp\/v2\/portfolio\/27205","targetHints":{"allow":["GET"]}}],"collection":[{"href":"https:\/\/www.sentierigressoney.it\/fr\/wp-json\/wp\/v2\/portfolio"}],"about":[{"href":"https:\/\/www.sentierigressoney.it\/fr\/wp-json\/wp\/v2\/types\/portfolio"}],"author":[{"embeddable":true,"href":"https:\/\/www.sentierigressoney.it\/fr\/wp-json\/wp\/v2\/users\/1"}],"replies":[{"embeddable":true,"href":"https:\/\/www.sentierigressoney.it\/fr\/wp-json\/wp\/v2\/comments?post=27205"}],"version-history":[{"count":3,"href":"https:\/\/www.sentierigressoney.it\/fr\/wp-json\/wp\/v2\/portfolio\/27205\/revisions"}],"predecessor-version":[{"id":33665,"href":"https:\/\/www.sentierigressoney.it\/fr\/wp-json\/wp\/v2\/portfolio\/27205\/revisions\/33665"}],"wp:featuredmedia":[{"embeddable":true,"href":"https:\/\/www.sentierigressoney.it\/fr\/wp-json\/wp\/v2\/media\/24298"}],"wp:attachment":[{"href":"https:\/\/www.sentierigressoney.it\/fr\/wp-json\/wp\/v2\/media?parent=27205"}],"wp:term":[{"taxonomy":"post_tag","embeddable":true,"href":"https:\/\/www.sentierigressoney.it\/fr\/wp-json\/wp\/v2\/tags?post=27205"},{"taxonomy":"portfolio_entries","embeddable":true,"href":"https:\/\/www.sentierigressoney.it\/fr\/wp-json\/wp\/v2\/portfolio_entries?post=27205"}],"curies":[{"name":"wp","href":"https:\/\/api.w.org\/{rel}","templated":true}]}}