{"id":27193,"date":"2021-12-06T00:00:00","date_gmt":"2021-12-05T23:00:00","guid":{"rendered":"https:\/\/www.sentierigressoney.it\/sentieri\/col-ranzola-2171m-sentier-3\/"},"modified":"2026-05-19T20:12:46","modified_gmt":"2026-05-19T18:12:46","slug":"col-ranzola-2171m-sentier-3","status":"publish","type":"portfolio","link":"https:\/\/www.sentierigressoney.it\/fr\/sentieri\/col-ranzola-2171m-sentier-3\/","title":{"rendered":"Col Ranzola (2171m), sentier 3"},"content":{"rendered":"<div class='clear'><\/div><div id='sub_menu1'  class='av-submenu-container av-ai1wxj-db5853297ac1aa91d4a935da1978c43f main_color  avia-builder-el-0  el_before_av_submenu  avia-builder-el-first  fullwidth_submenu_sentieri av-sticky-submenu container_wrap fullsize' style='z-index:301' ><div class='container av-menu-mobile-disabled av-submenu-pos-center'><ul id=\"menu-submenu_sentieri-fr\" class=\"av-subnav-menu\" role=\"menu\"><li role=\"menuitem\" id=\"menu-item-31139\" class=\"menuitem_sentieri menu-item menu-item-type-custom menu-item-object-custom menu-item-top-level menu-item-top-level-1\"><a href=\"#descrizionegenerale\" itemprop=\"url\" tabindex=\"0\"><span class=\"avia-bullet\"><\/span><span class=\"avia-menu-text\">Description g\u00e9n\u00e9rale<\/span><span class=\"avia-menu-fx\"><span class=\"avia-arrow-wrap\"><span class=\"avia-arrow\"><\/span><\/span><\/span><\/a><\/li>\n<li role=\"menuitem\" id=\"menu-item-31140\" class=\"menuitem_sentieri menu-item menu-item-type-custom menu-item-object-custom menu-item-top-level menu-item-top-level-2\"><a href=\"#partenzaearrivo\" itemprop=\"url\" tabindex=\"0\"><span class=\"avia-bullet\"><\/span><span class=\"avia-menu-text\">D\u00e9part et arriv\u00e9e<\/span><span class=\"avia-menu-fx\"><span class=\"avia-arrow-wrap\"><span class=\"avia-arrow\"><\/span><\/span><\/span><\/a><\/li>\n<li role=\"menuitem\" id=\"menu-item-31141\" class=\"menuitem_sentieri menu-item menu-item-type-custom menu-item-object-custom menu-item-top-level menu-item-top-level-3\"><a href=\"#mappadelsentiero\" itemprop=\"url\" tabindex=\"0\"><span class=\"avia-bullet\"><\/span><span class=\"avia-menu-text\">L&rsquo;itin\u00e9raire<\/span><span class=\"avia-menu-fx\"><span class=\"avia-arrow-wrap\"><span class=\"avia-arrow\"><\/span><\/span><\/span><\/a><\/li>\n<li role=\"menuitem\" id=\"menu-item-31142\" class=\"menuitem_sentieri menu-item menu-item-type-custom menu-item-object-custom menu-item-top-level menu-item-top-level-4\"><a href=\"#gpxtrack\" itemprop=\"url\" tabindex=\"0\"><span class=\"avia-bullet\"><\/span><span class=\"avia-menu-text\">Carte et trace GPX<\/span><span class=\"avia-menu-fx\"><span class=\"avia-arrow-wrap\"><span class=\"avia-arrow\"><\/span><\/span><\/span><\/a><\/li>\n<li role=\"menuitem\" id=\"menu-item-31143\" class=\"menuitem_sentieri_highlighted menu-item menu-item-type-custom menu-item-object-custom menu-item-has-children menu-item-top-level menu-item-top-level-5\"><a itemprop=\"url\" tabindex=\"0\"><span class=\"avia-bullet\"><\/span><span class=\"avia-menu-text\">Retour aux sentiers de&#8230;<\/span><span class=\"avia-menu-fx\"><span class=\"avia-arrow-wrap\"><span class=\"avia-arrow\"><\/span><\/span><\/span><\/a>\n\n\n<ul class=\"sub-menu\">\n\t<li role=\"menuitem\" id=\"menu-item-31144\" class=\"menuitem_sentieri_highlighted menu-item menu-item-type-post_type menu-item-object-page\"><a href=\"https:\/\/www.sentierigressoney.it\/fr\/sentiers-de-gressoney-saint-jean\/\" itemprop=\"url\" tabindex=\"0\"><span class=\"avia-bullet\"><\/span><span class=\"avia-menu-text\">Gressoney-Saint-Jean<\/span><\/a><\/li>\n\t<li role=\"menuitem\" id=\"menu-item-31145\" class=\"menuitem_sentieri_highlighted menu-item menu-item-type-post_type menu-item-object-page\"><a href=\"https:\/\/www.sentierigressoney.it\/fr\/sentiers-de-gressoney-la-trinite\/\" itemprop=\"url\" tabindex=\"0\"><span class=\"avia-bullet\"><\/span><span class=\"avia-menu-text\">Gressoney-La-Trinit\u00e9<\/span><\/a><\/li>\n<\/ul>\n<\/li>\n<\/ul><\/div><\/div><div class='sticky_placeholder'><\/div>\n<div class='clear'><\/div><div id='sub_menu2'  class='av-submenu-container av-5uxr53-3c9309c373533d1b2edde338b2035989 main_color  avia-builder-el-1  el_after_av_submenu  el_before_av_section  fullwidth_submenu_sentieri_mobile av-sticky-submenu submenu-not-first container_wrap fullsize' style='z-index:302' ><div class='container av-menu-mobile-disabled av-submenu-pos-center'><ul id=\"menu-submenu_sentieri_mobile-fr\" class=\"av-subnav-menu\" role=\"menu\"><li role=\"menuitem\" id=\"menu-item-31152\" class=\"menu-item menu-item-type-custom menu-item-object-custom menu-item-top-level menu-item-top-level-1\"><a href=\"#descrizionegenerale\" itemprop=\"url\" tabindex=\"0\"><span class=\"avia-bullet\"><\/span><span class=\"avia-menu-text\"><span  class='av_font_icon av-mhrxum4i-d2ed3779326e0b469406769a708b0d17 avia_animate_when_visible av-icon-style- avia-icon-pos-center avia-svg-icon avia-font-svg_entypo-fontello av-no-color avia-icon-animate'><span class='av-icon-char' data-av_svg_icon='to-start' data-av_iconset='svg_entypo-fontello' ><svg version=\"1.1\" xmlns=\"http:\/\/www.w3.org\/2000\/svg\" width=\"19\" height=\"32\" viewBox=\"0 0 19 32\" preserveAspectRatio=\"xMidYMid meet\" aria-labelledby='av-svg-title-1' aria-describedby='av-svg-desc-1' role=\"graphics-symbol\" aria-hidden=\"true\">\n<title id='av-svg-title-1'>To-start<\/title>\n<desc id='av-svg-desc-1'>To-start<\/desc>\n<path d=\"M5.568 16q0-0.448 0.448-0.768l11.648-7.296q0.64-0.448 1.088-0.16t0.448 1.12v14.144q0 0.832-0.448 1.12t-1.088-0.16l-11.648-7.296q-0.448-0.32-0.448-0.704zM0 8.512q0-1.856 2.432-1.856 2.368 0 2.368 1.856v14.912q0 1.856-2.368 1.856-2.432 0-2.432-1.856v-14.912z\"><\/path>\n<\/svg><\/span><\/span><\/span><span class=\"avia-menu-fx\"><span class=\"avia-arrow-wrap\"><span class=\"avia-arrow\"><\/span><\/span><\/span><\/a><\/li>\n<li role=\"menuitem\" id=\"menu-item-31153\" class=\"menu-item menu-item-type-custom menu-item-object-custom menu-item-top-level menu-item-top-level-2\"><a href=\"#partenzaearrivo\" itemprop=\"url\" tabindex=\"0\"><span class=\"avia-bullet\"><\/span><span class=\"avia-menu-text\"><span  class='av_font_icon av-mhuo4bia-715a8115ec8a38d3fb36d35af1c48bc2 avia_animate_when_visible av-icon-style- avia-icon-pos-center avia-svg-icon avia-font-svg_entypo-fontello av-no-color avia-icon-animate'><span class='av-icon-char' data-av_svg_icon='rocket' data-av_iconset='svg_entypo-fontello' ><svg version=\"1.1\" xmlns=\"http:\/\/www.w3.org\/2000\/svg\" width=\"28\" height=\"32\" viewBox=\"0 0 28 32\" preserveAspectRatio=\"xMidYMid meet\" aria-labelledby='av-svg-title-2' aria-describedby='av-svg-desc-2' role=\"graphics-symbol\" aria-hidden=\"true\">\n<title id='av-svg-title-2'>Rocket<\/title>\n<desc id='av-svg-desc-2'>Rocket<\/desc>\n<path d=\"M17.376 19.648q0.192 1.6 0.256 2.592t-0.256 1.888-0.416 1.28-1.12 1.024-1.44 0.832-2.24 0.992-2.72 1.184q-1.024 0.384-1.44-0.128t-0.096-1.408l1.28-3.52-4.16-4.224-3.392 1.28q-0.896 0.384-1.376-0.064t-0.096-1.472q0.384-0.96 0.992-2.528t0.864-2.080 0.704-1.44 0.8-1.152 0.928-0.64 1.312-0.416h1.664t2.272 0.192q0.32-0.448 0.928-1.248t2.464-2.72 3.776-3.328 4.64-2.4 5.28-0.608q0.256 0 0.448 0.192 0.128 0.128 0.192 0.448 0.32 2.624-0.576 5.376t-2.432 4.832-3.136 3.776-2.752 2.592zM18.976 10.176q0.704 0.704 1.728 0.704t1.728-0.704q0.704-0.768 0.704-1.792t-0.704-1.792q-0.704-0.704-1.728-0.704t-1.728 0.704q-0.704 0.768-0.704 1.792t0.704 1.792z\"><\/path>\n<\/svg><\/span><\/span><\/span><span class=\"avia-menu-fx\"><span class=\"avia-arrow-wrap\"><span class=\"avia-arrow\"><\/span><\/span><\/span><\/a><\/li>\n<li role=\"menuitem\" id=\"menu-item-31154\" class=\"menu-item menu-item-type-custom menu-item-object-custom menu-item-top-level menu-item-top-level-3\"><a href=\"#mappadelsentiero\" itemprop=\"url\" tabindex=\"0\"><span class=\"avia-bullet\"><\/span><span class=\"avia-menu-text\"><span  class='av_font_icon av-mhrxqa57-359ac9276080abd513a2bb6d542e494c avia_animate_when_visible av-icon-style- avia-icon-pos-center avia-svg-icon avia-font-svg_entypo-fontello av-no-color avia-icon-animate'><span class='av-icon-char' data-av_svg_icon='map' data-av_iconset='svg_entypo-fontello' ><svg version=\"1.1\" xmlns=\"http:\/\/www.w3.org\/2000\/svg\" width=\"32\" height=\"32\" viewBox=\"0 0 32 32\" preserveAspectRatio=\"xMidYMid meet\" aria-labelledby='av-svg-title-3' aria-describedby='av-svg-desc-3' role=\"graphics-symbol\" aria-hidden=\"true\">\n<title id='av-svg-title-3'>Map<\/title>\n<desc id='av-svg-desc-3'>Map<\/desc>\n<path d=\"M31.488 8q0.512 0.32 0.512 0.96v18.688q0 0.64-0.512 0.96-0.256 0.192-0.512 0.192t-0.576-0.192l-6.912-4.352-6.912 4.352q-0.576 0.32-1.088 0l-6.976-4.352-6.912 4.352q-0.512 0.32-1.088 0-0.512-0.32-0.512-0.96v-18.688q0-0.64 0.512-0.96l7.488-4.672q0.576-0.32 1.088 0l6.912 4.352 6.976-4.352q0.512-0.32 1.024 0zM7.488 22.4v-16.192l-5.376 3.328v16.192zM14.976 25.728v-16.192l-5.376-3.328v16.192zM22.464 22.4v-16.192l-5.44 3.328v16.192zM29.888 25.728v-16.192l-5.376-3.328v16.192z\"><\/path>\n<\/svg><\/span><\/span><\/span><span class=\"avia-menu-fx\"><span class=\"avia-arrow-wrap\"><span class=\"avia-arrow\"><\/span><\/span><\/span><\/a><\/li>\n<li role=\"menuitem\" id=\"menu-item-31155\" class=\"menu-item menu-item-type-custom menu-item-object-custom menu-item-top-level menu-item-top-level-4\"><a href=\"#gpxtrack\" itemprop=\"url\" tabindex=\"0\"><span class=\"avia-bullet\"><\/span><span class=\"avia-menu-text\"><span  class='av_font_icon av-mhuo4bia-dd4e6d883e147e67f14cfda3807f3eeb avia_animate_when_visible av-icon-style- avia-icon-pos-center avia-svg-icon avia-font-svg_entypo-fontello av-no-color avia-icon-animate'><span class='av-icon-char' data-av_svg_icon='address' data-av_iconset='svg_entypo-fontello' ><svg version=\"1.1\" xmlns=\"http:\/\/www.w3.org\/2000\/svg\" width=\"32\" height=\"32\" viewBox=\"0 0 32 32\" preserveAspectRatio=\"xMidYMid meet\" aria-labelledby='av-svg-title-4' aria-describedby='av-svg-desc-4' role=\"graphics-symbol\" aria-hidden=\"true\">\n<title id='av-svg-title-4'>Address<\/title>\n<desc id='av-svg-desc-4'>Address icon<\/desc>\n<path d=\"M13.632 1.6q0.64 0 0.64 0.64v27.52q0 0.64-0.64 0.64h-1.472q-0.64 0-0.64-0.64v-14.080h-5.632q-0.512 0-0.896-0.192-0.384-0.064-0.832-0.384l-3.84-2.624q-0.32-0.192-0.32-0.512t0.32-0.512l3.84-2.624q0.448-0.32 0.832-0.384 0.256-0.128 0.896-0.128h5.632v-6.080q0-0.64 0.64-0.64h1.472zM31.68 8.256q0.32 0.192 0.32 0.512t-0.32 0.512l-3.776 2.624q-0.704 0.384-0.832 0.384-0.448 0.192-0.896 0.192h-9.664l-1.28-7.36h10.944q0.576 0 0.896 0.128t0.832 0.384z\"><\/path>\n<\/svg><\/span><\/span><\/span><span class=\"avia-menu-fx\"><span class=\"avia-arrow-wrap\"><span class=\"avia-arrow\"><\/span><\/span><\/span><\/a><\/li>\n<li role=\"menuitem\" id=\"menu-item-31156\" class=\"fullwidthsubmenu_differentcolor menu-item menu-item-type-post_type menu-item-object-page menu-item-top-level menu-item-top-level-5\"><a href=\"https:\/\/www.sentierigressoney.it\/fr\/sentiers-de-gressoney-saint-jean\/\" itemprop=\"url\" tabindex=\"0\"><span class=\"avia-bullet\"><\/span><span class=\"avia-menu-text\">SJ<\/span><span class=\"avia-menu-fx\"><span class=\"avia-arrow-wrap\"><span class=\"avia-arrow\"><\/span><\/span><\/span><\/a><\/li>\n<li role=\"menuitem\" id=\"menu-item-31157\" class=\"fullwidthsubmenu_differentcolor menu-item menu-item-type-post_type menu-item-object-page menu-item-top-level menu-item-top-level-6\"><a href=\"https:\/\/www.sentierigressoney.it\/fr\/sentiers-de-gressoney-la-trinite\/\" itemprop=\"url\" tabindex=\"0\"><span class=\"avia-bullet\"><\/span><span class=\"avia-menu-text\">LT<\/span><span class=\"avia-menu-fx\"><span class=\"avia-arrow-wrap\"><span class=\"avia-arrow\"><\/span><\/span><\/span><\/a><\/li>\n<li role=\"menuitem\" id=\"menu-item-31558\" class=\"fullwidthsubmenu_differentcolor menu-item menu-item-type-post_type menu-item-object-page menu-item-home menu-item-top-level menu-item-top-level-7\"><a href=\"https:\/\/www.sentierigressoney.it\/fr\/\" itemprop=\"url\" tabindex=\"0\"><span class=\"avia-bullet\"><\/span><span class=\"avia-menu-text\"><span  class='av_font_icon av-miboxafy-0d8004f705cb919bb0d1892837d03658 avia_animate_when_visible av-icon-style- avia-icon-pos-center avia-svg-icon avia-font-svg_entypo-fontello av-no-color avia-icon-animate'><span class='av-icon-char' data-av_svg_icon='home' data-av_iconset='svg_entypo-fontello' ><svg version=\"1.1\" xmlns=\"http:\/\/www.w3.org\/2000\/svg\" width=\"29\" height=\"32\" viewBox=\"0 0 29 32\" preserveAspectRatio=\"xMidYMid meet\" aria-labelledby='av-svg-title-5' aria-describedby='av-svg-desc-5' role=\"graphics-symbol\" aria-hidden=\"true\">\n<title id='av-svg-title-5'>Home<\/title>\n<desc id='av-svg-desc-5'>Home<\/desc>\n<path d=\"M28.416 16.448q0.512 0.512 0.352 0.864t-0.864 0.352h-2.688v9.92q0 0.448-0.032 0.672t-0.256 0.416-0.736 0.192h-6.528v-9.92h-6.528v9.92h-6.208q-0.896 0-1.12-0.32t-0.224-0.96v-9.92h-2.688q-0.704 0-0.864-0.352t0.352-0.864l12.8-12.864q0.512-0.512 1.216-0.512t1.216 0.512z\"><\/path>\n<\/svg><\/span><\/span><\/span><span class=\"avia-menu-fx\"><span class=\"avia-arrow-wrap\"><span class=\"avia-arrow\"><\/span><\/span><\/span><\/a><\/li>\n<\/ul><\/div><\/div><div class='sticky_placeholder'><\/div>\n\n<style type=\"text\/css\" data-created_by=\"avia_inline_auto\" id=\"style-css-av-lcwk53-44b14f09b962025b6b2ed472c607a21b\">\n.avia-section.av-lcwk53-44b14f09b962025b6b2ed472c607a21b{\nposition:relative;\n}\n.avia-section.av-lcwk53-44b14f09b962025b6b2ed472c607a21b .avia-divider-svg-bottom svg{\nheight:350px;\nwidth:calc(100% + 1.3px);\nfill:#3a3a3a;\n}\n<\/style>\n<div id='av_section_1'  class='avia-section av-lcwk53-44b14f09b962025b6b2ed472c607a21b main_color avia-section-default avia-no-border-styling  avia-builder-el-2  el_after_av_submenu  el_before_av_heading  avia-bg-style-scroll container_wrap fullsize'  ><div class='avia-divider-svg avia-divider-svg-mountains avia-divider-svg-bottom avia-svg-original'><svg xmlns=\"http:\/\/www.w3.org\/2000\/svg\" viewBox=\"0 0 1000 100\" preserveAspectRatio=\"none\">\n\t<path opacity=\"0.33\" d=\"M473,67.3c-203.9,88.3-263.1-34-320.3,0C66,119.1,0,59.7,0,59.7V0h1000v59.7 c0,0-62.1,26.1-94.9,29.3c-32.8,3.3-62.8-12.3-75.8-22.1C806,49.6,745.3,8.7,694.9,4.7S492.4,59,473,67.3z\"\/>\n\t<path opacity=\"0.66\" d=\"M734,67.3c-45.5,0-77.2-23.2-129.1-39.1c-28.6-8.7-150.3-10.1-254,39.1 s-91.7-34.4-149.2,0C115.7,118.3,0,39.8,0,39.8V0h1000v36.5c0,0-28.2-18.5-92.1-18.5C810.2,18.1,775.7,67.3,734,67.3z\"\/>\n\t<path d=\"M766.1,28.9c-200-57.5-266,65.5-395.1,19.5C242,1.8,242,5.4,184.8,20.6C128,35.8,132.3,44.9,89.9,52.5C28.6,63.7,0,0,0,0 h1000c0,0-9.9,40.9-83.6,48.1S829.6,47,766.1,28.9z\"\/>\n<\/svg><\/div><div class='container av-section-cont-open' ><div class='template-page content  av-content-full alpha units'><div class='post-entry post-entry-type-page post-entry-27193'><div class='entry-content-wrapper clearfix'>\n\n<style type=\"text\/css\" data-created_by=\"avia_inline_auto\" id=\"style-css-av-kxma0vjw-5be10d655af0d1b774827828c6a7a952\">\n#top .av-special-heading.av-kxma0vjw-5be10d655af0d1b774827828c6a7a952{\npadding-bottom:10px;\ncolor:#ffffff;\n}\nbody .av-special-heading.av-kxma0vjw-5be10d655af0d1b774827828c6a7a952 .av-special-heading-tag .heading-char{\nfont-size:25px;\n}\n.av-special-heading.av-kxma0vjw-5be10d655af0d1b774827828c6a7a952 .special-heading-inner-border{\nborder-color:#ffffff;\n}\n.av-special-heading.av-kxma0vjw-5be10d655af0d1b774827828c6a7a952 .av-subheading{\nfont-size:34px;\ncolor:#ffffff;\n}\n<\/style>\n<div  id=\"descrizionegenerale\"  class='av-special-heading av-kxma0vjw-5be10d655af0d1b774827828c6a7a952 av-special-heading-h1 custom-color-heading blockquote modern-quote modern-centered  avia-builder-el-3  el_before_av_textblock  avia-builder-el-first  av-thin-font'><h1 class='av-special-heading-tag '  itemprop=\"headline\"  ><strong>Col Ranzola (2171m), sentier 3<\/strong><\/h1><div class='av_custom_color av-subheading av-subheading_below'><p>de <strong>Biel<\/strong> au <strong>col Ranzola<\/strong><\/p>\n<\/div><div class=\"special-heading-border\"><div class=\"special-heading-inner-border\"><\/div><\/div><\/div>\n\n<style type=\"text\/css\" data-created_by=\"avia_inline_auto\" id=\"style-css-av-kxma1kmb-9893fbc2a4c33d2e7db7983ac8dafc86\">\n#top .av_textblock_section.av-kxma1kmb-9893fbc2a4c33d2e7db7983ac8dafc86 .avia_textblock{\ntext-align:left;\n}\n<\/style>\n<section  class='av_textblock_section av-kxma1kmb-9893fbc2a4c33d2e7db7983ac8dafc86 '   itemscope=\"itemscope\" itemtype=\"https:\/\/schema.org\/CreativeWork\" ><div class='avia_textblock'  itemprop=\"text\" ><div id=\"attachment_24267\" style=\"width: 505px\" class=\"wp-caption alignleft\"><a href=\"https:\/\/www.sentierigressoney.it\/wp-content\/uploads\/2022\/06\/DSF7380.jpg\"><img loading=\"lazy\" decoding=\"async\" aria-describedby=\"caption-attachment-24267\" class=\"wp-image-9330 size-portfolio\" title=\"Le Col Ranzola et la chapelle (octobre 2021)\" src=\"https:\/\/www.sentierigressoney.it\/wp-content\/uploads\/2022\/06\/DSF7380-495x400.jpg\" alt=\"Le Col Ranzola et la chapelle (octobre 2021)\" width=\"495\" height=\"400\" srcset=\"https:\/\/www.sentierigressoney.it\/wp-content\/uploads\/2022\/06\/DSF7380-495x400.jpg 495w, https:\/\/www.sentierigressoney.it\/wp-content\/uploads\/2022\/06\/DSF7380-845x684.jpg 845w\" sizes=\"auto, (max-width: 495px) 100vw, 495px\" \/><\/a><p id=\"caption-attachment-24267\" class=\"wp-caption-text\">Le Col Ranzola et la chapelle (octobre 2021)<\/p><\/div>\n<p>Le sentier <strong>3<\/strong> part du hameau de <strong>Biel<\/strong> (au bout de la route de Ch\u00e2teau Savoie) et arrive au <strong>col Ranzola (2171m)<\/strong>. Il mesure <strong>3538 m de<\/strong> long et le d\u00e9nivel\u00e9 positif total est de <strong>723 m.<\/strong><br \/>\nLa dur\u00e9e approximative de l&rsquo;ascension est de <strong>2h11<\/strong>. Le sentier est class\u00e9 comme \u00e9tant de difficult\u00e9 <strong>E<\/strong>.<\/p>\n<p>Le col Ranzola<em>(Col de Ranzolaz<\/em> en fran\u00e7ais, <em>Arescoll<\/em> en Titsch) est un col reliant Gressoney-Saint-Jean \u00e0 Brusson, et \u00e9tant presque parfaitement align\u00e9 avec le <em>col<\/em> <em>du Joux<\/em> et le <em>col de Valdobbia<\/em>, il repr\u00e9sentait le lien id\u00e9al pour les \u00e9migrants de Valsesia qui voulaient arriver dans le Valle Grande d&rsquo;Aosta et passer ensuite en France.<\/p>\n<div id=\"attachment_24270\" style=\"width: 310px\" class=\"wp-caption alignright\"><a href=\"https:\/\/www.sentierigressoney.it\/wp-content\/uploads\/2021\/12\/passaggio-dei-migranti-valsesiani.png\"><img loading=\"lazy\" decoding=\"async\" aria-describedby=\"caption-attachment-24270\" class=\"wp-image-9342 size-medium\" title=\"Le voyage des migrants valsesiens\" src=\"https:\/\/www.sentierigressoney.it\/wp-content\/uploads\/2021\/12\/passaggio-dei-migranti-valsesiani-300x125.png\" alt=\"Le voyage des migrants valsesiens\" width=\"300\" height=\"125\" srcset=\"https:\/\/www.sentierigressoney.it\/wp-content\/uploads\/2021\/12\/passaggio-dei-migranti-valsesiani-300x125.png 300w, https:\/\/www.sentierigressoney.it\/wp-content\/uploads\/2021\/12\/passaggio-dei-migranti-valsesiani-1030x430.png 1030w, https:\/\/www.sentierigressoney.it\/wp-content\/uploads\/2021\/12\/passaggio-dei-migranti-valsesiani-768x321.png 768w, https:\/\/www.sentierigressoney.it\/wp-content\/uploads\/2021\/12\/passaggio-dei-migranti-valsesiani-1500x627.png 1500w, https:\/\/www.sentierigressoney.it\/wp-content\/uploads\/2021\/12\/passaggio-dei-migranti-valsesiani-705x295.png 705w, https:\/\/www.sentierigressoney.it\/wp-content\/uploads\/2021\/12\/passaggio-dei-migranti-valsesiani.png 1532w\" sizes=\"auto, (max-width: 300px) 100vw, 300px\" \/><\/a><p id=\"caption-attachment-24270\" class=\"wp-caption-text\">Le voyage des migrants valsesiens<\/p><\/div>\n<p>En 1857, L\u00e9on Tolsto\u00ef est \u00e9galement pass\u00e9 par l\u00e0, alors qu&rsquo;il se rendait en Suisse par le col du Grand-Saint-Bernard, \u00e0 l&rsquo;\u00e2ge de 29 ans : une plaque comm\u00e9morant son passage se trouve aujourd&rsquo;hui sur le col.<\/p>\n<p>L&rsquo;atteindre est tr\u00e8s facile : le sentier 3 est toujours bien d\u00e9fini et ne pr\u00e9sente jamais de d\u00e9nivel\u00e9s excessifs ; la premi\u00e8re moiti\u00e9 longe une for\u00eat de m\u00e9l\u00e8zes ombrag\u00e9e et magnifique, la seconde moiti\u00e9 sort \u00e0 l&rsquo;air libre et longe les p\u00e2turages des Alpes Ranzola Inf\u00e9rieur et Sup\u00e9rieur.<\/p>\n<div id=\"attachment_24299\" style=\"width: 310px\" class=\"wp-caption alignleft\"><img loading=\"lazy\" decoding=\"async\" aria-describedby=\"caption-attachment-24299\" class=\"wp-image-9496 size-medium\" title=\"L'anneau autour de Punta Regina\" src=\"https:\/\/www.sentierigressoney.it\/wp-content\/uploads\/2022\/06\/anello-attorno-punta-regina-300x146.png\" alt=\"L'anneau autour de Punta Regina\" width=\"300\" height=\"146\" srcset=\"https:\/\/www.sentierigressoney.it\/wp-content\/uploads\/2022\/06\/anello-attorno-punta-regina-300x146.png 300w, https:\/\/www.sentierigressoney.it\/wp-content\/uploads\/2022\/06\/anello-attorno-punta-regina-1030x501.png 1030w, https:\/\/www.sentierigressoney.it\/wp-content\/uploads\/2022\/06\/anello-attorno-punta-regina-768x373.png 768w, https:\/\/www.sentierigressoney.it\/wp-content\/uploads\/2022\/06\/anello-attorno-punta-regina-705x343.png 705w, https:\/\/www.sentierigressoney.it\/wp-content\/uploads\/2022\/06\/anello-attorno-punta-regina.png 1364w\" sizes=\"auto, (max-width: 300px) 100vw, 300px\" \/><p id=\"caption-attachment-24299\" class=\"wp-caption-text\">L&rsquo;anneau autour de Punta della Regina<\/p><\/div>\n<p>Lorsque tu arrives au col, tu as une excellente vue sur l&rsquo;ouest et le Mont Blanc, mais le Mont Rose est recouvert par le <strong>Mont Cios\u00e8 (2647m)<\/strong>, qui contourne le col par le nord. Si tu veux voir le Mont Rose, il te suffit de continuer jusqu&rsquo;au sommet qui flanque le col au sud, la <strong>Punta della Regina (2387 m)<\/strong> : tu y acc\u00e8des en suivant le <a href=\"https:\/\/www.sentierigressoney.it\/fr\/sentieri\/punta-regina-2385-m-sentier-7a\/\" class=\"sentiero-chip clickable-chip\">\n                    <i class=\"fas fa-hiking chip-icon-fa\"><\/i> \n                    <span class=\"chip-label\">SENTIER 7A<\/span>\n                <\/a>, raide mais court.<\/p>\n<p>Depuis le sommet, tu peux retourner \u00e0 Col Ranzola par le m\u00eame sentier 7A, ou bien descendre sur l&rsquo;autre versant jusqu&rsquo;au bassin du lac de Gombetta par le <a href=\"https:\/\/www.sentierigressoney.it\/fr\/sentieri\/punta-della-regina-2382-m-sentier-3a\/\" class=\"sentiero-chip clickable-chip\">\n                    <i class=\"fas fa-hiking chip-icon-fa\"><\/i> \n                    <span class=\"chip-label\">SENTIER 3A,<\/span>\n                <\/a> puis revenir \u00e0 Col Ranzola par un tr\u00e8s court tron\u00e7on du <a href=\"https:\/\/www.sentierigressoney.it\/fr\/sentieri\/col-ranzola-2171m-sentier-3b\/\" class=\"sentiero-chip clickable-chip\">\n                    <i class=\"fas fa-hiking chip-icon-fa\"><\/i> \n                    <span class=\"chip-label\">SENTIER 3B<\/span>\n                <\/a>, fermant ainsi un itin\u00e9raire en boucle. L&rsquo;image ci-contre montre un d\u00e9tail de tous les sentiers de la r\u00e9gion de Punta della Regina.<\/p>\n<\/div><\/section>\n<div  class='avia-button-wrap av-id3tcn-4e9144368bdfb7aa15a98ffb10d302d9-wrap avia-button-center  avia-builder-el-5  el_after_av_textblock  avia-builder-el-last  pulsantesentieri'>\n<style type=\"text\/css\" data-created_by=\"avia_inline_auto\" id=\"style-css-av-id3tcn-4e9144368bdfb7aa15a98ffb10d302d9\">\n#top #wrap_all .avia-button.av-id3tcn-4e9144368bdfb7aa15a98ffb10d302d9{\nbackground-color:#3d3d3d;\nborder-color:#aaaaaa;\ncolor:#bfbfbf;\nborder-style:solid;\nborder-width:1px 1px 1px 1px;\ntransition:all 0.4s ease-in-out;\n}\n#top #wrap_all .avia-button.av-id3tcn-4e9144368bdfb7aa15a98ffb10d302d9:hover{\nbackground-color:#8e8e8e;\ncolor:white;\ntransition:all 0.4s ease-in-out;\n}\n#top #wrap_all .avia-button.av-id3tcn-4e9144368bdfb7aa15a98ffb10d302d9 .avia-svg-icon svg:first-child{\nfill:#bfbfbf;\nstroke:#bfbfbf;\n}\n#top #wrap_all .avia-button.av-id3tcn-4e9144368bdfb7aa15a98ffb10d302d9:hover .avia-svg-icon svg:first-child{\nfill:white;\nstroke:white;\n}\n<\/style>\n<a href='https:\/\/www.sentierigressoney.it\/fr\/informations\/'  class='avia-button av-id3tcn-4e9144368bdfb7aa15a98ffb10d302d9 av-link-btn avia-icon_select-yes-left-icon avia-size-small avia-position-center'  target=\"_blank\"  rel=\"noopener noreferrer\"  aria-label=\"Plus d\u2019informations sur le niveau de difficult\u00e9, les dur\u00e9es d\u2019ascension, les cartes et les pistes GPX.\"><span class='avia_button_icon avia_button_icon_left avia-iconfont avia-font-entypo-fontello' data-av_icon='\ue81d' data-av_iconfont='entypo-fontello' ><\/span><span class='avia_iconbox_title' >Plus d\u2019informations sur le niveau de difficult\u00e9, les dur\u00e9es d\u2019ascension, les cartes et les pistes GPX.<\/span><\/a><\/div>\n<\/div><\/div><\/div><!-- close content main div --><\/div><\/div><div id='after_section_1'  class='main_color av_default_container_wrap container_wrap fullsize'  ><div class='container av-section-cont-open' ><div class='template-page content  av-content-full alpha units'><div class='post-entry post-entry-type-page post-entry-27193'><div class='entry-content-wrapper clearfix'>\n\n<style type=\"text\/css\" data-created_by=\"avia_inline_auto\" id=\"style-css-av-dteokn-0e70b4d8cb19ef6b03ed1b69bb63db5b\">\n#top .av-special-heading.av-dteokn-0e70b4d8cb19ef6b03ed1b69bb63db5b{\npadding-bottom:10px;\n}\nbody .av-special-heading.av-dteokn-0e70b4d8cb19ef6b03ed1b69bb63db5b .av-special-heading-tag .heading-char{\nfont-size:25px;\ncolor:#8e8e8e;\npadding-bottom:10px;\n}\nbody .av-special-heading.av-dteokn-0e70b4d8cb19ef6b03ed1b69bb63db5b .av-special-heading-tag .heading-char.avia-svg-icon svg:first-child{\nfill:#8e8e8e;\nstroke:#8e8e8e;\n}\n.av-special-heading.av-dteokn-0e70b4d8cb19ef6b03ed1b69bb63db5b .av-subheading{\nfont-size:15px;\n}\n<\/style>\n<div  class='av-special-heading av-dteokn-0e70b4d8cb19ef6b03ed1b69bb63db5b av-special-heading-h3 custom-color-heading blockquote elegant-quote elegant-centered  avia-builder-el-6  el_after_av_section  el_before_av_horizontal_gallery  avia-builder-el-no-sibling  av-thin-font av-icon'><h3 class='av-special-heading-tag '  itemprop=\"headline\"  ><span class='heading-char avia-iconfont avia-font-entypo-fontello' data-av_icon='\ue80f' data-av_iconfont='entypo-fontello' ><\/span><span class=\"heading-wrap\"><strong>Galerie de photos<\/strong><\/span><\/h3><div class=\"special-heading-border\"><div class=\"special-heading-inner-border\"><\/div><\/div><\/div>\n\n<style type=\"text\/css\" data-created_by=\"avia_inline_auto\" id=\"style-css-av-bt7nrb-838b3714d0d8bbfe1e83bc4d011cd636\">\n.av-horizontal-gallery.av-bt7nrb-838b3714d0d8bbfe1e83bc4d011cd636{\npadding:3.75% 0px;;\n}\n.av-horizontal-gallery.av-bt7nrb-838b3714d0d8bbfe1e83bc4d011cd636 .av-horizontal-gallery-inner{\npadding-bottom:25%;\n}\n<\/style>\n<div  class='av-horizontal-gallery av-bt7nrb-838b3714d0d8bbfe1e83bc4d011cd636 av-horizontal-gallery-1px-gap av-horizontal-gallery-enlarge-effect  avia-builder-el-7  el_after_av_heading  el_before_av_section  subline-gallery av-slideshow-ui av-control-default av-slideshow-manual av-loop-once av-loop-manual-endless av-horizontal-gallery-1' data-slideshow-data=\"{&quot;enlarge&quot;:1.3,&quot;animation&quot;:&quot;slide&quot;,&quot;autoplay&quot;:false,&quot;loop_autoplay&quot;:&quot;once&quot;,&quot;interval&quot;:5,&quot;loop_manual&quot;:&quot;manual-endless&quot;,&quot;autoplay_stopper&quot;:false,&quot;noNavigation&quot;:false,&quot;bg_slider&quot;:false,&quot;keep_padding&quot;:&quot;&quot;,&quot;hoverpause&quot;:false,&quot;show_slide_delay&quot;:0,&quot;initial&quot;:&quot;1&quot;}\"  itemprop=\"image\" itemscope=\"itemscope\" itemtype=\"https:\/\/schema.org\/ImageObject\" ><div class='avia-slideshow-arrows avia-slideshow-controls' ><a href='#prev' class='prev-slide av-horizontal-gallery-prev avia-svg-icon avia-font-svg_entypo-fontello' data-av_svg_icon='left-open-big' data-av_iconset='svg_entypo-fontello' tabindex='-1' title=\"Pr\u00e9c\u00e9dent\"><svg version=\"1.1\" xmlns=\"http:\/\/www.w3.org\/2000\/svg\" width=\"15\" height=\"32\" viewBox=\"0 0 15 32\" preserveAspectRatio=\"xMidYMid meet\" aria-labelledby='av-svg-title-6' aria-describedby='av-svg-desc-6' role=\"graphics-symbol\" aria-hidden=\"true\">\n<title id='av-svg-title-6'>Pr\u00e9c\u00e9dent<\/title>\n<desc id='av-svg-desc-6'>Pr\u00e9c\u00e9dent<\/desc>\n<path d=\"M14.464 27.84q0.832 0.832 0 1.536-0.832 0.832-1.536 0l-12.544-12.608q-0.768-0.768 0-1.6l12.544-12.608q0.704-0.832 1.536 0 0.832 0.704 0 1.536l-11.456 11.904z\"><\/path>\n<\/svg><span class='avia_hidden_link_text'>Pr\u00e9c\u00e9dent<\/span><\/a><a href='#next' class='next-slide av-horizontal-gallery-next avia-svg-icon avia-font-svg_entypo-fontello' data-av_svg_icon='right-open-big' data-av_iconset='svg_entypo-fontello' tabindex='-1' title=\"Suivant\"><svg version=\"1.1\" xmlns=\"http:\/\/www.w3.org\/2000\/svg\" width=\"15\" height=\"32\" viewBox=\"0 0 15 32\" preserveAspectRatio=\"xMidYMid meet\" aria-labelledby='av-svg-title-7' aria-describedby='av-svg-desc-7' role=\"graphics-symbol\" aria-hidden=\"true\">\n<title id='av-svg-title-7'>Suivant<\/title>\n<desc id='av-svg-desc-7'>Suivant<\/desc>\n<path d=\"M0.416 27.84l11.456-11.84-11.456-11.904q-0.832-0.832 0-1.536 0.832-0.832 1.536 0l12.544 12.608q0.768 0.832 0 1.6l-12.544 12.608q-0.704 0.832-1.536 0-0.832-0.704 0-1.536z\"><\/path>\n<\/svg><span class='avia_hidden_link_text'>Suivant<\/span><\/a><\/div><div class='avia-slideshow-dots avia-slideshow-controls av-horizontal-gallery-dots fade-in'><a href='#1' class='goto-slide active' >1<\/a><a href='#2' class='goto-slide ' >2<\/a><a href='#3' class='goto-slide ' >3<\/a><a href='#4' class='goto-slide ' >4<\/a><a href='#5' class='goto-slide ' >5<\/a><a href='#6' class='goto-slide ' >6<\/a><a href='#7' class='goto-slide ' >7<\/a><a href='#8' class='goto-slide ' >8<\/a><a href='#9' class='goto-slide ' >9<\/a><a href='#10' class='goto-slide ' >10<\/a><a href='#11' class='goto-slide ' >11<\/a><a href='#12' class='goto-slide ' >12<\/a><a href='#13' class='goto-slide ' >13<\/a><a href='#14' class='goto-slide ' >14<\/a><a href='#15' class='goto-slide ' >15<\/a><a href='#16' class='goto-slide ' >16<\/a><a href='#17' class='goto-slide ' >17<\/a><a href='#18' class='goto-slide ' >18<\/a><a href='#19' class='goto-slide ' >19<\/a><a href='#20' class='goto-slide ' >20<\/a><a href='#21' class='goto-slide ' >21<\/a><a href='#22' class='goto-slide ' >22<\/a><a href='#23' class='goto-slide ' >23<\/a><a href='#24' class='goto-slide ' >24<\/a><a href='#25' class='goto-slide ' >25<\/a><a href='#26' class='goto-slide ' >26<\/a><a href='#27' class='goto-slide ' >27<\/a><a href='#28' class='goto-slide ' >28<\/a><a href='#29' class='goto-slide ' >29<\/a><a href='#30' class='goto-slide ' >30<\/a><\/div><div class='av-horizontal-gallery-inner' data-av-height='25'><div class=\"av-horizontal-gallery-slider\"><div class=\"av-horizontal-gallery-wrap noHover\"><img decoding=\"async\" fetchpriority=\"high\" class='wp-image-34588 avia-img-lazy-loading-not-34588 av-horizontal-gallery-img' width=\"495\" height=\"400\" src=\"https:\/\/www.sentierigressoney.it\/wp-content\/uploads\/2026\/05\/DSCF8653-HDR-495x400.webp\" title='DSCF8653-HDR' alt='Le d\u00e9part du sentier 3' srcset=\"https:\/\/www.sentierigressoney.it\/wp-content\/uploads\/2026\/05\/DSCF8653-HDR-495x400.webp 495w, https:\/\/www.sentierigressoney.it\/wp-content\/uploads\/2026\/05\/DSCF8653-HDR-845x684.webp 845w\" sizes=\"(max-width: 495px) 100vw, 495px\" \/><a href=\"https:\/\/www.sentierigressoney.it\/wp-content\/uploads\/2026\/05\/DSCF8653-HDR.webp\" data-srcset=\"https:\/\/www.sentierigressoney.it\/wp-content\/uploads\/2026\/05\/DSCF8653-HDR.webp 2048w, https:\/\/www.sentierigressoney.it\/wp-content\/uploads\/2026\/05\/DSCF8653-HDR-300x200.webp 300w, https:\/\/www.sentierigressoney.it\/wp-content\/uploads\/2026\/05\/DSCF8653-HDR-1030x686.webp 1030w, https:\/\/www.sentierigressoney.it\/wp-content\/uploads\/2026\/05\/DSCF8653-HDR-768x512.webp 768w, https:\/\/www.sentierigressoney.it\/wp-content\/uploads\/2026\/05\/DSCF8653-HDR-1536x1024.webp 1536w, https:\/\/www.sentierigressoney.it\/wp-content\/uploads\/2026\/05\/DSCF8653-HDR-1500x1000.webp 1500w, https:\/\/www.sentierigressoney.it\/wp-content\/uploads\/2026\/05\/DSCF8653-HDR-705x470.webp 705w\" data-sizes=\"(max-width: 2048px) 100vw, 2048px\" class='av-horizontal-gallery-link avia-svg-icon avia-font-svg_entypo-fontello' data-av_svg_icon='resize-full' data-av_iconset='svg_entypo-fontello' title='Le d\u00e9part du sentier 3' alt='Le d\u00e9part du sentier 3' aria-label='Ouvrir l\u2019image dans une Lightbox: DSCF8653-HDR'><svg version=\"1.1\" xmlns=\"http:\/\/www.w3.org\/2000\/svg\" width=\"25\" height=\"32\" viewBox=\"0 0 25 32\" preserveAspectRatio=\"xMidYMid meet\" aria-labelledby='av-svg-title-8' aria-describedby='av-svg-desc-8' role=\"graphics-symbol\" aria-hidden=\"true\">\n<title id='av-svg-title-8'>Ouvrir l\u2019image dans une Lightbox: DSCF8653-HDR<\/title>\n<desc id='av-svg-desc-8'>Ouvrir l\u2019image dans une Lightbox: DSCF8653-HDR<\/desc>\n<path d=\"M15.232 3.328h10.112v10.112l-3.2-3.968-4.672 4.864-3.2-3.2 4.864-4.672zM7.872 17.536l3.2 3.2-4.864 4.672 3.904 3.2h-10.112v-10.112l3.2 3.904z\"><\/path>\n<\/svg><\/a><\/div><div class=\"av-horizontal-gallery-wrap noHover\"><img decoding=\"async\" fetchpriority=\"high\" class='wp-image-24268 avia-img-lazy-loading-not-24268 av-horizontal-gallery-img' width=\"495\" height=\"400\" src=\"https:\/\/www.sentierigressoney.it\/wp-content\/uploads\/2022\/06\/DSF8139-495x400.jpg\" title='Vient de commencer (janvier 2022)' alt='Vient de commencer (janvier 2022)' srcset=\"https:\/\/www.sentierigressoney.it\/wp-content\/uploads\/2022\/06\/DSF8139-495x400.jpg 495w, https:\/\/www.sentierigressoney.it\/wp-content\/uploads\/2022\/06\/DSF8139-845x684.jpg 845w\" sizes=\"(max-width: 495px) 100vw, 495px\" \/><a href=\"https:\/\/www.sentierigressoney.it\/wp-content\/uploads\/2022\/06\/DSF8139.jpg\" data-srcset=\"https:\/\/www.sentierigressoney.it\/wp-content\/uploads\/2022\/06\/DSF8139.jpg 2250w, https:\/\/www.sentierigressoney.it\/wp-content\/uploads\/2022\/06\/DSF8139-300x200.jpg 300w, https:\/\/www.sentierigressoney.it\/wp-content\/uploads\/2022\/06\/DSF8139-1030x687.jpg 1030w, https:\/\/www.sentierigressoney.it\/wp-content\/uploads\/2022\/06\/DSF8139-768x512.jpg 768w, https:\/\/www.sentierigressoney.it\/wp-content\/uploads\/2022\/06\/DSF8139-1536x1024.jpg 1536w, https:\/\/www.sentierigressoney.it\/wp-content\/uploads\/2022\/06\/DSF8139-2048x1365.jpg 2048w, https:\/\/www.sentierigressoney.it\/wp-content\/uploads\/2022\/06\/DSF8139-1500x1000.jpg 1500w, https:\/\/www.sentierigressoney.it\/wp-content\/uploads\/2022\/06\/DSF8139-705x470.jpg 705w\" data-sizes=\"(max-width: 2250px) 100vw, 2250px\" class='av-horizontal-gallery-link avia-svg-icon avia-font-svg_entypo-fontello' data-av_svg_icon='resize-full' data-av_iconset='svg_entypo-fontello' title='Vient de commencer (janvier 2022)' alt='Vient de commencer (janvier 2022)' aria-label='Ouvrir l\u2019image dans une Lightbox: Vient de commencer (janvier 2022)'><svg version=\"1.1\" xmlns=\"http:\/\/www.w3.org\/2000\/svg\" width=\"25\" height=\"32\" viewBox=\"0 0 25 32\" preserveAspectRatio=\"xMidYMid meet\" aria-labelledby='av-svg-title-9' aria-describedby='av-svg-desc-9' role=\"graphics-symbol\" aria-hidden=\"true\">\n<title id='av-svg-title-9'>Ouvrir l\u2019image dans une Lightbox: Vient de commencer (janvier 2022)<\/title>\n<desc id='av-svg-desc-9'>Ouvrir l\u2019image dans une Lightbox: Vient de commencer (janvier 2022)<\/desc>\n<path d=\"M15.232 3.328h10.112v10.112l-3.2-3.968-4.672 4.864-3.2-3.2 4.864-4.672zM7.872 17.536l3.2 3.2-4.864 4.672 3.904 3.2h-10.112v-10.112l3.2 3.904z\"><\/path>\n<\/svg><\/a><\/div><div class=\"av-horizontal-gallery-wrap noHover\"><img decoding=\"async\" fetchpriority=\"high\" class='wp-image-34589 avia-img-lazy-loading-not-34589 av-horizontal-gallery-img' width=\"495\" height=\"400\" src=\"https:\/\/www.sentierigressoney.it\/wp-content\/uploads\/2026\/05\/DSCF0860-1-495x400.webp\" title='DSCF0860' alt='\u00c0 ce croisement, prenez la route de droite' srcset=\"https:\/\/www.sentierigressoney.it\/wp-content\/uploads\/2026\/05\/DSCF0860-1-495x400.webp 495w, https:\/\/www.sentierigressoney.it\/wp-content\/uploads\/2026\/05\/DSCF0860-1-845x684.webp 845w\" sizes=\"(max-width: 495px) 100vw, 495px\" \/><a href=\"https:\/\/www.sentierigressoney.it\/wp-content\/uploads\/2026\/05\/DSCF0860-1.webp\" data-srcset=\"https:\/\/www.sentierigressoney.it\/wp-content\/uploads\/2026\/05\/DSCF0860-1.webp 2048w, https:\/\/www.sentierigressoney.it\/wp-content\/uploads\/2026\/05\/DSCF0860-1-300x200.webp 300w, https:\/\/www.sentierigressoney.it\/wp-content\/uploads\/2026\/05\/DSCF0860-1-1030x686.webp 1030w, https:\/\/www.sentierigressoney.it\/wp-content\/uploads\/2026\/05\/DSCF0860-1-768x512.webp 768w, https:\/\/www.sentierigressoney.it\/wp-content\/uploads\/2026\/05\/DSCF0860-1-1536x1024.webp 1536w, https:\/\/www.sentierigressoney.it\/wp-content\/uploads\/2026\/05\/DSCF0860-1-1500x1000.webp 1500w, https:\/\/www.sentierigressoney.it\/wp-content\/uploads\/2026\/05\/DSCF0860-1-705x470.webp 705w\" data-sizes=\"(max-width: 2048px) 100vw, 2048px\" class='av-horizontal-gallery-link avia-svg-icon avia-font-svg_entypo-fontello' data-av_svg_icon='resize-full' data-av_iconset='svg_entypo-fontello' title='\u00c0 ce croisement, prenez la route de droite' alt='\u00c0 ce croisement, prenez la route de droite' aria-label='Ouvrir l\u2019image dans une Lightbox: DSCF0860'><svg version=\"1.1\" xmlns=\"http:\/\/www.w3.org\/2000\/svg\" width=\"25\" height=\"32\" viewBox=\"0 0 25 32\" preserveAspectRatio=\"xMidYMid meet\" aria-labelledby='av-svg-title-10' aria-describedby='av-svg-desc-10' role=\"graphics-symbol\" aria-hidden=\"true\">\n<title id='av-svg-title-10'>Ouvrir l\u2019image dans une Lightbox: DSCF0860<\/title>\n<desc id='av-svg-desc-10'>Ouvrir l\u2019image dans une Lightbox: DSCF0860<\/desc>\n<path d=\"M15.232 3.328h10.112v10.112l-3.2-3.968-4.672 4.864-3.2-3.2 4.864-4.672zM7.872 17.536l3.2 3.2-4.864 4.672 3.904 3.2h-10.112v-10.112l3.2 3.904z\"><\/path>\n<\/svg><\/a><\/div><div class=\"av-horizontal-gallery-wrap noHover\"><img decoding=\"async\" fetchpriority=\"high\" class='wp-image-24351 avia-img-lazy-loading-not-24351 av-horizontal-gallery-img' width=\"495\" height=\"400\" src=\"https:\/\/www.sentierigressoney.it\/wp-content\/uploads\/2022\/06\/DSCF9614-HDR-495x400.jpg\" title='Le sentier commence \u00e0 droite du chemin de terre' alt='Le sentier commence \u00e0 droite du chemin de terre' srcset=\"https:\/\/www.sentierigressoney.it\/wp-content\/uploads\/2022\/06\/DSCF9614-HDR-495x400.jpg 495w, https:\/\/www.sentierigressoney.it\/wp-content\/uploads\/2022\/06\/DSCF9614-HDR-845x684.jpg 845w\" sizes=\"(max-width: 495px) 100vw, 495px\" \/><a href=\"https:\/\/www.sentierigressoney.it\/wp-content\/uploads\/2022\/06\/DSCF9614-HDR.jpg\" data-srcset=\"https:\/\/www.sentierigressoney.it\/wp-content\/uploads\/2022\/06\/DSCF9614-HDR.jpg 2250w, https:\/\/www.sentierigressoney.it\/wp-content\/uploads\/2022\/06\/DSCF9614-HDR-300x200.jpg 300w, https:\/\/www.sentierigressoney.it\/wp-content\/uploads\/2022\/06\/DSCF9614-HDR-1030x687.jpg 1030w, https:\/\/www.sentierigressoney.it\/wp-content\/uploads\/2022\/06\/DSCF9614-HDR-768x512.jpg 768w, https:\/\/www.sentierigressoney.it\/wp-content\/uploads\/2022\/06\/DSCF9614-HDR-1536x1024.jpg 1536w, https:\/\/www.sentierigressoney.it\/wp-content\/uploads\/2022\/06\/DSCF9614-HDR-2048x1365.jpg 2048w, https:\/\/www.sentierigressoney.it\/wp-content\/uploads\/2022\/06\/DSCF9614-HDR-1500x1000.jpg 1500w, https:\/\/www.sentierigressoney.it\/wp-content\/uploads\/2022\/06\/DSCF9614-HDR-705x470.jpg 705w\" data-sizes=\"(max-width: 2250px) 100vw, 2250px\" class='av-horizontal-gallery-link avia-svg-icon avia-font-svg_entypo-fontello' data-av_svg_icon='resize-full' data-av_iconset='svg_entypo-fontello' title='Le sentier commence \u00e0 droite du chemin de terre' alt='Le sentier commence \u00e0 droite du chemin de terre' aria-label='Ouvrir l\u2019image dans une Lightbox: Le sentier commence \u00e0 droite du chemin de terre'><svg version=\"1.1\" xmlns=\"http:\/\/www.w3.org\/2000\/svg\" width=\"25\" height=\"32\" viewBox=\"0 0 25 32\" preserveAspectRatio=\"xMidYMid meet\" aria-labelledby='av-svg-title-11' aria-describedby='av-svg-desc-11' role=\"graphics-symbol\" aria-hidden=\"true\">\n<title id='av-svg-title-11'>Ouvrir l\u2019image dans une Lightbox: Le sentier commence \u00e0 droite du chemin de terre<\/title>\n<desc id='av-svg-desc-11'>Ouvrir l\u2019image dans une Lightbox: Le sentier commence \u00e0 droite du chemin de terre<\/desc>\n<path d=\"M15.232 3.328h10.112v10.112l-3.2-3.968-4.672 4.864-3.2-3.2 4.864-4.672zM7.872 17.536l3.2 3.2-4.864 4.672 3.904 3.2h-10.112v-10.112l3.2 3.904z\"><\/path>\n<\/svg><\/a><\/div><div class=\"av-horizontal-gallery-wrap noHover\"><img decoding=\"async\" fetchpriority=\"high\" class='wp-image-24259 avia-img-lazy-loading-not-24259 av-horizontal-gallery-img' width=\"495\" height=\"400\" src=\"https:\/\/www.sentierigressoney.it\/wp-content\/uploads\/2022\/06\/DSF2752-495x400.jpg\" title='La magnifique section initiale du sentier.' alt='La magnifique section initiale du sentier.' srcset=\"https:\/\/www.sentierigressoney.it\/wp-content\/uploads\/2022\/06\/DSF2752-495x400.jpg 495w, https:\/\/www.sentierigressoney.it\/wp-content\/uploads\/2022\/06\/DSF2752-845x684.jpg 845w\" sizes=\"(max-width: 495px) 100vw, 495px\" \/><a href=\"https:\/\/www.sentierigressoney.it\/wp-content\/uploads\/2022\/06\/DSF2752.jpg\" data-srcset=\"https:\/\/www.sentierigressoney.it\/wp-content\/uploads\/2022\/06\/DSF2752.jpg 2250w, https:\/\/www.sentierigressoney.it\/wp-content\/uploads\/2022\/06\/DSF2752-300x200.jpg 300w, https:\/\/www.sentierigressoney.it\/wp-content\/uploads\/2022\/06\/DSF2752-1030x687.jpg 1030w, https:\/\/www.sentierigressoney.it\/wp-content\/uploads\/2022\/06\/DSF2752-768x512.jpg 768w, https:\/\/www.sentierigressoney.it\/wp-content\/uploads\/2022\/06\/DSF2752-1536x1024.jpg 1536w, https:\/\/www.sentierigressoney.it\/wp-content\/uploads\/2022\/06\/DSF2752-2048x1365.jpg 2048w, https:\/\/www.sentierigressoney.it\/wp-content\/uploads\/2022\/06\/DSF2752-1500x1000.jpg 1500w, https:\/\/www.sentierigressoney.it\/wp-content\/uploads\/2022\/06\/DSF2752-705x470.jpg 705w\" data-sizes=\"(max-width: 2250px) 100vw, 2250px\" class='av-horizontal-gallery-link avia-svg-icon avia-font-svg_entypo-fontello' data-av_svg_icon='resize-full' data-av_iconset='svg_entypo-fontello' title='La magnifique section initiale du sentier.' alt='La magnifique section initiale du sentier.' aria-label='Ouvrir l\u2019image dans une Lightbox: La magnifique section initiale du sentier.'><svg version=\"1.1\" xmlns=\"http:\/\/www.w3.org\/2000\/svg\" width=\"25\" height=\"32\" viewBox=\"0 0 25 32\" preserveAspectRatio=\"xMidYMid meet\" aria-labelledby='av-svg-title-12' aria-describedby='av-svg-desc-12' role=\"graphics-symbol\" aria-hidden=\"true\">\n<title id='av-svg-title-12'>Ouvrir l\u2019image dans une Lightbox: La magnifique section initiale du sentier.<\/title>\n<desc id='av-svg-desc-12'>Ouvrir l\u2019image dans une Lightbox: La magnifique section initiale du sentier.<\/desc>\n<path d=\"M15.232 3.328h10.112v10.112l-3.2-3.968-4.672 4.864-3.2-3.2 4.864-4.672zM7.872 17.536l3.2 3.2-4.864 4.672 3.904 3.2h-10.112v-10.112l3.2 3.904z\"><\/path>\n<\/svg><\/a><\/div><div class=\"av-horizontal-gallery-wrap noHover\"><img decoding=\"async\" fetchpriority=\"high\" class='wp-image-24352 avia-img-lazy-loading-not-24352 av-horizontal-gallery-img' width=\"495\" height=\"400\" src=\"https:\/\/www.sentierigressoney.it\/wp-content\/uploads\/2022\/06\/DSCF9634-HDR-495x400.jpg\" title='Une autre section du sentier peu apr\u00e8s le d\u00e9part.' alt='Une autre section du sentier peu apr\u00e8s le d\u00e9part.' srcset=\"https:\/\/www.sentierigressoney.it\/wp-content\/uploads\/2022\/06\/DSCF9634-HDR-495x400.jpg 495w, https:\/\/www.sentierigressoney.it\/wp-content\/uploads\/2022\/06\/DSCF9634-HDR-845x684.jpg 845w\" sizes=\"(max-width: 495px) 100vw, 495px\" \/><a href=\"https:\/\/www.sentierigressoney.it\/wp-content\/uploads\/2022\/06\/DSCF9634-HDR.jpg\" data-srcset=\"https:\/\/www.sentierigressoney.it\/wp-content\/uploads\/2022\/06\/DSCF9634-HDR.jpg 2250w, https:\/\/www.sentierigressoney.it\/wp-content\/uploads\/2022\/06\/DSCF9634-HDR-300x200.jpg 300w, https:\/\/www.sentierigressoney.it\/wp-content\/uploads\/2022\/06\/DSCF9634-HDR-1030x687.jpg 1030w, https:\/\/www.sentierigressoney.it\/wp-content\/uploads\/2022\/06\/DSCF9634-HDR-768x512.jpg 768w, https:\/\/www.sentierigressoney.it\/wp-content\/uploads\/2022\/06\/DSCF9634-HDR-1536x1024.jpg 1536w, https:\/\/www.sentierigressoney.it\/wp-content\/uploads\/2022\/06\/DSCF9634-HDR-2048x1365.jpg 2048w, https:\/\/www.sentierigressoney.it\/wp-content\/uploads\/2022\/06\/DSCF9634-HDR-1500x1000.jpg 1500w, https:\/\/www.sentierigressoney.it\/wp-content\/uploads\/2022\/06\/DSCF9634-HDR-705x470.jpg 705w\" data-sizes=\"(max-width: 2250px) 100vw, 2250px\" class='av-horizontal-gallery-link avia-svg-icon avia-font-svg_entypo-fontello' data-av_svg_icon='resize-full' data-av_iconset='svg_entypo-fontello' title='Une section du sentier peu apr\u00e8s le d\u00e9part.' alt='Une autre section du sentier peu apr\u00e8s le d\u00e9part.' aria-label='Ouvrir l\u2019image dans une Lightbox: Une autre section du sentier peu apr\u00e8s le d\u00e9part.'><svg version=\"1.1\" xmlns=\"http:\/\/www.w3.org\/2000\/svg\" width=\"25\" height=\"32\" viewBox=\"0 0 25 32\" preserveAspectRatio=\"xMidYMid meet\" aria-labelledby='av-svg-title-13' aria-describedby='av-svg-desc-13' role=\"graphics-symbol\" aria-hidden=\"true\">\n<title id='av-svg-title-13'>Ouvrir l\u2019image dans une Lightbox: Une autre section du sentier peu apr\u00e8s le d\u00e9part.<\/title>\n<desc id='av-svg-desc-13'>Ouvrir l\u2019image dans une Lightbox: Une autre section du sentier peu apr\u00e8s le d\u00e9part.<\/desc>\n<path d=\"M15.232 3.328h10.112v10.112l-3.2-3.968-4.672 4.864-3.2-3.2 4.864-4.672zM7.872 17.536l3.2 3.2-4.864 4.672 3.904 3.2h-10.112v-10.112l3.2 3.904z\"><\/path>\n<\/svg><\/a><\/div><div class=\"av-horizontal-gallery-wrap noHover\"><img decoding=\"async\" fetchpriority=\"high\" class='wp-image-24260 avia-img-lazy-loading-not-24260 av-horizontal-gallery-img' width=\"495\" height=\"400\" src=\"https:\/\/www.sentierigressoney.it\/wp-content\/uploads\/2022\/06\/DSF2754-495x400.jpg\" title='Le premier tron\u00e7on se d\u00e9roule enti\u00e8rement entre de grands m\u00e9l\u00e8zes' alt='Le premier tron\u00e7on se d\u00e9roule enti\u00e8rement entre de grands m\u00e9l\u00e8zes' srcset=\"https:\/\/www.sentierigressoney.it\/wp-content\/uploads\/2022\/06\/DSF2754-495x400.jpg 495w, https:\/\/www.sentierigressoney.it\/wp-content\/uploads\/2022\/06\/DSF2754-845x684.jpg 845w\" sizes=\"(max-width: 495px) 100vw, 495px\" \/><a href=\"https:\/\/www.sentierigressoney.it\/wp-content\/uploads\/2022\/06\/DSF2754.jpg\" data-srcset=\"https:\/\/www.sentierigressoney.it\/wp-content\/uploads\/2022\/06\/DSF2754.jpg 2250w, https:\/\/www.sentierigressoney.it\/wp-content\/uploads\/2022\/06\/DSF2754-300x200.jpg 300w, https:\/\/www.sentierigressoney.it\/wp-content\/uploads\/2022\/06\/DSF2754-1030x687.jpg 1030w, https:\/\/www.sentierigressoney.it\/wp-content\/uploads\/2022\/06\/DSF2754-768x512.jpg 768w, https:\/\/www.sentierigressoney.it\/wp-content\/uploads\/2022\/06\/DSF2754-1536x1024.jpg 1536w, https:\/\/www.sentierigressoney.it\/wp-content\/uploads\/2022\/06\/DSF2754-2048x1365.jpg 2048w, https:\/\/www.sentierigressoney.it\/wp-content\/uploads\/2022\/06\/DSF2754-1500x1000.jpg 1500w, https:\/\/www.sentierigressoney.it\/wp-content\/uploads\/2022\/06\/DSF2754-705x470.jpg 705w\" data-sizes=\"(max-width: 2250px) 100vw, 2250px\" class='av-horizontal-gallery-link avia-svg-icon avia-font-svg_entypo-fontello' data-av_svg_icon='resize-full' data-av_iconset='svg_entypo-fontello' title='Le premier tron\u00e7on se d\u00e9roule enti\u00e8rement entre de grands m\u00e9l\u00e8zes' alt='Le premier tron\u00e7on se d\u00e9roule enti\u00e8rement entre de grands m\u00e9l\u00e8zes' aria-label='Ouvrir l\u2019image dans une Lightbox: Le premier tron\u00e7on se d\u00e9roule enti\u00e8rement entre de grands m\u00e9l\u00e8zes'><svg version=\"1.1\" xmlns=\"http:\/\/www.w3.org\/2000\/svg\" width=\"25\" height=\"32\" viewBox=\"0 0 25 32\" preserveAspectRatio=\"xMidYMid meet\" aria-labelledby='av-svg-title-14' aria-describedby='av-svg-desc-14' role=\"graphics-symbol\" aria-hidden=\"true\">\n<title id='av-svg-title-14'>Ouvrir l\u2019image dans une Lightbox: Le premier tron\u00e7on se d\u00e9roule enti\u00e8rement entre de grands m\u00e9l\u00e8zes<\/title>\n<desc id='av-svg-desc-14'>Ouvrir l\u2019image dans une Lightbox: Le premier tron\u00e7on se d\u00e9roule enti\u00e8rement entre de grands m\u00e9l\u00e8zes<\/desc>\n<path d=\"M15.232 3.328h10.112v10.112l-3.2-3.968-4.672 4.864-3.2-3.2 4.864-4.672zM7.872 17.536l3.2 3.2-4.864 4.672 3.904 3.2h-10.112v-10.112l3.2 3.904z\"><\/path>\n<\/svg><\/a><\/div><div class=\"av-horizontal-gallery-wrap noHover\"><img decoding=\"async\" fetchpriority=\"high\" class='wp-image-24353 avia-img-lazy-loading-not-24353 av-horizontal-gallery-img' width=\"495\" height=\"400\" src=\"https:\/\/www.sentierigressoney.it\/wp-content\/uploads\/2022\/06\/DSCF9649-HDR-495x400.jpg\" title='La premi\u00e8re jonction entre le sentier 3 et le sentier 1W.' alt='La premi\u00e8re jonction entre le sentier 3 et le sentier 1W.' srcset=\"https:\/\/www.sentierigressoney.it\/wp-content\/uploads\/2022\/06\/DSCF9649-HDR-495x400.jpg 495w, https:\/\/www.sentierigressoney.it\/wp-content\/uploads\/2022\/06\/DSCF9649-HDR-845x684.jpg 845w\" sizes=\"(max-width: 495px) 100vw, 495px\" \/><a href=\"https:\/\/www.sentierigressoney.it\/wp-content\/uploads\/2022\/06\/DSCF9649-HDR.jpg\" data-srcset=\"https:\/\/www.sentierigressoney.it\/wp-content\/uploads\/2022\/06\/DSCF9649-HDR.jpg 2250w, https:\/\/www.sentierigressoney.it\/wp-content\/uploads\/2022\/06\/DSCF9649-HDR-300x200.jpg 300w, https:\/\/www.sentierigressoney.it\/wp-content\/uploads\/2022\/06\/DSCF9649-HDR-1030x687.jpg 1030w, https:\/\/www.sentierigressoney.it\/wp-content\/uploads\/2022\/06\/DSCF9649-HDR-768x512.jpg 768w, https:\/\/www.sentierigressoney.it\/wp-content\/uploads\/2022\/06\/DSCF9649-HDR-1536x1024.jpg 1536w, https:\/\/www.sentierigressoney.it\/wp-content\/uploads\/2022\/06\/DSCF9649-HDR-2048x1365.jpg 2048w, https:\/\/www.sentierigressoney.it\/wp-content\/uploads\/2022\/06\/DSCF9649-HDR-1500x1000.jpg 1500w, https:\/\/www.sentierigressoney.it\/wp-content\/uploads\/2022\/06\/DSCF9649-HDR-705x470.jpg 705w\" data-sizes=\"(max-width: 2250px) 100vw, 2250px\" class='av-horizontal-gallery-link avia-svg-icon avia-font-svg_entypo-fontello' data-av_svg_icon='resize-full' data-av_iconset='svg_entypo-fontello' title='Le carrefour 3\/1W' alt='La premi\u00e8re jonction entre le sentier 3 et le sentier 1W.' aria-label='Ouvrir l\u2019image dans une Lightbox: La premi\u00e8re jonction entre le sentier 3 et le sentier 1W.'><svg version=\"1.1\" xmlns=\"http:\/\/www.w3.org\/2000\/svg\" width=\"25\" height=\"32\" viewBox=\"0 0 25 32\" preserveAspectRatio=\"xMidYMid meet\" aria-labelledby='av-svg-title-15' aria-describedby='av-svg-desc-15' role=\"graphics-symbol\" aria-hidden=\"true\">\n<title id='av-svg-title-15'>Ouvrir l\u2019image dans une Lightbox: La premi\u00e8re jonction entre le sentier 3 et le sentier 1W.<\/title>\n<desc id='av-svg-desc-15'>Ouvrir l\u2019image dans une Lightbox: La premi\u00e8re jonction entre le sentier 3 et le sentier 1W.<\/desc>\n<path d=\"M15.232 3.328h10.112v10.112l-3.2-3.968-4.672 4.864-3.2-3.2 4.864-4.672zM7.872 17.536l3.2 3.2-4.864 4.672 3.904 3.2h-10.112v-10.112l3.2 3.904z\"><\/path>\n<\/svg><\/a><\/div><div class=\"av-horizontal-gallery-wrap noHover\"><img decoding=\"async\" fetchpriority=\"high\" class='wp-image-24354 avia-img-lazy-loading-not-24354 av-horizontal-gallery-img' width=\"495\" height=\"400\" src=\"https:\/\/www.sentierigressoney.it\/wp-content\/uploads\/2022\/06\/DSCF9664-HDR-495x400.jpg\" title='Une section du sentier apr\u00e8s la jonction 1W\/3.' alt='Une section du sentier apr\u00e8s la jonction 1W\/3.' srcset=\"https:\/\/www.sentierigressoney.it\/wp-content\/uploads\/2022\/06\/DSCF9664-HDR-495x400.jpg 495w, https:\/\/www.sentierigressoney.it\/wp-content\/uploads\/2022\/06\/DSCF9664-HDR-845x684.jpg 845w\" sizes=\"(max-width: 495px) 100vw, 495px\" \/><a href=\"https:\/\/www.sentierigressoney.it\/wp-content\/uploads\/2022\/06\/DSCF9664-HDR.jpg\" data-srcset=\"https:\/\/www.sentierigressoney.it\/wp-content\/uploads\/2022\/06\/DSCF9664-HDR.jpg 2250w, https:\/\/www.sentierigressoney.it\/wp-content\/uploads\/2022\/06\/DSCF9664-HDR-300x200.jpg 300w, https:\/\/www.sentierigressoney.it\/wp-content\/uploads\/2022\/06\/DSCF9664-HDR-1030x687.jpg 1030w, https:\/\/www.sentierigressoney.it\/wp-content\/uploads\/2022\/06\/DSCF9664-HDR-768x512.jpg 768w, https:\/\/www.sentierigressoney.it\/wp-content\/uploads\/2022\/06\/DSCF9664-HDR-1536x1024.jpg 1536w, https:\/\/www.sentierigressoney.it\/wp-content\/uploads\/2022\/06\/DSCF9664-HDR-2048x1365.jpg 2048w, https:\/\/www.sentierigressoney.it\/wp-content\/uploads\/2022\/06\/DSCF9664-HDR-1500x1000.jpg 1500w, https:\/\/www.sentierigressoney.it\/wp-content\/uploads\/2022\/06\/DSCF9664-HDR-705x470.jpg 705w\" data-sizes=\"(max-width: 2250px) 100vw, 2250px\" class='av-horizontal-gallery-link avia-svg-icon avia-font-svg_entypo-fontello' data-av_svg_icon='resize-full' data-av_iconset='svg_entypo-fontello' title='Une section du sentier apr\u00e8s la jonction 1W\/3.' alt='Une section du sentier apr\u00e8s la jonction 1W\/3.' aria-label='Ouvrir l\u2019image dans une Lightbox: Une section du sentier apr\u00e8s la jonction 1W\/3.'><svg version=\"1.1\" xmlns=\"http:\/\/www.w3.org\/2000\/svg\" width=\"25\" height=\"32\" viewBox=\"0 0 25 32\" preserveAspectRatio=\"xMidYMid meet\" aria-labelledby='av-svg-title-16' aria-describedby='av-svg-desc-16' role=\"graphics-symbol\" aria-hidden=\"true\">\n<title id='av-svg-title-16'>Ouvrir l\u2019image dans une Lightbox: Une section du sentier apr\u00e8s la jonction 1W\/3.<\/title>\n<desc id='av-svg-desc-16'>Ouvrir l\u2019image dans une Lightbox: Une section du sentier apr\u00e8s la jonction 1W\/3.<\/desc>\n<path d=\"M15.232 3.328h10.112v10.112l-3.2-3.968-4.672 4.864-3.2-3.2 4.864-4.672zM7.872 17.536l3.2 3.2-4.864 4.672 3.904 3.2h-10.112v-10.112l3.2 3.904z\"><\/path>\n<\/svg><\/a><\/div><div class=\"av-horizontal-gallery-wrap noHover\"><img decoding=\"async\" fetchpriority=\"high\" class='wp-image-24355 avia-img-lazy-loading-not-24355 av-horizontal-gallery-img' width=\"495\" height=\"400\" src=\"https:\/\/www.sentierigressoney.it\/wp-content\/uploads\/2022\/06\/DSCF9670-495x400.jpg\" title='Le sentier descend sur une courte distance, au-dessus apparaissent les cabanes inf\u00e9rieures de Ranzola' alt='Le sentier descend sur une courte distance, au-dessus apparaissent les cabanes inf\u00e9rieures de Ranzola' srcset=\"https:\/\/www.sentierigressoney.it\/wp-content\/uploads\/2022\/06\/DSCF9670-495x400.jpg 495w, https:\/\/www.sentierigressoney.it\/wp-content\/uploads\/2022\/06\/DSCF9670-845x684.jpg 845w\" sizes=\"(max-width: 495px) 100vw, 495px\" \/><a href=\"https:\/\/www.sentierigressoney.it\/wp-content\/uploads\/2022\/06\/DSCF9670.jpg\" data-srcset=\"https:\/\/www.sentierigressoney.it\/wp-content\/uploads\/2022\/06\/DSCF9670.jpg 1000w, https:\/\/www.sentierigressoney.it\/wp-content\/uploads\/2022\/06\/DSCF9670-200x300.jpg 200w, https:\/\/www.sentierigressoney.it\/wp-content\/uploads\/2022\/06\/DSCF9670-687x1030.jpg 687w, https:\/\/www.sentierigressoney.it\/wp-content\/uploads\/2022\/06\/DSCF9670-768x1152.jpg 768w, https:\/\/www.sentierigressoney.it\/wp-content\/uploads\/2022\/06\/DSCF9670-470x705.jpg 470w\" data-sizes=\"(max-width: 1000px) 100vw, 1000px\" class='av-horizontal-gallery-link avia-svg-icon avia-font-svg_entypo-fontello' data-av_svg_icon='resize-full' data-av_iconset='svg_entypo-fontello' title='Le sentier descend sur une courte distance, au-dessus apparaissent les cabanes inf\u00e9rieures de Ranzola' alt='Le sentier descend sur une courte distance, au-dessus apparaissent les cabanes inf\u00e9rieures de Ranzola' aria-label='Ouvrir l\u2019image dans une Lightbox: Le sentier descend sur une courte distance, au-dessus apparaissent les cabanes inf\u00e9rieures de Ranzola'><svg version=\"1.1\" xmlns=\"http:\/\/www.w3.org\/2000\/svg\" width=\"25\" height=\"32\" viewBox=\"0 0 25 32\" preserveAspectRatio=\"xMidYMid meet\" aria-labelledby='av-svg-title-17' aria-describedby='av-svg-desc-17' role=\"graphics-symbol\" aria-hidden=\"true\">\n<title id='av-svg-title-17'>Ouvrir l\u2019image dans une Lightbox: Le sentier descend sur une courte distance, au-dessus apparaissent les cabanes inf\u00e9rieures de Ranzola<\/title>\n<desc id='av-svg-desc-17'>Ouvrir l\u2019image dans une Lightbox: Le sentier descend sur une courte distance, au-dessus apparaissent les cabanes inf\u00e9rieures de Ranzola<\/desc>\n<path d=\"M15.232 3.328h10.112v10.112l-3.2-3.968-4.672 4.864-3.2-3.2 4.864-4.672zM7.872 17.536l3.2 3.2-4.864 4.672 3.904 3.2h-10.112v-10.112l3.2 3.904z\"><\/path>\n<\/svg><\/a><\/div><div class=\"av-horizontal-gallery-wrap noHover\"><img decoding=\"async\" fetchpriority=\"high\" class='wp-image-24261 avia-img-lazy-loading-not-24261 av-horizontal-gallery-img' width=\"495\" height=\"400\" src=\"https:\/\/www.sentierigressoney.it\/wp-content\/uploads\/2022\/06\/DSF2762-495x400.jpg\" title='Les cabanes inf\u00e9rieures de Ranzola' alt='Les cabanes inf\u00e9rieures de Ranzola' srcset=\"https:\/\/www.sentierigressoney.it\/wp-content\/uploads\/2022\/06\/DSF2762-495x400.jpg 495w, https:\/\/www.sentierigressoney.it\/wp-content\/uploads\/2022\/06\/DSF2762-845x684.jpg 845w\" sizes=\"(max-width: 495px) 100vw, 495px\" \/><a href=\"https:\/\/www.sentierigressoney.it\/wp-content\/uploads\/2022\/06\/DSF2762.jpg\" data-srcset=\"https:\/\/www.sentierigressoney.it\/wp-content\/uploads\/2022\/06\/DSF2762.jpg 2250w, https:\/\/www.sentierigressoney.it\/wp-content\/uploads\/2022\/06\/DSF2762-300x200.jpg 300w, https:\/\/www.sentierigressoney.it\/wp-content\/uploads\/2022\/06\/DSF2762-1030x687.jpg 1030w, https:\/\/www.sentierigressoney.it\/wp-content\/uploads\/2022\/06\/DSF2762-768x512.jpg 768w, https:\/\/www.sentierigressoney.it\/wp-content\/uploads\/2022\/06\/DSF2762-1536x1024.jpg 1536w, https:\/\/www.sentierigressoney.it\/wp-content\/uploads\/2022\/06\/DSF2762-2048x1365.jpg 2048w, https:\/\/www.sentierigressoney.it\/wp-content\/uploads\/2022\/06\/DSF2762-1500x1000.jpg 1500w, https:\/\/www.sentierigressoney.it\/wp-content\/uploads\/2022\/06\/DSF2762-705x470.jpg 705w\" data-sizes=\"(max-width: 2250px) 100vw, 2250px\" class='av-horizontal-gallery-link avia-svg-icon avia-font-svg_entypo-fontello' data-av_svg_icon='resize-full' data-av_iconset='svg_entypo-fontello' title='Les cabanes inf\u00e9rieures de Ranzola' alt='Les cabanes inf\u00e9rieures de Ranzola' aria-label='Ouvrir l\u2019image dans une Lightbox: Les cabanes inf\u00e9rieures de Ranzola'><svg version=\"1.1\" xmlns=\"http:\/\/www.w3.org\/2000\/svg\" width=\"25\" height=\"32\" viewBox=\"0 0 25 32\" preserveAspectRatio=\"xMidYMid meet\" aria-labelledby='av-svg-title-18' aria-describedby='av-svg-desc-18' role=\"graphics-symbol\" aria-hidden=\"true\">\n<title id='av-svg-title-18'>Ouvrir l\u2019image dans une Lightbox: Les cabanes inf\u00e9rieures de Ranzola<\/title>\n<desc id='av-svg-desc-18'>Ouvrir l\u2019image dans une Lightbox: Les cabanes inf\u00e9rieures de Ranzola<\/desc>\n<path d=\"M15.232 3.328h10.112v10.112l-3.2-3.968-4.672 4.864-3.2-3.2 4.864-4.672zM7.872 17.536l3.2 3.2-4.864 4.672 3.904 3.2h-10.112v-10.112l3.2 3.904z\"><\/path>\n<\/svg><\/a><\/div><div class=\"av-horizontal-gallery-wrap noHover\"><img decoding=\"async\" fetchpriority=\"high\" class='wp-image-24356 avia-img-lazy-loading-not-24356 av-horizontal-gallery-img' width=\"495\" height=\"400\" src=\"https:\/\/www.sentierigressoney.it\/wp-content\/uploads\/2022\/06\/DSCF9671-HDR-495x400.jpg\" title='Le ruisseau dans lequel tu patauges avant de passer de l&#039;autre c\u00f4t\u00e9.' alt='Le ruisseau dans lequel tu patauges avant de passer de l&#039;autre c\u00f4t\u00e9.' srcset=\"https:\/\/www.sentierigressoney.it\/wp-content\/uploads\/2022\/06\/DSCF9671-HDR-495x400.jpg 495w, https:\/\/www.sentierigressoney.it\/wp-content\/uploads\/2022\/06\/DSCF9671-HDR-845x684.jpg 845w\" sizes=\"(max-width: 495px) 100vw, 495px\" \/><a href=\"https:\/\/www.sentierigressoney.it\/wp-content\/uploads\/2022\/06\/DSCF9671-HDR.jpg\" data-srcset=\"https:\/\/www.sentierigressoney.it\/wp-content\/uploads\/2022\/06\/DSCF9671-HDR.jpg 2250w, https:\/\/www.sentierigressoney.it\/wp-content\/uploads\/2022\/06\/DSCF9671-HDR-300x200.jpg 300w, https:\/\/www.sentierigressoney.it\/wp-content\/uploads\/2022\/06\/DSCF9671-HDR-1030x687.jpg 1030w, https:\/\/www.sentierigressoney.it\/wp-content\/uploads\/2022\/06\/DSCF9671-HDR-768x512.jpg 768w, https:\/\/www.sentierigressoney.it\/wp-content\/uploads\/2022\/06\/DSCF9671-HDR-1536x1024.jpg 1536w, https:\/\/www.sentierigressoney.it\/wp-content\/uploads\/2022\/06\/DSCF9671-HDR-2048x1365.jpg 2048w, https:\/\/www.sentierigressoney.it\/wp-content\/uploads\/2022\/06\/DSCF9671-HDR-1500x1000.jpg 1500w, https:\/\/www.sentierigressoney.it\/wp-content\/uploads\/2022\/06\/DSCF9671-HDR-705x470.jpg 705w\" data-sizes=\"(max-width: 2250px) 100vw, 2250px\" class='av-horizontal-gallery-link avia-svg-icon avia-font-svg_entypo-fontello' data-av_svg_icon='resize-full' data-av_iconset='svg_entypo-fontello' title='Le ruisseau dans lequel tu patauges avant de passer de l&#039;autre c\u00f4t\u00e9.' alt='Le ruisseau dans lequel tu patauges avant de passer de l&#039;autre c\u00f4t\u00e9.' aria-label='Ouvrir l\u2019image dans une Lightbox: Le ruisseau dans lequel tu patauges avant de passer de l&#039;autre c\u00f4t\u00e9.'><svg version=\"1.1\" xmlns=\"http:\/\/www.w3.org\/2000\/svg\" width=\"25\" height=\"32\" viewBox=\"0 0 25 32\" preserveAspectRatio=\"xMidYMid meet\" aria-labelledby='av-svg-title-19' aria-describedby='av-svg-desc-19' role=\"graphics-symbol\" aria-hidden=\"true\">\n<title id='av-svg-title-19'>Ouvrir l\u2019image dans une Lightbox: Le ruisseau dans lequel tu patauges avant de passer de l&#039;autre c\u00f4t\u00e9.<\/title>\n<desc id='av-svg-desc-19'>Ouvrir l\u2019image dans une Lightbox: Le ruisseau dans lequel tu patauges avant de passer de l&#039;autre c\u00f4t\u00e9.<\/desc>\n<path d=\"M15.232 3.328h10.112v10.112l-3.2-3.968-4.672 4.864-3.2-3.2 4.864-4.672zM7.872 17.536l3.2 3.2-4.864 4.672 3.904 3.2h-10.112v-10.112l3.2 3.904z\"><\/path>\n<\/svg><\/a><\/div><div class=\"av-horizontal-gallery-wrap noHover\"><img decoding=\"async\" fetchpriority=\"high\" class='wp-image-24358 avia-img-lazy-loading-not-24358 av-horizontal-gallery-img' width=\"495\" height=\"400\" src=\"https:\/\/www.sentierigressoney.it\/wp-content\/uploads\/2022\/06\/DSCF9684-HDR-495x400.jpg\" title='La jonction avec le sentier 1W qui part \u00e0 droite.' alt='La jonction avec le sentier 1W qui part \u00e0 droite.' srcset=\"https:\/\/www.sentierigressoney.it\/wp-content\/uploads\/2022\/06\/DSCF9684-HDR-495x400.jpg 495w, https:\/\/www.sentierigressoney.it\/wp-content\/uploads\/2022\/06\/DSCF9684-HDR-845x684.jpg 845w\" sizes=\"(max-width: 495px) 100vw, 495px\" \/><a href=\"https:\/\/www.sentierigressoney.it\/wp-content\/uploads\/2022\/06\/DSCF9684-HDR.jpg\" data-srcset=\"https:\/\/www.sentierigressoney.it\/wp-content\/uploads\/2022\/06\/DSCF9684-HDR.jpg 1000w, https:\/\/www.sentierigressoney.it\/wp-content\/uploads\/2022\/06\/DSCF9684-HDR-200x300.jpg 200w, https:\/\/www.sentierigressoney.it\/wp-content\/uploads\/2022\/06\/DSCF9684-HDR-687x1030.jpg 687w, https:\/\/www.sentierigressoney.it\/wp-content\/uploads\/2022\/06\/DSCF9684-HDR-768x1152.jpg 768w, https:\/\/www.sentierigressoney.it\/wp-content\/uploads\/2022\/06\/DSCF9684-HDR-470x705.jpg 470w\" data-sizes=\"(max-width: 1000px) 100vw, 1000px\" class='av-horizontal-gallery-link avia-svg-icon avia-font-svg_entypo-fontello' data-av_svg_icon='resize-full' data-av_iconset='svg_entypo-fontello' title='La jonction avec le sentier 1W qui part \u00e0 droite.' alt='La jonction avec le sentier 1W qui part \u00e0 droite.' aria-label='Ouvrir l\u2019image dans une Lightbox: La jonction avec le sentier 1W qui part \u00e0 droite.'><svg version=\"1.1\" xmlns=\"http:\/\/www.w3.org\/2000\/svg\" width=\"25\" height=\"32\" viewBox=\"0 0 25 32\" preserveAspectRatio=\"xMidYMid meet\" aria-labelledby='av-svg-title-20' aria-describedby='av-svg-desc-20' role=\"graphics-symbol\" aria-hidden=\"true\">\n<title id='av-svg-title-20'>Ouvrir l\u2019image dans une Lightbox: La jonction avec le sentier 1W qui part \u00e0 droite.<\/title>\n<desc id='av-svg-desc-20'>Ouvrir l\u2019image dans une Lightbox: La jonction avec le sentier 1W qui part \u00e0 droite.<\/desc>\n<path d=\"M15.232 3.328h10.112v10.112l-3.2-3.968-4.672 4.864-3.2-3.2 4.864-4.672zM7.872 17.536l3.2 3.2-4.864 4.672 3.904 3.2h-10.112v-10.112l3.2 3.904z\"><\/path>\n<\/svg><\/a><\/div><div class=\"av-horizontal-gallery-wrap noHover\"><img decoding=\"async\" fetchpriority=\"high\" class='wp-image-24359 avia-img-lazy-loading-not-24359 av-horizontal-gallery-img' width=\"495\" height=\"400\" src=\"https:\/\/www.sentierigressoney.it\/wp-content\/uploads\/2022\/06\/DSCF9689-495x400.jpg\" title='Au bout du petit mur, tu coupes \u00e0 droite' alt='Au bout du petit mur, tu coupes \u00e0 droite' srcset=\"https:\/\/www.sentierigressoney.it\/wp-content\/uploads\/2022\/06\/DSCF9689-495x400.jpg 495w, https:\/\/www.sentierigressoney.it\/wp-content\/uploads\/2022\/06\/DSCF9689-845x684.jpg 845w\" sizes=\"(max-width: 495px) 100vw, 495px\" \/><a href=\"https:\/\/www.sentierigressoney.it\/wp-content\/uploads\/2022\/06\/DSCF9689.jpg\" data-srcset=\"https:\/\/www.sentierigressoney.it\/wp-content\/uploads\/2022\/06\/DSCF9689.jpg 2250w, https:\/\/www.sentierigressoney.it\/wp-content\/uploads\/2022\/06\/DSCF9689-300x200.jpg 300w, https:\/\/www.sentierigressoney.it\/wp-content\/uploads\/2022\/06\/DSCF9689-1030x687.jpg 1030w, https:\/\/www.sentierigressoney.it\/wp-content\/uploads\/2022\/06\/DSCF9689-768x512.jpg 768w, https:\/\/www.sentierigressoney.it\/wp-content\/uploads\/2022\/06\/DSCF9689-1536x1024.jpg 1536w, https:\/\/www.sentierigressoney.it\/wp-content\/uploads\/2022\/06\/DSCF9689-2048x1365.jpg 2048w, https:\/\/www.sentierigressoney.it\/wp-content\/uploads\/2022\/06\/DSCF9689-1500x1000.jpg 1500w, https:\/\/www.sentierigressoney.it\/wp-content\/uploads\/2022\/06\/DSCF9689-705x470.jpg 705w\" data-sizes=\"(max-width: 2250px) 100vw, 2250px\" class='av-horizontal-gallery-link avia-svg-icon avia-font-svg_entypo-fontello' data-av_svg_icon='resize-full' data-av_iconset='svg_entypo-fontello' title='Au bout du petit mur, tu coupes \u00e0 droite' alt='Au bout du petit mur, tu coupes \u00e0 droite' aria-label='Ouvrir l\u2019image dans une Lightbox: Au bout du petit mur, tu coupes \u00e0 droite'><svg version=\"1.1\" xmlns=\"http:\/\/www.w3.org\/2000\/svg\" width=\"25\" height=\"32\" viewBox=\"0 0 25 32\" preserveAspectRatio=\"xMidYMid meet\" aria-labelledby='av-svg-title-21' aria-describedby='av-svg-desc-21' role=\"graphics-symbol\" aria-hidden=\"true\">\n<title id='av-svg-title-21'>Ouvrir l\u2019image dans une Lightbox: Au bout du petit mur, tu coupes \u00e0 droite<\/title>\n<desc id='av-svg-desc-21'>Ouvrir l\u2019image dans une Lightbox: Au bout du petit mur, tu coupes \u00e0 droite<\/desc>\n<path d=\"M15.232 3.328h10.112v10.112l-3.2-3.968-4.672 4.864-3.2-3.2 4.864-4.672zM7.872 17.536l3.2 3.2-4.864 4.672 3.904 3.2h-10.112v-10.112l3.2 3.904z\"><\/path>\n<\/svg><\/a><\/div><div class=\"av-horizontal-gallery-wrap noHover\"><img decoding=\"async\" fetchpriority=\"high\" class='wp-image-24262 avia-img-lazy-loading-not-24262 av-horizontal-gallery-img' width=\"495\" height=\"400\" src=\"https:\/\/www.sentierigressoney.it\/wp-content\/uploads\/2022\/06\/DSF2775-495x400.jpg\" title='Un changement de pente avant Ranzola Sup\u00e9rieur' alt='Un changement de pente avant Ranzola Sup\u00e9rieur' srcset=\"https:\/\/www.sentierigressoney.it\/wp-content\/uploads\/2022\/06\/DSF2775-495x400.jpg 495w, https:\/\/www.sentierigressoney.it\/wp-content\/uploads\/2022\/06\/DSF2775-845x684.jpg 845w\" sizes=\"(max-width: 495px) 100vw, 495px\" \/><a href=\"https:\/\/www.sentierigressoney.it\/wp-content\/uploads\/2022\/06\/DSF2775.jpg\" data-srcset=\"https:\/\/www.sentierigressoney.it\/wp-content\/uploads\/2022\/06\/DSF2775.jpg 2250w, https:\/\/www.sentierigressoney.it\/wp-content\/uploads\/2022\/06\/DSF2775-300x200.jpg 300w, https:\/\/www.sentierigressoney.it\/wp-content\/uploads\/2022\/06\/DSF2775-1030x687.jpg 1030w, https:\/\/www.sentierigressoney.it\/wp-content\/uploads\/2022\/06\/DSF2775-768x512.jpg 768w, https:\/\/www.sentierigressoney.it\/wp-content\/uploads\/2022\/06\/DSF2775-1536x1024.jpg 1536w, https:\/\/www.sentierigressoney.it\/wp-content\/uploads\/2022\/06\/DSF2775-2048x1365.jpg 2048w, https:\/\/www.sentierigressoney.it\/wp-content\/uploads\/2022\/06\/DSF2775-1500x1000.jpg 1500w, https:\/\/www.sentierigressoney.it\/wp-content\/uploads\/2022\/06\/DSF2775-705x470.jpg 705w\" data-sizes=\"(max-width: 2250px) 100vw, 2250px\" class='av-horizontal-gallery-link avia-svg-icon avia-font-svg_entypo-fontello' data-av_svg_icon='resize-full' data-av_iconset='svg_entypo-fontello' title='Un changement de pente avant Ranzola Sup\u00e9rieur ' alt='Un changement de pente avant Ranzola Sup\u00e9rieur' aria-label='Ouvrir l\u2019image dans une Lightbox: Un changement de pente avant Ranzola Sup\u00e9rieur'><svg version=\"1.1\" xmlns=\"http:\/\/www.w3.org\/2000\/svg\" width=\"25\" height=\"32\" viewBox=\"0 0 25 32\" preserveAspectRatio=\"xMidYMid meet\" aria-labelledby='av-svg-title-22' aria-describedby='av-svg-desc-22' role=\"graphics-symbol\" aria-hidden=\"true\">\n<title id='av-svg-title-22'>Ouvrir l\u2019image dans une Lightbox: Un changement de pente avant Ranzola Sup\u00e9rieur<\/title>\n<desc id='av-svg-desc-22'>Ouvrir l\u2019image dans une Lightbox: Un changement de pente avant Ranzola Sup\u00e9rieur<\/desc>\n<path d=\"M15.232 3.328h10.112v10.112l-3.2-3.968-4.672 4.864-3.2-3.2 4.864-4.672zM7.872 17.536l3.2 3.2-4.864 4.672 3.904 3.2h-10.112v-10.112l3.2 3.904z\"><\/path>\n<\/svg><\/a><\/div><div class=\"av-horizontal-gallery-wrap noHover\"><img decoding=\"async\" fetchpriority=\"high\" class='wp-image-24360 avia-img-lazy-loading-not-24360 av-horizontal-gallery-img' width=\"495\" height=\"400\" src=\"https:\/\/www.sentierigressoney.it\/wp-content\/uploads\/2022\/06\/DSCF9699-495x400.jpg\" title='Une section du sentier' alt='Une section du sentier' srcset=\"https:\/\/www.sentierigressoney.it\/wp-content\/uploads\/2022\/06\/DSCF9699-495x400.jpg 495w, https:\/\/www.sentierigressoney.it\/wp-content\/uploads\/2022\/06\/DSCF9699-845x684.jpg 845w\" sizes=\"(max-width: 495px) 100vw, 495px\" \/><a href=\"https:\/\/www.sentierigressoney.it\/wp-content\/uploads\/2022\/06\/DSCF9699.jpg\" data-srcset=\"https:\/\/www.sentierigressoney.it\/wp-content\/uploads\/2022\/06\/DSCF9699.jpg 1000w, https:\/\/www.sentierigressoney.it\/wp-content\/uploads\/2022\/06\/DSCF9699-200x300.jpg 200w, https:\/\/www.sentierigressoney.it\/wp-content\/uploads\/2022\/06\/DSCF9699-687x1030.jpg 687w, https:\/\/www.sentierigressoney.it\/wp-content\/uploads\/2022\/06\/DSCF9699-768x1152.jpg 768w, https:\/\/www.sentierigressoney.it\/wp-content\/uploads\/2022\/06\/DSCF9699-470x705.jpg 470w\" data-sizes=\"(max-width: 1000px) 100vw, 1000px\" class='av-horizontal-gallery-link avia-svg-icon avia-font-svg_entypo-fontello' data-av_svg_icon='resize-full' data-av_iconset='svg_entypo-fontello' title='Une section du sentier' alt='Une section du sentier' aria-label='Ouvrir l\u2019image dans une Lightbox: Une section du sentier'><svg version=\"1.1\" xmlns=\"http:\/\/www.w3.org\/2000\/svg\" width=\"25\" height=\"32\" viewBox=\"0 0 25 32\" preserveAspectRatio=\"xMidYMid meet\" aria-labelledby='av-svg-title-23' aria-describedby='av-svg-desc-23' role=\"graphics-symbol\" aria-hidden=\"true\">\n<title id='av-svg-title-23'>Ouvrir l\u2019image dans une Lightbox: Une section du sentier<\/title>\n<desc id='av-svg-desc-23'>Ouvrir l\u2019image dans une Lightbox: Une section du sentier<\/desc>\n<path d=\"M15.232 3.328h10.112v10.112l-3.2-3.968-4.672 4.864-3.2-3.2 4.864-4.672zM7.872 17.536l3.2 3.2-4.864 4.672 3.904 3.2h-10.112v-10.112l3.2 3.904z\"><\/path>\n<\/svg><\/a><\/div><div class=\"av-horizontal-gallery-wrap noHover\"><img decoding=\"async\" fetchpriority=\"high\" class='wp-image-24357 avia-img-lazy-loading-not-24357 av-horizontal-gallery-img' width=\"495\" height=\"400\" src=\"https:\/\/www.sentierigressoney.it\/wp-content\/uploads\/2022\/06\/DSCF9682-495x400.jpg\" title='Chaque fois que tu franchis un accotement, tu as une vue magnifique sur Rosa' alt='Chaque fois que tu franchis un accotement, tu as une vue magnifique sur Rosa' srcset=\"https:\/\/www.sentierigressoney.it\/wp-content\/uploads\/2022\/06\/DSCF9682-495x400.jpg 495w, https:\/\/www.sentierigressoney.it\/wp-content\/uploads\/2022\/06\/DSCF9682-845x684.jpg 845w\" sizes=\"(max-width: 495px) 100vw, 495px\" \/><a href=\"https:\/\/www.sentierigressoney.it\/wp-content\/uploads\/2022\/06\/DSCF9682.jpg\" data-srcset=\"https:\/\/www.sentierigressoney.it\/wp-content\/uploads\/2022\/06\/DSCF9682.jpg 2250w, https:\/\/www.sentierigressoney.it\/wp-content\/uploads\/2022\/06\/DSCF9682-300x200.jpg 300w, https:\/\/www.sentierigressoney.it\/wp-content\/uploads\/2022\/06\/DSCF9682-1030x687.jpg 1030w, https:\/\/www.sentierigressoney.it\/wp-content\/uploads\/2022\/06\/DSCF9682-768x512.jpg 768w, https:\/\/www.sentierigressoney.it\/wp-content\/uploads\/2022\/06\/DSCF9682-1536x1024.jpg 1536w, https:\/\/www.sentierigressoney.it\/wp-content\/uploads\/2022\/06\/DSCF9682-2048x1365.jpg 2048w, https:\/\/www.sentierigressoney.it\/wp-content\/uploads\/2022\/06\/DSCF9682-1500x1000.jpg 1500w, https:\/\/www.sentierigressoney.it\/wp-content\/uploads\/2022\/06\/DSCF9682-705x470.jpg 705w\" data-sizes=\"(max-width: 2250px) 100vw, 2250px\" class='av-horizontal-gallery-link avia-svg-icon avia-font-svg_entypo-fontello' data-av_svg_icon='resize-full' data-av_iconset='svg_entypo-fontello' title='Chaque fois que tu franchis un accotement, tu as une vue magnifique sur Rosa' alt='Chaque fois que tu franchis un accotement, tu as une vue magnifique sur Rosa' aria-label='Ouvrir l\u2019image dans une Lightbox: Chaque fois que tu franchis un accotement, tu as une vue magnifique sur Rosa'><svg version=\"1.1\" xmlns=\"http:\/\/www.w3.org\/2000\/svg\" width=\"25\" height=\"32\" viewBox=\"0 0 25 32\" preserveAspectRatio=\"xMidYMid meet\" aria-labelledby='av-svg-title-24' aria-describedby='av-svg-desc-24' role=\"graphics-symbol\" aria-hidden=\"true\">\n<title id='av-svg-title-24'>Ouvrir l\u2019image dans une Lightbox: Chaque fois que tu franchis un accotement, tu as une vue magnifique sur Rosa<\/title>\n<desc id='av-svg-desc-24'>Ouvrir l\u2019image dans une Lightbox: Chaque fois que tu franchis un accotement, tu as une vue magnifique sur Rosa<\/desc>\n<path d=\"M15.232 3.328h10.112v10.112l-3.2-3.968-4.672 4.864-3.2-3.2 4.864-4.672zM7.872 17.536l3.2 3.2-4.864 4.672 3.904 3.2h-10.112v-10.112l3.2 3.904z\"><\/path>\n<\/svg><\/a><\/div><div class=\"av-horizontal-gallery-wrap noHover\"><img decoding=\"async\" fetchpriority=\"high\" class='wp-image-24266 avia-img-lazy-loading-not-24266 av-horizontal-gallery-img' width=\"495\" height=\"400\" src=\"https:\/\/www.sentierigressoney.it\/wp-content\/uploads\/2022\/06\/DSF7335-495x400.jpg\" title='Vue de la Rose (octobre 2021)' alt='Vue de la Rose (octobre 2021)' srcset=\"https:\/\/www.sentierigressoney.it\/wp-content\/uploads\/2022\/06\/DSF7335-495x400.jpg 495w, https:\/\/www.sentierigressoney.it\/wp-content\/uploads\/2022\/06\/DSF7335-845x684.jpg 845w\" sizes=\"(max-width: 495px) 100vw, 495px\" \/><a href=\"https:\/\/www.sentierigressoney.it\/wp-content\/uploads\/2022\/06\/DSF7335.jpg\" data-srcset=\"https:\/\/www.sentierigressoney.it\/wp-content\/uploads\/2022\/06\/DSF7335.jpg 2250w, https:\/\/www.sentierigressoney.it\/wp-content\/uploads\/2022\/06\/DSF7335-300x200.jpg 300w, https:\/\/www.sentierigressoney.it\/wp-content\/uploads\/2022\/06\/DSF7335-1030x687.jpg 1030w, https:\/\/www.sentierigressoney.it\/wp-content\/uploads\/2022\/06\/DSF7335-768x512.jpg 768w, https:\/\/www.sentierigressoney.it\/wp-content\/uploads\/2022\/06\/DSF7335-1536x1024.jpg 1536w, https:\/\/www.sentierigressoney.it\/wp-content\/uploads\/2022\/06\/DSF7335-2048x1365.jpg 2048w, https:\/\/www.sentierigressoney.it\/wp-content\/uploads\/2022\/06\/DSF7335-1500x1000.jpg 1500w, https:\/\/www.sentierigressoney.it\/wp-content\/uploads\/2022\/06\/DSF7335-705x470.jpg 705w\" data-sizes=\"(max-width: 2250px) 100vw, 2250px\" class='av-horizontal-gallery-link avia-svg-icon avia-font-svg_entypo-fontello' data-av_svg_icon='resize-full' data-av_iconset='svg_entypo-fontello' title='Vue de la Rose (octobre 2021)' alt='Vue de la Rose (octobre 2021)' aria-label='Ouvrir l\u2019image dans une Lightbox: Vue de la Rose (octobre 2021)'><svg version=\"1.1\" xmlns=\"http:\/\/www.w3.org\/2000\/svg\" width=\"25\" height=\"32\" viewBox=\"0 0 25 32\" preserveAspectRatio=\"xMidYMid meet\" aria-labelledby='av-svg-title-25' aria-describedby='av-svg-desc-25' role=\"graphics-symbol\" aria-hidden=\"true\">\n<title id='av-svg-title-25'>Ouvrir l\u2019image dans une Lightbox: Vue de la Rose (octobre 2021)<\/title>\n<desc id='av-svg-desc-25'>Ouvrir l\u2019image dans une Lightbox: Vue de la Rose (octobre 2021)<\/desc>\n<path d=\"M15.232 3.328h10.112v10.112l-3.2-3.968-4.672 4.864-3.2-3.2 4.864-4.672zM7.872 17.536l3.2 3.2-4.864 4.672 3.904 3.2h-10.112v-10.112l3.2 3.904z\"><\/path>\n<\/svg><\/a><\/div><div class=\"av-horizontal-gallery-wrap noHover\"><img decoding=\"async\" fetchpriority=\"high\" class='wp-image-24263 avia-img-lazy-loading-not-24263 av-horizontal-gallery-img' width=\"495\" height=\"400\" src=\"https:\/\/www.sentierigressoney.it\/wp-content\/uploads\/2022\/06\/DSF2776-495x400.jpg\" title='Vers Ranzola Sup\u00e9rieur' alt='Vers Ranzola Sup\u00e9rieur' srcset=\"https:\/\/www.sentierigressoney.it\/wp-content\/uploads\/2022\/06\/DSF2776-495x400.jpg 495w, https:\/\/www.sentierigressoney.it\/wp-content\/uploads\/2022\/06\/DSF2776-845x684.jpg 845w\" sizes=\"(max-width: 495px) 100vw, 495px\" \/><a href=\"https:\/\/www.sentierigressoney.it\/wp-content\/uploads\/2022\/06\/DSF2776.jpg\" data-srcset=\"https:\/\/www.sentierigressoney.it\/wp-content\/uploads\/2022\/06\/DSF2776.jpg 2250w, https:\/\/www.sentierigressoney.it\/wp-content\/uploads\/2022\/06\/DSF2776-300x200.jpg 300w, https:\/\/www.sentierigressoney.it\/wp-content\/uploads\/2022\/06\/DSF2776-1030x687.jpg 1030w, https:\/\/www.sentierigressoney.it\/wp-content\/uploads\/2022\/06\/DSF2776-768x512.jpg 768w, https:\/\/www.sentierigressoney.it\/wp-content\/uploads\/2022\/06\/DSF2776-1536x1024.jpg 1536w, https:\/\/www.sentierigressoney.it\/wp-content\/uploads\/2022\/06\/DSF2776-2048x1365.jpg 2048w, https:\/\/www.sentierigressoney.it\/wp-content\/uploads\/2022\/06\/DSF2776-1500x1000.jpg 1500w, https:\/\/www.sentierigressoney.it\/wp-content\/uploads\/2022\/06\/DSF2776-705x470.jpg 705w\" data-sizes=\"(max-width: 2250px) 100vw, 2250px\" class='av-horizontal-gallery-link avia-svg-icon avia-font-svg_entypo-fontello' data-av_svg_icon='resize-full' data-av_iconset='svg_entypo-fontello' title='Vers Ranzola Sup\u00e9rieur' alt='Vers Ranzola Sup\u00e9rieur' aria-label='Ouvrir l\u2019image dans une Lightbox: Vers Ranzola Sup\u00e9rieur'><svg version=\"1.1\" xmlns=\"http:\/\/www.w3.org\/2000\/svg\" width=\"25\" height=\"32\" viewBox=\"0 0 25 32\" preserveAspectRatio=\"xMidYMid meet\" aria-labelledby='av-svg-title-26' aria-describedby='av-svg-desc-26' role=\"graphics-symbol\" aria-hidden=\"true\">\n<title id='av-svg-title-26'>Ouvrir l\u2019image dans une Lightbox: Vers Ranzola Sup\u00e9rieur<\/title>\n<desc id='av-svg-desc-26'>Ouvrir l\u2019image dans une Lightbox: Vers Ranzola Sup\u00e9rieur<\/desc>\n<path d=\"M15.232 3.328h10.112v10.112l-3.2-3.968-4.672 4.864-3.2-3.2 4.864-4.672zM7.872 17.536l3.2 3.2-4.864 4.672 3.904 3.2h-10.112v-10.112l3.2 3.904z\"><\/path>\n<\/svg><\/a><\/div><div class=\"av-horizontal-gallery-wrap noHover\"><img decoding=\"async\" fetchpriority=\"high\" class='wp-image-24361 avia-img-lazy-loading-not-24361 av-horizontal-gallery-img' width=\"495\" height=\"400\" src=\"https:\/\/www.sentierigressoney.it\/wp-content\/uploads\/2022\/06\/DSCF9712-495x400.jpg\" title='Les cabanes de Ranzola Sup\u00e9rieur, derri\u00e8re elles le col.' alt='Les cabanes de Ranzola Sup\u00e9rieur, derri\u00e8re elles le col.' srcset=\"https:\/\/www.sentierigressoney.it\/wp-content\/uploads\/2022\/06\/DSCF9712-495x400.jpg 495w, https:\/\/www.sentierigressoney.it\/wp-content\/uploads\/2022\/06\/DSCF9712-845x684.jpg 845w\" sizes=\"(max-width: 495px) 100vw, 495px\" \/><a href=\"https:\/\/www.sentierigressoney.it\/wp-content\/uploads\/2022\/06\/DSCF9712.jpg\" data-srcset=\"https:\/\/www.sentierigressoney.it\/wp-content\/uploads\/2022\/06\/DSCF9712.jpg 2250w, https:\/\/www.sentierigressoney.it\/wp-content\/uploads\/2022\/06\/DSCF9712-300x200.jpg 300w, https:\/\/www.sentierigressoney.it\/wp-content\/uploads\/2022\/06\/DSCF9712-1030x687.jpg 1030w, https:\/\/www.sentierigressoney.it\/wp-content\/uploads\/2022\/06\/DSCF9712-768x512.jpg 768w, https:\/\/www.sentierigressoney.it\/wp-content\/uploads\/2022\/06\/DSCF9712-1536x1024.jpg 1536w, https:\/\/www.sentierigressoney.it\/wp-content\/uploads\/2022\/06\/DSCF9712-2048x1365.jpg 2048w, https:\/\/www.sentierigressoney.it\/wp-content\/uploads\/2022\/06\/DSCF9712-1500x1000.jpg 1500w, https:\/\/www.sentierigressoney.it\/wp-content\/uploads\/2022\/06\/DSCF9712-705x470.jpg 705w\" data-sizes=\"(max-width: 2250px) 100vw, 2250px\" class='av-horizontal-gallery-link avia-svg-icon avia-font-svg_entypo-fontello' data-av_svg_icon='resize-full' data-av_iconset='svg_entypo-fontello' title='Les cabanes de Ranzola Sup\u00e9rieur, derri\u00e8re elles le col.' alt='Les cabanes de Ranzola Sup\u00e9rieur, derri\u00e8re elles le col.' aria-label='Ouvrir l\u2019image dans une Lightbox: Les cabanes de Ranzola Sup\u00e9rieur, derri\u00e8re elles le col.'><svg version=\"1.1\" xmlns=\"http:\/\/www.w3.org\/2000\/svg\" width=\"25\" height=\"32\" viewBox=\"0 0 25 32\" preserveAspectRatio=\"xMidYMid meet\" aria-labelledby='av-svg-title-27' aria-describedby='av-svg-desc-27' role=\"graphics-symbol\" aria-hidden=\"true\">\n<title id='av-svg-title-27'>Ouvrir l\u2019image dans une Lightbox: Les cabanes de Ranzola Sup\u00e9rieur, derri\u00e8re elles le col.<\/title>\n<desc id='av-svg-desc-27'>Ouvrir l\u2019image dans une Lightbox: Les cabanes de Ranzola Sup\u00e9rieur, derri\u00e8re elles le col.<\/desc>\n<path d=\"M15.232 3.328h10.112v10.112l-3.2-3.968-4.672 4.864-3.2-3.2 4.864-4.672zM7.872 17.536l3.2 3.2-4.864 4.672 3.904 3.2h-10.112v-10.112l3.2 3.904z\"><\/path>\n<\/svg><\/a><\/div><div class=\"av-horizontal-gallery-wrap noHover\"><img decoding=\"async\" fetchpriority=\"high\" class='wp-image-24348 avia-img-lazy-loading-not-24348 av-horizontal-gallery-img' width=\"495\" height=\"400\" src=\"https:\/\/www.sentierigressoney.it\/wp-content\/uploads\/2022\/06\/DSCF9713-Pano-495x400.jpg\" title='Punta della Regina, Ranzola Sup\u00e9rieur et le col qui se trouve derri\u00e8re.' alt='Punta della Regina, Ranzola Sup\u00e9rieur et le col qui se trouve derri\u00e8re.' srcset=\"https:\/\/www.sentierigressoney.it\/wp-content\/uploads\/2022\/06\/DSCF9713-Pano-495x400.jpg 495w, https:\/\/www.sentierigressoney.it\/wp-content\/uploads\/2022\/06\/DSCF9713-Pano-845x684.jpg 845w\" sizes=\"(max-width: 495px) 100vw, 495px\" \/><a href=\"https:\/\/www.sentierigressoney.it\/wp-content\/uploads\/2022\/06\/DSCF9713-Pano.jpg\" data-srcset=\"https:\/\/www.sentierigressoney.it\/wp-content\/uploads\/2022\/06\/DSCF9713-Pano.jpg 2418w, https:\/\/www.sentierigressoney.it\/wp-content\/uploads\/2022\/06\/DSCF9713-Pano-300x186.jpg 300w, https:\/\/www.sentierigressoney.it\/wp-content\/uploads\/2022\/06\/DSCF9713-Pano-1030x639.jpg 1030w, https:\/\/www.sentierigressoney.it\/wp-content\/uploads\/2022\/06\/DSCF9713-Pano-768x476.jpg 768w, https:\/\/www.sentierigressoney.it\/wp-content\/uploads\/2022\/06\/DSCF9713-Pano-1536x953.jpg 1536w, https:\/\/www.sentierigressoney.it\/wp-content\/uploads\/2022\/06\/DSCF9713-Pano-2048x1270.jpg 2048w, https:\/\/www.sentierigressoney.it\/wp-content\/uploads\/2022\/06\/DSCF9713-Pano-1500x931.jpg 1500w, https:\/\/www.sentierigressoney.it\/wp-content\/uploads\/2022\/06\/DSCF9713-Pano-705x437.jpg 705w\" data-sizes=\"(max-width: 2418px) 100vw, 2418px\" class='av-horizontal-gallery-link avia-svg-icon avia-font-svg_entypo-fontello' data-av_svg_icon='resize-full' data-av_iconset='svg_entypo-fontello' title='Punta della Regina, Ranzola Sup\u00e9rieur et le col qui se trouve derri\u00e8re.' alt='Punta della Regina, Ranzola Sup\u00e9rieur et le col qui se trouve derri\u00e8re.' aria-label='Ouvrir l\u2019image dans une Lightbox: Punta della Regina, Ranzola Sup\u00e9rieur et le col qui se trouve derri\u00e8re.'><svg version=\"1.1\" xmlns=\"http:\/\/www.w3.org\/2000\/svg\" width=\"25\" height=\"32\" viewBox=\"0 0 25 32\" preserveAspectRatio=\"xMidYMid meet\" aria-labelledby='av-svg-title-28' aria-describedby='av-svg-desc-28' role=\"graphics-symbol\" aria-hidden=\"true\">\n<title id='av-svg-title-28'>Ouvrir l\u2019image dans une Lightbox: Punta della Regina, Ranzola Sup\u00e9rieur et le col qui se trouve derri\u00e8re.<\/title>\n<desc id='av-svg-desc-28'>Ouvrir l\u2019image dans une Lightbox: Punta della Regina, Ranzola Sup\u00e9rieur et le col qui se trouve derri\u00e8re.<\/desc>\n<path d=\"M15.232 3.328h10.112v10.112l-3.2-3.968-4.672 4.864-3.2-3.2 4.864-4.672zM7.872 17.536l3.2 3.2-4.864 4.672 3.904 3.2h-10.112v-10.112l3.2 3.904z\"><\/path>\n<\/svg><\/a><\/div><div class=\"av-horizontal-gallery-wrap noHover\"><img decoding=\"async\" fetchpriority=\"high\" class='wp-image-24264 avia-img-lazy-loading-not-24264 av-horizontal-gallery-img' width=\"495\" height=\"400\" src=\"https:\/\/www.sentierigressoney.it\/wp-content\/uploads\/2022\/06\/DSF2782-495x400.jpg\" title='La col Ranzola et la chapelle' alt='La col Ranzola et la chapelle' srcset=\"https:\/\/www.sentierigressoney.it\/wp-content\/uploads\/2022\/06\/DSF2782-495x400.jpg 495w, https:\/\/www.sentierigressoney.it\/wp-content\/uploads\/2022\/06\/DSF2782-845x684.jpg 845w\" sizes=\"(max-width: 495px) 100vw, 495px\" \/><a href=\"https:\/\/www.sentierigressoney.it\/wp-content\/uploads\/2022\/06\/DSF2782.jpg\" data-srcset=\"https:\/\/www.sentierigressoney.it\/wp-content\/uploads\/2022\/06\/DSF2782.jpg 2250w, https:\/\/www.sentierigressoney.it\/wp-content\/uploads\/2022\/06\/DSF2782-300x200.jpg 300w, https:\/\/www.sentierigressoney.it\/wp-content\/uploads\/2022\/06\/DSF2782-1030x687.jpg 1030w, https:\/\/www.sentierigressoney.it\/wp-content\/uploads\/2022\/06\/DSF2782-768x512.jpg 768w, https:\/\/www.sentierigressoney.it\/wp-content\/uploads\/2022\/06\/DSF2782-1536x1024.jpg 1536w, https:\/\/www.sentierigressoney.it\/wp-content\/uploads\/2022\/06\/DSF2782-2048x1365.jpg 2048w, https:\/\/www.sentierigressoney.it\/wp-content\/uploads\/2022\/06\/DSF2782-1500x1000.jpg 1500w, https:\/\/www.sentierigressoney.it\/wp-content\/uploads\/2022\/06\/DSF2782-705x470.jpg 705w\" data-sizes=\"(max-width: 2250px) 100vw, 2250px\" class='av-horizontal-gallery-link avia-svg-icon avia-font-svg_entypo-fontello' data-av_svg_icon='resize-full' data-av_iconset='svg_entypo-fontello' title='La col Ranzola et la chapelle' alt='La col Ranzola et la chapelle' aria-label='Ouvrir l\u2019image dans une Lightbox: La col Ranzola et la chapelle'><svg version=\"1.1\" xmlns=\"http:\/\/www.w3.org\/2000\/svg\" width=\"25\" height=\"32\" viewBox=\"0 0 25 32\" preserveAspectRatio=\"xMidYMid meet\" aria-labelledby='av-svg-title-29' aria-describedby='av-svg-desc-29' role=\"graphics-symbol\" aria-hidden=\"true\">\n<title id='av-svg-title-29'>Ouvrir l\u2019image dans une Lightbox: La col Ranzola et la chapelle<\/title>\n<desc id='av-svg-desc-29'>Ouvrir l\u2019image dans une Lightbox: La col Ranzola et la chapelle<\/desc>\n<path d=\"M15.232 3.328h10.112v10.112l-3.2-3.968-4.672 4.864-3.2-3.2 4.864-4.672zM7.872 17.536l3.2 3.2-4.864 4.672 3.904 3.2h-10.112v-10.112l3.2 3.904z\"><\/path>\n<\/svg><\/a><\/div><div class=\"av-horizontal-gallery-wrap noHover\"><img decoding=\"async\" fetchpriority=\"high\" class='wp-image-24258 avia-img-lazy-loading-not-24258 av-horizontal-gallery-img' width=\"495\" height=\"400\" src=\"https:\/\/www.sentierigressoney.it\/wp-content\/uploads\/2022\/06\/DSC7017-495x400.jpg\" title='La col Ranzola et la chapelle' alt='La col Ranzola et la chapelle' srcset=\"https:\/\/www.sentierigressoney.it\/wp-content\/uploads\/2022\/06\/DSC7017-495x400.jpg 495w, https:\/\/www.sentierigressoney.it\/wp-content\/uploads\/2022\/06\/DSC7017-845x684.jpg 845w\" sizes=\"(max-width: 495px) 100vw, 495px\" \/><a href=\"https:\/\/www.sentierigressoney.it\/wp-content\/uploads\/2022\/06\/DSC7017.jpg\" data-srcset=\"https:\/\/www.sentierigressoney.it\/wp-content\/uploads\/2022\/06\/DSC7017.jpg 2247w, https:\/\/www.sentierigressoney.it\/wp-content\/uploads\/2022\/06\/DSC7017-300x200.jpg 300w, https:\/\/www.sentierigressoney.it\/wp-content\/uploads\/2022\/06\/DSC7017-1030x688.jpg 1030w, https:\/\/www.sentierigressoney.it\/wp-content\/uploads\/2022\/06\/DSC7017-768x513.jpg 768w, https:\/\/www.sentierigressoney.it\/wp-content\/uploads\/2022\/06\/DSC7017-1536x1025.jpg 1536w, https:\/\/www.sentierigressoney.it\/wp-content\/uploads\/2022\/06\/DSC7017-2048x1367.jpg 2048w, https:\/\/www.sentierigressoney.it\/wp-content\/uploads\/2022\/06\/DSC7017-1500x1001.jpg 1500w, https:\/\/www.sentierigressoney.it\/wp-content\/uploads\/2022\/06\/DSC7017-705x471.jpg 705w\" data-sizes=\"(max-width: 2247px) 100vw, 2247px\" class='av-horizontal-gallery-link avia-svg-icon avia-font-svg_entypo-fontello' data-av_svg_icon='resize-full' data-av_iconset='svg_entypo-fontello' title='La col Ranzola et la chapelle' alt='La col Ranzola et la chapelle' aria-label='Ouvrir l\u2019image dans une Lightbox: La col Ranzola et la chapelle'><svg version=\"1.1\" xmlns=\"http:\/\/www.w3.org\/2000\/svg\" width=\"25\" height=\"32\" viewBox=\"0 0 25 32\" preserveAspectRatio=\"xMidYMid meet\" aria-labelledby='av-svg-title-30' aria-describedby='av-svg-desc-30' role=\"graphics-symbol\" aria-hidden=\"true\">\n<title id='av-svg-title-30'>Ouvrir l\u2019image dans une Lightbox: La col Ranzola et la chapelle<\/title>\n<desc id='av-svg-desc-30'>Ouvrir l\u2019image dans une Lightbox: La col Ranzola et la chapelle<\/desc>\n<path d=\"M15.232 3.328h10.112v10.112l-3.2-3.968-4.672 4.864-3.2-3.2 4.864-4.672zM7.872 17.536l3.2 3.2-4.864 4.672 3.904 3.2h-10.112v-10.112l3.2 3.904z\"><\/path>\n<\/svg><\/a><\/div><div class=\"av-horizontal-gallery-wrap noHover\"><img decoding=\"async\" fetchpriority=\"high\" class='wp-image-24362 avia-img-lazy-loading-not-24362 av-horizontal-gallery-img' width=\"495\" height=\"400\" src=\"https:\/\/www.sentierigressoney.it\/wp-content\/uploads\/2022\/06\/DSCF9726-495x400.jpg\" title='La col Ranzola et sa chapelle (juin 2022).' alt='La col Ranzola et sa chapelle (juin 2022).' srcset=\"https:\/\/www.sentierigressoney.it\/wp-content\/uploads\/2022\/06\/DSCF9726-495x400.jpg 495w, https:\/\/www.sentierigressoney.it\/wp-content\/uploads\/2022\/06\/DSCF9726-845x684.jpg 845w\" sizes=\"(max-width: 495px) 100vw, 495px\" \/><a href=\"https:\/\/www.sentierigressoney.it\/wp-content\/uploads\/2022\/06\/DSCF9726.jpg\" data-srcset=\"https:\/\/www.sentierigressoney.it\/wp-content\/uploads\/2022\/06\/DSCF9726.jpg 1000w, https:\/\/www.sentierigressoney.it\/wp-content\/uploads\/2022\/06\/DSCF9726-200x300.jpg 200w, https:\/\/www.sentierigressoney.it\/wp-content\/uploads\/2022\/06\/DSCF9726-687x1030.jpg 687w, https:\/\/www.sentierigressoney.it\/wp-content\/uploads\/2022\/06\/DSCF9726-768x1152.jpg 768w, https:\/\/www.sentierigressoney.it\/wp-content\/uploads\/2022\/06\/DSCF9726-470x705.jpg 470w\" data-sizes=\"(max-width: 1000px) 100vw, 1000px\" class='av-horizontal-gallery-link avia-svg-icon avia-font-svg_entypo-fontello' data-av_svg_icon='resize-full' data-av_iconset='svg_entypo-fontello' title='La col Ranzola et sa chapelle (juin 2022).' alt='La col Ranzola et sa chapelle (juin 2022).' aria-label='Ouvrir l\u2019image dans une Lightbox: La col Ranzola et sa chapelle (juin 2022).'><svg version=\"1.1\" xmlns=\"http:\/\/www.w3.org\/2000\/svg\" width=\"25\" height=\"32\" viewBox=\"0 0 25 32\" preserveAspectRatio=\"xMidYMid meet\" aria-labelledby='av-svg-title-31' aria-describedby='av-svg-desc-31' role=\"graphics-symbol\" aria-hidden=\"true\">\n<title id='av-svg-title-31'>Ouvrir l\u2019image dans une Lightbox: La col Ranzola et sa chapelle (juin 2022).<\/title>\n<desc id='av-svg-desc-31'>Ouvrir l\u2019image dans une Lightbox: La col Ranzola et sa chapelle (juin 2022).<\/desc>\n<path d=\"M15.232 3.328h10.112v10.112l-3.2-3.968-4.672 4.864-3.2-3.2 4.864-4.672zM7.872 17.536l3.2 3.2-4.864 4.672 3.904 3.2h-10.112v-10.112l3.2 3.904z\"><\/path>\n<\/svg><\/a><\/div><div class=\"av-horizontal-gallery-wrap noHover\"><img decoding=\"async\" fetchpriority=\"high\" class='wp-image-24267 avia-img-lazy-loading-not-24267 av-horizontal-gallery-img' width=\"495\" height=\"400\" src=\"https:\/\/www.sentierigressoney.it\/wp-content\/uploads\/2022\/06\/DSF7380-495x400.jpg\" title='Le Col Ranzola et la chapelle (octobre 2021)' alt='Le Col Ranzola et la chapelle (octobre 2021)' srcset=\"https:\/\/www.sentierigressoney.it\/wp-content\/uploads\/2022\/06\/DSF7380-495x400.jpg 495w, https:\/\/www.sentierigressoney.it\/wp-content\/uploads\/2022\/06\/DSF7380-845x684.jpg 845w\" sizes=\"(max-width: 495px) 100vw, 495px\" \/><a href=\"https:\/\/www.sentierigressoney.it\/wp-content\/uploads\/2022\/06\/DSF7380.jpg\" data-srcset=\"https:\/\/www.sentierigressoney.it\/wp-content\/uploads\/2022\/06\/DSF7380.jpg 2250w, https:\/\/www.sentierigressoney.it\/wp-content\/uploads\/2022\/06\/DSF7380-300x200.jpg 300w, https:\/\/www.sentierigressoney.it\/wp-content\/uploads\/2022\/06\/DSF7380-1030x687.jpg 1030w, https:\/\/www.sentierigressoney.it\/wp-content\/uploads\/2022\/06\/DSF7380-768x512.jpg 768w, https:\/\/www.sentierigressoney.it\/wp-content\/uploads\/2022\/06\/DSF7380-1536x1024.jpg 1536w, https:\/\/www.sentierigressoney.it\/wp-content\/uploads\/2022\/06\/DSF7380-2048x1365.jpg 2048w, https:\/\/www.sentierigressoney.it\/wp-content\/uploads\/2022\/06\/DSF7380-1500x1000.jpg 1500w, https:\/\/www.sentierigressoney.it\/wp-content\/uploads\/2022\/06\/DSF7380-705x470.jpg 705w\" data-sizes=\"(max-width: 2250px) 100vw, 2250px\" class='av-horizontal-gallery-link avia-svg-icon avia-font-svg_entypo-fontello' data-av_svg_icon='resize-full' data-av_iconset='svg_entypo-fontello' title='Le Col Ranzola et la chapelle (octobre 2021)' alt='Le Col Ranzola et la chapelle (octobre 2021)' aria-label='Ouvrir l\u2019image dans une Lightbox: Le Col Ranzola et la chapelle (octobre 2021)'><svg version=\"1.1\" xmlns=\"http:\/\/www.w3.org\/2000\/svg\" width=\"25\" height=\"32\" viewBox=\"0 0 25 32\" preserveAspectRatio=\"xMidYMid meet\" aria-labelledby='av-svg-title-32' aria-describedby='av-svg-desc-32' role=\"graphics-symbol\" aria-hidden=\"true\">\n<title id='av-svg-title-32'>Ouvrir l\u2019image dans une Lightbox: Le Col Ranzola et la chapelle (octobre 2021)<\/title>\n<desc id='av-svg-desc-32'>Ouvrir l\u2019image dans une Lightbox: Le Col Ranzola et la chapelle (octobre 2021)<\/desc>\n<path d=\"M15.232 3.328h10.112v10.112l-3.2-3.968-4.672 4.864-3.2-3.2 4.864-4.672zM7.872 17.536l3.2 3.2-4.864 4.672 3.904 3.2h-10.112v-10.112l3.2 3.904z\"><\/path>\n<\/svg><\/a><\/div><div class=\"av-horizontal-gallery-wrap noHover\"><img decoding=\"async\" fetchpriority=\"high\" class='wp-image-24256 avia-img-lazy-loading-not-24256 av-horizontal-gallery-img' width=\"495\" height=\"400\" src=\"https:\/\/www.sentierigressoney.it\/wp-content\/uploads\/2022\/06\/DSC5835-495x400.jpg\" title='Plaque d\u00e9di\u00e9e au passage de Tolsto\u00ef en 1857' alt='Plaque d\u00e9di\u00e9e au passage de Tolsto\u00ef en 1857' srcset=\"https:\/\/www.sentierigressoney.it\/wp-content\/uploads\/2022\/06\/DSC5835-495x400.jpg 495w, https:\/\/www.sentierigressoney.it\/wp-content\/uploads\/2022\/06\/DSC5835-845x684.jpg 845w\" sizes=\"(max-width: 495px) 100vw, 495px\" \/><a href=\"https:\/\/www.sentierigressoney.it\/wp-content\/uploads\/2022\/06\/DSC5835.jpg\" data-srcset=\"https:\/\/www.sentierigressoney.it\/wp-content\/uploads\/2022\/06\/DSC5835.jpg 2247w, https:\/\/www.sentierigressoney.it\/wp-content\/uploads\/2022\/06\/DSC5835-300x200.jpg 300w, https:\/\/www.sentierigressoney.it\/wp-content\/uploads\/2022\/06\/DSC5835-1030x688.jpg 1030w, https:\/\/www.sentierigressoney.it\/wp-content\/uploads\/2022\/06\/DSC5835-768x513.jpg 768w, https:\/\/www.sentierigressoney.it\/wp-content\/uploads\/2022\/06\/DSC5835-1536x1025.jpg 1536w, https:\/\/www.sentierigressoney.it\/wp-content\/uploads\/2022\/06\/DSC5835-2048x1367.jpg 2048w, https:\/\/www.sentierigressoney.it\/wp-content\/uploads\/2022\/06\/DSC5835-1500x1001.jpg 1500w, https:\/\/www.sentierigressoney.it\/wp-content\/uploads\/2022\/06\/DSC5835-705x471.jpg 705w\" data-sizes=\"(max-width: 2247px) 100vw, 2247px\" class='av-horizontal-gallery-link avia-svg-icon avia-font-svg_entypo-fontello' data-av_svg_icon='resize-full' data-av_iconset='svg_entypo-fontello' title='Plaque d\u00e9di\u00e9e au passage de Tolsto\u00ef en 1857' alt='Plaque d\u00e9di\u00e9e au passage de Tolsto\u00ef en 1857' aria-label='Ouvrir l\u2019image dans une Lightbox: Plaque d\u00e9di\u00e9e au passage de Tolsto\u00ef en 1857'><svg version=\"1.1\" xmlns=\"http:\/\/www.w3.org\/2000\/svg\" width=\"25\" height=\"32\" viewBox=\"0 0 25 32\" preserveAspectRatio=\"xMidYMid meet\" aria-labelledby='av-svg-title-33' aria-describedby='av-svg-desc-33' role=\"graphics-symbol\" aria-hidden=\"true\">\n<title id='av-svg-title-33'>Ouvrir l\u2019image dans une Lightbox: Plaque d\u00e9di\u00e9e au passage de Tolsto\u00ef en 1857<\/title>\n<desc id='av-svg-desc-33'>Ouvrir l\u2019image dans une Lightbox: Plaque d\u00e9di\u00e9e au passage de Tolsto\u00ef en 1857<\/desc>\n<path d=\"M15.232 3.328h10.112v10.112l-3.2-3.968-4.672 4.864-3.2-3.2 4.864-4.672zM7.872 17.536l3.2 3.2-4.864 4.672 3.904 3.2h-10.112v-10.112l3.2 3.904z\"><\/path>\n<\/svg><\/a><\/div><div class=\"av-horizontal-gallery-wrap noHover\"><img decoding=\"async\" fetchpriority=\"high\" class='wp-image-24257 avia-img-lazy-loading-not-24257 av-horizontal-gallery-img' width=\"495\" height=\"400\" src=\"https:\/\/www.sentierigressoney.it\/wp-content\/uploads\/2022\/06\/DSC5836-495x400.jpg\" title='La Madonnina et la plaque comm\u00e9morative de Tolsto\u00ef' alt='La Madonnina et la plaque comm\u00e9morative de Tolsto\u00ef' srcset=\"https:\/\/www.sentierigressoney.it\/wp-content\/uploads\/2022\/06\/DSC5836-495x400.jpg 495w, https:\/\/www.sentierigressoney.it\/wp-content\/uploads\/2022\/06\/DSC5836-845x684.jpg 845w\" sizes=\"(max-width: 495px) 100vw, 495px\" \/><a href=\"https:\/\/www.sentierigressoney.it\/wp-content\/uploads\/2022\/06\/DSC5836.jpg\" data-srcset=\"https:\/\/www.sentierigressoney.it\/wp-content\/uploads\/2022\/06\/DSC5836.jpg 1001w, https:\/\/www.sentierigressoney.it\/wp-content\/uploads\/2022\/06\/DSC5836-200x300.jpg 200w, https:\/\/www.sentierigressoney.it\/wp-content\/uploads\/2022\/06\/DSC5836-687x1030.jpg 687w, https:\/\/www.sentierigressoney.it\/wp-content\/uploads\/2022\/06\/DSC5836-768x1151.jpg 768w, https:\/\/www.sentierigressoney.it\/wp-content\/uploads\/2022\/06\/DSC5836-470x705.jpg 470w\" data-sizes=\"(max-width: 1001px) 100vw, 1001px\" class='av-horizontal-gallery-link avia-svg-icon avia-font-svg_entypo-fontello' data-av_svg_icon='resize-full' data-av_iconset='svg_entypo-fontello' title='La Madonnina et la plaque comm\u00e9morative de Tolsto\u00ef' alt='La Madonnina et la plaque comm\u00e9morative de Tolsto\u00ef' aria-label='Ouvrir l\u2019image dans une Lightbox: La Madonnina et la plaque comm\u00e9morative de Tolsto\u00ef'><svg version=\"1.1\" xmlns=\"http:\/\/www.w3.org\/2000\/svg\" width=\"25\" height=\"32\" viewBox=\"0 0 25 32\" preserveAspectRatio=\"xMidYMid meet\" aria-labelledby='av-svg-title-34' aria-describedby='av-svg-desc-34' role=\"graphics-symbol\" aria-hidden=\"true\">\n<title id='av-svg-title-34'>Ouvrir l\u2019image dans une Lightbox: La Madonnina et la plaque comm\u00e9morative de Tolsto\u00ef<\/title>\n<desc id='av-svg-desc-34'>Ouvrir l\u2019image dans une Lightbox: La Madonnina et la plaque comm\u00e9morative de Tolsto\u00ef<\/desc>\n<path d=\"M15.232 3.328h10.112v10.112l-3.2-3.968-4.672 4.864-3.2-3.2 4.864-4.672zM7.872 17.536l3.2 3.2-4.864 4.672 3.904 3.2h-10.112v-10.112l3.2 3.904z\"><\/path>\n<\/svg><\/a><\/div><div class=\"av-horizontal-gallery-wrap noHover\"><img decoding=\"async\" fetchpriority=\"high\" class='wp-image-24265 avia-img-lazy-loading-not-24265 av-horizontal-gallery-img' width=\"495\" height=\"400\" src=\"https:\/\/www.sentierigressoney.it\/wp-content\/uploads\/2022\/06\/DSF2787-495x400.jpg\" title='Depuis le col, en regardant vers les chalets de Ranzola Superi\u00e8ur.' alt='Depuis le col, en regardant vers les chalets de Ranzola Superi\u00e8ur.' srcset=\"https:\/\/www.sentierigressoney.it\/wp-content\/uploads\/2022\/06\/DSF2787-495x400.jpg 495w, https:\/\/www.sentierigressoney.it\/wp-content\/uploads\/2022\/06\/DSF2787-845x684.jpg 845w\" sizes=\"(max-width: 495px) 100vw, 495px\" \/><a href=\"https:\/\/www.sentierigressoney.it\/wp-content\/uploads\/2022\/06\/DSF2787.jpg\" data-srcset=\"https:\/\/www.sentierigressoney.it\/wp-content\/uploads\/2022\/06\/DSF2787.jpg 2250w, https:\/\/www.sentierigressoney.it\/wp-content\/uploads\/2022\/06\/DSF2787-300x200.jpg 300w, https:\/\/www.sentierigressoney.it\/wp-content\/uploads\/2022\/06\/DSF2787-1030x687.jpg 1030w, https:\/\/www.sentierigressoney.it\/wp-content\/uploads\/2022\/06\/DSF2787-768x512.jpg 768w, https:\/\/www.sentierigressoney.it\/wp-content\/uploads\/2022\/06\/DSF2787-1536x1024.jpg 1536w, https:\/\/www.sentierigressoney.it\/wp-content\/uploads\/2022\/06\/DSF2787-2048x1365.jpg 2048w, https:\/\/www.sentierigressoney.it\/wp-content\/uploads\/2022\/06\/DSF2787-1500x1000.jpg 1500w, https:\/\/www.sentierigressoney.it\/wp-content\/uploads\/2022\/06\/DSF2787-705x470.jpg 705w\" data-sizes=\"(max-width: 2250px) 100vw, 2250px\" class='av-horizontal-gallery-link avia-svg-icon avia-font-svg_entypo-fontello' data-av_svg_icon='resize-full' data-av_iconset='svg_entypo-fontello' title='Depuis le col, en regardant vers les chalets de Ranzola Superi\u00e8ur.' alt='Depuis le col, en regardant vers les chalets de Ranzola Superi\u00e8ur.' aria-label='Ouvrir l\u2019image dans une Lightbox: Depuis le col, en regardant vers les chalets de Ranzola Superi\u00e8ur.'><svg version=\"1.1\" xmlns=\"http:\/\/www.w3.org\/2000\/svg\" width=\"25\" height=\"32\" viewBox=\"0 0 25 32\" preserveAspectRatio=\"xMidYMid meet\" aria-labelledby='av-svg-title-35' aria-describedby='av-svg-desc-35' role=\"graphics-symbol\" aria-hidden=\"true\">\n<title id='av-svg-title-35'>Ouvrir l\u2019image dans une Lightbox: Depuis le col, en regardant vers les chalets de Ranzola Superi\u00e8ur.<\/title>\n<desc id='av-svg-desc-35'>Ouvrir l\u2019image dans une Lightbox: Depuis le col, en regardant vers les chalets de Ranzola Superi\u00e8ur.<\/desc>\n<path d=\"M15.232 3.328h10.112v10.112l-3.2-3.968-4.672 4.864-3.2-3.2 4.864-4.672zM7.872 17.536l3.2 3.2-4.864 4.672 3.904 3.2h-10.112v-10.112l3.2 3.904z\"><\/path>\n<\/svg><\/a><\/div><div class=\"av-horizontal-gallery-wrap noHover\"><img decoding=\"async\" fetchpriority=\"high\" class='wp-image-24363 avia-img-lazy-loading-not-24363 av-horizontal-gallery-img' width=\"495\" height=\"400\" src=\"https:\/\/www.sentierigressoney.it\/wp-content\/uploads\/2022\/06\/DSCF9727-495x400.jpg\" title='Depuis la colonie, en regardant vers Punta della Regina.' alt='Depuis la colonie, en regardant vers Punta della Regina.' srcset=\"https:\/\/www.sentierigressoney.it\/wp-content\/uploads\/2022\/06\/DSCF9727-495x400.jpg 495w, https:\/\/www.sentierigressoney.it\/wp-content\/uploads\/2022\/06\/DSCF9727-845x684.jpg 845w\" sizes=\"(max-width: 495px) 100vw, 495px\" \/><a href=\"https:\/\/www.sentierigressoney.it\/wp-content\/uploads\/2022\/06\/DSCF9727.jpg\" data-srcset=\"https:\/\/www.sentierigressoney.it\/wp-content\/uploads\/2022\/06\/DSCF9727.jpg 2250w, https:\/\/www.sentierigressoney.it\/wp-content\/uploads\/2022\/06\/DSCF9727-300x200.jpg 300w, https:\/\/www.sentierigressoney.it\/wp-content\/uploads\/2022\/06\/DSCF9727-1030x687.jpg 1030w, https:\/\/www.sentierigressoney.it\/wp-content\/uploads\/2022\/06\/DSCF9727-768x512.jpg 768w, https:\/\/www.sentierigressoney.it\/wp-content\/uploads\/2022\/06\/DSCF9727-1536x1024.jpg 1536w, https:\/\/www.sentierigressoney.it\/wp-content\/uploads\/2022\/06\/DSCF9727-2048x1365.jpg 2048w, https:\/\/www.sentierigressoney.it\/wp-content\/uploads\/2022\/06\/DSCF9727-1500x1000.jpg 1500w, https:\/\/www.sentierigressoney.it\/wp-content\/uploads\/2022\/06\/DSCF9727-705x470.jpg 705w\" data-sizes=\"(max-width: 2250px) 100vw, 2250px\" class='av-horizontal-gallery-link avia-svg-icon avia-font-svg_entypo-fontello' data-av_svg_icon='resize-full' data-av_iconset='svg_entypo-fontello' title='Depuis la colonie, en regardant vers Punta della Regina.' alt='Depuis la colonie, en regardant vers Punta della Regina.' aria-label='Ouvrir l\u2019image dans une Lightbox: Depuis la colonie, en regardant vers Punta della Regina.'><svg version=\"1.1\" xmlns=\"http:\/\/www.w3.org\/2000\/svg\" width=\"25\" height=\"32\" viewBox=\"0 0 25 32\" preserveAspectRatio=\"xMidYMid meet\" aria-labelledby='av-svg-title-36' aria-describedby='av-svg-desc-36' role=\"graphics-symbol\" aria-hidden=\"true\">\n<title id='av-svg-title-36'>Ouvrir l\u2019image dans une Lightbox: Depuis la colonie, en regardant vers Punta della Regina.<\/title>\n<desc id='av-svg-desc-36'>Ouvrir l\u2019image dans une Lightbox: Depuis la colonie, en regardant vers Punta della Regina.<\/desc>\n<path d=\"M15.232 3.328h10.112v10.112l-3.2-3.968-4.672 4.864-3.2-3.2 4.864-4.672zM7.872 17.536l3.2 3.2-4.864 4.672 3.904 3.2h-10.112v-10.112l3.2 3.904z\"><\/path>\n<\/svg><\/a><\/div><div class=\"av-horizontal-gallery-wrap noHover\"><img decoding=\"async\" fetchpriority=\"high\" class='wp-image-24299 avia-img-lazy-loading-not-24299 av-horizontal-gallery-img' width=\"495\" height=\"400\" src=\"https:\/\/www.sentierigressoney.it\/wp-content\/uploads\/2022\/06\/anello-attorno-punta-regina-495x400.png\" title='L&#039;anneau autour de Punta Regina' alt='L&#039;anneau autour de Punta Regina' \/><a href=\"https:\/\/www.sentierigressoney.it\/wp-content\/uploads\/2022\/06\/anello-attorno-punta-regina.png\" data-srcset=\"https:\/\/www.sentierigressoney.it\/wp-content\/uploads\/2022\/06\/anello-attorno-punta-regina.png 1364w, https:\/\/www.sentierigressoney.it\/wp-content\/uploads\/2022\/06\/anello-attorno-punta-regina-300x146.png 300w, https:\/\/www.sentierigressoney.it\/wp-content\/uploads\/2022\/06\/anello-attorno-punta-regina-1030x501.png 1030w, https:\/\/www.sentierigressoney.it\/wp-content\/uploads\/2022\/06\/anello-attorno-punta-regina-768x373.png 768w, https:\/\/www.sentierigressoney.it\/wp-content\/uploads\/2022\/06\/anello-attorno-punta-regina-705x343.png 705w\" data-sizes=\"(max-width: 1364px) 100vw, 1364px\" class='av-horizontal-gallery-link avia-svg-icon avia-font-svg_entypo-fontello' data-av_svg_icon='resize-full' data-av_iconset='svg_entypo-fontello' title='L&#039;anneau autour de Punta Regina' alt='L&#039;anneau autour de Punta Regina' aria-label='Ouvrir l\u2019image dans une Lightbox: L&#039;anneau autour de Punta Regina'><svg version=\"1.1\" xmlns=\"http:\/\/www.w3.org\/2000\/svg\" width=\"25\" height=\"32\" viewBox=\"0 0 25 32\" preserveAspectRatio=\"xMidYMid meet\" aria-labelledby='av-svg-title-37' aria-describedby='av-svg-desc-37' role=\"graphics-symbol\" aria-hidden=\"true\">\n<title id='av-svg-title-37'>Ouvrir l\u2019image dans une Lightbox: L&#039;anneau autour de Punta Regina<\/title>\n<desc id='av-svg-desc-37'>Ouvrir l\u2019image dans une Lightbox: L&#039;anneau autour de Punta Regina<\/desc>\n<path d=\"M15.232 3.328h10.112v10.112l-3.2-3.968-4.672 4.864-3.2-3.2 4.864-4.672zM7.872 17.536l3.2 3.2-4.864 4.672 3.904 3.2h-10.112v-10.112l3.2 3.904z\"><\/path>\n<\/svg><\/a><\/div><\/div><\/div><\/div>\n\n<style type=\"text\/css\" data-created_by=\"avia_inline_auto\" id=\"style-css-av-h8gjvr-749d649bc9731f35838863c0525841de\">\n.avia-section.av-h8gjvr-749d649bc9731f35838863c0525841de{\nmargin-top:0px;\nmargin-bottom:0px;\n}\n<\/style>\n<div id='av_section_2'  class='avia-section av-h8gjvr-749d649bc9731f35838863c0525841de main_color avia-section-default avia-no-border-styling  avia-builder-el-8  el_after_av_horizontal_gallery  avia-builder-el-last  avia-bg-style-scroll container_wrap fullsize'  ><div class='container av-section-cont-open' ><div class='template-page content  av-content-full alpha units'><div class='post-entry post-entry-type-page post-entry-27193'><div class='entry-content-wrapper clearfix'>\n\n<style type=\"text\/css\" data-created_by=\"avia_inline_auto\" id=\"style-css-av-f2fhc7-b1e01e4c1f678bcad5a9bb4f60a496ff\">\n#top .av-special-heading.av-f2fhc7-b1e01e4c1f678bcad5a9bb4f60a496ff{\npadding-bottom:10px;\n}\nbody .av-special-heading.av-f2fhc7-b1e01e4c1f678bcad5a9bb4f60a496ff .av-special-heading-tag .heading-char{\nfont-size:25px;\ncolor:#8e8e8e;\npadding-bottom:10px;\n}\nbody .av-special-heading.av-f2fhc7-b1e01e4c1f678bcad5a9bb4f60a496ff .av-special-heading-tag .heading-char.avia-svg-icon svg:first-child{\nfill:#8e8e8e;\nstroke:#8e8e8e;\n}\n.av-special-heading.av-f2fhc7-b1e01e4c1f678bcad5a9bb4f60a496ff .av-subheading{\nfont-size:15px;\n}\n<\/style>\n<div  id=\"partenzaearrivo\"  class='av-special-heading av-f2fhc7-b1e01e4c1f678bcad5a9bb4f60a496ff av-special-heading-h2 custom-color-heading blockquote elegant-quote elegant-centered  avia-builder-el-9  el_before_av_one_half  avia-builder-el-first  av-thin-font av-icon'><h2 class='av-special-heading-tag '  itemprop=\"headline\"  ><span class='heading-char avia-iconfont avia-font-entypo-fontello' data-av_icon='\ue8dd' data-av_iconfont='entypo-fontello' ><\/span><span class=\"heading-wrap\"><strong>1. D\u00e9part et arriv\u00e9e<\/strong><\/span><\/h2><div class=\"special-heading-border\"><div class=\"special-heading-inner-border\"><\/div><\/div><\/div>\n<div  class='flex_column av-aqpzhz-be974584c48ca29e81b615abc1d7a4f7 av_one_half  avia-builder-el-10  el_after_av_heading  el_before_av_one_half  first flex_column_div  '     ><p>\n<style type=\"text\/css\" data-created_by=\"avia_inline_auto\" id=\"style-css-av-kxma1ws2-7c295949de06a3e3a7735a63d511622d\">\n#top .av_textblock_section.av-kxma1ws2-7c295949de06a3e3a7735a63d511622d .avia_textblock{\ntext-align:left;\n}\n<\/style>\n<section  class='av_textblock_section av-kxma1ws2-7c295949de06a3e3a7735a63d511622d '   itemscope=\"itemscope\" itemtype=\"https:\/\/schema.org\/CreativeWork\" ><div class='avia_textblock'  itemprop=\"text\" ><p>Le sentier <strong>3<\/strong> part de <strong>Biel <\/strong>et l&rsquo;altitude est de <strong>1451m.<\/strong><br \/>\n<a href=\"http:\/\/maps.google.com\/maps?&#038;t=k&#038;q=45.7610181625+7.82892503363\" target=\"_blank\" rel=\"noopener\" data-wplink-edit=\"true\">Voir sur Google Maps<\/a>.<\/p>\n<\/div><\/section><br \/>\n<\/p><\/div><div  class='flex_column av-8zwyw7-3a7557c76d5ba14def2b89a2368d2866 av_one_half  avia-builder-el-13  el_after_av_one_half  el_before_av_heading  flex_column_div  '     ><p>\n<style type=\"text\/css\" data-created_by=\"avia_inline_auto\" id=\"style-css-av-kxma2c7w-6c42e430c63e020f79bf3915578a5930\">\n#top .av_textblock_section.av-kxma2c7w-6c42e430c63e020f79bf3915578a5930 .avia_textblock{\ntext-align:left;\n}\n<\/style>\n<section  class='av_textblock_section av-kxma2c7w-6c42e430c63e020f79bf3915578a5930 '   itemscope=\"itemscope\" itemtype=\"https:\/\/schema.org\/CreativeWork\" ><div class='avia_textblock'  itemprop=\"text\" ><p>Le lieu d&rsquo;arriv\u00e9e est le <strong>col Ranzola<\/strong>. L&rsquo;altitude est de <strong>2171 m.<\/strong><br \/>\n<a href=\"http:\/\/maps.google.com\/maps?&#038;t=k&#038;q=45.7546233041+7.80331757959\" target=\"_blank\" rel=\"noopener\" data-wplink-edit=\"true\">Voir sur Google Maps<\/a>.<\/p>\n<\/div><\/section><br \/>\n<\/p><\/div>\n<style type=\"text\/css\" data-created_by=\"avia_inline_auto\" id=\"style-css-av-ee57kn-b3e50d236587ef0f94e9fc7883fd6d15\">\n#top .av-special-heading.av-ee57kn-b3e50d236587ef0f94e9fc7883fd6d15{\npadding-bottom:10px;\n}\nbody .av-special-heading.av-ee57kn-b3e50d236587ef0f94e9fc7883fd6d15 .av-special-heading-tag .heading-char{\nfont-size:25px;\ncolor:#8e8e8e;\npadding-bottom:10px;\n}\nbody .av-special-heading.av-ee57kn-b3e50d236587ef0f94e9fc7883fd6d15 .av-special-heading-tag .heading-char.avia-svg-icon svg:first-child{\nfill:#8e8e8e;\nstroke:#8e8e8e;\n}\n.av-special-heading.av-ee57kn-b3e50d236587ef0f94e9fc7883fd6d15 .av-subheading{\nfont-size:15px;\n}\n<\/style>\n<div  id=\"mappadelsentiero\"  class='av-special-heading av-ee57kn-b3e50d236587ef0f94e9fc7883fd6d15 av-special-heading-h2 custom-color-heading blockquote elegant-quote elegant-centered  avia-builder-el-16  el_after_av_one_half  el_before_av_textblock  av-thin-font av-icon'><h2 class='av-special-heading-tag '  itemprop=\"headline\"  ><span class='heading-char avia-iconfont avia-font-entypo-fontello' data-av_icon='\ue843' data-av_iconfont='entypo-fontello' ><\/span><span class=\"heading-wrap\"><strong>2. L\u2019itin\u00e9raire<\/strong><\/span><\/h2><div class=\"special-heading-border\"><div class=\"special-heading-inner-border\"><\/div><\/div><\/div>\n\n<style type=\"text\/css\" data-created_by=\"avia_inline_auto\" id=\"style-css-av-cwqubr-058992ff635f434b4015a53b9f7aea35\">\n#top .av_textblock_section.av-cwqubr-058992ff635f434b4015a53b9f7aea35 .avia_textblock{\ntext-align:left;\n}\n<\/style>\n<section  class='av_textblock_section av-cwqubr-058992ff635f434b4015a53b9f7aea35 '   itemscope=\"itemscope\" itemtype=\"https:\/\/schema.org\/CreativeWork\" ><div class='avia_textblock'  itemprop=\"text\" ><p>En remontant depuis le parking par la route goudronn\u00e9e, juste apr\u00e8s avoir pass\u00e9 le pont qui enjambe un ruisseau (parfois \u00e0 sec), on trouve imm\u00e9diatement sur la droite un poteau indicateur signalant le sentier 3. Au d\u00e9but, le sentier monte le long d&rsquo;un chemin de terre.<\/p>\n<div id=\"attachment_34588\" style=\"width: 505px\" class=\"wp-caption aligncenter\"><a href=\"https:\/\/www.sentierigressoney.it\/wp-content\/uploads\/2026\/05\/DSCF8653-HDR.webp\"><img loading=\"lazy\" decoding=\"async\" aria-describedby=\"caption-attachment-34588\" class=\"size-portfolio wp-image-34583\" src=\"https:\/\/www.sentierigressoney.it\/wp-content\/uploads\/2026\/05\/DSCF8653-HDR-495x400.webp\" alt=\"Le d\u00e9part du sentier 3\" width=\"495\" height=\"400\" srcset=\"https:\/\/www.sentierigressoney.it\/wp-content\/uploads\/2026\/05\/DSCF8653-HDR-495x400.webp 495w, https:\/\/www.sentierigressoney.it\/wp-content\/uploads\/2026\/05\/DSCF8653-HDR-845x684.webp 845w\" sizes=\"auto, (max-width: 495px) 100vw, 495px\" \/><\/a><p id=\"caption-attachment-34588\" class=\"wp-caption-text\">Le d\u00e9part du sentier 3<\/p><\/div>\n<p>Une fois pass\u00e9 le terminus du t\u00e9l\u00e9ski, on arrive \u00e0 un croisement : \u00e0 gauche, la route monte vers un b\u00e2timent ; il faut continuer en prenant la deuxi\u00e8me route \u00e0 droite (sur la photo, c&rsquo;est l\u00e0 o\u00f9 la personne est en train de monter).<\/p>\n<div id=\"attachment_34589\" style=\"width: 505px\" class=\"wp-caption aligncenter\"><a href=\"https:\/\/www.sentierigressoney.it\/wp-content\/uploads\/2026\/05\/DSCF0860-1.webp\"><img loading=\"lazy\" decoding=\"async\" aria-describedby=\"caption-attachment-34589\" class=\"size-portfolio wp-image-34582\" src=\"https:\/\/www.sentierigressoney.it\/wp-content\/uploads\/2026\/05\/DSCF0860-1-495x400.webp\" alt=\"\u00c0 ce croisement, prenez la route de droite\" width=\"495\" height=\"400\" srcset=\"https:\/\/www.sentierigressoney.it\/wp-content\/uploads\/2026\/05\/DSCF0860-1-495x400.webp 495w, https:\/\/www.sentierigressoney.it\/wp-content\/uploads\/2026\/05\/DSCF0860-1-845x684.webp 845w\" sizes=\"auto, (max-width: 495px) 100vw, 495px\" \/><\/a><p id=\"caption-attachment-34589\" class=\"wp-caption-text\">\u00c0 ce croisement, prenez la route de droite<\/p><\/div>\n<p>La strada svolta presto verso sinistra, dirigendosi verso un secondo edificio: poco prima di arrivare all&rsquo;edificio, a destra della strada sterrata, si vede un largo sentiero salire verso il bosco (c&rsquo;\u00e8 un bollo giallo \u00ab\u00a03\u00a0\u00bb su un masso nel bel mezzo del sentiero).<\/p>\n<div id=\"attachment_24351\" style=\"width: 505px\" class=\"wp-caption aligncenter\"><a href=\"https:\/\/www.sentierigressoney.it\/wp-content\/uploads\/2022\/06\/DSCF9614-HDR.jpg\"><img loading=\"lazy\" decoding=\"async\" aria-describedby=\"caption-attachment-24351\" class=\"wp-image-9694 size-portfolio\" title=\"Le sentier commence \u00e0 droite du chemin de terre\" src=\"https:\/\/www.sentierigressoney.it\/wp-content\/uploads\/2022\/06\/DSCF9614-HDR-495x400.jpg\" alt=\"Le sentier commence \u00e0 droite du chemin de terre\" width=\"495\" height=\"400\" srcset=\"https:\/\/www.sentierigressoney.it\/wp-content\/uploads\/2022\/06\/DSCF9614-HDR-495x400.jpg 495w, https:\/\/www.sentierigressoney.it\/wp-content\/uploads\/2022\/06\/DSCF9614-HDR-845x684.jpg 845w\" sizes=\"auto, (max-width: 495px) 100vw, 495px\" \/><\/a><p id=\"caption-attachment-24351\" class=\"wp-caption-text\">Le sentier commence \u00e0 droite du chemin de terre<\/p><\/div>\n<p>C&rsquo;est l\u00e0 que commence le vrai sentier, qui se poursuit pendant un long moment en lacets \u00e0 travers la for\u00eat de grands arbres. Tu marches sur une moquette douce et tr\u00e8s large, parfaitement entretenue : un vrai plaisir de marcher.<\/p>\n<div id=\"attachment_24259\" style=\"width: 505px\" class=\"wp-caption aligncenter\"><a href=\"https:\/\/www.sentierigressoney.it\/wp-content\/uploads\/2022\/06\/DSF2752.jpg\"><img loading=\"lazy\" decoding=\"async\" aria-describedby=\"caption-attachment-24259\" class=\"wp-image-9319 size-portfolio\" title=\"La magnifique section initiale du sentier.\" src=\"https:\/\/www.sentierigressoney.it\/wp-content\/uploads\/2022\/06\/DSF2752-495x400.jpg\" alt=\"La magnifique section initiale du sentier.\" width=\"495\" height=\"400\" srcset=\"https:\/\/www.sentierigressoney.it\/wp-content\/uploads\/2022\/06\/DSF2752-495x400.jpg 495w, https:\/\/www.sentierigressoney.it\/wp-content\/uploads\/2022\/06\/DSF2752-845x684.jpg 845w\" sizes=\"auto, (max-width: 495px) 100vw, 495px\" \/><\/a><p id=\"caption-attachment-24259\" class=\"wp-caption-text\">La magnifique section initiale du sentier.<\/p><\/div>\n<p><strong>Vers 1825m<\/strong>, nous croisons un sentier venant de la gauche : une marque nous indique que nous traversons le <a href=\"https:\/\/www.sentierigressoney.it\/fr\/sentieri\/walserweg-1708m-sentier-1w\/\" class=\"sentiero-chip clickable-chip\">\n                    <i class=\"fas fa-hiking chip-icon-fa\"><\/i> \n                    <span class=\"chip-label\">1W WALSERWEG<\/span>\n                <\/a>, qui \u00e0 partir de ce point continue pour un tron\u00e7on en commun avec notre <strong>sentier 3<\/strong>.<\/p>\n<div id=\"attachment_24353\" style=\"width: 505px\" class=\"wp-caption aligncenter\"><a href=\"https:\/\/www.sentierigressoney.it\/wp-content\/uploads\/2022\/06\/DSCF9649-HDR.jpg\"><img loading=\"lazy\" decoding=\"async\" aria-describedby=\"caption-attachment-24353\" class=\"wp-image-9696 size-portfolio\" title=\"Le carrefour 3\/1W\" src=\"https:\/\/www.sentierigressoney.it\/wp-content\/uploads\/2022\/06\/DSCF9649-HDR-495x400.jpg\" alt=\"Le carrefour 3\/1W\" width=\"495\" height=\"400\" srcset=\"https:\/\/www.sentierigressoney.it\/wp-content\/uploads\/2022\/06\/DSCF9649-HDR-495x400.jpg 495w, https:\/\/www.sentierigressoney.it\/wp-content\/uploads\/2022\/06\/DSCF9649-HDR-845x684.jpg 845w\" sizes=\"auto, (max-width: 495px) 100vw, 495px\" \/><\/a><p id=\"caption-attachment-24353\" class=\"wp-caption-text\">Le carrefour 3\/1W<\/p><\/div>\n<p>\u00c0 partir de l\u00e0, tu poursuis sur la droite le long d&rsquo;un tron\u00e7on d&rsquo;abord horizontal et qui descend sur une tr\u00e8s courte distance : tu peux presque imm\u00e9diatement apercevoir sur la droite les cabanes de l&rsquo;<strong>Alpe Ranzola inferiore (1999m<\/strong>) au sommet, que le sentier n&rsquo;effleure jamais.<\/p>\n<div id=\"attachment_24355\" style=\"width: 210px\" class=\"wp-caption aligncenter\"><a href=\"https:\/\/www.sentierigressoney.it\/wp-content\/uploads\/2022\/06\/DSCF9670.jpg\"><img loading=\"lazy\" decoding=\"async\" aria-describedby=\"caption-attachment-24355\" class=\"wp-image-9698 size-medium\" title=\"Le sentier descend sur une courte distance, au-dessus apparaissent les cabanes inf\u00e9rieures de Ranzola\" src=\"https:\/\/www.sentierigressoney.it\/wp-content\/uploads\/2022\/06\/DSCF9670-200x300.jpg\" alt=\"Le sentier descend sur une courte distance, au-dessus apparaissent les cabanes inf\u00e9rieures de Ranzola\" width=\"200\" height=\"300\" srcset=\"https:\/\/www.sentierigressoney.it\/wp-content\/uploads\/2022\/06\/DSCF9670-200x300.jpg 200w, https:\/\/www.sentierigressoney.it\/wp-content\/uploads\/2022\/06\/DSCF9670-687x1030.jpg 687w, https:\/\/www.sentierigressoney.it\/wp-content\/uploads\/2022\/06\/DSCF9670-768x1152.jpg 768w, https:\/\/www.sentierigressoney.it\/wp-content\/uploads\/2022\/06\/DSCF9670-470x705.jpg 470w, https:\/\/www.sentierigressoney.it\/wp-content\/uploads\/2022\/06\/DSCF9670.jpg 1000w\" sizes=\"auto, (max-width: 200px) 100vw, 200px\" \/><\/a><p id=\"caption-attachment-24355\" class=\"wp-caption-text\">Le sentier descend sur une courte distance, au-dessus apparaissent les cabanes inf\u00e9rieures de Ranzola<\/p><\/div>\n<p>On quitte progressivement les arbres, on traverse deux ruisseaux presque \u00e0 sec, \u00e0 <strong>1864m <\/strong>on passe \u00e0 gu\u00e9 un petit ruisseau bien charpent\u00e9 et on coupe sur le versant oppos\u00e9.<\/p>\n<div id=\"attachment_24356\" style=\"width: 505px\" class=\"wp-caption aligncenter\"><a href=\"https:\/\/www.sentierigressoney.it\/wp-content\/uploads\/2022\/06\/DSCF9671-HDR.jpg\"><img loading=\"lazy\" decoding=\"async\" aria-describedby=\"caption-attachment-24356\" class=\"wp-image-9699 size-portfolio\" title=\"Le ruisseau dans lequel tu patauges avant de passer de l'autre c\u00f4t\u00e9.\" src=\"https:\/\/www.sentierigressoney.it\/wp-content\/uploads\/2022\/06\/DSCF9671-HDR-495x400.jpg\" alt=\"Le ruisseau dans lequel tu patauges avant de passer de l'autre c\u00f4t\u00e9.\" width=\"495\" height=\"400\" srcset=\"https:\/\/www.sentierigressoney.it\/wp-content\/uploads\/2022\/06\/DSCF9671-HDR-495x400.jpg 495w, https:\/\/www.sentierigressoney.it\/wp-content\/uploads\/2022\/06\/DSCF9671-HDR-845x684.jpg 845w\" sizes=\"auto, (max-width: 495px) 100vw, 495px\" \/><\/a><p id=\"caption-attachment-24356\" class=\"wp-caption-text\">Le ruisseau dans lequel tu patauges avant de passer de l&rsquo;autre c\u00f4t\u00e9.<\/p><\/div>\n<p>Au premier virage \u00e0 gauche, \u00e0 <strong>environ 1897 m, <\/strong>tu arriveras \u00e0 une deuxi\u00e8me bifurcation avec le <a href=\"https:\/\/www.sentierigressoney.it\/fr\/sentieri\/walserweg-1708m-sentier-1w\/\" class=\"sentiero-chip clickable-chip\">\n                    <i class=\"fas fa-hiking chip-icon-fa\"><\/i> \n                    <span class=\"chip-label\">SENTIER 1W<\/span>\n                <\/a>, qui quitte le sentier <strong>3<\/strong> et se dirige vers la droite, en direction de Ranzola Inferiore.<\/p>\n<div id=\"attachment_24358\" style=\"width: 505px\" class=\"wp-caption aligncenter\"><a href=\"https:\/\/www.sentierigressoney.it\/wp-content\/uploads\/2022\/06\/DSCF9684-HDR.jpg\"><img loading=\"lazy\" decoding=\"async\" aria-describedby=\"caption-attachment-24358\" class=\"size-portfolio wp-image-9701\" src=\"https:\/\/www.sentierigressoney.it\/wp-content\/uploads\/2022\/06\/DSCF9684-HDR-495x400.jpg\" alt=\"La jonction avec le sentier 1W qui part \u00e0 droite.\" width=\"495\" height=\"400\" srcset=\"https:\/\/www.sentierigressoney.it\/wp-content\/uploads\/2022\/06\/DSCF9684-HDR-495x400.jpg 495w, https:\/\/www.sentierigressoney.it\/wp-content\/uploads\/2022\/06\/DSCF9684-HDR-845x684.jpg 845w\" sizes=\"auto, (max-width: 495px) 100vw, 495px\" \/><\/a><p id=\"caption-attachment-24358\" class=\"wp-caption-text\">La jonction avec le sentier 1W qui part \u00e0 droite.<\/p><\/div>\n<p>Nous continuons tout droit pendant un certain temps, en longeant un mur de pierres : lorsque le mur de pierres se termine, nous coupons \u00e0 droite et remontons sur la pile oppos\u00e9e. Nous continuons ainsi, serpentant \u00e0 travers la for\u00eat de plus en plus clairsem\u00e9e et deux autres \u00e9paulements, jusqu&rsquo;\u00e0 ce qu&rsquo;\u00e0 <strong>environ 1997m <\/strong>, le sentier \u00e9merge enfin des arbres.<\/p>\n<div id=\"attachment_24263\" style=\"width: 505px\" class=\"wp-caption aligncenter\"><a href=\"https:\/\/www.sentierigressoney.it\/wp-content\/uploads\/2022\/06\/DSF2776.jpg\"><img loading=\"lazy\" decoding=\"async\" aria-describedby=\"caption-attachment-24263\" class=\"wp-image-9323 size-portfolio\" title=\"Vers Ranzola Sup\u00e9rieur\" src=\"https:\/\/www.sentierigressoney.it\/wp-content\/uploads\/2022\/06\/DSF2776-495x400.jpg\" alt=\"Vers Ranzola Sup\u00e9rieur\" width=\"495\" height=\"400\" srcset=\"https:\/\/www.sentierigressoney.it\/wp-content\/uploads\/2022\/06\/DSF2776-495x400.jpg 495w, https:\/\/www.sentierigressoney.it\/wp-content\/uploads\/2022\/06\/DSF2776-845x684.jpg 845w\" sizes=\"auto, (max-width: 495px) 100vw, 495px\" \/><\/a><p id=\"caption-attachment-24263\" class=\"wp-caption-text\">Vers Ranzola Sup\u00e9rieur<\/p><\/div>\n<p>Une fois la cr\u00eate suivante franchie, les cabanes tr\u00e8s proches de l&rsquo;<strong>Alpe Ranzola Sup\u00e9rieur (2106 m) <\/strong>apparaissent imm\u00e9diatement, avec derri\u00e8re elles la petite chapelle du col Ranzola.<\/p>\n<div id=\"attachment_24361\" style=\"width: 505px\" class=\"wp-caption aligncenter\"><a href=\"https:\/\/www.sentierigressoney.it\/wp-content\/uploads\/2022\/06\/DSCF9712.jpg\"><img loading=\"lazy\" decoding=\"async\" aria-describedby=\"caption-attachment-24361\" class=\"wp-image-9704 size-portfolio\" title=\"Les cabanes de Ranzola Sup\u00e9rieur, derri\u00e8re elles le col.\" src=\"https:\/\/www.sentierigressoney.it\/wp-content\/uploads\/2022\/06\/DSCF9712-495x400.jpg\" alt=\"Les cabanes de Ranzola Sup\u00e9rieur, derri\u00e8re elles le col.\" width=\"495\" height=\"400\" srcset=\"https:\/\/www.sentierigressoney.it\/wp-content\/uploads\/2022\/06\/DSCF9712-495x400.jpg 495w, https:\/\/www.sentierigressoney.it\/wp-content\/uploads\/2022\/06\/DSCF9712-845x684.jpg 845w\" sizes=\"auto, (max-width: 495px) 100vw, 495px\" \/><\/a><p id=\"caption-attachment-24361\" class=\"wp-caption-text\">Les cabanes de Ranzola Sup\u00e9rieur, derri\u00e8re elles le col.<\/p><\/div>\n<p>Passe \u00e0 gauche des cabanes et grimpe la pente herbeuse tr\u00e8s facile au-dessus (vagues traces, mais pas besoin). Celle-ci m\u00e8ne au <strong>col Ranzola (2171 m) <\/strong>. <\/p>\n<div id=\"attachment_24258\" style=\"width: 505px\" class=\"wp-caption aligncenter\"><a href=\"https:\/\/www.sentierigressoney.it\/wp-content\/uploads\/2022\/06\/DSC7017.jpg\"><img loading=\"lazy\" decoding=\"async\" aria-describedby=\"caption-attachment-24258\" class=\"wp-image-9316 size-portfolio\" title=\"La chapelle au col Ranzola\" src=\"https:\/\/www.sentierigressoney.it\/wp-content\/uploads\/2022\/06\/DSC7017-495x400.jpg\" alt=\"La chapelle au col Ranzola\" width=\"495\" height=\"400\" srcset=\"https:\/\/www.sentierigressoney.it\/wp-content\/uploads\/2022\/06\/DSC7017-495x400.jpg 495w, https:\/\/www.sentierigressoney.it\/wp-content\/uploads\/2022\/06\/DSC7017-845x684.jpg 845w\" sizes=\"auto, (max-width: 495px) 100vw, 495px\" \/><\/a><p id=\"caption-attachment-24258\" class=\"wp-caption-text\">La chapelle au col Ranzola<\/p><\/div>\n<p>Ce n&rsquo;est pas seulement la plaque comm\u00e9morant le passage de Lev Tolsto\u00ef en 1857 qui pr\u00e9sente un int\u00e9r\u00eat historique : le mur de pierres s\u00e8ches qui se dresse l\u00e0 est en fait ce qui reste d&rsquo;une fortification \u00e9rig\u00e9e en 1800 par des soldats autrichiens et russes pour faire face \u00e0 l&rsquo;avanc\u00e9e de Napol\u00e9on Bonaparte, arrivant par le col du Grand-Saint-Bernard. Fait amusant : ce c\u00e9l\u00e8bre tableau de <em>Jacques-Louis David<\/em> repr\u00e9sente Napol\u00e9on au moment o\u00f9 il passe le col du Grand-Saint-Bernard. On peut donc dire que sur cette image, il se pr\u00e9parait \u00e0 passer par Gressoney&#8230; m\u00eame si, en r\u00e9alit\u00e9, il ne l&rsquo;a jamais fait (tant pis pour lui !). <a href=\"https:\/\/www.facebook.com\/Rai-Valle-dAosta-Vall%C3%A9e-dAoste-176051663077842\/videos\/443584810473896\/\" target=\"_blank\" rel=\"noopener\">Ce documentaire de la Rai VdA<\/a> se penche sur le passage de Napol\u00e9on dans la vall\u00e9e d&rsquo;Aoste.<\/p>\n<div id=\"attachment_24269\" style=\"width: 266px\" class=\"wp-caption aligncenter\"><a href=\"https:\/\/www.sentierigressoney.it\/wp-content\/uploads\/2021\/12\/David_Napoleone_Gran_San_Bernardo_Malmaison.jpg\"><img loading=\"lazy\" decoding=\"async\" aria-describedby=\"caption-attachment-24269\" class=\"wp-image-9334 size-medium\" title=\"Napol\u00e9on au passage du Grand-Saint-Bernard\" src=\"https:\/\/www.sentierigressoney.it\/wp-content\/uploads\/2021\/12\/David_Napoleone_Gran_San_Bernardo_Malmaison-256x300.jpg\" alt=\"Napol\u00e9on au passage du Grand-Saint-Bernard\" width=\"256\" height=\"300\" srcset=\"https:\/\/www.sentierigressoney.it\/wp-content\/uploads\/2021\/12\/David_Napoleone_Gran_San_Bernardo_Malmaison-256x300.jpg 256w, https:\/\/www.sentierigressoney.it\/wp-content\/uploads\/2021\/12\/David_Napoleone_Gran_San_Bernardo_Malmaison-879x1030.jpg 879w, https:\/\/www.sentierigressoney.it\/wp-content\/uploads\/2021\/12\/David_Napoleone_Gran_San_Bernardo_Malmaison-768x900.jpg 768w, https:\/\/www.sentierigressoney.it\/wp-content\/uploads\/2021\/12\/David_Napoleone_Gran_San_Bernardo_Malmaison-602x705.jpg 602w, https:\/\/www.sentierigressoney.it\/wp-content\/uploads\/2021\/12\/David_Napoleone_Gran_San_Bernardo_Malmaison.jpg 1024w\" sizes=\"auto, (max-width: 256px) 100vw, 256px\" \/><\/a><p id=\"caption-attachment-24269\" class=\"wp-caption-text\">Napol\u00e9on au passage du Grand-Saint-Bernard<\/p><\/div>\n<h1>Continuation vers Punta della Regina<\/h1>\n<p>Une suite presque obligatoire est la <strong>Punta della Regina (2387 m)<\/strong>: tu y acc\u00e8des en suivant le <a href=\"https:\/\/www.sentierigressoney.it\/fr\/sentieri\/punta-regina-2385-m-sentier-7a\/\" class=\"sentiero-chip clickable-chip\">\n                    <i class=\"fas fa-hiking chip-icon-fa\"><\/i> \n                    <span class=\"chip-label\">SENTIER 7A<\/span>\n                <\/a>, raide mais court.<\/p>\n<div id=\"attachment_24363\" style=\"width: 1040px\" class=\"wp-caption aligncenter\"><a href=\"https:\/\/www.sentierigressoney.it\/wp-content\/uploads\/2022\/06\/DSCF9727.jpg\"><img loading=\"lazy\" decoding=\"async\" aria-describedby=\"caption-attachment-24363\" class=\"wp-image-9706 size-large\" title=\"Depuis le col, en regardant vers Punta della Regina.\" src=\"https:\/\/www.sentierigressoney.it\/wp-content\/uploads\/2022\/06\/DSCF9727-1030x687.jpg\" alt=\"Depuis le col, en regardant vers Punta della Regina.\" width=\"1030\" height=\"687\" srcset=\"https:\/\/www.sentierigressoney.it\/wp-content\/uploads\/2022\/06\/DSCF9727-1030x687.jpg 1030w, https:\/\/www.sentierigressoney.it\/wp-content\/uploads\/2022\/06\/DSCF9727-300x200.jpg 300w, https:\/\/www.sentierigressoney.it\/wp-content\/uploads\/2022\/06\/DSCF9727-768x512.jpg 768w, https:\/\/www.sentierigressoney.it\/wp-content\/uploads\/2022\/06\/DSCF9727-1536x1024.jpg 1536w, https:\/\/www.sentierigressoney.it\/wp-content\/uploads\/2022\/06\/DSCF9727-2048x1365.jpg 2048w, https:\/\/www.sentierigressoney.it\/wp-content\/uploads\/2022\/06\/DSCF9727-1500x1000.jpg 1500w, https:\/\/www.sentierigressoney.it\/wp-content\/uploads\/2022\/06\/DSCF9727-705x470.jpg 705w\" sizes=\"auto, (max-width: 1030px) 100vw, 1030px\" \/><\/a><p id=\"caption-attachment-24363\" class=\"wp-caption-text\">Depuis le col, en regardant vers Punta della Regina.<\/p><\/div>\n<p>Du sommet, tu peux descendre jusqu&rsquo;au col Ranzola par le m\u00eame sentier 7A, ou bien descendre sur l&rsquo;autre versant jusqu&rsquo;au bassin du lac de Gombetta par le <a href=\"https:\/\/www.sentierigressoney.it\/fr\/sentieri\/punta-della-regina-2382-m-sentier-3a\/\" class=\"sentiero-chip clickable-chip\">\n                    <i class=\"fas fa-hiking chip-icon-fa\"><\/i> \n                    <span class=\"chip-label\">SENTIER 3A<\/span>\n                <\/a>. Apr\u00e8s avoir l\u00e9g\u00e8rement d\u00e9pass\u00e9 le lac de Gombetta, le sentier se divise en deux : une branche part vers la gauche, l&rsquo;autre vers la droite. Deux itin\u00e9raires alternatifs sont donc possibles.<\/p>\n<ol>\n<li>L&rsquo;alternative simple consiste \u00e0 retourner au col Ranzola en prenant la direction de <strong>gauche<\/strong>, puis en suivant une tr\u00e8s courte section du <a href=\"https:\/\/www.sentierigressoney.it\/fr\/sentieri\/col-ranzola-2171m-sentier-3b\/\" class=\"sentiero-chip clickable-chip\">\n                    <i class=\"fas fa-hiking chip-icon-fa\"><\/i> \n                    <span class=\"chip-label\">SENTIER 3B <\/span>\n                <\/a>qui contourne la base de Punta della Regina dans le sens inverse des aiguilles d&rsquo;une montre. Une fois que tu as atteint le col Ranzola, tu retournes dans la vall\u00e9e par le m\u00eame sentier 3 emprunt\u00e9 \u00e0 la mont\u00e9e. Tu auras ainsi fait une \u00ab\u00a0boucle\u00a0\u00bb en montant \u00e0 Punta della Regina et en revenant au col Ranzola en le contournant.<\/li>\n<li>La variante la plus longue, en revanche, prend la direction de <strong>la droite<\/strong>, en empruntant le <a href=\"https:\/\/www.sentierigressoney.it\/fr\/sentieri\/col-ranzola-2171m-sentier-3b\/\" class=\"sentiero-chip clickable-chip\">\n                    <i class=\"fas fa-hiking chip-icon-fa\"><\/i> \n                    <span class=\"chip-label\">SENTIER 3B<\/span>\n                <\/a> jusqu&rsquo;au \u00ab\u00a0Belv\u00e9d\u00e8re\u00a0\u00bb, puis en redescendant jusqu&rsquo;\u00e0 l&rsquo;arriv\u00e9e du t\u00e9l\u00e9si\u00e8ge de Weismatten et du refuge Carlo Mollino. Lorsque tu auras atteint le t\u00e9l\u00e9si\u00e8ge, tu pourras retourner dans la vall\u00e9e en suivant le <a href=\"https:\/\/www.sentierigressoney.it\/fr\/sentieri\/weismatten-2055m-sentier-2\/\" class=\"sentiero-chip clickable-chip\">\n                    <i class=\"fas fa-hiking chip-icon-fa\"><\/i> \n                    <span class=\"chip-label\">SENTIER 2<\/span>\n                <\/a>, qui te ram\u00e8nera quelques m\u00e8tres au-dessus du d\u00e9part du sentier 3 emprunt\u00e9 \u00e0 l&rsquo;aller, cl\u00f4turant ainsi un beau sentier en boucle.<\/li>\n<\/ol>\n<div id=\"attachment_24299-2\" style=\"width: 1040px\" class=\"wp-caption aligncenter\"><img loading=\"lazy\" decoding=\"async\" aria-describedby=\"caption-attachment-24299-2\" class=\"wp-image-9496 size-large\" title=\"L'anneau autour de Punta Regina\" src=\"https:\/\/www.sentierigressoney.it\/wp-content\/uploads\/2022\/06\/anello-attorno-punta-regina-1030x501.png\" alt=\"L'anneau autour de Punta Regina\" width=\"1030\" height=\"501\" srcset=\"https:\/\/www.sentierigressoney.it\/wp-content\/uploads\/2022\/06\/anello-attorno-punta-regina-1030x501.png 1030w, https:\/\/www.sentierigressoney.it\/wp-content\/uploads\/2022\/06\/anello-attorno-punta-regina-300x146.png 300w, https:\/\/www.sentierigressoney.it\/wp-content\/uploads\/2022\/06\/anello-attorno-punta-regina-768x373.png 768w, https:\/\/www.sentierigressoney.it\/wp-content\/uploads\/2022\/06\/anello-attorno-punta-regina-705x343.png 705w, https:\/\/www.sentierigressoney.it\/wp-content\/uploads\/2022\/06\/anello-attorno-punta-regina.png 1364w\" sizes=\"auto, (max-width: 1030px) 100vw, 1030px\" \/><p id=\"caption-attachment-24299-2\" class=\"wp-caption-text\">L&rsquo;anneau autour de Punta della Regina<\/p><\/div>\n<\/div><\/section>\n\n<style type=\"text\/css\" data-created_by=\"avia_inline_auto\" id=\"style-css-av-n4s2v-0159b6e27a0d1ab2cdb0bd7b1dfb5390\">\n#top .hr.hr-invisible.av-n4s2v-0159b6e27a0d1ab2cdb0bd7b1dfb5390{\nheight:50px;\n}\n<\/style>\n<div  class='hr av-n4s2v-0159b6e27a0d1ab2cdb0bd7b1dfb5390 hr-invisible  avia-builder-el-18  el_after_av_textblock  el_before_av_heading '><span class='hr-inner '><span class=\"hr-inner-style\"><\/span><\/span><\/div>\n\n<style type=\"text\/css\" data-created_by=\"avia_inline_auto\" id=\"style-css-av-3w0t9z-6e63f9c6aa259735f638df4c27eb90bf\">\n#top .av-special-heading.av-3w0t9z-6e63f9c6aa259735f638df4c27eb90bf{\npadding-bottom:10px;\n}\nbody .av-special-heading.av-3w0t9z-6e63f9c6aa259735f638df4c27eb90bf .av-special-heading-tag .heading-char{\nfont-size:25px;\npadding-bottom:10px;\n}\n.av-special-heading.av-3w0t9z-6e63f9c6aa259735f638df4c27eb90bf .av-subheading{\nfont-size:15px;\n}\n<\/style>\n<div  id=\"gpxtrack\"  class='av-special-heading av-3w0t9z-6e63f9c6aa259735f638df4c27eb90bf av-special-heading-h2 blockquote elegant-quote elegant-centered  avia-builder-el-19  el_after_av_hr  el_before_av_textblock  gpxtrackanchor av-thin-font av-icon'><h2 class='av-special-heading-tag '  itemprop=\"headline\"  ><span class='heading-char avia-iconfont avia-font-entypo-fontello' data-av_icon='\ue841' data-av_iconfont='entypo-fontello' ><\/span><span class=\"heading-wrap\"><strong>3. Carte et trace GPX<\/strong><\/span><\/h2><div class=\"special-heading-border\"><div class=\"special-heading-inner-border\"><\/div><\/div><\/div>\n<section  class='av_textblock_section av-8xlav-6d99e96383bac769e44e49524a8133b4 '   itemscope=\"itemscope\" itemtype=\"https:\/\/schema.org\/CreativeWork\" ><div class='avia_textblock'  itemprop=\"text\" ><p>Voici la carte officielle du sentier figurant dans le <a href=\"https:\/\/mappe.partout.it\/pub\/geosentieri\/#\">registre des sentiers SCT<\/a> de la Vall\u00e9e d'Aoste.<br \/>\nVous pouvez t\u00e9l\u00e9charger la trace GPX du sentier si vous souhaitez l'utiliser dans votre application pr\u00e9f\u00e9r\u00e9e.<\/p>\n<\/div><\/section>\n<div  class='avia-button-wrap av-kxma2nrv-2bc185c6d399fe1b620e85b5320e20c4-wrap avia-button-center  avia-builder-el-21  el_after_av_textblock  el_before_av_codeblock  pulsantesentieri'>\n<style type=\"text\/css\" data-created_by=\"avia_inline_auto\" id=\"style-css-av-kxma2nrv-2bc185c6d399fe1b620e85b5320e20c4\">\n#top #wrap_all .avia-button.av-kxma2nrv-2bc185c6d399fe1b620e85b5320e20c4{\nbackground-color:#3d3d3d;\nborder-color:#aaaaaa;\ncolor:#bfbfbf;\nborder-style:solid;\nborder-width:1px 1px 1px 1px;\ntransition:all 0.4s ease-in-out;\n}\n#top #wrap_all .avia-button.av-kxma2nrv-2bc185c6d399fe1b620e85b5320e20c4:hover{\nbackground-color:#8e8e8e;\ncolor:white;\ntransition:all 0.4s ease-in-out;\n}\n#top #wrap_all .avia-button.av-kxma2nrv-2bc185c6d399fe1b620e85b5320e20c4 .avia-svg-icon svg:first-child{\nfill:#bfbfbf;\nstroke:#bfbfbf;\n}\n#top #wrap_all .avia-button.av-kxma2nrv-2bc185c6d399fe1b620e85b5320e20c4:hover .avia-svg-icon svg:first-child{\nfill:white;\nstroke:white;\n}\n<\/style>\n<a href='https:\/\/www.sentierigressoney.it\/wp-content\/uploads\/2021\/12\/SJ_03.gpx'  class='avia-button av-kxma2nrv-2bc185c6d399fe1b620e85b5320e20c4 av-link-btn avia-icon_select-yes-left-icon avia-size-small avia-position-center'   aria-label=\"T\u00e9l\u00e9charge le sentier au format GPX\"><span class='avia_button_icon avia_button_icon_left avia-iconfont avia-font-entypo-fontello' data-av_icon='\ue82d' data-av_iconfont='entypo-fontello' ><\/span><span class='avia_iconbox_title' >T\u00e9l\u00e9charge le sentier au format GPX<\/span><\/a><\/div>\n\n\n<style type=\"text\/css\" data-created_by=\"avia_inline_auto\" id=\"style-css-av-3tei7r-f414ecb973942c6e79e32bd15e0d98b1\">\n#top .av-special-heading.av-3tei7r-f414ecb973942c6e79e32bd15e0d98b1{\npadding-bottom:10px;\n}\nbody .av-special-heading.av-3tei7r-f414ecb973942c6e79e32bd15e0d98b1 .av-special-heading-tag .heading-char{\nfont-size:25px;\ncolor:#8e8e8e;\npadding-bottom:10px;\n}\nbody .av-special-heading.av-3tei7r-f414ecb973942c6e79e32bd15e0d98b1 .av-special-heading-tag .heading-char.avia-svg-icon svg:first-child{\nfill:#8e8e8e;\nstroke:#8e8e8e;\n}\n.av-special-heading.av-3tei7r-f414ecb973942c6e79e32bd15e0d98b1 .av-subheading{\nfont-size:15px;\n}\n<\/style>\n<div  id=\"escursioni\"  class='av-special-heading av-3tei7r-f414ecb973942c6e79e32bd15e0d98b1 av-special-heading-h2 custom-color-heading blockquote elegant-quote elegant-centered  avia-builder-el-23  el_after_av_codeblock  el_before_av_heading  av-thin-font av-icon'><h2 class='av-special-heading-tag '  itemprop=\"headline\"  ><span class='heading-char avia-iconfont avia-font-fontello' data-av_icon='\ue803' data-av_iconfont='fontello' ><\/span><span class=\"heading-wrap\"><strong>4. Une excursion r\u00e9cente<\/strong><\/span><\/h2><div class=\"special-heading-border\"><div class=\"special-heading-inner-border\"><\/div><\/div><\/div>\n\n<style type=\"text\/css\" data-created_by=\"avia_inline_auto\" id=\"style-css-av-7pk5qf-f15d446ae69182bb68444e473ff59996\">\n#top .av-special-heading.av-7pk5qf-f15d446ae69182bb68444e473ff59996{\npadding-bottom:10px;\n}\nbody .av-special-heading.av-7pk5qf-f15d446ae69182bb68444e473ff59996 .av-special-heading-tag .heading-char{\nfont-size:25px;\n}\n.av-special-heading.av-7pk5qf-f15d446ae69182bb68444e473ff59996 .av-subheading{\nfont-size:15px;\n}\n<\/style>\n<div  class='av-special-heading av-7pk5qf-f15d446ae69182bb68444e473ff59996 av-special-heading-h5 custom-color-heading blockquote modern-quote modern-centered  avia-builder-el-24  el_after_av_heading  el_before_av_textblock  av-thin-font'><h5 class='av-special-heading-tag '  itemprop=\"headline\"  ><strong>25\/7\/2021<\/strong><\/h5><div class=\"special-heading-border\"><div class=\"special-heading-inner-border\"><\/div><\/div><\/div>\n\n<style type=\"text\/css\" data-created_by=\"avia_inline_auto\" id=\"style-css-av-5dy993-c48c6e55a220135e77ab2dfe9ee2044d\">\n#top .av_textblock_section.av-5dy993-c48c6e55a220135e77ab2dfe9ee2044d .avia_textblock{\ntext-align:left;\n}\n<\/style>\n<section  class='av_textblock_section av-5dy993-c48c6e55a220135e77ab2dfe9ee2044d '   itemscope=\"itemscope\" itemtype=\"https:\/\/schema.org\/CreativeWork\" ><div class='avia_textblock'  itemprop=\"text\" ><p>Voici la trace GPX de l&rsquo;ascension r\u00e9alis\u00e9e le 25\/7\/2021.<\/p>\n<\/div><\/section>\n<div  class='avia-button-wrap av-3ldd9j-88518b25dd734afd29b65a0cbdbae46b-wrap avia-button-center  avia-builder-el-26  el_after_av_textblock  el_before_av_codeblock  pulsantesentieri'>\n<style type=\"text\/css\" data-created_by=\"avia_inline_auto\" id=\"style-css-av-3ldd9j-88518b25dd734afd29b65a0cbdbae46b\">\n#top #wrap_all .avia-button.av-3ldd9j-88518b25dd734afd29b65a0cbdbae46b{\nbackground-color:#3d3d3d;\nborder-color:#aaaaaa;\ncolor:#bfbfbf;\nborder-style:solid;\nborder-width:1px 1px 1px 1px;\ntransition:all 0.4s ease-in-out;\n}\n#top #wrap_all .avia-button.av-3ldd9j-88518b25dd734afd29b65a0cbdbae46b:hover{\nbackground-color:#8e8e8e;\ncolor:white;\ntransition:all 0.4s ease-in-out;\n}\n#top #wrap_all .avia-button.av-3ldd9j-88518b25dd734afd29b65a0cbdbae46b .avia-svg-icon svg:first-child{\nfill:#bfbfbf;\nstroke:#bfbfbf;\n}\n#top #wrap_all .avia-button.av-3ldd9j-88518b25dd734afd29b65a0cbdbae46b:hover .avia-svg-icon svg:first-child{\nfill:white;\nstroke:white;\n}\n<\/style>\n<a href='https:\/\/www.sentierigressoney.it\/wp-content\/uploads\/2022\/06\/20210725_ColleRanzola_3.gpx'  class='avia-button av-3ldd9j-88518b25dd734afd29b65a0cbdbae46b av-link-btn avia-icon_select-yes-left-icon avia-size-small avia-position-center'   aria-label=\"T\u00e9l\u00e9charge le sentier au format GPX\"><span class='avia_button_icon avia_button_icon_left avia-iconfont avia-font-entypo-fontello' data-av_icon='\ue82d' data-av_iconfont='entypo-fontello' ><\/span><span class='avia_iconbox_title' >T\u00e9l\u00e9charge le sentier au format GPX<\/span><\/a><\/div>\n\n\n","protected":false},"excerpt":{"rendered":"<p>Difficult\u00e9 : E<br \/>\nLongueur : 3538m<br \/>\nD\u00e9nivel\u00e9 : 723m<br \/>\nDur\u00e9e : 2h11 <\/p>\n","protected":false},"author":1,"featured_media":24264,"comment_status":"closed","ping_status":"closed","template":"","meta":{"footnotes":""},"tags":[],"portfolio_entries":[117,107],"class_list":["post-27193","portfolio","type-portfolio","status-publish","has-post-thumbnail","hentry","portfolio_entries-difficulte-e-fr","portfolio_entries-gressoney-saint-jean-fr"],"yoast_head":"<!-- This site is optimized with the Yoast SEO plugin v28.3 - https:\/\/yoast.com\/product\/yoast-seo-wordpress\/ -->\n<title>Col Ranzola (2171m), sentier 3<\/title>\n<meta name=\"description\" content=\"Description, trace GPX et photographies d\u00e9crivant le sentier Sentiers de Gressoney 3 Saint-Jean, de Biel \u00e0 Colle Ranzola.\" \/>\n<meta name=\"robots\" content=\"index, follow, max-snippet:-1, max-image-preview:large, max-video-preview:-1\" \/>\n<link rel=\"canonical\" href=\"https:\/\/www.sentierigressoney.it\/fr\/sentieri\/col-ranzola-2171m-sentier-3\/\" \/>\n<meta property=\"og:locale\" content=\"fr_FR\" \/>\n<meta property=\"og:type\" content=\"article\" \/>\n<meta property=\"og:title\" content=\"Col Ranzola (2171m), sentier 3\" \/>\n<meta property=\"og:description\" content=\"Description, trace GPX et photographies d\u00e9crivant le sentier Sentiers de Gressoney 3 Saint-Jean, de Biel \u00e0 Colle Ranzola.\" \/>\n<meta property=\"og:url\" content=\"https:\/\/www.sentierigressoney.it\/fr\/sentieri\/col-ranzola-2171m-sentier-3\/\" \/>\n<meta property=\"og:site_name\" content=\"I sentieri di Gressoney\" \/>\n<meta property=\"article:publisher\" content=\"https:\/\/www.facebook.com\/sentierigressoney\" \/>\n<meta property=\"article:modified_time\" content=\"2026-05-19T18:12:46+00:00\" \/>\n<meta property=\"og:image\" content=\"https:\/\/www.sentierigressoney.it\/wp-content\/uploads\/2022\/06\/DSF2782.jpg\" \/>\n\t<meta property=\"og:image:width\" content=\"2250\" \/>\n\t<meta property=\"og:image:height\" content=\"1500\" \/>\n\t<meta property=\"og:image:type\" content=\"image\/jpeg\" \/>\n<meta name=\"twitter:card\" content=\"summary_large_image\" \/>\n<meta name=\"twitter:label1\" content=\"Dur\u00e9e de lecture estim\u00e9e\" \/>\n\t<meta name=\"twitter:data1\" content=\"28 minutes\" \/>\n<script type=\"application\/ld+json\" class=\"yoast-schema-graph\">{\"@context\":\"https:\\\/\\\/schema.org\",\"@graph\":[{\"@type\":\"WebPage\",\"@id\":\"https:\\\/\\\/www.sentierigressoney.it\\\/fr\\\/sentieri\\\/col-ranzola-2171m-sentier-3\\\/\",\"url\":\"https:\\\/\\\/www.sentierigressoney.it\\\/fr\\\/sentieri\\\/col-ranzola-2171m-sentier-3\\\/\",\"name\":\"Col Ranzola (2171m), sentier 3\",\"isPartOf\":{\"@id\":\"https:\\\/\\\/www.sentierigressoney.it\\\/fr\\\/#website\"},\"primaryImageOfPage\":{\"@id\":\"https:\\\/\\\/www.sentierigressoney.it\\\/fr\\\/sentieri\\\/col-ranzola-2171m-sentier-3\\\/#primaryimage\"},\"image\":{\"@id\":\"https:\\\/\\\/www.sentierigressoney.it\\\/fr\\\/sentieri\\\/col-ranzola-2171m-sentier-3\\\/#primaryimage\"},\"thumbnailUrl\":\"https:\\\/\\\/www.sentierigressoney.it\\\/wp-content\\\/uploads\\\/2022\\\/06\\\/DSF2782.jpg\",\"datePublished\":\"2021-12-05T23:00:00+00:00\",\"dateModified\":\"2026-05-19T18:12:46+00:00\",\"description\":\"Description, trace GPX et photographies d\u00e9crivant le sentier Sentiers de Gressoney 3 Saint-Jean, de Biel \u00e0 Colle Ranzola.\",\"inLanguage\":\"fr-FR\",\"potentialAction\":[{\"@type\":\"ReadAction\",\"target\":[\"https:\\\/\\\/www.sentierigressoney.it\\\/fr\\\/sentieri\\\/col-ranzola-2171m-sentier-3\\\/\"]}]},{\"@type\":\"ImageObject\",\"inLanguage\":\"fr-FR\",\"@id\":\"https:\\\/\\\/www.sentierigressoney.it\\\/fr\\\/sentieri\\\/col-ranzola-2171m-sentier-3\\\/#primaryimage\",\"url\":\"https:\\\/\\\/www.sentierigressoney.it\\\/wp-content\\\/uploads\\\/2022\\\/06\\\/DSF2782.jpg\",\"contentUrl\":\"https:\\\/\\\/www.sentierigressoney.it\\\/wp-content\\\/uploads\\\/2022\\\/06\\\/DSF2782.jpg\",\"width\":2250,\"height\":1500,\"caption\":\"La col Ranzola et la chapelle\"},{\"@type\":\"WebSite\",\"@id\":\"https:\\\/\\\/www.sentierigressoney.it\\\/fr\\\/#website\",\"url\":\"https:\\\/\\\/www.sentierigressoney.it\\\/fr\\\/\",\"name\":\"Sentieri di Gressoney\",\"description\":\"Informazioni sui sentieri di Gressoney\",\"publisher\":{\"@id\":\"https:\\\/\\\/www.sentierigressoney.it\\\/fr\\\/#organization\"},\"alternateName\":\"Sentieri di Gressoney\",\"potentialAction\":[{\"@type\":\"SearchAction\",\"target\":{\"@type\":\"EntryPoint\",\"urlTemplate\":\"https:\\\/\\\/www.sentierigressoney.it\\\/fr\\\/?s={search_term_string}\"},\"query-input\":{\"@type\":\"PropertyValueSpecification\",\"valueRequired\":true,\"valueName\":\"search_term_string\"}}],\"inLanguage\":\"fr-FR\"},{\"@type\":\"Organization\",\"@id\":\"https:\\\/\\\/www.sentierigressoney.it\\\/fr\\\/#organization\",\"name\":\"Sentieri di Gressoney\",\"alternateName\":\"Sentieri Gressoney\",\"url\":\"https:\\\/\\\/www.sentierigressoney.it\\\/fr\\\/\",\"logo\":{\"@type\":\"ImageObject\",\"inLanguage\":\"fr-FR\",\"@id\":\"https:\\\/\\\/www.sentierigressoney.it\\\/fr\\\/#\\\/schema\\\/logo\\\/image\\\/\",\"url\":\"https:\\\/\\\/www.sentierigressoney.it\\\/wp-content\\\/uploads\\\/2022\\\/01\\\/stambecco-2.jpg\",\"contentUrl\":\"https:\\\/\\\/www.sentierigressoney.it\\\/wp-content\\\/uploads\\\/2022\\\/01\\\/stambecco-2.jpg\",\"width\":2250,\"height\":1500,\"caption\":\"Sentieri di Gressoney\"},\"image\":{\"@id\":\"https:\\\/\\\/www.sentierigressoney.it\\\/fr\\\/#\\\/schema\\\/logo\\\/image\\\/\"},\"sameAs\":[\"https:\\\/\\\/www.facebook.com\\\/sentierigressoney\",\"https:\\\/\\\/www.instagram.com\\\/sentierigressoney\\\/\"]}]}<\/script>\n<!-- \/ Yoast SEO plugin. -->","yoast_head_json":{"title":"Col Ranzola (2171m), sentier 3","description":"Description, trace GPX et photographies d\u00e9crivant le sentier Sentiers de Gressoney 3 Saint-Jean, de Biel \u00e0 Colle Ranzola.","robots":{"index":"index","follow":"follow","max-snippet":"max-snippet:-1","max-image-preview":"max-image-preview:large","max-video-preview":"max-video-preview:-1"},"canonical":"https:\/\/www.sentierigressoney.it\/fr\/sentieri\/col-ranzola-2171m-sentier-3\/","og_locale":"fr_FR","og_type":"article","og_title":"Col Ranzola (2171m), sentier 3","og_description":"Description, trace GPX et photographies d\u00e9crivant le sentier Sentiers de Gressoney 3 Saint-Jean, de Biel \u00e0 Colle Ranzola.","og_url":"https:\/\/www.sentierigressoney.it\/fr\/sentieri\/col-ranzola-2171m-sentier-3\/","og_site_name":"I sentieri di Gressoney","article_publisher":"https:\/\/www.facebook.com\/sentierigressoney","article_modified_time":"2026-05-19T18:12:46+00:00","og_image":[{"width":2250,"height":1500,"url":"https:\/\/www.sentierigressoney.it\/wp-content\/uploads\/2022\/06\/DSF2782.jpg","type":"image\/jpeg"}],"twitter_card":"summary_large_image","twitter_misc":{"Dur\u00e9e de lecture estim\u00e9e":"28 minutes"},"schema":{"@context":"https:\/\/schema.org","@graph":[{"@type":"WebPage","@id":"https:\/\/www.sentierigressoney.it\/fr\/sentieri\/col-ranzola-2171m-sentier-3\/","url":"https:\/\/www.sentierigressoney.it\/fr\/sentieri\/col-ranzola-2171m-sentier-3\/","name":"Col Ranzola (2171m), sentier 3","isPartOf":{"@id":"https:\/\/www.sentierigressoney.it\/fr\/#website"},"primaryImageOfPage":{"@id":"https:\/\/www.sentierigressoney.it\/fr\/sentieri\/col-ranzola-2171m-sentier-3\/#primaryimage"},"image":{"@id":"https:\/\/www.sentierigressoney.it\/fr\/sentieri\/col-ranzola-2171m-sentier-3\/#primaryimage"},"thumbnailUrl":"https:\/\/www.sentierigressoney.it\/wp-content\/uploads\/2022\/06\/DSF2782.jpg","datePublished":"2021-12-05T23:00:00+00:00","dateModified":"2026-05-19T18:12:46+00:00","description":"Description, trace GPX et photographies d\u00e9crivant le sentier Sentiers de Gressoney 3 Saint-Jean, de Biel \u00e0 Colle Ranzola.","inLanguage":"fr-FR","potentialAction":[{"@type":"ReadAction","target":["https:\/\/www.sentierigressoney.it\/fr\/sentieri\/col-ranzola-2171m-sentier-3\/"]}]},{"@type":"ImageObject","inLanguage":"fr-FR","@id":"https:\/\/www.sentierigressoney.it\/fr\/sentieri\/col-ranzola-2171m-sentier-3\/#primaryimage","url":"https:\/\/www.sentierigressoney.it\/wp-content\/uploads\/2022\/06\/DSF2782.jpg","contentUrl":"https:\/\/www.sentierigressoney.it\/wp-content\/uploads\/2022\/06\/DSF2782.jpg","width":2250,"height":1500,"caption":"La col Ranzola et la chapelle"},{"@type":"WebSite","@id":"https:\/\/www.sentierigressoney.it\/fr\/#website","url":"https:\/\/www.sentierigressoney.it\/fr\/","name":"Sentieri di Gressoney","description":"Informazioni sui sentieri di Gressoney","publisher":{"@id":"https:\/\/www.sentierigressoney.it\/fr\/#organization"},"alternateName":"Sentieri di Gressoney","potentialAction":[{"@type":"SearchAction","target":{"@type":"EntryPoint","urlTemplate":"https:\/\/www.sentierigressoney.it\/fr\/?s={search_term_string}"},"query-input":{"@type":"PropertyValueSpecification","valueRequired":true,"valueName":"search_term_string"}}],"inLanguage":"fr-FR"},{"@type":"Organization","@id":"https:\/\/www.sentierigressoney.it\/fr\/#organization","name":"Sentieri di Gressoney","alternateName":"Sentieri Gressoney","url":"https:\/\/www.sentierigressoney.it\/fr\/","logo":{"@type":"ImageObject","inLanguage":"fr-FR","@id":"https:\/\/www.sentierigressoney.it\/fr\/#\/schema\/logo\/image\/","url":"https:\/\/www.sentierigressoney.it\/wp-content\/uploads\/2022\/01\/stambecco-2.jpg","contentUrl":"https:\/\/www.sentierigressoney.it\/wp-content\/uploads\/2022\/01\/stambecco-2.jpg","width":2250,"height":1500,"caption":"Sentieri di Gressoney"},"image":{"@id":"https:\/\/www.sentierigressoney.it\/fr\/#\/schema\/logo\/image\/"},"sameAs":["https:\/\/www.facebook.com\/sentierigressoney","https:\/\/www.instagram.com\/sentierigressoney\/"]}]}},"_links":{"self":[{"href":"https:\/\/www.sentierigressoney.it\/fr\/wp-json\/wp\/v2\/portfolio\/27193","targetHints":{"allow":["GET"]}}],"collection":[{"href":"https:\/\/www.sentierigressoney.it\/fr\/wp-json\/wp\/v2\/portfolio"}],"about":[{"href":"https:\/\/www.sentierigressoney.it\/fr\/wp-json\/wp\/v2\/types\/portfolio"}],"author":[{"embeddable":true,"href":"https:\/\/www.sentierigressoney.it\/fr\/wp-json\/wp\/v2\/users\/1"}],"replies":[{"embeddable":true,"href":"https:\/\/www.sentierigressoney.it\/fr\/wp-json\/wp\/v2\/comments?post=27193"}],"version-history":[{"count":3,"href":"https:\/\/www.sentierigressoney.it\/fr\/wp-json\/wp\/v2\/portfolio\/27193\/revisions"}],"predecessor-version":[{"id":34596,"href":"https:\/\/www.sentierigressoney.it\/fr\/wp-json\/wp\/v2\/portfolio\/27193\/revisions\/34596"}],"wp:featuredmedia":[{"embeddable":true,"href":"https:\/\/www.sentierigressoney.it\/fr\/wp-json\/wp\/v2\/media\/24264"}],"wp:attachment":[{"href":"https:\/\/www.sentierigressoney.it\/fr\/wp-json\/wp\/v2\/media?parent=27193"}],"wp:term":[{"taxonomy":"post_tag","embeddable":true,"href":"https:\/\/www.sentierigressoney.it\/fr\/wp-json\/wp\/v2\/tags?post=27193"},{"taxonomy":"portfolio_entries","embeddable":true,"href":"https:\/\/www.sentierigressoney.it\/fr\/wp-json\/wp\/v2\/portfolio_entries?post=27193"}],"curies":[{"name":"wp","href":"https:\/\/api.w.org\/{rel}","templated":true}]}}