{"id":27189,"date":"2021-12-05T00:00:00","date_gmt":"2021-12-04T23:00:00","guid":{"rendered":"https:\/\/www.sentierigressoney.it\/sentieri\/weismatten-2055m-sentier-2\/"},"modified":"2026-08-13T21:05:16","modified_gmt":"2026-08-13T19:05:16","slug":"weismatten-2055m-sentier-2","status":"publish","type":"portfolio","link":"https:\/\/www.sentierigressoney.it\/fr\/sentieri\/weismatten-2055m-sentier-2\/","title":{"rendered":"Weismatten (2055m), sentier 2"},"content":{"rendered":"<div class='clear'><\/div><div id='sub_menu1'  class='av-submenu-container av-119tom-fae57dc21b4b44bb5cf7ccea57de895d main_color  avia-builder-el-0  el_before_av_submenu  avia-builder-el-first  fullwidth_submenu_sentieri av-sticky-submenu container_wrap fullsize' style='z-index:301' ><div class='container av-menu-mobile-disabled av-submenu-pos-center'><ul id=\"menu-submenu_sentieri-fr\" class=\"av-subnav-menu\" role=\"menu\"><li role=\"menuitem\" id=\"menu-item-31139\" class=\"menuitem_sentieri menu-item menu-item-type-custom menu-item-object-custom menu-item-top-level menu-item-top-level-1\"><a href=\"#descrizionegenerale\" itemprop=\"url\" tabindex=\"0\"><span class=\"avia-bullet\"><\/span><span class=\"avia-menu-text\">Description g\u00e9n\u00e9rale<\/span><span class=\"avia-menu-fx\"><span class=\"avia-arrow-wrap\"><span class=\"avia-arrow\"><\/span><\/span><\/span><\/a><\/li>\n<li role=\"menuitem\" id=\"menu-item-31140\" class=\"menuitem_sentieri menu-item menu-item-type-custom menu-item-object-custom menu-item-top-level menu-item-top-level-2\"><a href=\"#partenzaearrivo\" itemprop=\"url\" tabindex=\"0\"><span class=\"avia-bullet\"><\/span><span class=\"avia-menu-text\">D\u00e9part et arriv\u00e9e<\/span><span class=\"avia-menu-fx\"><span class=\"avia-arrow-wrap\"><span class=\"avia-arrow\"><\/span><\/span><\/span><\/a><\/li>\n<li role=\"menuitem\" id=\"menu-item-31141\" class=\"menuitem_sentieri menu-item menu-item-type-custom menu-item-object-custom menu-item-top-level menu-item-top-level-3\"><a href=\"#mappadelsentiero\" itemprop=\"url\" tabindex=\"0\"><span class=\"avia-bullet\"><\/span><span class=\"avia-menu-text\">L&rsquo;itin\u00e9raire<\/span><span class=\"avia-menu-fx\"><span class=\"avia-arrow-wrap\"><span class=\"avia-arrow\"><\/span><\/span><\/span><\/a><\/li>\n<li role=\"menuitem\" id=\"menu-item-31142\" class=\"menuitem_sentieri menu-item menu-item-type-custom menu-item-object-custom menu-item-top-level menu-item-top-level-4\"><a href=\"#gpxtrack\" itemprop=\"url\" tabindex=\"0\"><span class=\"avia-bullet\"><\/span><span class=\"avia-menu-text\">Carte et trace GPX<\/span><span class=\"avia-menu-fx\"><span class=\"avia-arrow-wrap\"><span class=\"avia-arrow\"><\/span><\/span><\/span><\/a><\/li>\n<li role=\"menuitem\" id=\"menu-item-31143\" class=\"menuitem_sentieri_highlighted menu-item menu-item-type-custom menu-item-object-custom menu-item-has-children menu-item-top-level menu-item-top-level-5\"><a itemprop=\"url\" tabindex=\"0\"><span class=\"avia-bullet\"><\/span><span class=\"avia-menu-text\">Retour aux sentiers de&#8230;<\/span><span class=\"avia-menu-fx\"><span class=\"avia-arrow-wrap\"><span class=\"avia-arrow\"><\/span><\/span><\/span><\/a>\n\n\n<ul class=\"sub-menu\">\n\t<li role=\"menuitem\" id=\"menu-item-31144\" class=\"menuitem_sentieri_highlighted menu-item menu-item-type-post_type menu-item-object-page\"><a href=\"https:\/\/www.sentierigressoney.it\/fr\/sentiers-de-gressoney-saint-jean\/\" itemprop=\"url\" tabindex=\"0\"><span class=\"avia-bullet\"><\/span><span class=\"avia-menu-text\">Gressoney-Saint-Jean<\/span><\/a><\/li>\n\t<li role=\"menuitem\" id=\"menu-item-31145\" class=\"menuitem_sentieri_highlighted menu-item menu-item-type-post_type menu-item-object-page\"><a href=\"https:\/\/www.sentierigressoney.it\/fr\/sentiers-de-gressoney-la-trinite\/\" itemprop=\"url\" tabindex=\"0\"><span class=\"avia-bullet\"><\/span><span class=\"avia-menu-text\">Gressoney-La-Trinit\u00e9<\/span><\/a><\/li>\n<\/ul>\n<\/li>\n<\/ul><\/div><\/div><div class='sticky_placeholder'><\/div>\n<div class='clear'><\/div><div id='sub_menu2'  class='av-submenu-container av-5y1f6u-8ccefc8c71809cd1034e62a33eed9102 main_color  avia-builder-el-1  el_after_av_submenu  el_before_av_section  fullwidth_submenu_sentieri_mobile av-sticky-submenu submenu-not-first container_wrap fullsize' style='z-index:302' ><div class='container av-menu-mobile-disabled av-submenu-pos-center'><ul id=\"menu-submenu_sentieri_mobile-fr\" class=\"av-subnav-menu\" role=\"menu\"><li role=\"menuitem\" id=\"menu-item-31152\" class=\"menu-item menu-item-type-custom menu-item-object-custom menu-item-top-level menu-item-top-level-1\"><a href=\"#descrizionegenerale\" itemprop=\"url\" tabindex=\"0\"><span class=\"avia-bullet\"><\/span><span class=\"avia-menu-text\"><span  class='av_font_icon av-mhrxum4i-d2ed3779326e0b469406769a708b0d17 avia_animate_when_visible av-icon-style- avia-icon-pos-center avia-svg-icon avia-font-svg_entypo-fontello av-no-color avia-icon-animate'><span class='av-icon-char' data-av_svg_icon='to-start' data-av_iconset='svg_entypo-fontello' ><svg version=\"1.1\" xmlns=\"http:\/\/www.w3.org\/2000\/svg\" width=\"19\" height=\"32\" viewBox=\"0 0 19 32\" preserveAspectRatio=\"xMidYMid meet\" aria-labelledby='av-svg-title-1' aria-describedby='av-svg-desc-1' role=\"graphics-symbol\" aria-hidden=\"true\">\n<title id='av-svg-title-1'>To-start<\/title>\n<desc id='av-svg-desc-1'>To-start<\/desc>\n<path d=\"M5.568 16q0-0.448 0.448-0.768l11.648-7.296q0.64-0.448 1.088-0.16t0.448 1.12v14.144q0 0.832-0.448 1.12t-1.088-0.16l-11.648-7.296q-0.448-0.32-0.448-0.704zM0 8.512q0-1.856 2.432-1.856 2.368 0 2.368 1.856v14.912q0 1.856-2.368 1.856-2.432 0-2.432-1.856v-14.912z\"><\/path>\n<\/svg><\/span><\/span><\/span><span class=\"avia-menu-fx\"><span class=\"avia-arrow-wrap\"><span class=\"avia-arrow\"><\/span><\/span><\/span><\/a><\/li>\n<li role=\"menuitem\" id=\"menu-item-31153\" class=\"menu-item menu-item-type-custom menu-item-object-custom menu-item-top-level menu-item-top-level-2\"><a href=\"#partenzaearrivo\" itemprop=\"url\" tabindex=\"0\"><span class=\"avia-bullet\"><\/span><span class=\"avia-menu-text\"><span  class='av_font_icon av-mhuo4bia-715a8115ec8a38d3fb36d35af1c48bc2 avia_animate_when_visible av-icon-style- avia-icon-pos-center avia-svg-icon avia-font-svg_entypo-fontello av-no-color avia-icon-animate'><span class='av-icon-char' data-av_svg_icon='rocket' data-av_iconset='svg_entypo-fontello' ><svg version=\"1.1\" xmlns=\"http:\/\/www.w3.org\/2000\/svg\" width=\"28\" height=\"32\" viewBox=\"0 0 28 32\" preserveAspectRatio=\"xMidYMid meet\" aria-labelledby='av-svg-title-2' aria-describedby='av-svg-desc-2' role=\"graphics-symbol\" aria-hidden=\"true\">\n<title id='av-svg-title-2'>Rocket<\/title>\n<desc id='av-svg-desc-2'>Rocket<\/desc>\n<path d=\"M17.376 19.648q0.192 1.6 0.256 2.592t-0.256 1.888-0.416 1.28-1.12 1.024-1.44 0.832-2.24 0.992-2.72 1.184q-1.024 0.384-1.44-0.128t-0.096-1.408l1.28-3.52-4.16-4.224-3.392 1.28q-0.896 0.384-1.376-0.064t-0.096-1.472q0.384-0.96 0.992-2.528t0.864-2.080 0.704-1.44 0.8-1.152 0.928-0.64 1.312-0.416h1.664t2.272 0.192q0.32-0.448 0.928-1.248t2.464-2.72 3.776-3.328 4.64-2.4 5.28-0.608q0.256 0 0.448 0.192 0.128 0.128 0.192 0.448 0.32 2.624-0.576 5.376t-2.432 4.832-3.136 3.776-2.752 2.592zM18.976 10.176q0.704 0.704 1.728 0.704t1.728-0.704q0.704-0.768 0.704-1.792t-0.704-1.792q-0.704-0.704-1.728-0.704t-1.728 0.704q-0.704 0.768-0.704 1.792t0.704 1.792z\"><\/path>\n<\/svg><\/span><\/span><\/span><span class=\"avia-menu-fx\"><span class=\"avia-arrow-wrap\"><span class=\"avia-arrow\"><\/span><\/span><\/span><\/a><\/li>\n<li role=\"menuitem\" id=\"menu-item-31154\" class=\"menu-item menu-item-type-custom menu-item-object-custom menu-item-top-level menu-item-top-level-3\"><a href=\"#mappadelsentiero\" itemprop=\"url\" tabindex=\"0\"><span class=\"avia-bullet\"><\/span><span class=\"avia-menu-text\"><span  class='av_font_icon av-mhrxqa57-359ac9276080abd513a2bb6d542e494c avia_animate_when_visible av-icon-style- avia-icon-pos-center avia-svg-icon avia-font-svg_entypo-fontello av-no-color avia-icon-animate'><span class='av-icon-char' data-av_svg_icon='map' data-av_iconset='svg_entypo-fontello' ><svg version=\"1.1\" xmlns=\"http:\/\/www.w3.org\/2000\/svg\" width=\"32\" height=\"32\" viewBox=\"0 0 32 32\" preserveAspectRatio=\"xMidYMid meet\" aria-labelledby='av-svg-title-3' aria-describedby='av-svg-desc-3' role=\"graphics-symbol\" aria-hidden=\"true\">\n<title id='av-svg-title-3'>Map<\/title>\n<desc id='av-svg-desc-3'>Map<\/desc>\n<path d=\"M31.488 8q0.512 0.32 0.512 0.96v18.688q0 0.64-0.512 0.96-0.256 0.192-0.512 0.192t-0.576-0.192l-6.912-4.352-6.912 4.352q-0.576 0.32-1.088 0l-6.976-4.352-6.912 4.352q-0.512 0.32-1.088 0-0.512-0.32-0.512-0.96v-18.688q0-0.64 0.512-0.96l7.488-4.672q0.576-0.32 1.088 0l6.912 4.352 6.976-4.352q0.512-0.32 1.024 0zM7.488 22.4v-16.192l-5.376 3.328v16.192zM14.976 25.728v-16.192l-5.376-3.328v16.192zM22.464 22.4v-16.192l-5.44 3.328v16.192zM29.888 25.728v-16.192l-5.376-3.328v16.192z\"><\/path>\n<\/svg><\/span><\/span><\/span><span class=\"avia-menu-fx\"><span class=\"avia-arrow-wrap\"><span class=\"avia-arrow\"><\/span><\/span><\/span><\/a><\/li>\n<li role=\"menuitem\" id=\"menu-item-31155\" class=\"menu-item menu-item-type-custom menu-item-object-custom menu-item-top-level menu-item-top-level-4\"><a href=\"#gpxtrack\" itemprop=\"url\" tabindex=\"0\"><span class=\"avia-bullet\"><\/span><span class=\"avia-menu-text\"><span  class='av_font_icon av-mhuo4bia-dd4e6d883e147e67f14cfda3807f3eeb avia_animate_when_visible av-icon-style- avia-icon-pos-center avia-svg-icon avia-font-svg_entypo-fontello av-no-color avia-icon-animate'><span class='av-icon-char' data-av_svg_icon='address' data-av_iconset='svg_entypo-fontello' ><svg version=\"1.1\" xmlns=\"http:\/\/www.w3.org\/2000\/svg\" width=\"32\" height=\"32\" viewBox=\"0 0 32 32\" preserveAspectRatio=\"xMidYMid meet\" aria-labelledby='av-svg-title-4' aria-describedby='av-svg-desc-4' role=\"graphics-symbol\" aria-hidden=\"true\">\n<title id='av-svg-title-4'>Address<\/title>\n<desc id='av-svg-desc-4'>Address icon<\/desc>\n<path d=\"M13.632 1.6q0.64 0 0.64 0.64v27.52q0 0.64-0.64 0.64h-1.472q-0.64 0-0.64-0.64v-14.080h-5.632q-0.512 0-0.896-0.192-0.384-0.064-0.832-0.384l-3.84-2.624q-0.32-0.192-0.32-0.512t0.32-0.512l3.84-2.624q0.448-0.32 0.832-0.384 0.256-0.128 0.896-0.128h5.632v-6.080q0-0.64 0.64-0.64h1.472zM31.68 8.256q0.32 0.192 0.32 0.512t-0.32 0.512l-3.776 2.624q-0.704 0.384-0.832 0.384-0.448 0.192-0.896 0.192h-9.664l-1.28-7.36h10.944q0.576 0 0.896 0.128t0.832 0.384z\"><\/path>\n<\/svg><\/span><\/span><\/span><span class=\"avia-menu-fx\"><span class=\"avia-arrow-wrap\"><span class=\"avia-arrow\"><\/span><\/span><\/span><\/a><\/li>\n<li role=\"menuitem\" id=\"menu-item-31156\" class=\"fullwidthsubmenu_differentcolor menu-item menu-item-type-post_type menu-item-object-page menu-item-top-level menu-item-top-level-5\"><a href=\"https:\/\/www.sentierigressoney.it\/fr\/sentiers-de-gressoney-saint-jean\/\" itemprop=\"url\" tabindex=\"0\"><span class=\"avia-bullet\"><\/span><span class=\"avia-menu-text\">SJ<\/span><span class=\"avia-menu-fx\"><span class=\"avia-arrow-wrap\"><span class=\"avia-arrow\"><\/span><\/span><\/span><\/a><\/li>\n<li role=\"menuitem\" id=\"menu-item-31157\" class=\"fullwidthsubmenu_differentcolor menu-item menu-item-type-post_type menu-item-object-page menu-item-top-level menu-item-top-level-6\"><a href=\"https:\/\/www.sentierigressoney.it\/fr\/sentiers-de-gressoney-la-trinite\/\" itemprop=\"url\" tabindex=\"0\"><span class=\"avia-bullet\"><\/span><span class=\"avia-menu-text\">LT<\/span><span class=\"avia-menu-fx\"><span class=\"avia-arrow-wrap\"><span class=\"avia-arrow\"><\/span><\/span><\/span><\/a><\/li>\n<li role=\"menuitem\" id=\"menu-item-31558\" class=\"fullwidthsubmenu_differentcolor menu-item menu-item-type-post_type menu-item-object-page menu-item-home menu-item-top-level menu-item-top-level-7\"><a href=\"https:\/\/www.sentierigressoney.it\/fr\/\" itemprop=\"url\" tabindex=\"0\"><span class=\"avia-bullet\"><\/span><span class=\"avia-menu-text\"><span  class='av_font_icon av-miboxafy-0d8004f705cb919bb0d1892837d03658 avia_animate_when_visible av-icon-style- avia-icon-pos-center avia-svg-icon avia-font-svg_entypo-fontello av-no-color avia-icon-animate'><span class='av-icon-char' data-av_svg_icon='home' data-av_iconset='svg_entypo-fontello' ><svg version=\"1.1\" xmlns=\"http:\/\/www.w3.org\/2000\/svg\" width=\"29\" height=\"32\" viewBox=\"0 0 29 32\" preserveAspectRatio=\"xMidYMid meet\" aria-labelledby='av-svg-title-5' aria-describedby='av-svg-desc-5' role=\"graphics-symbol\" aria-hidden=\"true\">\n<title id='av-svg-title-5'>Home<\/title>\n<desc id='av-svg-desc-5'>Home<\/desc>\n<path d=\"M28.416 16.448q0.512 0.512 0.352 0.864t-0.864 0.352h-2.688v9.92q0 0.448-0.032 0.672t-0.256 0.416-0.736 0.192h-6.528v-9.92h-6.528v9.92h-6.208q-0.896 0-1.12-0.32t-0.224-0.96v-9.92h-2.688q-0.704 0-0.864-0.352t0.352-0.864l12.8-12.864q0.512-0.512 1.216-0.512t1.216 0.512z\"><\/path>\n<\/svg><\/span><\/span><\/span><span class=\"avia-menu-fx\"><span class=\"avia-arrow-wrap\"><span class=\"avia-arrow\"><\/span><\/span><\/span><\/a><\/li>\n<\/ul><\/div><\/div><div class='sticky_placeholder'><\/div>\n<p>\n<style type=\"text\/css\" data-created_by=\"avia_inline_auto\" id=\"style-css-av-isoxye-ff31302b85c1357eac12c8bea1d009fa\">\n.avia-section.av-isoxye-ff31302b85c1357eac12c8bea1d009fa{\nposition:relative;\n}\n.avia-section.av-isoxye-ff31302b85c1357eac12c8bea1d009fa .avia-divider-svg-bottom svg{\nheight:350px;\nwidth:calc(100% + 1.3px);\nfill:#3a3a3a;\n}\n<\/style>\n<div id='av_section_1'  class='avia-section av-isoxye-ff31302b85c1357eac12c8bea1d009fa main_color avia-section-default avia-no-border-styling  avia-builder-el-2  el_after_av_submenu  el_before_av_heading  avia-bg-style-scroll container_wrap fullsize'  ><div class='avia-divider-svg avia-divider-svg-mountains avia-divider-svg-bottom avia-svg-original'><svg xmlns=\"http:\/\/www.w3.org\/2000\/svg\" viewBox=\"0 0 1000 100\" preserveAspectRatio=\"none\">\n\t<path opacity=\"0.33\" d=\"M473,67.3c-203.9,88.3-263.1-34-320.3,0C66,119.1,0,59.7,0,59.7V0h1000v59.7 c0,0-62.1,26.1-94.9,29.3c-32.8,3.3-62.8-12.3-75.8-22.1C806,49.6,745.3,8.7,694.9,4.7S492.4,59,473,67.3z\"\/>\n\t<path opacity=\"0.66\" d=\"M734,67.3c-45.5,0-77.2-23.2-129.1-39.1c-28.6-8.7-150.3-10.1-254,39.1 s-91.7-34.4-149.2,0C115.7,118.3,0,39.8,0,39.8V0h1000v36.5c0,0-28.2-18.5-92.1-18.5C810.2,18.1,775.7,67.3,734,67.3z\"\/>\n\t<path d=\"M766.1,28.9c-200-57.5-266,65.5-395.1,19.5C242,1.8,242,5.4,184.8,20.6C128,35.8,132.3,44.9,89.9,52.5C28.6,63.7,0,0,0,0 h1000c0,0-9.9,40.9-83.6,48.1S829.6,47,766.1,28.9z\"\/>\n<\/svg><\/div><div class='container av-section-cont-open' ><div class='template-page content  av-content-full alpha units'><div class='post-entry post-entry-type-page post-entry-27189'><div class='entry-content-wrapper clearfix'>\n\n<style type=\"text\/css\" data-created_by=\"avia_inline_auto\" id=\"style-css-av-kxm8yvdw-f0cd87cc84582ea4f716db9712f8ea8f\">\n#top .av-special-heading.av-kxm8yvdw-f0cd87cc84582ea4f716db9712f8ea8f{\npadding-bottom:10px;\ncolor:#ffffff;\n}\nbody .av-special-heading.av-kxm8yvdw-f0cd87cc84582ea4f716db9712f8ea8f .av-special-heading-tag .heading-char{\nfont-size:25px;\n}\n.av-special-heading.av-kxm8yvdw-f0cd87cc84582ea4f716db9712f8ea8f .special-heading-inner-border{\nborder-color:#ffffff;\n}\n.av-special-heading.av-kxm8yvdw-f0cd87cc84582ea4f716db9712f8ea8f .av-subheading{\nfont-size:34px;\ncolor:#ffffff;\n}\n<\/style>\n<div  id=\"descrizionegenerale\"  class='av-special-heading av-kxm8yvdw-f0cd87cc84582ea4f716db9712f8ea8f av-special-heading-h1 custom-color-heading blockquote modern-quote modern-centered  avia-builder-el-3  el_before_av_textblock  avia-builder-el-first  av-thin-font'><h1 class='av-special-heading-tag '  itemprop=\"headline\"  ><strong>Weismatten (2055m), sentier 2<\/strong><\/h1><div class='av_custom_color av-subheading av-subheading_below'><p>de <strong>Bienne<\/strong> \u00e0 <strong>Weismatten<\/strong><\/p>\n<\/div><div class=\"special-heading-border\"><div class=\"special-heading-inner-border\"><\/div><\/div><\/div>\n\n<style type=\"text\/css\" data-created_by=\"avia_inline_auto\" id=\"style-css-av-kxm8zdvf-9db00c6bbaa82848de4e3a23623bc426\">\n#top .av_textblock_section.av-kxm8zdvf-9db00c6bbaa82848de4e3a23623bc426 .avia_textblock{\ntext-align:left;\n}\n<\/style>\n<section  class='av_textblock_section av-kxm8zdvf-9db00c6bbaa82848de4e3a23623bc426 '   itemscope=\"itemscope\" itemtype=\"https:\/\/schema.org\/CreativeWork\" ><div class='avia_textblock'  itemprop=\"text\" ><div id=\"attachment_24235\" style=\"width: 505px\" class=\"wp-caption alignleft\"><a href=\"https:\/\/www.sentierigressoney.it\/wp-content\/uploads\/2021\/12\/DSC6124-HDR-large.jpg\"><img loading=\"lazy\" decoding=\"async\" aria-describedby=\"caption-attachment-24235\" class=\"size-portfolio wp-image-9213\" src=\"https:\/\/www.sentierigressoney.it\/wp-content\/uploads\/2021\/12\/DSC6124-HDR-large-495x400.jpg\" alt=\"Casa Capriata, le refuge de Carlo Mollino\" width=\"495\" height=\"400\" srcset=\"https:\/\/www.sentierigressoney.it\/wp-content\/uploads\/2021\/12\/DSC6124-HDR-large-495x400.jpg 495w, https:\/\/www.sentierigressoney.it\/wp-content\/uploads\/2021\/12\/DSC6124-HDR-large-845x684.jpg 845w\" sizes=\"auto, (max-width: 495px) 100vw, 495px\" \/><\/a><p id=\"caption-attachment-24235\" class=\"wp-caption-text\">Casa Capriata, le refuge de Carlo Mollino<\/p><\/div>\n<p>Le sentier <strong>2 <\/strong> part de <strong>Biel<\/strong>, un hameau de Gressoney-Saint-Jean situ\u00e9 au bout de la route du Castel Savoia, et arrive \u00e0 la station d&rsquo;arriv\u00e9e du t\u00e9l\u00e9si\u00e8ge du <strong>Weismatten (2055 m)<\/strong>. Il mesure <strong>2777 m de<\/strong> long et le d\u00e9nivel\u00e9 positif total est de <strong>590 m.<\/strong><br \/>\nLa dur\u00e9e approximative de l&rsquo;ascension est de <strong>1h46<\/strong>. Le sentier est class\u00e9 dans la cat\u00e9gorie de difficult\u00e9 <strong>E<\/strong>.<\/p>\n<p>Un sentier simple, dont plus de la moiti\u00e9 suit un chemin de terre qui est une piste de ski en hiver (de difficult\u00e9 bleue). Le point le plus panoramique se trouve peu apr\u00e8s le d\u00e9part, lorsqu&rsquo;il coupe le mur de la piste noire d\u00e9di\u00e9e au champion de Gressoney <a href=\"https:\/\/it.wikipedia.org\/wiki\/Leonardo_David\" target=\"_blank\" rel=\"noopener\">Leonardo David<\/a> et offre une vue imprenable sur la plaine de Gressoney-Saint-Jean.<\/p>\n<p>Le principal point d&rsquo;attraction est sans aucun doute le <a href=\"https:\/\/www.facebook.com\/rifugiomollino\/\" target=\"_blank\" rel=\"noopener\">refuge Carlo Mollino<\/a>. <a href=\"http:\/\/www.casacapriata.polito.it\/it\/content\/download\/603\/2512\/file\/Rifugio%20Carlo%20Mollino%20Weissmatten\/index.pdf\" target=\"_blank\" rel=\"noopener\">Inaugur\u00e9 le 5 d\u00e9cembre 2014<\/a>, le refuge a \u00e9t\u00e9 nomm\u00e9 en l&rsquo;honneur de Carlo Mollino, architecte, designer et photographe de renom, professeur \u00e0 la Facult\u00e9 d&rsquo;architecture de Turin, et a \u00e9t\u00e9 construit selon son projet \u00ab casa capriata \u00bb, r\u00e9interpr\u00e9tation des maisons traditionnelles Walser. <a href=\"http:\/\/www.casacapriata.polito.it\/it\/\" target=\"_blank\" rel=\"noopener\">Voici le site <\/a>de l&rsquo;\u00c9cole polytechnique de Turin consacr\u00e9 au projet. Le document \u00ab <a href=\"http:\/\/www.casacapriata.polito.it\/it\/content\/download\/592\/2473\/file\/LA%20STORIA%20DEL%20PROGETTO%20IN%20SINTESI\/index.pdf\" target=\"_blank\" rel=\"noopener\">Il progetto in sintesi<\/a> \u00bb (Le projet en bref), qui contient des photos de la construction, est particuli\u00e8rement int\u00e9ressant.<\/p>\n<p> Le refuge propose d\u00e9sormais des services de bar\/restaurant et des nuit\u00e9es attrayantes dans des tentes, <a href=\"https:\/\/www.facebook.com\/rifugiomollino\/\" target=\"_blank\" rel=\"noopener\">voici le site<\/a> o\u00f9 tu trouveras plus d&rsquo;informations.<\/p>\n<div id=\"attachment_24369\" style=\"width: 310px\" class=\"wp-caption alignright\"><a href=\"https:\/\/www.sentierigressoney.it\/wp-content\/uploads\/2022\/06\/DSCF9786-HDR.jpg\"><img loading=\"lazy\" decoding=\"async\" aria-describedby=\"caption-attachment-24369\" class=\"wp-image-9717 size-medium\" src=\"https:\/\/www.sentierigressoney.it\/wp-content\/uploads\/2022\/06\/DSCF9786-HDR-300x200.jpg\" alt=\"Le pavillon de th\u00e9 de la reine\" width=\"300\" height=\"200\" srcset=\"https:\/\/www.sentierigressoney.it\/wp-content\/uploads\/2022\/06\/DSCF9786-HDR-300x200.jpg 300w, https:\/\/www.sentierigressoney.it\/wp-content\/uploads\/2022\/06\/DSCF9786-HDR-1030x687.jpg 1030w, https:\/\/www.sentierigressoney.it\/wp-content\/uploads\/2022\/06\/DSCF9786-HDR-768x512.jpg 768w, https:\/\/www.sentierigressoney.it\/wp-content\/uploads\/2022\/06\/DSCF9786-HDR-1536x1024.jpg 1536w, https:\/\/www.sentierigressoney.it\/wp-content\/uploads\/2022\/06\/DSCF9786-HDR-2048x1365.jpg 2048w, https:\/\/www.sentierigressoney.it\/wp-content\/uploads\/2022\/06\/DSCF9786-HDR-1500x1000.jpg 1500w, https:\/\/www.sentierigressoney.it\/wp-content\/uploads\/2022\/06\/DSCF9786-HDR-705x470.jpg 705w\" sizes=\"auto, (max-width: 300px) 100vw, 300px\" \/><\/a><p id=\"caption-attachment-24369\" class=\"wp-caption-text\">Le pavillon de th\u00e9 de la reine<\/p><\/div>\n<p>\u00c0 c\u00f4t\u00e9 du refuge se trouve une ancienne construction, actuellement inaccessible, et souvent sous-estim\u00e9e : la partie en bois au-dessus du soubassement en pierre n&rsquo;est autre que le <em>pavillon de th\u00e9 de la reine Marguerite de Savoie<\/em>, qui se trouvait \u00e0 l&rsquo;origine pr\u00e8s de la <em>Villa Margherita <\/em> (actuel si\u00e8ge de la commune) et qui a \u00e9t\u00e9 transf\u00e9r\u00e9 ici dans les ann\u00e9es 50, d&rsquo;abord comme cabane de chasse, puis comme bar\/restaurant, qui est rest\u00e9 en activit\u00e9 jusqu&rsquo;\u00e0 l&rsquo;ouverture du refuge Mollino. Nous esp\u00e9rons qu&rsquo;il sera bient\u00f4t restaur\u00e9 et mis en valeur comme il le m\u00e9rite.<\/p>\n<p>\u00c0 cet endroit (\u00e9videmment accessible \u00e9galement gr\u00e2ce \u00e0 un trajet confortable d&rsquo;environ un quart d&rsquo;heure en t\u00e9l\u00e9si\u00e8ge), deux sentiers partent : le difficile <a href=\"https:\/\/www.sentierigressoney.it\/fr\/sentieri\/col-de-frudiere-2271m-sentier-1a\/\" class=\"sentiero-chip clickable-chip\">\n                    <i class=\"fas fa-hiking chip-icon-fa\"><\/i> \n                    <span class=\"chip-label\">SENTIER 1A<\/span>\n                <\/a>, qui m\u00e8ne aux lacs de Frudi\u00e8re, et le plus accessible <a href=\"https:\/\/www.sentierigressoney.it\/fr\/sentieri\/punta-della-regina-2382-m-sentier-3a\/\" class=\"sentiero-chip clickable-chip\">\n                    <i class=\"fas fa-hiking chip-icon-fa\"><\/i> \n                    <span class=\"chip-label\">SENTIER 3A<\/span>\n                <\/a>, qui m\u00e8ne \u00e0 Punta della Regina<strong>,<\/strong> la destination certainement la plus appr\u00e9ci\u00e9e des randonneurs de cette r\u00e9gion.<\/p>\n<\/div><\/section>\n<div  class='avia-button-wrap av-kxm9e6ww-343c5d2879087b375d7897a82d886731-wrap avia-button-center  avia-builder-el-5  el_after_av_textblock  avia-builder-el-last  pulsantesentieri'>\n<style type=\"text\/css\" data-created_by=\"avia_inline_auto\" id=\"style-css-av-kxm9e6ww-343c5d2879087b375d7897a82d886731\">\n#top #wrap_all .avia-button.av-kxm9e6ww-343c5d2879087b375d7897a82d886731{\nbackground-color:#3d3d3d;\nborder-color:#aaaaaa;\ncolor:#bfbfbf;\nborder-style:solid;\nborder-width:1px 1px 1px 1px;\ntransition:all 0.4s ease-in-out;\n}\n#top #wrap_all .avia-button.av-kxm9e6ww-343c5d2879087b375d7897a82d886731:hover{\nbackground-color:#8e8e8e;\ncolor:white;\ntransition:all 0.4s ease-in-out;\n}\n#top #wrap_all .avia-button.av-kxm9e6ww-343c5d2879087b375d7897a82d886731 .avia-svg-icon svg:first-child{\nfill:#bfbfbf;\nstroke:#bfbfbf;\n}\n#top #wrap_all .avia-button.av-kxm9e6ww-343c5d2879087b375d7897a82d886731:hover .avia-svg-icon svg:first-child{\nfill:white;\nstroke:white;\n}\n<\/style>\n<a href='https:\/\/www.sentierigressoney.it\/fr\/informations\/'  class='avia-button av-kxm9e6ww-343c5d2879087b375d7897a82d886731 av-link-btn avia-icon_select-yes-left-icon avia-size-small avia-position-center'  target=\"_blank\"  rel=\"noopener noreferrer\"  aria-label=\"Plus d\u2019informations sur le niveau de difficult\u00e9, la dur\u00e9e de mont\u00e9e, les cartes et les trac\u00e9s GPX\"><span class='avia_button_icon avia_button_icon_left avia-iconfont avia-font-entypo-fontello' data-av_icon='\ue81d' data-av_iconfont='entypo-fontello' ><\/span><span class='avia_iconbox_title' >Plus d\u2019informations sur le niveau de difficult\u00e9, la dur\u00e9e de mont\u00e9e, les cartes et les trac\u00e9s GPX<\/span><\/a><\/div>\n<\/div><\/div><\/div><!-- close content main div --><\/div><\/div><div id='after_section_1'  class='main_color av_default_container_wrap container_wrap fullsize'  ><div class='container av-section-cont-open' ><div class='template-page content  av-content-full alpha units'><div class='post-entry post-entry-type-page post-entry-27189'><div class='entry-content-wrapper clearfix'>\n<style type=\"text\/css\" data-created_by=\"avia_inline_auto\" id=\"style-css-av-828owm-e2960538a3272dfc5b84a7cf1d52e924\">\n#top .av-special-heading.av-828owm-e2960538a3272dfc5b84a7cf1d52e924{\npadding-bottom:10px;\n}\nbody .av-special-heading.av-828owm-e2960538a3272dfc5b84a7cf1d52e924 .av-special-heading-tag .heading-char{\nfont-size:25px;\ncolor:#8e8e8e;\npadding-bottom:10px;\n}\nbody .av-special-heading.av-828owm-e2960538a3272dfc5b84a7cf1d52e924 .av-special-heading-tag .heading-char.avia-svg-icon svg:first-child{\nfill:#8e8e8e;\nstroke:#8e8e8e;\n}\n.av-special-heading.av-828owm-e2960538a3272dfc5b84a7cf1d52e924 .av-subheading{\nfont-size:15px;\n}\n<\/style>\n<div  class='av-special-heading av-828owm-e2960538a3272dfc5b84a7cf1d52e924 av-special-heading-h3 custom-color-heading blockquote elegant-quote elegant-centered  avia-builder-el-6  el_after_av_section  el_before_av_horizontal_gallery  avia-builder-el-no-sibling  av-thin-font av-icon'><h3 class='av-special-heading-tag '  itemprop=\"headline\"  ><span class='heading-char avia-iconfont avia-font-entypo-fontello' data-av_icon='\ue80f' data-av_iconfont='entypo-fontello' ><\/span><span class=\"heading-wrap\"><strong>Galerie de photos<\/strong><\/span><\/h3><div class=\"special-heading-border\"><div class=\"special-heading-inner-border\"><\/div><\/div><\/div><\/p>\n\n<style type=\"text\/css\" data-created_by=\"avia_inline_auto\" id=\"style-css-av-5ojcdi-b5bb71c06648541ddb61ec1118a42143\">\n.av-horizontal-gallery.av-5ojcdi-b5bb71c06648541ddb61ec1118a42143{\npadding:3.75% 0px;;\n}\n.av-horizontal-gallery.av-5ojcdi-b5bb71c06648541ddb61ec1118a42143 .av-horizontal-gallery-inner{\npadding-bottom:25%;\n}\n<\/style>\n<div  class='av-horizontal-gallery av-5ojcdi-b5bb71c06648541ddb61ec1118a42143 av-horizontal-gallery-1px-gap av-horizontal-gallery-enlarge-effect  avia-builder-el-7  el_after_av_heading  el_before_av_section  subline-gallery av-slideshow-ui av-control-default av-slideshow-manual av-loop-once av-loop-manual-endless av-horizontal-gallery-1' data-slideshow-data=\"{&quot;enlarge&quot;:1.3,&quot;animation&quot;:&quot;slide&quot;,&quot;autoplay&quot;:false,&quot;loop_autoplay&quot;:&quot;once&quot;,&quot;interval&quot;:5,&quot;loop_manual&quot;:&quot;manual-endless&quot;,&quot;autoplay_stopper&quot;:false,&quot;noNavigation&quot;:false,&quot;bg_slider&quot;:false,&quot;keep_padding&quot;:&quot;&quot;,&quot;hoverpause&quot;:false,&quot;show_slide_delay&quot;:0,&quot;initial&quot;:&quot;1&quot;}\"  itemprop=\"image\" itemscope=\"itemscope\" itemtype=\"https:\/\/schema.org\/ImageObject\" ><div class='avia-slideshow-arrows avia-slideshow-controls' ><a href='#prev' class='prev-slide av-horizontal-gallery-prev avia-svg-icon avia-font-svg_entypo-fontello' data-av_svg_icon='left-open-big' data-av_iconset='svg_entypo-fontello' tabindex='-1' title=\"Pr\u00e9c\u00e9dent\"><svg version=\"1.1\" xmlns=\"http:\/\/www.w3.org\/2000\/svg\" width=\"15\" height=\"32\" viewBox=\"0 0 15 32\" preserveAspectRatio=\"xMidYMid meet\" aria-labelledby='av-svg-title-6' aria-describedby='av-svg-desc-6' role=\"graphics-symbol\" aria-hidden=\"true\">\n<title id='av-svg-title-6'>Pr\u00e9c\u00e9dent<\/title>\n<desc id='av-svg-desc-6'>Pr\u00e9c\u00e9dent<\/desc>\n<path d=\"M14.464 27.84q0.832 0.832 0 1.536-0.832 0.832-1.536 0l-12.544-12.608q-0.768-0.768 0-1.6l12.544-12.608q0.704-0.832 1.536 0 0.832 0.704 0 1.536l-11.456 11.904z\"><\/path>\n<\/svg><span class='avia_hidden_link_text'>Pr\u00e9c\u00e9dent<\/span><\/a><a href='#next' class='next-slide av-horizontal-gallery-next avia-svg-icon avia-font-svg_entypo-fontello' data-av_svg_icon='right-open-big' data-av_iconset='svg_entypo-fontello' tabindex='-1' title=\"Suivant\"><svg version=\"1.1\" xmlns=\"http:\/\/www.w3.org\/2000\/svg\" width=\"15\" height=\"32\" viewBox=\"0 0 15 32\" preserveAspectRatio=\"xMidYMid meet\" aria-labelledby='av-svg-title-7' aria-describedby='av-svg-desc-7' role=\"graphics-symbol\" aria-hidden=\"true\">\n<title id='av-svg-title-7'>Suivant<\/title>\n<desc id='av-svg-desc-7'>Suivant<\/desc>\n<path d=\"M0.416 27.84l11.456-11.84-11.456-11.904q-0.832-0.832 0-1.536 0.832-0.832 1.536 0l12.544 12.608q0.768 0.832 0 1.6l-12.544 12.608q-0.704 0.832-1.536 0-0.832-0.704 0-1.536z\"><\/path>\n<\/svg><span class='avia_hidden_link_text'>Suivant<\/span><\/a><\/div><div class='avia-slideshow-dots avia-slideshow-controls av-horizontal-gallery-dots fade-in'><a href='#1' class='goto-slide active' >1<\/a><a href='#2' class='goto-slide ' >2<\/a><a href='#3' class='goto-slide ' >3<\/a><a href='#4' class='goto-slide ' >4<\/a><a href='#5' class='goto-slide ' >5<\/a><a href='#6' class='goto-slide ' >6<\/a><a href='#7' class='goto-slide ' >7<\/a><a href='#8' class='goto-slide ' >8<\/a><a href='#9' class='goto-slide ' >9<\/a><a href='#10' class='goto-slide ' >10<\/a><a href='#11' class='goto-slide ' >11<\/a><a href='#12' class='goto-slide ' >12<\/a><a href='#13' class='goto-slide ' >13<\/a><a href='#14' class='goto-slide ' >14<\/a><a href='#15' class='goto-slide ' >15<\/a><\/div><div class='av-horizontal-gallery-inner' data-av-height='25'><div class=\"av-horizontal-gallery-slider\"><div class=\"av-horizontal-gallery-wrap noHover\"><img decoding=\"async\" fetchpriority=\"high\" class='wp-image-24228 avia-img-lazy-loading-not-24228 av-horizontal-gallery-img' width=\"495\" height=\"400\" src=\"https:\/\/www.sentierigressoney.it\/wp-content\/uploads\/2022\/06\/DSF0635-495x400.jpg\" title='Le court trajet initial dans la for\u00eat' alt='Le court trajet initial dans la for\u00eat' srcset=\"https:\/\/www.sentierigressoney.it\/wp-content\/uploads\/2022\/06\/DSF0635-495x400.jpg 495w, https:\/\/www.sentierigressoney.it\/wp-content\/uploads\/2022\/06\/DSF0635-845x684.jpg 845w\" sizes=\"(max-width: 495px) 100vw, 495px\" \/><a href=\"https:\/\/www.sentierigressoney.it\/wp-content\/uploads\/2022\/06\/DSF0635.jpg\" data-srcset=\"https:\/\/www.sentierigressoney.it\/wp-content\/uploads\/2022\/06\/DSF0635.jpg 1000w, https:\/\/www.sentierigressoney.it\/wp-content\/uploads\/2022\/06\/DSF0635-200x300.jpg 200w, https:\/\/www.sentierigressoney.it\/wp-content\/uploads\/2022\/06\/DSF0635-768x1152.jpg 768w, https:\/\/www.sentierigressoney.it\/wp-content\/uploads\/2022\/06\/DSF0635-687x1030.jpg 687w, https:\/\/www.sentierigressoney.it\/wp-content\/uploads\/2022\/06\/DSF0635-470x705.jpg 470w\" data-sizes=\"(max-width: 1000px) 100vw, 1000px\" class='av-horizontal-gallery-link avia-svg-icon avia-font-svg_entypo-fontello' data-av_svg_icon='resize-full' data-av_iconset='svg_entypo-fontello' title='Le court trajet initial dans la for\u00eat' alt='Le court trajet initial dans la for\u00eat' aria-label='Ouvrir l\u2019image dans une Lightbox: Le court trajet initial dans la for\u00eat'><svg version=\"1.1\" xmlns=\"http:\/\/www.w3.org\/2000\/svg\" width=\"25\" height=\"32\" viewBox=\"0 0 25 32\" preserveAspectRatio=\"xMidYMid meet\" aria-labelledby='av-svg-title-8' aria-describedby='av-svg-desc-8' role=\"graphics-symbol\" aria-hidden=\"true\">\n<title id='av-svg-title-8'>Ouvrir l\u2019image dans une Lightbox: Le court trajet initial dans la for\u00eat<\/title>\n<desc id='av-svg-desc-8'>Ouvrir l\u2019image dans une Lightbox: Le court trajet initial dans la for\u00eat<\/desc>\n<path d=\"M15.232 3.328h10.112v10.112l-3.2-3.968-4.672 4.864-3.2-3.2 4.864-4.672zM7.872 17.536l3.2 3.2-4.864 4.672 3.904 3.2h-10.112v-10.112l3.2 3.904z\"><\/path>\n<\/svg><\/a><\/div><div class=\"av-horizontal-gallery-wrap noHover\"><img decoding=\"async\" fetchpriority=\"high\" class='wp-image-24223 avia-img-lazy-loading-not-24223 av-horizontal-gallery-img' width=\"495\" height=\"400\" src=\"https:\/\/www.sentierigressoney.it\/wp-content\/uploads\/2022\/06\/DSF4185-495x400.jpg\" title='La paroi de la piste noire est coup\u00e9e' alt='La paroi de la piste noire est coup\u00e9e' srcset=\"https:\/\/www.sentierigressoney.it\/wp-content\/uploads\/2022\/06\/DSF4185-495x400.jpg 495w, https:\/\/www.sentierigressoney.it\/wp-content\/uploads\/2022\/06\/DSF4185-845x684.jpg 845w\" sizes=\"(max-width: 495px) 100vw, 495px\" \/><a href=\"https:\/\/www.sentierigressoney.it\/wp-content\/uploads\/2022\/06\/DSF4185.jpg\" data-srcset=\"https:\/\/www.sentierigressoney.it\/wp-content\/uploads\/2022\/06\/DSF4185.jpg 2250w, https:\/\/www.sentierigressoney.it\/wp-content\/uploads\/2022\/06\/DSF4185-300x200.jpg 300w, https:\/\/www.sentierigressoney.it\/wp-content\/uploads\/2022\/06\/DSF4185-768x512.jpg 768w, https:\/\/www.sentierigressoney.it\/wp-content\/uploads\/2022\/06\/DSF4185-1030x687.jpg 1030w, https:\/\/www.sentierigressoney.it\/wp-content\/uploads\/2022\/06\/DSF4185-1536x1024.jpg 1536w, https:\/\/www.sentierigressoney.it\/wp-content\/uploads\/2022\/06\/DSF4185-2048x1365.jpg 2048w, https:\/\/www.sentierigressoney.it\/wp-content\/uploads\/2022\/06\/DSF4185-1500x1000.jpg 1500w, https:\/\/www.sentierigressoney.it\/wp-content\/uploads\/2022\/06\/DSF4185-705x470.jpg 705w\" data-sizes=\"(max-width: 2250px) 100vw, 2250px\" class='av-horizontal-gallery-link avia-svg-icon avia-font-svg_entypo-fontello' data-av_svg_icon='resize-full' data-av_iconset='svg_entypo-fontello' title='La paroi de la piste noire est coup\u00e9e' alt='La paroi de la piste noire est coup\u00e9e' aria-label='Ouvrir l\u2019image dans une Lightbox: La paroi de la piste noire est coup\u00e9e'><svg version=\"1.1\" xmlns=\"http:\/\/www.w3.org\/2000\/svg\" width=\"25\" height=\"32\" viewBox=\"0 0 25 32\" preserveAspectRatio=\"xMidYMid meet\" aria-labelledby='av-svg-title-9' aria-describedby='av-svg-desc-9' role=\"graphics-symbol\" aria-hidden=\"true\">\n<title id='av-svg-title-9'>Ouvrir l\u2019image dans une Lightbox: La paroi de la piste noire est coup\u00e9e<\/title>\n<desc id='av-svg-desc-9'>Ouvrir l\u2019image dans une Lightbox: La paroi de la piste noire est coup\u00e9e<\/desc>\n<path d=\"M15.232 3.328h10.112v10.112l-3.2-3.968-4.672 4.864-3.2-3.2 4.864-4.672zM7.872 17.536l3.2 3.2-4.864 4.672 3.904 3.2h-10.112v-10.112l3.2 3.904z\"><\/path>\n<\/svg><\/a><\/div><div class=\"av-horizontal-gallery-wrap noHover\"><img decoding=\"async\" fetchpriority=\"high\" class='wp-image-24225 avia-img-lazy-loading-not-24225 av-horizontal-gallery-img' width=\"495\" height=\"400\" src=\"https:\/\/www.sentierigressoney.it\/wp-content\/uploads\/2022\/06\/DSF4465-495x400.jpg\" title='La vue de Gressoney-Saint-Jean depuis la pente' alt='La vue de Gressoney-Saint-Jean depuis la pente' srcset=\"https:\/\/www.sentierigressoney.it\/wp-content\/uploads\/2022\/06\/DSF4465-495x400.jpg 495w, https:\/\/www.sentierigressoney.it\/wp-content\/uploads\/2022\/06\/DSF4465-845x684.jpg 845w\" sizes=\"(max-width: 495px) 100vw, 495px\" \/><a href=\"https:\/\/www.sentierigressoney.it\/wp-content\/uploads\/2022\/06\/DSF4465.jpg\" data-srcset=\"https:\/\/www.sentierigressoney.it\/wp-content\/uploads\/2022\/06\/DSF4465.jpg 2250w, https:\/\/www.sentierigressoney.it\/wp-content\/uploads\/2022\/06\/DSF4465-300x200.jpg 300w, https:\/\/www.sentierigressoney.it\/wp-content\/uploads\/2022\/06\/DSF4465-768x512.jpg 768w, https:\/\/www.sentierigressoney.it\/wp-content\/uploads\/2022\/06\/DSF4465-1030x687.jpg 1030w, https:\/\/www.sentierigressoney.it\/wp-content\/uploads\/2022\/06\/DSF4465-1536x1024.jpg 1536w, https:\/\/www.sentierigressoney.it\/wp-content\/uploads\/2022\/06\/DSF4465-2048x1365.jpg 2048w, https:\/\/www.sentierigressoney.it\/wp-content\/uploads\/2022\/06\/DSF4465-1500x1000.jpg 1500w, https:\/\/www.sentierigressoney.it\/wp-content\/uploads\/2022\/06\/DSF4465-705x470.jpg 705w\" data-sizes=\"(max-width: 2250px) 100vw, 2250px\" class='av-horizontal-gallery-link avia-svg-icon avia-font-svg_entypo-fontello' data-av_svg_icon='resize-full' data-av_iconset='svg_entypo-fontello' title='La vue de Gressoney-Saint-Jean depuis la pente' alt='La vue de Gressoney-Saint-Jean depuis la pente' aria-label='Ouvrir l\u2019image dans une Lightbox: La vue de Gressoney-Saint-Jean depuis la pente'><svg version=\"1.1\" xmlns=\"http:\/\/www.w3.org\/2000\/svg\" width=\"25\" height=\"32\" viewBox=\"0 0 25 32\" preserveAspectRatio=\"xMidYMid meet\" aria-labelledby='av-svg-title-10' aria-describedby='av-svg-desc-10' role=\"graphics-symbol\" aria-hidden=\"true\">\n<title id='av-svg-title-10'>Ouvrir l\u2019image dans une Lightbox: La vue de Gressoney-Saint-Jean depuis la pente<\/title>\n<desc id='av-svg-desc-10'>Ouvrir l\u2019image dans une Lightbox: La vue de Gressoney-Saint-Jean depuis la pente<\/desc>\n<path d=\"M15.232 3.328h10.112v10.112l-3.2-3.968-4.672 4.864-3.2-3.2 4.864-4.672zM7.872 17.536l3.2 3.2-4.864 4.672 3.904 3.2h-10.112v-10.112l3.2 3.904z\"><\/path>\n<\/svg><\/a><\/div><div class=\"av-horizontal-gallery-wrap noHover\"><img decoding=\"async\" fetchpriority=\"high\" class='wp-image-24222 avia-img-lazy-loading-not-24222 av-horizontal-gallery-img' width=\"495\" height=\"400\" src=\"https:\/\/www.sentierigressoney.it\/wp-content\/uploads\/2022\/06\/DSC4562-495x400.jpg\" title='La vue de Gressoney-Saint-Jean depuis la pente' alt='La vue de Gressoney-Saint-Jean depuis la pente' srcset=\"https:\/\/www.sentierigressoney.it\/wp-content\/uploads\/2022\/06\/DSC4562-495x400.jpg 495w, https:\/\/www.sentierigressoney.it\/wp-content\/uploads\/2022\/06\/DSC4562-845x684.jpg 845w\" sizes=\"(max-width: 495px) 100vw, 495px\" \/><a href=\"https:\/\/www.sentierigressoney.it\/wp-content\/uploads\/2022\/06\/DSC4562.jpg\" data-srcset=\"https:\/\/www.sentierigressoney.it\/wp-content\/uploads\/2022\/06\/DSC4562.jpg 2247w, https:\/\/www.sentierigressoney.it\/wp-content\/uploads\/2022\/06\/DSC4562-300x200.jpg 300w, https:\/\/www.sentierigressoney.it\/wp-content\/uploads\/2022\/06\/DSC4562-768x513.jpg 768w, https:\/\/www.sentierigressoney.it\/wp-content\/uploads\/2022\/06\/DSC4562-1030x688.jpg 1030w, https:\/\/www.sentierigressoney.it\/wp-content\/uploads\/2022\/06\/DSC4562-1536x1025.jpg 1536w, https:\/\/www.sentierigressoney.it\/wp-content\/uploads\/2022\/06\/DSC4562-2048x1367.jpg 2048w, https:\/\/www.sentierigressoney.it\/wp-content\/uploads\/2022\/06\/DSC4562-1500x1001.jpg 1500w, https:\/\/www.sentierigressoney.it\/wp-content\/uploads\/2022\/06\/DSC4562-705x471.jpg 705w\" data-sizes=\"(max-width: 2247px) 100vw, 2247px\" class='av-horizontal-gallery-link avia-svg-icon avia-font-svg_entypo-fontello' data-av_svg_icon='resize-full' data-av_iconset='svg_entypo-fontello' title='La vue de Gressoney-Saint-Jean depuis la pente' alt='La vue de Gressoney-Saint-Jean depuis la pente' aria-label='Ouvrir l\u2019image dans une Lightbox: La vue de Gressoney-Saint-Jean depuis la pente'><svg version=\"1.1\" xmlns=\"http:\/\/www.w3.org\/2000\/svg\" width=\"25\" height=\"32\" viewBox=\"0 0 25 32\" preserveAspectRatio=\"xMidYMid meet\" aria-labelledby='av-svg-title-11' aria-describedby='av-svg-desc-11' role=\"graphics-symbol\" aria-hidden=\"true\">\n<title id='av-svg-title-11'>Ouvrir l\u2019image dans une Lightbox: La vue de Gressoney-Saint-Jean depuis la pente<\/title>\n<desc id='av-svg-desc-11'>Ouvrir l\u2019image dans une Lightbox: La vue de Gressoney-Saint-Jean depuis la pente<\/desc>\n<path d=\"M15.232 3.328h10.112v10.112l-3.2-3.968-4.672 4.864-3.2-3.2 4.864-4.672zM7.872 17.536l3.2 3.2-4.864 4.672 3.904 3.2h-10.112v-10.112l3.2 3.904z\"><\/path>\n<\/svg><\/a><\/div><div class=\"av-horizontal-gallery-wrap noHover\"><img decoding=\"async\" fetchpriority=\"high\" class='wp-image-24236 avia-img-lazy-loading-not-24236 av-horizontal-gallery-img' width=\"495\" height=\"400\" src=\"https:\/\/www.sentierigressoney.it\/wp-content\/uploads\/2021\/12\/DSC5949-495x400.jpg\" title='La station interm\u00e9diaire du t\u00e9l\u00e9si\u00e8ge' alt='La station interm\u00e9diaire du t\u00e9l\u00e9si\u00e8ge' srcset=\"https:\/\/www.sentierigressoney.it\/wp-content\/uploads\/2021\/12\/DSC5949-495x400.jpg 495w, https:\/\/www.sentierigressoney.it\/wp-content\/uploads\/2021\/12\/DSC5949-845x684.jpg 845w\" sizes=\"(max-width: 495px) 100vw, 495px\" \/><a href=\"https:\/\/www.sentierigressoney.it\/wp-content\/uploads\/2021\/12\/DSC5949.jpg\" data-srcset=\"https:\/\/www.sentierigressoney.it\/wp-content\/uploads\/2021\/12\/DSC5949.jpg 2247w, https:\/\/www.sentierigressoney.it\/wp-content\/uploads\/2021\/12\/DSC5949-300x200.jpg 300w, https:\/\/www.sentierigressoney.it\/wp-content\/uploads\/2021\/12\/DSC5949-768x513.jpg 768w, https:\/\/www.sentierigressoney.it\/wp-content\/uploads\/2021\/12\/DSC5949-1030x688.jpg 1030w, https:\/\/www.sentierigressoney.it\/wp-content\/uploads\/2021\/12\/DSC5949-1536x1025.jpg 1536w, https:\/\/www.sentierigressoney.it\/wp-content\/uploads\/2021\/12\/DSC5949-2048x1367.jpg 2048w, https:\/\/www.sentierigressoney.it\/wp-content\/uploads\/2021\/12\/DSC5949-1500x1001.jpg 1500w, https:\/\/www.sentierigressoney.it\/wp-content\/uploads\/2021\/12\/DSC5949-705x471.jpg 705w\" data-sizes=\"(max-width: 2247px) 100vw, 2247px\" class='av-horizontal-gallery-link avia-svg-icon avia-font-svg_entypo-fontello' data-av_svg_icon='resize-full' data-av_iconset='svg_entypo-fontello' title='La station interm\u00e9diaire du t\u00e9l\u00e9si\u00e8ge' alt='La station interm\u00e9diaire du t\u00e9l\u00e9si\u00e8ge' aria-label='Ouvrir l\u2019image dans une Lightbox: La station interm\u00e9diaire du t\u00e9l\u00e9si\u00e8ge'><svg version=\"1.1\" xmlns=\"http:\/\/www.w3.org\/2000\/svg\" width=\"25\" height=\"32\" viewBox=\"0 0 25 32\" preserveAspectRatio=\"xMidYMid meet\" aria-labelledby='av-svg-title-12' aria-describedby='av-svg-desc-12' role=\"graphics-symbol\" aria-hidden=\"true\">\n<title id='av-svg-title-12'>Ouvrir l\u2019image dans une Lightbox: La station interm\u00e9diaire du t\u00e9l\u00e9si\u00e8ge<\/title>\n<desc id='av-svg-desc-12'>Ouvrir l\u2019image dans une Lightbox: La station interm\u00e9diaire du t\u00e9l\u00e9si\u00e8ge<\/desc>\n<path d=\"M15.232 3.328h10.112v10.112l-3.2-3.968-4.672 4.864-3.2-3.2 4.864-4.672zM7.872 17.536l3.2 3.2-4.864 4.672 3.904 3.2h-10.112v-10.112l3.2 3.904z\"><\/path>\n<\/svg><\/a><\/div><div class=\"av-horizontal-gallery-wrap noHover\"><img decoding=\"async\" fetchpriority=\"high\" class='wp-image-24224 avia-img-lazy-loading-not-24224 av-horizontal-gallery-img' width=\"495\" height=\"400\" src=\"https:\/\/www.sentierigressoney.it\/wp-content\/uploads\/2022\/06\/DSF4186-495x400.jpg\" title='Section escarp\u00e9e d&#039;un chemin de terre' alt='Section escarp\u00e9e d&#039;un chemin de terre' srcset=\"https:\/\/www.sentierigressoney.it\/wp-content\/uploads\/2022\/06\/DSF4186-495x400.jpg 495w, https:\/\/www.sentierigressoney.it\/wp-content\/uploads\/2022\/06\/DSF4186-845x684.jpg 845w\" sizes=\"(max-width: 495px) 100vw, 495px\" \/><a href=\"https:\/\/www.sentierigressoney.it\/wp-content\/uploads\/2022\/06\/DSF4186.jpg\" data-srcset=\"https:\/\/www.sentierigressoney.it\/wp-content\/uploads\/2022\/06\/DSF4186.jpg 2250w, https:\/\/www.sentierigressoney.it\/wp-content\/uploads\/2022\/06\/DSF4186-300x200.jpg 300w, https:\/\/www.sentierigressoney.it\/wp-content\/uploads\/2022\/06\/DSF4186-768x512.jpg 768w, https:\/\/www.sentierigressoney.it\/wp-content\/uploads\/2022\/06\/DSF4186-1030x687.jpg 1030w, https:\/\/www.sentierigressoney.it\/wp-content\/uploads\/2022\/06\/DSF4186-1536x1024.jpg 1536w, https:\/\/www.sentierigressoney.it\/wp-content\/uploads\/2022\/06\/DSF4186-2048x1365.jpg 2048w, https:\/\/www.sentierigressoney.it\/wp-content\/uploads\/2022\/06\/DSF4186-1500x1000.jpg 1500w, https:\/\/www.sentierigressoney.it\/wp-content\/uploads\/2022\/06\/DSF4186-705x470.jpg 705w\" data-sizes=\"(max-width: 2250px) 100vw, 2250px\" class='av-horizontal-gallery-link avia-svg-icon avia-font-svg_entypo-fontello' data-av_svg_icon='resize-full' data-av_iconset='svg_entypo-fontello' title='Section escarp\u00e9e d&#039;un chemin de terre' alt='Section escarp\u00e9e d&#039;un chemin de terre' aria-label='Ouvrir l\u2019image dans une Lightbox: Section escarp\u00e9e d&#039;un chemin de terre'><svg version=\"1.1\" xmlns=\"http:\/\/www.w3.org\/2000\/svg\" width=\"25\" height=\"32\" viewBox=\"0 0 25 32\" preserveAspectRatio=\"xMidYMid meet\" aria-labelledby='av-svg-title-13' aria-describedby='av-svg-desc-13' role=\"graphics-symbol\" aria-hidden=\"true\">\n<title id='av-svg-title-13'>Ouvrir l\u2019image dans une Lightbox: Section escarp\u00e9e d&#039;un chemin de terre<\/title>\n<desc id='av-svg-desc-13'>Ouvrir l\u2019image dans une Lightbox: Section escarp\u00e9e d&#039;un chemin de terre<\/desc>\n<path d=\"M15.232 3.328h10.112v10.112l-3.2-3.968-4.672 4.864-3.2-3.2 4.864-4.672zM7.872 17.536l3.2 3.2-4.864 4.672 3.904 3.2h-10.112v-10.112l3.2 3.904z\"><\/path>\n<\/svg><\/a><\/div><div class=\"av-horizontal-gallery-wrap noHover\"><img decoding=\"async\" fetchpriority=\"high\" class='wp-image-24233 avia-img-lazy-loading-not-24233 av-horizontal-gallery-img' width=\"495\" height=\"400\" src=\"https:\/\/www.sentierigressoney.it\/wp-content\/uploads\/2022\/06\/DSC5945-495x400.jpg\" title='Les huttes de David, vues du poteau' alt='Les huttes de David, vues du poteau' srcset=\"https:\/\/www.sentierigressoney.it\/wp-content\/uploads\/2022\/06\/DSC5945-495x400.jpg 495w, https:\/\/www.sentierigressoney.it\/wp-content\/uploads\/2022\/06\/DSC5945-845x684.jpg 845w\" sizes=\"(max-width: 495px) 100vw, 495px\" \/><a href=\"https:\/\/www.sentierigressoney.it\/wp-content\/uploads\/2022\/06\/DSC5945.jpg\" data-srcset=\"https:\/\/www.sentierigressoney.it\/wp-content\/uploads\/2022\/06\/DSC5945.jpg 2247w, https:\/\/www.sentierigressoney.it\/wp-content\/uploads\/2022\/06\/DSC5945-300x200.jpg 300w, https:\/\/www.sentierigressoney.it\/wp-content\/uploads\/2022\/06\/DSC5945-768x513.jpg 768w, https:\/\/www.sentierigressoney.it\/wp-content\/uploads\/2022\/06\/DSC5945-1030x688.jpg 1030w, https:\/\/www.sentierigressoney.it\/wp-content\/uploads\/2022\/06\/DSC5945-1536x1025.jpg 1536w, https:\/\/www.sentierigressoney.it\/wp-content\/uploads\/2022\/06\/DSC5945-2048x1367.jpg 2048w, https:\/\/www.sentierigressoney.it\/wp-content\/uploads\/2022\/06\/DSC5945-1500x1001.jpg 1500w, https:\/\/www.sentierigressoney.it\/wp-content\/uploads\/2022\/06\/DSC5945-705x471.jpg 705w\" data-sizes=\"(max-width: 2247px) 100vw, 2247px\" class='av-horizontal-gallery-link avia-svg-icon avia-font-svg_entypo-fontello' data-av_svg_icon='resize-full' data-av_iconset='svg_entypo-fontello' title='Les huttes de David, vues du poteau' alt='Les huttes de David, vues du poteau' aria-label='Ouvrir l\u2019image dans une Lightbox: Les huttes de David, vues du poteau'><svg version=\"1.1\" xmlns=\"http:\/\/www.w3.org\/2000\/svg\" width=\"25\" height=\"32\" viewBox=\"0 0 25 32\" preserveAspectRatio=\"xMidYMid meet\" aria-labelledby='av-svg-title-14' aria-describedby='av-svg-desc-14' role=\"graphics-symbol\" aria-hidden=\"true\">\n<title id='av-svg-title-14'>Ouvrir l\u2019image dans une Lightbox: Les huttes de David, vues du poteau<\/title>\n<desc id='av-svg-desc-14'>Ouvrir l\u2019image dans une Lightbox: Les huttes de David, vues du poteau<\/desc>\n<path d=\"M15.232 3.328h10.112v10.112l-3.2-3.968-4.672 4.864-3.2-3.2 4.864-4.672zM7.872 17.536l3.2 3.2-4.864 4.672 3.904 3.2h-10.112v-10.112l3.2 3.904z\"><\/path>\n<\/svg><\/a><\/div><div class=\"av-horizontal-gallery-wrap noHover\"><img decoding=\"async\" fetchpriority=\"high\" class='wp-image-24221 avia-img-lazy-loading-not-24221 av-horizontal-gallery-img' width=\"495\" height=\"400\" src=\"https:\/\/www.sentierigressoney.it\/wp-content\/uploads\/2022\/06\/DSC4555-495x400.jpg\" title='Les huttes de David en hiver, vues du p\u00f4le' alt='Les huttes de David en hiver, vues du p\u00f4le' srcset=\"https:\/\/www.sentierigressoney.it\/wp-content\/uploads\/2022\/06\/DSC4555-495x400.jpg 495w, https:\/\/www.sentierigressoney.it\/wp-content\/uploads\/2022\/06\/DSC4555-845x684.jpg 845w\" sizes=\"(max-width: 495px) 100vw, 495px\" \/><a href=\"https:\/\/www.sentierigressoney.it\/wp-content\/uploads\/2022\/06\/DSC4555.jpg\" data-srcset=\"https:\/\/www.sentierigressoney.it\/wp-content\/uploads\/2022\/06\/DSC4555.jpg 2247w, https:\/\/www.sentierigressoney.it\/wp-content\/uploads\/2022\/06\/DSC4555-300x200.jpg 300w, https:\/\/www.sentierigressoney.it\/wp-content\/uploads\/2022\/06\/DSC4555-768x513.jpg 768w, https:\/\/www.sentierigressoney.it\/wp-content\/uploads\/2022\/06\/DSC4555-1030x688.jpg 1030w, https:\/\/www.sentierigressoney.it\/wp-content\/uploads\/2022\/06\/DSC4555-1536x1025.jpg 1536w, https:\/\/www.sentierigressoney.it\/wp-content\/uploads\/2022\/06\/DSC4555-2048x1367.jpg 2048w, https:\/\/www.sentierigressoney.it\/wp-content\/uploads\/2022\/06\/DSC4555-1500x1001.jpg 1500w, https:\/\/www.sentierigressoney.it\/wp-content\/uploads\/2022\/06\/DSC4555-705x471.jpg 705w\" data-sizes=\"(max-width: 2247px) 100vw, 2247px\" class='av-horizontal-gallery-link avia-svg-icon avia-font-svg_entypo-fontello' data-av_svg_icon='resize-full' data-av_iconset='svg_entypo-fontello' title='Les huttes de David en hiver, vues du p\u00f4le' alt='Les huttes de David en hiver, vues du p\u00f4le' aria-label='Ouvrir l\u2019image dans une Lightbox: Les huttes de David en hiver, vues du p\u00f4le'><svg version=\"1.1\" xmlns=\"http:\/\/www.w3.org\/2000\/svg\" width=\"25\" height=\"32\" viewBox=\"0 0 25 32\" preserveAspectRatio=\"xMidYMid meet\" aria-labelledby='av-svg-title-15' aria-describedby='av-svg-desc-15' role=\"graphics-symbol\" aria-hidden=\"true\">\n<title id='av-svg-title-15'>Ouvrir l\u2019image dans une Lightbox: Les huttes de David en hiver, vues du p\u00f4le<\/title>\n<desc id='av-svg-desc-15'>Ouvrir l\u2019image dans une Lightbox: Les huttes de David en hiver, vues du p\u00f4le<\/desc>\n<path d=\"M15.232 3.328h10.112v10.112l-3.2-3.968-4.672 4.864-3.2-3.2 4.864-4.672zM7.872 17.536l3.2 3.2-4.864 4.672 3.904 3.2h-10.112v-10.112l3.2 3.904z\"><\/path>\n<\/svg><\/a><\/div><div class=\"av-horizontal-gallery-wrap noHover\"><img decoding=\"async\" fetchpriority=\"high\" class='wp-image-24232 avia-img-lazy-loading-not-24232 av-horizontal-gallery-img' width=\"495\" height=\"400\" src=\"https:\/\/www.sentierigressoney.it\/wp-content\/uploads\/2022\/06\/DSC5938-495x400.jpg\" title='Arriv\u00e9e \u00e0 la station de t\u00e9l\u00e9si\u00e8ge' alt='Arriv\u00e9e \u00e0 la station de t\u00e9l\u00e9si\u00e8ge' srcset=\"https:\/\/www.sentierigressoney.it\/wp-content\/uploads\/2022\/06\/DSC5938-495x400.jpg 495w, https:\/\/www.sentierigressoney.it\/wp-content\/uploads\/2022\/06\/DSC5938-845x684.jpg 845w\" sizes=\"(max-width: 495px) 100vw, 495px\" \/><a href=\"https:\/\/www.sentierigressoney.it\/wp-content\/uploads\/2022\/06\/DSC5938.jpg\" data-srcset=\"https:\/\/www.sentierigressoney.it\/wp-content\/uploads\/2022\/06\/DSC5938.jpg 2247w, https:\/\/www.sentierigressoney.it\/wp-content\/uploads\/2022\/06\/DSC5938-300x200.jpg 300w, https:\/\/www.sentierigressoney.it\/wp-content\/uploads\/2022\/06\/DSC5938-768x513.jpg 768w, https:\/\/www.sentierigressoney.it\/wp-content\/uploads\/2022\/06\/DSC5938-1030x688.jpg 1030w, https:\/\/www.sentierigressoney.it\/wp-content\/uploads\/2022\/06\/DSC5938-1536x1025.jpg 1536w, https:\/\/www.sentierigressoney.it\/wp-content\/uploads\/2022\/06\/DSC5938-2048x1367.jpg 2048w, https:\/\/www.sentierigressoney.it\/wp-content\/uploads\/2022\/06\/DSC5938-1500x1001.jpg 1500w, https:\/\/www.sentierigressoney.it\/wp-content\/uploads\/2022\/06\/DSC5938-705x471.jpg 705w\" data-sizes=\"(max-width: 2247px) 100vw, 2247px\" class='av-horizontal-gallery-link avia-svg-icon avia-font-svg_entypo-fontello' data-av_svg_icon='resize-full' data-av_iconset='svg_entypo-fontello' title='Arriv\u00e9e \u00e0 la station de t\u00e9l\u00e9si\u00e8ge' alt='Arriv\u00e9e \u00e0 la station de t\u00e9l\u00e9si\u00e8ge' aria-label='Ouvrir l\u2019image dans une Lightbox: Arriv\u00e9e \u00e0 la station de t\u00e9l\u00e9si\u00e8ge'><svg version=\"1.1\" xmlns=\"http:\/\/www.w3.org\/2000\/svg\" width=\"25\" height=\"32\" viewBox=\"0 0 25 32\" preserveAspectRatio=\"xMidYMid meet\" aria-labelledby='av-svg-title-16' aria-describedby='av-svg-desc-16' role=\"graphics-symbol\" aria-hidden=\"true\">\n<title id='av-svg-title-16'>Ouvrir l\u2019image dans une Lightbox: Arriv\u00e9e \u00e0 la station de t\u00e9l\u00e9si\u00e8ge<\/title>\n<desc id='av-svg-desc-16'>Ouvrir l\u2019image dans une Lightbox: Arriv\u00e9e \u00e0 la station de t\u00e9l\u00e9si\u00e8ge<\/desc>\n<path d=\"M15.232 3.328h10.112v10.112l-3.2-3.968-4.672 4.864-3.2-3.2 4.864-4.672zM7.872 17.536l3.2 3.2-4.864 4.672 3.904 3.2h-10.112v-10.112l3.2 3.904z\"><\/path>\n<\/svg><\/a><\/div><div class=\"av-horizontal-gallery-wrap noHover\"><img decoding=\"async\" fetchpriority=\"high\" class='wp-image-24235 avia-img-lazy-loading-not-24235 av-horizontal-gallery-img' width=\"495\" height=\"400\" src=\"https:\/\/www.sentierigressoney.it\/wp-content\/uploads\/2021\/12\/DSC6124-HDR-large-495x400.jpg\" title='Casa Capriata, le refuge de Carlo Mollino' alt='Casa Capriata, le refuge de Carlo Mollino' srcset=\"https:\/\/www.sentierigressoney.it\/wp-content\/uploads\/2021\/12\/DSC6124-HDR-large-495x400.jpg 495w, https:\/\/www.sentierigressoney.it\/wp-content\/uploads\/2021\/12\/DSC6124-HDR-large-845x684.jpg 845w\" sizes=\"(max-width: 495px) 100vw, 495px\" \/><a href=\"https:\/\/www.sentierigressoney.it\/wp-content\/uploads\/2021\/12\/DSC6124-HDR-large.jpg\" data-srcset=\"https:\/\/www.sentierigressoney.it\/wp-content\/uploads\/2021\/12\/DSC6124-HDR-large.jpg 2247w, https:\/\/www.sentierigressoney.it\/wp-content\/uploads\/2021\/12\/DSC6124-HDR-large-300x200.jpg 300w, https:\/\/www.sentierigressoney.it\/wp-content\/uploads\/2021\/12\/DSC6124-HDR-large-768x513.jpg 768w, https:\/\/www.sentierigressoney.it\/wp-content\/uploads\/2021\/12\/DSC6124-HDR-large-1030x688.jpg 1030w, https:\/\/www.sentierigressoney.it\/wp-content\/uploads\/2021\/12\/DSC6124-HDR-large-1536x1025.jpg 1536w, https:\/\/www.sentierigressoney.it\/wp-content\/uploads\/2021\/12\/DSC6124-HDR-large-2048x1367.jpg 2048w, https:\/\/www.sentierigressoney.it\/wp-content\/uploads\/2021\/12\/DSC6124-HDR-large-1500x1001.jpg 1500w, https:\/\/www.sentierigressoney.it\/wp-content\/uploads\/2021\/12\/DSC6124-HDR-large-705x471.jpg 705w\" data-sizes=\"(max-width: 2247px) 100vw, 2247px\" class='av-horizontal-gallery-link avia-svg-icon avia-font-svg_entypo-fontello' data-av_svg_icon='resize-full' data-av_iconset='svg_entypo-fontello' title='Casa Capriata, le refuge de Carlo Mollino' alt='Casa Capriata, le refuge de Carlo Mollino' aria-label='Ouvrir l\u2019image dans une Lightbox: Casa Capriata, le refuge de Carlo Mollino'><svg version=\"1.1\" xmlns=\"http:\/\/www.w3.org\/2000\/svg\" width=\"25\" height=\"32\" viewBox=\"0 0 25 32\" preserveAspectRatio=\"xMidYMid meet\" aria-labelledby='av-svg-title-17' aria-describedby='av-svg-desc-17' role=\"graphics-symbol\" aria-hidden=\"true\">\n<title id='av-svg-title-17'>Ouvrir l\u2019image dans une Lightbox: Casa Capriata, le refuge de Carlo Mollino<\/title>\n<desc id='av-svg-desc-17'>Ouvrir l\u2019image dans une Lightbox: Casa Capriata, le refuge de Carlo Mollino<\/desc>\n<path d=\"M15.232 3.328h10.112v10.112l-3.2-3.968-4.672 4.864-3.2-3.2 4.864-4.672zM7.872 17.536l3.2 3.2-4.864 4.672 3.904 3.2h-10.112v-10.112l3.2 3.904z\"><\/path>\n<\/svg><\/a><\/div><div class=\"av-horizontal-gallery-wrap noHover\"><img decoding=\"async\" fetchpriority=\"high\" class='wp-image-24230 avia-img-lazy-loading-not-24230 av-horizontal-gallery-img' width=\"495\" height=\"400\" src=\"https:\/\/www.sentierigressoney.it\/wp-content\/uploads\/2021\/12\/DSC6114-HDR-495x400.jpg\" title='Le refuge vu depuis le sentier 1A' alt='Le refuge vu depuis le sentier 1A' srcset=\"https:\/\/www.sentierigressoney.it\/wp-content\/uploads\/2021\/12\/DSC6114-HDR-495x400.jpg 495w, https:\/\/www.sentierigressoney.it\/wp-content\/uploads\/2021\/12\/DSC6114-HDR-845x684.jpg 845w\" sizes=\"(max-width: 495px) 100vw, 495px\" \/><a href=\"https:\/\/www.sentierigressoney.it\/wp-content\/uploads\/2021\/12\/DSC6114-HDR.jpg\" data-srcset=\"https:\/\/www.sentierigressoney.it\/wp-content\/uploads\/2021\/12\/DSC6114-HDR.jpg 2247w, https:\/\/www.sentierigressoney.it\/wp-content\/uploads\/2021\/12\/DSC6114-HDR-300x200.jpg 300w, https:\/\/www.sentierigressoney.it\/wp-content\/uploads\/2021\/12\/DSC6114-HDR-768x513.jpg 768w, https:\/\/www.sentierigressoney.it\/wp-content\/uploads\/2021\/12\/DSC6114-HDR-1030x688.jpg 1030w, https:\/\/www.sentierigressoney.it\/wp-content\/uploads\/2021\/12\/DSC6114-HDR-1536x1025.jpg 1536w, https:\/\/www.sentierigressoney.it\/wp-content\/uploads\/2021\/12\/DSC6114-HDR-2048x1367.jpg 2048w, https:\/\/www.sentierigressoney.it\/wp-content\/uploads\/2021\/12\/DSC6114-HDR-1500x1001.jpg 1500w, https:\/\/www.sentierigressoney.it\/wp-content\/uploads\/2021\/12\/DSC6114-HDR-705x471.jpg 705w\" data-sizes=\"(max-width: 2247px) 100vw, 2247px\" class='av-horizontal-gallery-link avia-svg-icon avia-font-svg_entypo-fontello' data-av_svg_icon='resize-full' data-av_iconset='svg_entypo-fontello' title='Le refuge vu depuis le sentier 1A' alt='Le refuge vu depuis le sentier 1A' aria-label='Ouvrir l\u2019image dans une Lightbox: Le refuge vu depuis le sentier 1A'><svg version=\"1.1\" xmlns=\"http:\/\/www.w3.org\/2000\/svg\" width=\"25\" height=\"32\" viewBox=\"0 0 25 32\" preserveAspectRatio=\"xMidYMid meet\" aria-labelledby='av-svg-title-18' aria-describedby='av-svg-desc-18' role=\"graphics-symbol\" aria-hidden=\"true\">\n<title id='av-svg-title-18'>Ouvrir l\u2019image dans une Lightbox: Le refuge vu depuis le sentier 1A<\/title>\n<desc id='av-svg-desc-18'>Ouvrir l\u2019image dans une Lightbox: Le refuge vu depuis le sentier 1A<\/desc>\n<path d=\"M15.232 3.328h10.112v10.112l-3.2-3.968-4.672 4.864-3.2-3.2 4.864-4.672zM7.872 17.536l3.2 3.2-4.864 4.672 3.904 3.2h-10.112v-10.112l3.2 3.904z\"><\/path>\n<\/svg><\/a><\/div><div class=\"av-horizontal-gallery-wrap noHover\"><img decoding=\"async\" fetchpriority=\"high\" class='wp-image-24253 avia-img-lazy-loading-not-24253 av-horizontal-gallery-img' width=\"495\" height=\"400\" src=\"https:\/\/www.sentierigressoney.it\/wp-content\/uploads\/2022\/06\/DSF8169-495x400.jpg\" title='Refuge dans l&#039;aridit\u00e9 de janvier 2022' alt='Refuge dans l&#039;aridit\u00e9 de janvier 2022' srcset=\"https:\/\/www.sentierigressoney.it\/wp-content\/uploads\/2022\/06\/DSF8169-495x400.jpg 495w, https:\/\/www.sentierigressoney.it\/wp-content\/uploads\/2022\/06\/DSF8169-845x684.jpg 845w\" sizes=\"(max-width: 495px) 100vw, 495px\" \/><a href=\"https:\/\/www.sentierigressoney.it\/wp-content\/uploads\/2022\/06\/DSF8169.jpg\" data-srcset=\"https:\/\/www.sentierigressoney.it\/wp-content\/uploads\/2022\/06\/DSF8169.jpg 2250w, https:\/\/www.sentierigressoney.it\/wp-content\/uploads\/2022\/06\/DSF8169-300x200.jpg 300w, https:\/\/www.sentierigressoney.it\/wp-content\/uploads\/2022\/06\/DSF8169-1030x687.jpg 1030w, https:\/\/www.sentierigressoney.it\/wp-content\/uploads\/2022\/06\/DSF8169-768x512.jpg 768w, https:\/\/www.sentierigressoney.it\/wp-content\/uploads\/2022\/06\/DSF8169-1536x1024.jpg 1536w, https:\/\/www.sentierigressoney.it\/wp-content\/uploads\/2022\/06\/DSF8169-2048x1365.jpg 2048w, https:\/\/www.sentierigressoney.it\/wp-content\/uploads\/2022\/06\/DSF8169-1500x1000.jpg 1500w, https:\/\/www.sentierigressoney.it\/wp-content\/uploads\/2022\/06\/DSF8169-705x470.jpg 705w\" data-sizes=\"(max-width: 2250px) 100vw, 2250px\" class='av-horizontal-gallery-link avia-svg-icon avia-font-svg_entypo-fontello' data-av_svg_icon='resize-full' data-av_iconset='svg_entypo-fontello' title='Refuge dans l&#039;aridit\u00e9 de janvier 2022' alt='Refuge dans l&#039;aridit\u00e9 de janvier 2022' aria-label='Ouvrir l\u2019image dans une Lightbox: Refuge dans l&#039;aridit\u00e9 de janvier 2022'><svg version=\"1.1\" xmlns=\"http:\/\/www.w3.org\/2000\/svg\" width=\"25\" height=\"32\" viewBox=\"0 0 25 32\" preserveAspectRatio=\"xMidYMid meet\" aria-labelledby='av-svg-title-19' aria-describedby='av-svg-desc-19' role=\"graphics-symbol\" aria-hidden=\"true\">\n<title id='av-svg-title-19'>Ouvrir l\u2019image dans une Lightbox: Refuge dans l&#039;aridit\u00e9 de janvier 2022<\/title>\n<desc id='av-svg-desc-19'>Ouvrir l\u2019image dans une Lightbox: Refuge dans l&#039;aridit\u00e9 de janvier 2022<\/desc>\n<path d=\"M15.232 3.328h10.112v10.112l-3.2-3.968-4.672 4.864-3.2-3.2 4.864-4.672zM7.872 17.536l3.2 3.2-4.864 4.672 3.904 3.2h-10.112v-10.112l3.2 3.904z\"><\/path>\n<\/svg><\/a><\/div><div class=\"av-horizontal-gallery-wrap noHover\"><img decoding=\"async\" fetchpriority=\"high\" class='wp-image-24369 avia-img-lazy-loading-not-24369 av-horizontal-gallery-img' width=\"495\" height=\"400\" src=\"https:\/\/www.sentierigressoney.it\/wp-content\/uploads\/2022\/06\/DSCF9786-HDR-495x400.jpg\" title='Le pavillon de th\u00e9 de la reine' alt='Le pavillon de th\u00e9 de la reine' srcset=\"https:\/\/www.sentierigressoney.it\/wp-content\/uploads\/2022\/06\/DSCF9786-HDR-495x400.jpg 495w, https:\/\/www.sentierigressoney.it\/wp-content\/uploads\/2022\/06\/DSCF9786-HDR-845x684.jpg 845w\" sizes=\"(max-width: 495px) 100vw, 495px\" \/><a href=\"https:\/\/www.sentierigressoney.it\/wp-content\/uploads\/2022\/06\/DSCF9786-HDR.jpg\" data-srcset=\"https:\/\/www.sentierigressoney.it\/wp-content\/uploads\/2022\/06\/DSCF9786-HDR.jpg 2250w, https:\/\/www.sentierigressoney.it\/wp-content\/uploads\/2022\/06\/DSCF9786-HDR-300x200.jpg 300w, https:\/\/www.sentierigressoney.it\/wp-content\/uploads\/2022\/06\/DSCF9786-HDR-1030x687.jpg 1030w, https:\/\/www.sentierigressoney.it\/wp-content\/uploads\/2022\/06\/DSCF9786-HDR-768x512.jpg 768w, https:\/\/www.sentierigressoney.it\/wp-content\/uploads\/2022\/06\/DSCF9786-HDR-1536x1024.jpg 1536w, https:\/\/www.sentierigressoney.it\/wp-content\/uploads\/2022\/06\/DSCF9786-HDR-2048x1365.jpg 2048w, https:\/\/www.sentierigressoney.it\/wp-content\/uploads\/2022\/06\/DSCF9786-HDR-1500x1000.jpg 1500w, https:\/\/www.sentierigressoney.it\/wp-content\/uploads\/2022\/06\/DSCF9786-HDR-705x470.jpg 705w\" data-sizes=\"(max-width: 2250px) 100vw, 2250px\" class='av-horizontal-gallery-link avia-svg-icon avia-font-svg_entypo-fontello' data-av_svg_icon='resize-full' data-av_iconset='svg_entypo-fontello' title='Le pavillon de th\u00e9 de la reine' alt='Le pavillon de th\u00e9 de la reine' aria-label='Ouvrir l\u2019image dans une Lightbox: Le pavillon de th\u00e9 de la reine'><svg version=\"1.1\" xmlns=\"http:\/\/www.w3.org\/2000\/svg\" width=\"25\" height=\"32\" viewBox=\"0 0 25 32\" preserveAspectRatio=\"xMidYMid meet\" aria-labelledby='av-svg-title-20' aria-describedby='av-svg-desc-20' role=\"graphics-symbol\" aria-hidden=\"true\">\n<title id='av-svg-title-20'>Ouvrir l\u2019image dans une Lightbox: Le pavillon de th\u00e9 de la reine<\/title>\n<desc id='av-svg-desc-20'>Ouvrir l\u2019image dans une Lightbox: Le pavillon de th\u00e9 de la reine<\/desc>\n<path d=\"M15.232 3.328h10.112v10.112l-3.2-3.968-4.672 4.864-3.2-3.2 4.864-4.672zM7.872 17.536l3.2 3.2-4.864 4.672 3.904 3.2h-10.112v-10.112l3.2 3.904z\"><\/path>\n<\/svg><\/a><\/div><div class=\"av-horizontal-gallery-wrap noHover\"><img decoding=\"async\" fetchpriority=\"high\" class='wp-image-24252 avia-img-lazy-loading-not-24252 av-horizontal-gallery-img' width=\"495\" height=\"400\" src=\"https:\/\/www.sentierigressoney.it\/wp-content\/uploads\/2022\/06\/DSF8154-495x400.jpg\" title='Le pavillon de th\u00e9 de la reine (janvier 2022)' alt='Le pavillon de th\u00e9 de la reine (janvier 2022)' srcset=\"https:\/\/www.sentierigressoney.it\/wp-content\/uploads\/2022\/06\/DSF8154-495x400.jpg 495w, https:\/\/www.sentierigressoney.it\/wp-content\/uploads\/2022\/06\/DSF8154-845x684.jpg 845w\" sizes=\"(max-width: 495px) 100vw, 495px\" \/><a href=\"https:\/\/www.sentierigressoney.it\/wp-content\/uploads\/2022\/06\/DSF8154.jpg\" data-srcset=\"https:\/\/www.sentierigressoney.it\/wp-content\/uploads\/2022\/06\/DSF8154.jpg 2250w, https:\/\/www.sentierigressoney.it\/wp-content\/uploads\/2022\/06\/DSF8154-300x200.jpg 300w, https:\/\/www.sentierigressoney.it\/wp-content\/uploads\/2022\/06\/DSF8154-1030x687.jpg 1030w, https:\/\/www.sentierigressoney.it\/wp-content\/uploads\/2022\/06\/DSF8154-768x512.jpg 768w, https:\/\/www.sentierigressoney.it\/wp-content\/uploads\/2022\/06\/DSF8154-1536x1024.jpg 1536w, https:\/\/www.sentierigressoney.it\/wp-content\/uploads\/2022\/06\/DSF8154-2048x1365.jpg 2048w, https:\/\/www.sentierigressoney.it\/wp-content\/uploads\/2022\/06\/DSF8154-1500x1000.jpg 1500w, https:\/\/www.sentierigressoney.it\/wp-content\/uploads\/2022\/06\/DSF8154-705x470.jpg 705w\" data-sizes=\"(max-width: 2250px) 100vw, 2250px\" class='av-horizontal-gallery-link avia-svg-icon avia-font-svg_entypo-fontello' data-av_svg_icon='resize-full' data-av_iconset='svg_entypo-fontello' title='Le pavillon de th\u00e9 de la reine (janvier 2022)' alt='Le pavillon de th\u00e9 de la reine (janvier 2022)' aria-label='Ouvrir l\u2019image dans une Lightbox: Le pavillon de th\u00e9 de la reine (janvier 2022)'><svg version=\"1.1\" xmlns=\"http:\/\/www.w3.org\/2000\/svg\" width=\"25\" height=\"32\" viewBox=\"0 0 25 32\" preserveAspectRatio=\"xMidYMid meet\" aria-labelledby='av-svg-title-21' aria-describedby='av-svg-desc-21' role=\"graphics-symbol\" aria-hidden=\"true\">\n<title id='av-svg-title-21'>Ouvrir l\u2019image dans une Lightbox: Le pavillon de th\u00e9 de la reine (janvier 2022)<\/title>\n<desc id='av-svg-desc-21'>Ouvrir l\u2019image dans une Lightbox: Le pavillon de th\u00e9 de la reine (janvier 2022)<\/desc>\n<path d=\"M15.232 3.328h10.112v10.112l-3.2-3.968-4.672 4.864-3.2-3.2 4.864-4.672zM7.872 17.536l3.2 3.2-4.864 4.672 3.904 3.2h-10.112v-10.112l3.2 3.904z\"><\/path>\n<\/svg><\/a><\/div><div class=\"av-horizontal-gallery-wrap noHover\"><img decoding=\"async\" fetchpriority=\"high\" class='wp-image-24234 avia-img-lazy-loading-not-24234 av-horizontal-gallery-img' width=\"495\" height=\"400\" src=\"https:\/\/www.sentierigressoney.it\/wp-content\/uploads\/2022\/06\/DSCN4582-495x400.jpg\" title='Le Pavillon de th\u00e9 de la Reine en 2006, ouvert aux clients' alt='Le Pavillon de th\u00e9 de la Reine en 2006, ouvert aux clients' srcset=\"https:\/\/www.sentierigressoney.it\/wp-content\/uploads\/2022\/06\/DSCN4582-495x400.jpg 495w, https:\/\/www.sentierigressoney.it\/wp-content\/uploads\/2022\/06\/DSCN4582-845x684.jpg 845w\" sizes=\"(max-width: 495px) 100vw, 495px\" \/><a href=\"https:\/\/www.sentierigressoney.it\/wp-content\/uploads\/2022\/06\/DSCN4582.jpg\" data-srcset=\"https:\/\/www.sentierigressoney.it\/wp-content\/uploads\/2022\/06\/DSCN4582.jpg 2000w, https:\/\/www.sentierigressoney.it\/wp-content\/uploads\/2022\/06\/DSCN4582-300x225.jpg 300w, https:\/\/www.sentierigressoney.it\/wp-content\/uploads\/2022\/06\/DSCN4582-768x576.jpg 768w, https:\/\/www.sentierigressoney.it\/wp-content\/uploads\/2022\/06\/DSCN4582-1030x773.jpg 1030w, https:\/\/www.sentierigressoney.it\/wp-content\/uploads\/2022\/06\/DSCN4582-1536x1152.jpg 1536w, https:\/\/www.sentierigressoney.it\/wp-content\/uploads\/2022\/06\/DSCN4582-1500x1125.jpg 1500w, https:\/\/www.sentierigressoney.it\/wp-content\/uploads\/2022\/06\/DSCN4582-705x529.jpg 705w\" data-sizes=\"(max-width: 2000px) 100vw, 2000px\" class='av-horizontal-gallery-link avia-svg-icon avia-font-svg_entypo-fontello' data-av_svg_icon='resize-full' data-av_iconset='svg_entypo-fontello' title='Le Pavillon de th\u00e9 de la Reine en 2006, ouvert aux clients' alt='Le Pavillon de th\u00e9 de la Reine en 2006, ouvert aux clients' aria-label='Ouvrir l\u2019image dans une Lightbox: Le Pavillon de th\u00e9 de la Reine en 2006, ouvert aux clients'><svg version=\"1.1\" xmlns=\"http:\/\/www.w3.org\/2000\/svg\" width=\"25\" height=\"32\" viewBox=\"0 0 25 32\" preserveAspectRatio=\"xMidYMid meet\" aria-labelledby='av-svg-title-22' aria-describedby='av-svg-desc-22' role=\"graphics-symbol\" aria-hidden=\"true\">\n<title id='av-svg-title-22'>Ouvrir l\u2019image dans une Lightbox: Le Pavillon de th\u00e9 de la Reine en 2006, ouvert aux clients<\/title>\n<desc id='av-svg-desc-22'>Ouvrir l\u2019image dans une Lightbox: Le Pavillon de th\u00e9 de la Reine en 2006, ouvert aux clients<\/desc>\n<path d=\"M15.232 3.328h10.112v10.112l-3.2-3.968-4.672 4.864-3.2-3.2 4.864-4.672zM7.872 17.536l3.2 3.2-4.864 4.672 3.904 3.2h-10.112v-10.112l3.2 3.904z\"><\/path>\n<\/svg><\/a><\/div><\/div><\/div><\/div>\n\n<style type=\"text\/css\" data-created_by=\"avia_inline_auto\" id=\"style-css-av-ggne7a-56e49ed5f28f47bca0642e6d1bdc3b4a\">\n.avia-section.av-ggne7a-56e49ed5f28f47bca0642e6d1bdc3b4a{\nmargin-top:-30px;\nmargin-bottom:0px;\n}\n<\/style>\n<div id='av_section_2'  class='avia-section av-ggne7a-56e49ed5f28f47bca0642e6d1bdc3b4a main_color avia-section-default avia-no-border-styling  avia-builder-el-8  el_after_av_horizontal_gallery  avia-builder-el-last  avia-bg-style-scroll container_wrap fullsize'  ><div class='container av-section-cont-open' ><div class='template-page content  av-content-full alpha units'><div class='post-entry post-entry-type-page post-entry-27189'><div class='entry-content-wrapper clearfix'>\n\n<style type=\"text\/css\" data-created_by=\"avia_inline_auto\" id=\"style-css-av-edrhqe-bb1706fcdc714cf298ceb4e767df255e\">\n#top .av-special-heading.av-edrhqe-bb1706fcdc714cf298ceb4e767df255e{\npadding-bottom:10px;\n}\nbody .av-special-heading.av-edrhqe-bb1706fcdc714cf298ceb4e767df255e .av-special-heading-tag .heading-char{\nfont-size:25px;\ncolor:#8e8e8e;\npadding-bottom:10px;\n}\nbody .av-special-heading.av-edrhqe-bb1706fcdc714cf298ceb4e767df255e .av-special-heading-tag .heading-char.avia-svg-icon svg:first-child{\nfill:#8e8e8e;\nstroke:#8e8e8e;\n}\n.av-special-heading.av-edrhqe-bb1706fcdc714cf298ceb4e767df255e .av-subheading{\nfont-size:15px;\n}\n<\/style>\n<div  id=\"partenzaearrivo\"  class='av-special-heading av-edrhqe-bb1706fcdc714cf298ceb4e767df255e av-special-heading-h2 custom-color-heading blockquote elegant-quote elegant-centered  avia-builder-el-9  el_before_av_one_half  avia-builder-el-first  av-thin-font av-icon'><h2 class='av-special-heading-tag '  itemprop=\"headline\"  ><span class='heading-char avia-iconfont avia-font-entypo-fontello' data-av_icon='\ue8dd' data-av_iconfont='entypo-fontello' ><\/span><span class=\"heading-wrap\"><strong>1. D\u00e9part et arriv\u00e9e<\/strong><\/span><\/h2><div class=\"special-heading-border\"><div class=\"special-heading-inner-border\"><\/div><\/div><\/div>\n<div  class='flex_column av-43my3a-2f88be64fb908842f903e933b019038f av_one_half  avia-builder-el-10  el_after_av_heading  el_before_av_one_half  first flex_column_div  '     ><p>\n<style type=\"text\/css\" data-created_by=\"avia_inline_auto\" id=\"style-css-av-kxm8zjl4-f2a8b784f5f1c33bb57442ee9903af09\">\n#top .av_textblock_section.av-kxm8zjl4-f2a8b784f5f1c33bb57442ee9903af09 .avia_textblock{\ntext-align:left;\n}\n<\/style>\n<section  class='av_textblock_section av-kxm8zjl4-f2a8b784f5f1c33bb57442ee9903af09 '   itemscope=\"itemscope\" itemtype=\"https:\/\/schema.org\/CreativeWork\" ><div class='avia_textblock'  itemprop=\"text\" ><p>Le sentier <strong>2<\/strong> commence au hameau de <strong>Bienne<\/strong>, l&rsquo;altitude est de <strong>1480m<\/strong>.<br \/>\n<a href=\"http:\/\/maps.google.com\/maps?&#038;t=k&#038;q=45.7610181625+7.82892503363\" target=\"_blank\" rel=\"noopener\" data-wplink-edit=\"true\">Voir sur Google Maps<\/a>.<\/p>\n<\/div><\/section><br \/>\n<\/p><\/div><div  class='flex_column av-395zcm-4d888b99351f84e224b50ef056ce5f14 av_one_half  avia-builder-el-13  el_after_av_one_half  el_before_av_one_full  flex_column_div  '     ><p>\n<style type=\"text\/css\" data-created_by=\"avia_inline_auto\" id=\"style-css-av-l40a9n6e-649c176770eddaa52ace96abf062062f\">\n#top .av_textblock_section.av-l40a9n6e-649c176770eddaa52ace96abf062062f .avia_textblock{\ntext-align:left;\n}\n<\/style>\n<section  class='av_textblock_section av-l40a9n6e-649c176770eddaa52ace96abf062062f '   itemscope=\"itemscope\" itemtype=\"https:\/\/schema.org\/CreativeWork\" ><div class='avia_textblock'  itemprop=\"text\" ><p>La destination est la gare d&rsquo;arriv\u00e9e du t\u00e9l\u00e9si\u00e8ge de <strong>Weismatten<\/strong>. L&rsquo;altitude est de <strong>2055m.<\/strong><br \/>\n<a href=\"http:\/\/maps.google.com\/maps?&#038;t=k&#038;q=45.7483138513+7.82499961266\" target=\"_blank\" rel=\"noopener\" data-wplink-edit=\"true\">Voir sur Google Maps<\/a>.<\/p>\n<\/div><\/section><br \/>\n<\/p><\/div><div  class='flex_column av-39nccm-35ec3a55303e6e743042f37bde650748 av_one_full  avia-builder-el-16  el_after_av_one_half  el_before_av_heading  first flex_column_div  column-top-margin'     ><style type=\"text\/css\" data-created_by=\"avia_inline_auto\" id=\"style-css-av-kxm8zwa6-57f783a3956d90978f37515020d81820\">\n#top .av_textblock_section.av-kxm8zwa6-57f783a3956d90978f37515020d81820 .avia_textblock{\ntext-align:left;\n}\n<\/style>\n<section  class='av_textblock_section av-kxm8zwa6-57f783a3956d90978f37515020d81820 '   itemscope=\"itemscope\" itemtype=\"https:\/\/schema.org\/CreativeWork\" ><div class='avia_textblock'  itemprop=\"text\" ><p>Suis les indications pour <strong>Ch\u00e2teau Savoie<\/strong>: une fois que tu l&rsquo;as atteint, passe devant, continue sur la route pendant environ 500 m\u00e8tres, jusqu&rsquo;\u00e0 ce que, peu apr\u00e8s une d\u00e9charge, tu arrives \u00e0 un petit parking public.<\/p>\n<div id=\"attachment_24226\" style=\"width: 1040px\" class=\"wp-caption aligncenter\"><a href=\"https:\/\/www.sentierigressoney.it\/wp-content\/uploads\/2022\/06\/parcheggio.png\"><img loading=\"lazy\" decoding=\"async\" aria-describedby=\"caption-attachment-24226\" class=\"wp-image-9188 size-large\" src=\"https:\/\/www.sentierigressoney.it\/wp-content\/uploads\/2022\/06\/parcheggio-1030x512.png\" alt=\"le parking\" width=\"1030\" height=\"512\" srcset=\"https:\/\/www.sentierigressoney.it\/wp-content\/uploads\/2022\/06\/parcheggio-1030x512.png 1030w, https:\/\/www.sentierigressoney.it\/wp-content\/uploads\/2022\/06\/parcheggio-300x149.png 300w, https:\/\/www.sentierigressoney.it\/wp-content\/uploads\/2022\/06\/parcheggio-768x382.png 768w, https:\/\/www.sentierigressoney.it\/wp-content\/uploads\/2022\/06\/parcheggio-1536x764.png 1536w, https:\/\/www.sentierigressoney.it\/wp-content\/uploads\/2022\/06\/parcheggio-1500x746.png 1500w, https:\/\/www.sentierigressoney.it\/wp-content\/uploads\/2022\/06\/parcheggio-705x351.png 705w, https:\/\/www.sentierigressoney.it\/wp-content\/uploads\/2022\/06\/parcheggio.png 1617w\" sizes=\"auto, (max-width: 1030px) 100vw, 1030px\" \/><\/a><p id=\"caption-attachment-24226\" class=\"wp-caption-text\">le parking<\/p><\/div>\n<\/div><\/section><\/div>\n<style type=\"text\/css\" data-created_by=\"avia_inline_auto\" id=\"style-css-av-cg7uk6-fc14923c0276cae2892327bbf73a9e63\">\n#top .av-special-heading.av-cg7uk6-fc14923c0276cae2892327bbf73a9e63{\npadding-bottom:10px;\n}\nbody .av-special-heading.av-cg7uk6-fc14923c0276cae2892327bbf73a9e63 .av-special-heading-tag .heading-char{\nfont-size:25px;\ncolor:#8e8e8e;\npadding-bottom:10px;\n}\nbody .av-special-heading.av-cg7uk6-fc14923c0276cae2892327bbf73a9e63 .av-special-heading-tag .heading-char.avia-svg-icon svg:first-child{\nfill:#8e8e8e;\nstroke:#8e8e8e;\n}\n.av-special-heading.av-cg7uk6-fc14923c0276cae2892327bbf73a9e63 .av-subheading{\nfont-size:15px;\n}\n<\/style>\n<div  id=\"mappadelsentiero\"  class='av-special-heading av-cg7uk6-fc14923c0276cae2892327bbf73a9e63 av-special-heading-h2 custom-color-heading blockquote elegant-quote elegant-centered  avia-builder-el-18  el_after_av_one_full  el_before_av_textblock  av-thin-font av-icon'><h2 class='av-special-heading-tag '  itemprop=\"headline\"  ><span class='heading-char avia-iconfont avia-font-entypo-fontello' data-av_icon='\ue843' data-av_iconfont='entypo-fontello' ><\/span><span class=\"heading-wrap\"><strong>2. Le parcours<\/strong><\/span><\/h2><div class=\"special-heading-border\"><div class=\"special-heading-inner-border\"><\/div><\/div><\/div>\n\n<style type=\"text\/css\" data-created_by=\"avia_inline_auto\" id=\"style-css-av-be3w4m-f619bdaef608a44998f53d76b6fb693c\">\n#top .av_textblock_section.av-be3w4m-f619bdaef608a44998f53d76b6fb693c .avia_textblock{\ntext-align:left;\n}\n<\/style>\n<section  class='av_textblock_section av-be3w4m-f619bdaef608a44998f53d76b6fb693c '   itemscope=\"itemscope\" itemtype=\"https:\/\/schema.org\/CreativeWork\" ><div class='avia_textblock'  itemprop=\"text\" ><p>Le sentier 2, apr\u00e8s une courte section dans la for\u00eat, coupe la piste de ski noir portant le nom de <a href=\"https:\/\/it.wikipedia.org\/wiki\/Leonardo_David\" target=\"_blank\" rel=\"noopener\">Leonardo David<\/a>, l&rsquo;inoubliable champion de ski de Gressoney, au milieu du mur final. Elle se poursuit ensuite pendant un long moment sur un chemin de terre, coupe \u00e0 travers la for\u00eat et rejoint la section initiale de la piste de ski rouge, qui monte jusqu&rsquo;\u00e0 ce qu&rsquo;elle rejoigne le chemin de terre menant \u00e0 la station d&rsquo;arriv\u00e9e du t\u00e9l\u00e9si\u00e8ge de Weismatten.<\/p>\n<div id=\"attachment_24229\" style=\"width: 505px\" class=\"wp-caption aligncenter\"><a href=\"https:\/\/www.sentierigressoney.it\/wp-content\/uploads\/2021\/12\/mappa-1.png\"><img loading=\"lazy\" decoding=\"async\" aria-describedby=\"caption-attachment-24229\" class=\"wp-image-9191 size-portfolio\" title=\"L'itin\u00e9raire\" src=\"https:\/\/www.sentierigressoney.it\/wp-content\/uploads\/2021\/12\/mappa-1-495x400.png\" alt=\"L'itin\u00e9raire\" width=\"495\" height=\"400\" srcset=\"https:\/\/www.sentierigressoney.it\/wp-content\/uploads\/2021\/12\/mappa-1-495x400.png 495w, https:\/\/www.sentierigressoney.it\/wp-content\/uploads\/2021\/12\/mappa-1-845x684.png 845w\" sizes=\"auto, (max-width: 495px) 100vw, 495px\" \/><\/a><p id=\"caption-attachment-24229\" class=\"wp-caption-text\">L&rsquo;itin\u00e9raire<\/p><\/div>\n<p>Apr\u00e8s t&rsquo;\u00eatre gar\u00e9, suis la route goudronn\u00e9e sur environ 400 m\u00e8tres jusqu&rsquo;\u00e0 ce que tu croises d&rsquo;abord la piste du t\u00e9l\u00e9ski, puis une large pente herbeuse.<\/p>\n<div id=\"attachment_24380\" style=\"width: 505px\" class=\"wp-caption aligncenter\"><a href=\"https:\/\/www.sentierigressoney.it\/wp-content\/uploads\/2022\/06\/DSCF9897.jpg\"><img loading=\"lazy\" decoding=\"async\" aria-describedby=\"caption-attachment-24380\" class=\"wp-image-9744 size-portfolio\" title=\"La premi\u00e8re marque indique le sentier 3. Le sentier 2 commence dans le virage du bas\" src=\"https:\/\/www.sentierigressoney.it\/wp-content\/uploads\/2022\/06\/DSCF9897-495x400.jpg\" alt=\"La premi\u00e8re marque indique le sentier 3. Le sentier 2 commence dans le virage du bas\" width=\"495\" height=\"400\" srcset=\"https:\/\/www.sentierigressoney.it\/wp-content\/uploads\/2022\/06\/DSCF9897-495x400.jpg 495w, https:\/\/www.sentierigressoney.it\/wp-content\/uploads\/2022\/06\/DSCF9897-845x684.jpg 845w\" sizes=\"auto, (max-width: 495px) 100vw, 495px\" \/><\/a><p id=\"caption-attachment-24380\" class=\"wp-caption-text\">La premi\u00e8re marque indique le sentier 3. 2 commence par le coude inf\u00e9rieur<\/p><\/div>\n<p>D\u00e8s que tu auras atteint le premier virage \u00e0 gauche, tu trouveras le d\u00e9but du <strong>sentier 2 <\/strong> sur la droite (tu peux voir un rep\u00e8re jaune sur un bloc rocheux).<\/p>\n<div id=\"attachment_24379\" style=\"width: 505px\" class=\"wp-caption aligncenter\"><a href=\"https:\/\/www.sentierigressoney.it\/wp-content\/uploads\/2022\/06\/DSCF9879-HDR.jpg\"><img loading=\"lazy\" decoding=\"async\" aria-describedby=\"caption-attachment-24379\" class=\"wp-image-9743 size-portfolio\" title=\"Le d\u00e9but du sentier 2\" src=\"https:\/\/www.sentierigressoney.it\/wp-content\/uploads\/2022\/06\/DSCF9879-HDR-495x400.jpg\" alt=\"Le d\u00e9but du sentier 2\" width=\"495\" height=\"400\" srcset=\"https:\/\/www.sentierigressoney.it\/wp-content\/uploads\/2022\/06\/DSCF9879-HDR-495x400.jpg 495w, https:\/\/www.sentierigressoney.it\/wp-content\/uploads\/2022\/06\/DSCF9879-HDR-845x684.jpg 845w\" sizes=\"auto, (max-width: 495px) 100vw, 495px\" \/><\/a><p id=\"caption-attachment-24379\" class=\"wp-caption-text\">Le d\u00e9but du sentier 2<\/p><\/div>\n<p>La section \u00e0 travers la for\u00eat est tr\u00e8s courte, et le sentier est tr\u00e8s large et avec des virages doux, car c&rsquo;est aussi un itin\u00e9raire de VTT. Apr\u00e8s un peu plus de 100 m\u00e8tres de d\u00e9nivel\u00e9, en montant vers la gauche, tu arrives \u00e0 une petite maison au milieu du mur final de la piste de ski noire, que tu traverses en continuant \u00e0 l&rsquo;horizontale.<\/p>\n<div id=\"attachment_24223\" style=\"width: 505px\" class=\"wp-caption aligncenter\"><a href=\"https:\/\/www.sentierigressoney.it\/wp-content\/uploads\/2022\/06\/DSF4185.jpg\"><img loading=\"lazy\" decoding=\"async\" aria-describedby=\"caption-attachment-24223\" class=\"wp-image-9185 size-portfolio\" title=\"La paroi de la piste noire est coup\u00e9e\" src=\"https:\/\/www.sentierigressoney.it\/wp-content\/uploads\/2022\/06\/DSF4185-495x400.jpg\" alt=\"La paroi de la piste noire est coup\u00e9e\" width=\"495\" height=\"400\" srcset=\"https:\/\/www.sentierigressoney.it\/wp-content\/uploads\/2022\/06\/DSF4185-495x400.jpg 495w, https:\/\/www.sentierigressoney.it\/wp-content\/uploads\/2022\/06\/DSF4185-845x684.jpg 845w\" sizes=\"auto, (max-width: 495px) 100vw, 495px\" \/><\/a><p id=\"caption-attachment-24223\" class=\"wp-caption-text\">La paroi de la piste noire est coup\u00e9e<\/p><\/div>\n<p>Tu grimpes sur une courte distance le long de la pente jusqu&rsquo;\u00e0 ce que tu atteignes la station interm\u00e9diaire du t\u00e9l\u00e9si\u00e8ge.<\/p>\n<div id=\"attachment_24236\" style=\"width: 505px\" class=\"wp-caption aligncenter\"><a href=\"https:\/\/www.sentierigressoney.it\/wp-content\/uploads\/2021\/12\/DSC5949.jpg\"><img loading=\"lazy\" decoding=\"async\" aria-describedby=\"caption-attachment-24236\" class=\"wp-image-9219 size-portfolio\" title=\"La station interm\u00e9diaire du t\u00e9l\u00e9si\u00e8ge\" src=\"https:\/\/www.sentierigressoney.it\/wp-content\/uploads\/2021\/12\/DSC5949-495x400.jpg\" alt=\"La station interm\u00e9diaire du t\u00e9l\u00e9si\u00e8ge\" width=\"495\" height=\"400\" srcset=\"https:\/\/www.sentierigressoney.it\/wp-content\/uploads\/2021\/12\/DSC5949-495x400.jpg 495w, https:\/\/www.sentierigressoney.it\/wp-content\/uploads\/2021\/12\/DSC5949-845x684.jpg 845w\" sizes=\"auto, (max-width: 495px) 100vw, 495px\" \/><\/a><p id=\"caption-attachment-24236\" class=\"wp-caption-text\">La station interm\u00e9diaire du t\u00e9l\u00e9si\u00e8ge<\/p><\/div>\n<p>Nous continuons ensuite le long du chemin de terre (en hiver lui-m\u00eame une piste de ski, bleue). Tu trouveras bient\u00f4t sur ta gauche des panneaux indiquant l&rsquo;h\u00f4tel\/restaurant La Cialvrina <strong>(env. 1656 m)<\/strong>, que l&rsquo;on peut \u00e9galement atteindre en voiture. Tu le d\u00e9passes, et lorsque tu arrives \u00e0 un virage en \u00e9pingle \u00e0 cheveux asphalt\u00e9, tu restes sur le chemin de terre.<br \/>\nActuellement (2025), l&rsquo;h\u00f4tel est ferm\u00e9.<\/p>\n<div id=\"attachment_24378\" style=\"width: 505px\" class=\"wp-caption aligncenter\"><a href=\"https:\/\/www.sentierigressoney.it\/wp-content\/uploads\/2022\/06\/DSCF9819-HDR.jpg\"><img loading=\"lazy\" decoding=\"async\" aria-describedby=\"caption-attachment-24378\" class=\"wp-image-9742 size-portfolio\" title=\"Apr\u00e8s Cialvrina, continue sur le chemin de terre \u00e0 droite.\" src=\"https:\/\/www.sentierigressoney.it\/wp-content\/uploads\/2022\/06\/DSCF9819-HDR-495x400.jpg\" alt=\"Apr\u00e8s Cialvrina, continue sur le chemin de terre \u00e0 droite.\" width=\"495\" height=\"400\" srcset=\"https:\/\/www.sentierigressoney.it\/wp-content\/uploads\/2022\/06\/DSCF9819-HDR-495x400.jpg 495w, https:\/\/www.sentierigressoney.it\/wp-content\/uploads\/2022\/06\/DSCF9819-HDR-845x684.jpg 845w\" sizes=\"auto, (max-width: 495px) 100vw, 495px\" \/><\/a><p id=\"caption-attachment-24378\" class=\"wp-caption-text\">Apr\u00e8s Cialvrina, continue sur le chemin de terre \u00e0 droite.<\/p><\/div>\n<p>La section sur le chemin de terre a toujours une pente assez constante, sauf \u00e0 un endroit o\u00f9 elle devient particuli\u00e8rement raide.<\/p>\n<div id=\"attachment_24224\" style=\"width: 505px\" class=\"wp-caption aligncenter\"><a href=\"https:\/\/www.sentierigressoney.it\/wp-content\/uploads\/2022\/06\/DSF4186.jpg\"><img loading=\"lazy\" decoding=\"async\" aria-describedby=\"caption-attachment-24224\" class=\"wp-image-9186 size-portfolio\" title=\"Section escarp\u00e9e d'un chemin de terre\" src=\"https:\/\/www.sentierigressoney.it\/wp-content\/uploads\/2022\/06\/DSF4186-495x400.jpg\" alt=\"Section escarp\u00e9e d'un chemin de terre\" width=\"495\" height=\"400\" srcset=\"https:\/\/www.sentierigressoney.it\/wp-content\/uploads\/2022\/06\/DSF4186-495x400.jpg 495w, https:\/\/www.sentierigressoney.it\/wp-content\/uploads\/2022\/06\/DSF4186-845x684.jpg 845w\" sizes=\"auto, (max-width: 495px) 100vw, 495px\" \/><\/a><p id=\"caption-attachment-24224\" class=\"wp-caption-text\">Section escarp\u00e9e d&rsquo;un chemin de terre<\/p><\/div>\n<p>Continue sur environ 600 m\u00e8tres, en ignorant une balise sur la droite qui indique une d\u00e9viation vers le <a href=\"https:\/\/www.sentierigressoney.it\/fr\/sentieri\/walserweg-1708m-sentier-1w\/\" class=\"sentiero-chip clickable-chip\">\n                    <i class=\"fas fa-hiking chip-icon-fa\"><\/i> \n                    <span class=\"chip-label\">SENTIER 1W<\/span>\n                <\/a>&#8230;.<\/p>\n<div id=\"attachment_24377\" style=\"width: 505px\" class=\"wp-caption aligncenter\"><a href=\"https:\/\/www.sentierigressoney.it\/wp-content\/uploads\/2022\/06\/DSCF9811.jpg\"><img loading=\"lazy\" decoding=\"async\" aria-describedby=\"caption-attachment-24377\" class=\"wp-image-9741 size-portfolio\" title=\"Le poteau indiquant la direction pour le 1W \u00e0 droite.\" src=\"https:\/\/www.sentierigressoney.it\/wp-content\/uploads\/2022\/06\/DSCF9811-495x400.jpg\" alt=\"Le poteau indiquant la direction pour le 1W \u00e0 droite.\" width=\"495\" height=\"400\" srcset=\"https:\/\/www.sentierigressoney.it\/wp-content\/uploads\/2022\/06\/DSCF9811-495x400.jpg 495w, https:\/\/www.sentierigressoney.it\/wp-content\/uploads\/2022\/06\/DSCF9811-845x684.jpg 845w\" sizes=\"auto, (max-width: 495px) 100vw, 495px\" \/><\/a><p id=\"caption-attachment-24377\" class=\"wp-caption-text\">Le poteau indiquant la direction pour le 1W \u00e0 droite.<\/p><\/div>\n<p>&#8230;et tu arrives \u00e0 un point, \u00e0 <strong>environ 1776m<\/strong>, o\u00f9 tu trouveras une route sur la gauche qui m\u00e8ne \u00e0 des cabanes isol\u00e9es (les <strong>Baite di David<\/strong>)&#8230;<\/p>\n<div id=\"attachment_24374\" style=\"width: 505px\" class=\"wp-caption aligncenter\"><a href=\"https:\/\/www.sentierigressoney.it\/wp-content\/uploads\/2022\/06\/DSCF9808.jpg\"><img loading=\"lazy\" decoding=\"async\" aria-describedby=\"caption-attachment-24374\" class=\"wp-image-9738 size-portfolio\" title=\"Les cabanes de David \u00e0 la jonction pour le sentier 2.\" src=\"https:\/\/www.sentierigressoney.it\/wp-content\/uploads\/2022\/06\/DSCF9808-495x400.jpg\" alt=\"Les cabanes de David \u00e0 la jonction pour le sentier 2.\" width=\"495\" height=\"400\" srcset=\"https:\/\/www.sentierigressoney.it\/wp-content\/uploads\/2022\/06\/DSCF9808-495x400.jpg 495w, https:\/\/www.sentierigressoney.it\/wp-content\/uploads\/2022\/06\/DSCF9808-845x684.jpg 845w\" sizes=\"auto, (max-width: 495px) 100vw, 495px\" \/><\/a><p id=\"caption-attachment-24374\" class=\"wp-caption-text\">Les cabanes de David \u00e0 la jonction pour le sentier 2.<\/p><\/div>\n<p>&#8230;tandis qu&rsquo;\u00e0 droite se trouve un canon \u00e0 neige avec un \u00ab\u00a02\u00a0\u00bb jaune peint dessus et sur la base.<\/p>\n<div id=\"attachment_24376\" style=\"width: 505px\" class=\"wp-caption aligncenter\"><a href=\"https:\/\/www.sentierigressoney.it\/wp-content\/uploads\/2022\/06\/DSCF9810.jpg\"><img loading=\"lazy\" decoding=\"async\" aria-describedby=\"caption-attachment-24376\" class=\"wp-image-9740 size-portfolio\" title=\"Le 2 tourne \u00e0 droite au niveau de ce canon\" src=\"https:\/\/www.sentierigressoney.it\/wp-content\/uploads\/2022\/06\/DSCF9810-495x400.jpg\" alt=\"Le 2 tourne \u00e0 droite au niveau de ce canon\" width=\"495\" height=\"400\" srcset=\"https:\/\/www.sentierigressoney.it\/wp-content\/uploads\/2022\/06\/DSCF9810-495x400.jpg 495w, https:\/\/www.sentierigressoney.it\/wp-content\/uploads\/2022\/06\/DSCF9810-845x684.jpg 845w\" sizes=\"auto, (max-width: 495px) 100vw, 495px\" \/><\/a><p id=\"caption-attachment-24376\" class=\"wp-caption-text\">Le 2 tourne \u00e0 droite au niveau de ce canon<\/p><\/div>\n<p>Le sentier coupe \u00e0 droite, en passant derri\u00e8re le canon.<\/p>\n<div id=\"attachment_24375\" style=\"width: 210px\" class=\"wp-caption aligncenter\"><a href=\"https:\/\/www.sentierigressoney.it\/wp-content\/uploads\/2022\/06\/DSCF9809.jpg\"><img loading=\"lazy\" decoding=\"async\" aria-describedby=\"caption-attachment-24375\" class=\"wp-image-9739 size-medium\" title=\"Le sentier 2 est visible derri\u00e8re le canon.\" src=\"https:\/\/www.sentierigressoney.it\/wp-content\/uploads\/2022\/06\/DSCF9809-200x300.jpg\" alt=\"Le sentier 2 est visible derri\u00e8re le canon.\" width=\"200\" height=\"300\" srcset=\"https:\/\/www.sentierigressoney.it\/wp-content\/uploads\/2022\/06\/DSCF9809-200x300.jpg 200w, https:\/\/www.sentierigressoney.it\/wp-content\/uploads\/2022\/06\/DSCF9809-687x1030.jpg 687w, https:\/\/www.sentierigressoney.it\/wp-content\/uploads\/2022\/06\/DSCF9809-768x1152.jpg 768w, https:\/\/www.sentierigressoney.it\/wp-content\/uploads\/2022\/06\/DSCF9809-470x705.jpg 470w, https:\/\/www.sentierigressoney.it\/wp-content\/uploads\/2022\/06\/DSCF9809.jpg 1000w\" sizes=\"auto, (max-width: 200px) 100vw, 200px\" \/><\/a><p id=\"caption-attachment-24375\" class=\"wp-caption-text\">Le sentier 2 est visible derri\u00e8re le canon.<\/p><\/div>\n<p>Cette photo montre la derni\u00e8re partie de l&rsquo;itin\u00e9raire, \u00e0 partir des cabanes de David.<\/p>\n<div id=\"attachment_24231\" style=\"width: 1040px\" class=\"wp-caption aligncenter\"><a href=\"https:\/\/www.sentierigressoney.it\/wp-content\/uploads\/2021\/12\/tratto-finale.png\"><img loading=\"lazy\" decoding=\"async\" aria-describedby=\"caption-attachment-24231\" class=\"wp-image-9196 size-large\" title=\"La derni\u00e8re partie de l'itin\u00e9raire\" src=\"https:\/\/www.sentierigressoney.it\/wp-content\/uploads\/2021\/12\/tratto-finale-1030x331.png\" alt=\"La derni\u00e8re partie de l'itin\u00e9raire\" width=\"1030\" height=\"331\" srcset=\"https:\/\/www.sentierigressoney.it\/wp-content\/uploads\/2021\/12\/tratto-finale-1030x331.png 1030w, https:\/\/www.sentierigressoney.it\/wp-content\/uploads\/2021\/12\/tratto-finale-300x97.png 300w, https:\/\/www.sentierigressoney.it\/wp-content\/uploads\/2021\/12\/tratto-finale-768x247.png 768w, https:\/\/www.sentierigressoney.it\/wp-content\/uploads\/2021\/12\/tratto-finale-1536x494.png 1536w, https:\/\/www.sentierigressoney.it\/wp-content\/uploads\/2021\/12\/tratto-finale-1500x483.png 1500w, https:\/\/www.sentierigressoney.it\/wp-content\/uploads\/2021\/12\/tratto-finale-705x227.png 705w, https:\/\/www.sentierigressoney.it\/wp-content\/uploads\/2021\/12\/tratto-finale.png 1747w\" sizes=\"auto, (max-width: 1030px) 100vw, 1030px\" \/><\/a><p id=\"caption-attachment-24231\" class=\"wp-caption-text\">La derni\u00e8re partie de l&rsquo;itin\u00e9raire<\/p><\/div>\n<p>Dans la derni\u00e8re partie, l&rsquo;itin\u00e9raire coupe vers le haut sur une courte distance et revient \u00e0 la piste de ski rouge, qu&rsquo;il traverse et contourne en montant sur la droite&#8230;.<\/p>\n<div id=\"attachment_24373\" style=\"width: 505px\" class=\"wp-caption aligncenter\"><a href=\"https:\/\/www.sentierigressoney.it\/wp-content\/uploads\/2022\/06\/DSCF9802.jpg\"><img loading=\"lazy\" decoding=\"async\" aria-describedby=\"caption-attachment-24373\" class=\"wp-image-9737 size-portfolio\" title=\"Tu longes la piste rouge qui monte\" src=\"https:\/\/www.sentierigressoney.it\/wp-content\/uploads\/2022\/06\/DSCF9802-495x400.jpg\" alt=\"Tu longes la piste rouge qui monte\" width=\"495\" height=\"400\" srcset=\"https:\/\/www.sentierigressoney.it\/wp-content\/uploads\/2022\/06\/DSCF9802-495x400.jpg 495w, https:\/\/www.sentierigressoney.it\/wp-content\/uploads\/2022\/06\/DSCF9802-845x684.jpg 845w\" sizes=\"auto, (max-width: 495px) 100vw, 495px\" \/><\/a><p id=\"caption-attachment-24373\" class=\"wp-caption-text\">Tu longes la piste rouge qui monte<\/p><\/div>\n<p>&#8230;jusqu&rsquo;\u00e0 atteindre un chemin de terre qui m\u00e8ne en 400 m\u00e8tres \u00e0 l&rsquo;arriv\u00e9e du <strong>t\u00e9l\u00e9si\u00e8ge de Weismatten (2055m)<\/strong>&#8230;.<\/p>\n<div id=\"attachment_24232\" style=\"width: 505px\" class=\"wp-caption aligncenter\"><a href=\"https:\/\/www.sentierigressoney.it\/wp-content\/uploads\/2022\/06\/DSC5938.jpg\"><img loading=\"lazy\" decoding=\"async\" aria-describedby=\"caption-attachment-24232\" class=\"wp-image-9202 size-portfolio\" title=\"Arriv\u00e9e \u00e0 la station de t\u00e9l\u00e9si\u00e8ge\" src=\"https:\/\/www.sentierigressoney.it\/wp-content\/uploads\/2022\/06\/DSC5938-495x400.jpg\" alt=\"Arriv\u00e9e \u00e0 la station de t\u00e9l\u00e9si\u00e8ge\" width=\"495\" height=\"400\" srcset=\"https:\/\/www.sentierigressoney.it\/wp-content\/uploads\/2022\/06\/DSC5938-495x400.jpg 495w, https:\/\/www.sentierigressoney.it\/wp-content\/uploads\/2022\/06\/DSC5938-845x684.jpg 845w\" sizes=\"auto, (max-width: 495px) 100vw, 495px\" \/><\/a><p id=\"caption-attachment-24232\" class=\"wp-caption-text\">Arriv\u00e9e \u00e0 la station de t\u00e9l\u00e9si\u00e8ge<\/p><\/div>\n<p>&#8230;et l&rsquo;edifice adjacent,<strong>Casa Capriata-Rifugio Carlo Mollino<\/strong>, situ\u00e9e \u00e0 2040m. Le pavillon de th\u00e9 est situ\u00e9 entre la station et la cabane.<\/p>\n<div id=\"attachment_24235-2\" style=\"width: 505px\" class=\"wp-caption aligncenter\"><a href=\"https:\/\/www.sentierigressoney.it\/wp-content\/uploads\/2021\/12\/DSC6124-HDR-large.jpg\"><img loading=\"lazy\" decoding=\"async\" aria-describedby=\"caption-attachment-24235-2\" class=\"wp-image-9213 size-portfolio\" title=\"Casa Capriata, le refuge de Carlo Mollino\" src=\"https:\/\/www.sentierigressoney.it\/wp-content\/uploads\/2021\/12\/DSC6124-HDR-large-495x400.jpg\" alt=\"Casa Capriata, le refuge de Carlo Mollino\" width=\"495\" height=\"400\" srcset=\"https:\/\/www.sentierigressoney.it\/wp-content\/uploads\/2021\/12\/DSC6124-HDR-large-495x400.jpg 495w, https:\/\/www.sentierigressoney.it\/wp-content\/uploads\/2021\/12\/DSC6124-HDR-large-845x684.jpg 845w\" sizes=\"auto, (max-width: 495px) 100vw, 495px\" \/><\/a><p id=\"caption-attachment-24235-2\" class=\"wp-caption-text\">Casa Capriata, le refuge de Carlo Mollino<\/p><\/div>\n<h1>Poursuites possibles<\/h1>\n<p>Deux itin\u00e9raires principaux partent de Weismatten :<\/p>\n<p style=\"padding-left: 40px;\">1. le difficile <a href=\"https:\/\/www.sentierigressoney.it\/fr\/sentieri\/col-de-frudiere-2271m-sentier-1a\/\" class=\"sentiero-chip clickable-chip\">\n                    <i class=\"fas fa-hiking chip-icon-fa\"><\/i> \n                    <span class=\"chip-label\">SENTIER 1A<\/span>\n                <\/a>, qui m\u00e8ne aux magnifiques lacs de Frudi\u00e8re.<\/p>\n<div id=\"attachment_24240\" style=\"width: 310px\" class=\"wp-caption aligncenter\"><a href=\"https:\/\/www.sentierigressoney.it\/wp-content\/uploads\/2022\/06\/DSC5981.jpg\"><img loading=\"lazy\" decoding=\"async\" aria-describedby=\"caption-attachment-24240\" class=\"wp-image-9252 size-medium\" title=\"Lac Sup\u00e9rieur de Frudi\u00e8re\" src=\"https:\/\/www.sentierigressoney.it\/wp-content\/uploads\/2022\/06\/DSC5981-300x200.jpg\" alt=\"Lac Sup\u00e9rieur de Frudi\u00e8re\" width=\"300\" height=\"200\" srcset=\"https:\/\/www.sentierigressoney.it\/wp-content\/uploads\/2022\/06\/DSC5981-300x200.jpg 300w, https:\/\/www.sentierigressoney.it\/wp-content\/uploads\/2022\/06\/DSC5981-768x513.jpg 768w, https:\/\/www.sentierigressoney.it\/wp-content\/uploads\/2022\/06\/DSC5981-1030x688.jpg 1030w, https:\/\/www.sentierigressoney.it\/wp-content\/uploads\/2022\/06\/DSC5981-1536x1025.jpg 1536w, https:\/\/www.sentierigressoney.it\/wp-content\/uploads\/2022\/06\/DSC5981-2048x1367.jpg 2048w, https:\/\/www.sentierigressoney.it\/wp-content\/uploads\/2022\/06\/DSC5981-1500x1001.jpg 1500w, https:\/\/www.sentierigressoney.it\/wp-content\/uploads\/2022\/06\/DSC5981-705x471.jpg 705w\" sizes=\"auto, (max-width: 300px) 100vw, 300px\" \/><\/a><p id=\"caption-attachment-24240\" class=\"wp-caption-text\">Lac Sup\u00e9rieur de Frudi\u00e8re<\/p><\/div>\n<p style=\"padding-left: 40px;\">2. le <a href=\"https:\/\/www.sentierigressoney.it\/fr\/sentieri\/punta-della-regina-2382-m-sentier-3a\/\" class=\"sentiero-chip clickable-chip\">\n                    <i class=\"fas fa-hiking chip-icon-fa\"><\/i> \n                    <span class=\"chip-label\">SENTIER 3A<\/span>\n                <\/a>, plus accessible, qui m\u00e8ne \u00e0 <strong>Punta della Regina<\/strong>, la destination certainement la plus pris\u00e9e des randonneurs dans cette r\u00e9gion.<\/p>\n<div id=\"attachment_24367\" style=\"width: 310px\" class=\"wp-caption aligncenter\"><a href=\"https:\/\/www.sentierigressoney.it\/wp-content\/uploads\/2022\/06\/DSCF9766.jpg\"><img loading=\"lazy\" decoding=\"async\" aria-describedby=\"caption-attachment-24367\" class=\"wp-image-9714 size-medium\" title=\"Punta della Regina\" src=\"https:\/\/www.sentierigressoney.it\/wp-content\/uploads\/2022\/06\/DSCF9766-300x200.jpg\" alt=\"Punta della Regina\" width=\"300\" height=\"200\" srcset=\"https:\/\/www.sentierigressoney.it\/wp-content\/uploads\/2022\/06\/DSCF9766-300x200.jpg 300w, https:\/\/www.sentierigressoney.it\/wp-content\/uploads\/2022\/06\/DSCF9766-1030x687.jpg 1030w, https:\/\/www.sentierigressoney.it\/wp-content\/uploads\/2022\/06\/DSCF9766-768x512.jpg 768w, https:\/\/www.sentierigressoney.it\/wp-content\/uploads\/2022\/06\/DSCF9766-1536x1024.jpg 1536w, https:\/\/www.sentierigressoney.it\/wp-content\/uploads\/2022\/06\/DSCF9766-2048x1365.jpg 2048w, https:\/\/www.sentierigressoney.it\/wp-content\/uploads\/2022\/06\/DSCF9766-1500x1000.jpg 1500w, https:\/\/www.sentierigressoney.it\/wp-content\/uploads\/2022\/06\/DSCF9766-705x470.jpg 705w\" sizes=\"auto, (max-width: 300px) 100vw, 300px\" \/><\/a><p id=\"caption-attachment-24367\" class=\"wp-caption-text\">Punta della Regina<\/p><\/div>\n<p>De plus, en suivant le <a href=\"https:\/\/www.sentierigressoney.it\/fr\/sentieri\/punta-della-regina-2382-m-sentier-3a\/\" class=\"sentiero-chip clickable-chip\">\n                    <i class=\"fas fa-hiking chip-icon-fa\"><\/i> \n                    <span class=\"chip-label\">SENTIER 3A<\/span>\n                <\/a>, vous pouvez atteindre le <strong>Colle della Garda <\/strong>(au pied de la Punta della Regina), puis prendre la d\u00e9viation vers la gauche, point de d\u00e9part du difficile <a href=\"https:\/\/www.sentierigressoney.it\/fr\/sentieri\/col-taf-2404m-sentier-1b\/\" class=\"sentiero-chip clickable-chip\">\n                    <i class=\"fas fa-hiking chip-icon-fa\"><\/i> \n                    <span class=\"chip-label\">SENTIER 1B <\/span>\n                <\/a>qui touche successivement les sommets des monts <strong>Rena, Taille et Taf<\/strong>, avant de descendre jusqu&rsquo;au <a href=\"https:\/\/www.sentierigressoney.it\/fr\/sentieri\/col-de-frudiere-2271m-sentier-1a\/\" class=\"sentiero-chip clickable-chip\">\n                    <i class=\"fas fa-hiking chip-icon-fa\"><\/i> \n                    <span class=\"chip-label\">SENTIER 1A<\/span>\n                <\/a> pr\u00e8s du <strong>Colletto Taf<\/strong>. Ce sentier permet de retourner directement \u00e0 Weismatten sans repasser par les sommets des trois montagnes.<\/p>\n<p>Enfin, en suivant toujours le <a href=\"https:\/\/www.sentierigressoney.it\/fr\/sentieri\/punta-della-regina-2382-m-sentier-3a\/\" class=\"sentiero-chip clickable-chip\">\n                    <i class=\"fas fa-hiking chip-icon-fa\"><\/i> \n                    <span class=\"chip-label\">SENTIER 3A <\/span>\n                <\/a>(qui est commun avec le <a href=\"https:\/\/www.sentierigressoney.it\/fr\/sentieri\/col-ranzola-2171m-sentier-3b\/\" class=\"sentiero-chip clickable-chip\">\n                    <i class=\"fas fa-hiking chip-icon-fa\"><\/i> \n                    <span class=\"chip-label\">SENTIER 3B<\/span>\n                <\/a>), au lac Gombetta, vous pouvez continuer tout droit, sans monter \u00e0 Punta della Regina, et arriver ainsi au <strong>Colle Ranzola<\/strong>, d&rsquo;o\u00f9 vous pourrez retourner directement dans la vall\u00e9e en suivant le <a href=\"https:\/\/www.sentierigressoney.it\/fr\/sentieri\/col-ranzola-2171m-sentier-3\/\" class=\"sentiero-chip clickable-chip\">\n                    <i class=\"fas fa-hiking chip-icon-fa\"><\/i> \n                    <span class=\"chip-label\">SENTIER 3<\/span>\n                <\/a>.<\/p>\n<div id=\"attachment_24362\" style=\"width: 210px\" class=\"wp-caption aligncenter\"><a href=\"https:\/\/www.sentierigressoney.it\/wp-content\/uploads\/2022\/06\/DSCF9726.jpg\"><img loading=\"lazy\" decoding=\"async\" aria-describedby=\"caption-attachment-24362\" class=\"wp-image-9705 size-medium\" title=\"La col Ranzola et la chapelle\" src=\"https:\/\/www.sentierigressoney.it\/wp-content\/uploads\/2022\/06\/DSCF9726-200x300.jpg\" alt=\"La col Ranzola et la chapelle\" width=\"200\" height=\"300\" srcset=\"https:\/\/www.sentierigressoney.it\/wp-content\/uploads\/2022\/06\/DSCF9726-200x300.jpg 200w, https:\/\/www.sentierigressoney.it\/wp-content\/uploads\/2022\/06\/DSCF9726-687x1030.jpg 687w, https:\/\/www.sentierigressoney.it\/wp-content\/uploads\/2022\/06\/DSCF9726-768x1152.jpg 768w, https:\/\/www.sentierigressoney.it\/wp-content\/uploads\/2022\/06\/DSCF9726-470x705.jpg 470w, https:\/\/www.sentierigressoney.it\/wp-content\/uploads\/2022\/06\/DSCF9726.jpg 1000w\" sizes=\"auto, (max-width: 200px) 100vw, 200px\" \/><\/a><p id=\"caption-attachment-24362\" class=\"wp-caption-text\">La col Ranzola et la chapelle<\/p><\/div>\n<\/div><\/section>\n\n<style type=\"text\/css\" data-created_by=\"avia_inline_auto\" id=\"style-css-av-5zbxkm-1d58b6ca42c0c7791f3b805491d7298f\">\n#top .hr.hr-invisible.av-5zbxkm-1d58b6ca42c0c7791f3b805491d7298f{\nheight:50px;\n}\n<\/style>\n<div  class='hr av-5zbxkm-1d58b6ca42c0c7791f3b805491d7298f hr-invisible  avia-builder-el-20  el_after_av_textblock  el_before_av_heading '><span class='hr-inner '><span class=\"hr-inner-style\"><\/span><\/span><\/div>\n\n<style type=\"text\/css\" data-created_by=\"avia_inline_auto\" id=\"style-css-av-3xclxy-de49ce4dac8231da97df455238da8ff1\">\n#top .av-special-heading.av-3xclxy-de49ce4dac8231da97df455238da8ff1{\npadding-bottom:10px;\n}\nbody .av-special-heading.av-3xclxy-de49ce4dac8231da97df455238da8ff1 .av-special-heading-tag .heading-char{\nfont-size:25px;\npadding-bottom:10px;\n}\n.av-special-heading.av-3xclxy-de49ce4dac8231da97df455238da8ff1 .av-subheading{\nfont-size:15px;\n}\n<\/style>\n<div  id=\"gpxtrack\"  class='av-special-heading av-3xclxy-de49ce4dac8231da97df455238da8ff1 av-special-heading-h2 blockquote elegant-quote elegant-centered  avia-builder-el-21  el_after_av_hr  el_before_av_textblock  gpxtrackanchor av-thin-font av-icon'><h2 class='av-special-heading-tag '  itemprop=\"headline\"  ><span class='heading-char avia-iconfont avia-font-entypo-fontello' data-av_icon='\ue841' data-av_iconfont='entypo-fontello' ><\/span><span class=\"heading-wrap\"><strong>3. Carte et trac\u00e9 GPX<\/strong><\/span><\/h2><div class=\"special-heading-border\"><div class=\"special-heading-inner-border\"><\/div><\/div><\/div>\n<section  class='av_textblock_section av-395c7a-0a4512cbbfefbb2333c4441fba99375e '   itemscope=\"itemscope\" itemtype=\"https:\/\/schema.org\/CreativeWork\" ><div class='avia_textblock'  itemprop=\"text\" ><p>Voici la carte officielle du sentier figurant dans le <a href=\"https:\/\/mappe.partout.it\/pub\/geosentieri\/#\">registre des sentiers SCT<\/a> de la Vall\u00e9e d'Aoste.<br \/>\nVous pouvez t\u00e9l\u00e9charger la trace GPX du sentier si vous souhaitez l'utiliser dans votre application pr\u00e9f\u00e9r\u00e9e.<\/p>\n<\/div><\/section>\n<div  class='avia-button-wrap av-kxm9jwyf-76def721409b349e62a5f52d5fda51e8-wrap avia-button-center  avia-builder-el-23  el_after_av_textblock  el_before_av_codeblock  pulsantesentieri'>\n<style type=\"text\/css\" data-created_by=\"avia_inline_auto\" id=\"style-css-av-kxm9jwyf-76def721409b349e62a5f52d5fda51e8\">\n#top #wrap_all .avia-button.av-kxm9jwyf-76def721409b349e62a5f52d5fda51e8{\nbackground-color:#3d3d3d;\nborder-color:#aaaaaa;\ncolor:#bfbfbf;\nborder-style:solid;\nborder-width:1px 1px 1px 1px;\ntransition:all 0.4s ease-in-out;\n}\n#top #wrap_all .avia-button.av-kxm9jwyf-76def721409b349e62a5f52d5fda51e8:hover{\nbackground-color:#8e8e8e;\ncolor:white;\ntransition:all 0.4s ease-in-out;\n}\n#top #wrap_all .avia-button.av-kxm9jwyf-76def721409b349e62a5f52d5fda51e8 .avia-svg-icon svg:first-child{\nfill:#bfbfbf;\nstroke:#bfbfbf;\n}\n#top #wrap_all .avia-button.av-kxm9jwyf-76def721409b349e62a5f52d5fda51e8:hover .avia-svg-icon svg:first-child{\nfill:white;\nstroke:white;\n}\n<\/style>\n<a href='https:\/\/www.sentierigressoney.it\/wp-content\/uploads\/2021\/12\/SJ_02.gpx'  class='avia-button av-kxm9jwyf-76def721409b349e62a5f52d5fda51e8 av-link-btn avia-icon_select-yes-left-icon avia-size-small avia-position-center'   aria-label=\"T\u00e9l\u00e9chargez le sentier au format GPX\"><span class='avia_button_icon avia_button_icon_left avia-iconfont avia-font-entypo-fontello' data-av_icon='\ue82d' data-av_iconfont='entypo-fontello' ><\/span><span class='avia_iconbox_title' >T\u00e9l\u00e9chargez le sentier au format GPX<\/span><\/a><\/div>\n\n\n<style type=\"text\/css\" data-created_by=\"avia_inline_auto\" id=\"style-css-av-3jvkiu-b24ee34b8531d7fff4cbd05f31a6273b\">\n#top .av-special-heading.av-3jvkiu-b24ee34b8531d7fff4cbd05f31a6273b{\npadding-bottom:10px;\n}\nbody .av-special-heading.av-3jvkiu-b24ee34b8531d7fff4cbd05f31a6273b .av-special-heading-tag .heading-char{\nfont-size:25px;\ncolor:#8e8e8e;\npadding-bottom:10px;\n}\nbody .av-special-heading.av-3jvkiu-b24ee34b8531d7fff4cbd05f31a6273b .av-special-heading-tag .heading-char.avia-svg-icon svg:first-child{\nfill:#8e8e8e;\nstroke:#8e8e8e;\n}\n.av-special-heading.av-3jvkiu-b24ee34b8531d7fff4cbd05f31a6273b .av-subheading{\nfont-size:15px;\n}\n<\/style>\n<div  id=\"escursioni\"  class='av-special-heading av-3jvkiu-b24ee34b8531d7fff4cbd05f31a6273b av-special-heading-h2 custom-color-heading blockquote elegant-quote elegant-centered  avia-builder-el-25  el_after_av_codeblock  el_before_av_heading  av-thin-font av-icon'><h2 class='av-special-heading-tag '  itemprop=\"headline\"  ><span class='heading-char avia-iconfont avia-font-entypo-fontello' data-av_icon='\ue80b' data-av_iconfont='entypo-fontello' ><\/span><span class=\"heading-wrap\"><strong>4. Une excursion r\u00e9cente<\/strong><\/span><\/h2><div class=\"special-heading-border\"><div class=\"special-heading-inner-border\"><\/div><\/div><\/div>\n\n<style type=\"text\/css\" data-created_by=\"avia_inline_auto\" id=\"style-css-av-l409grlt-c489a37e5a13b41d88c02545d1a017b1\">\n#top .av-special-heading.av-l409grlt-c489a37e5a13b41d88c02545d1a017b1{\npadding-bottom:10px;\n}\nbody .av-special-heading.av-l409grlt-c489a37e5a13b41d88c02545d1a017b1 .av-special-heading-tag .heading-char{\nfont-size:25px;\n}\n.av-special-heading.av-l409grlt-c489a37e5a13b41d88c02545d1a017b1 .av-subheading{\nfont-size:15px;\n}\n<\/style>\n<div  class='av-special-heading av-l409grlt-c489a37e5a13b41d88c02545d1a017b1 av-special-heading-h5 custom-color-heading blockquote modern-quote modern-centered  avia-builder-el-26  el_after_av_heading  el_before_av_textblock  av-thin-font'><h5 class='av-special-heading-tag '  itemprop=\"headline\"  ><strong>20\/8\/2021<\/strong><\/h5><div class=\"special-heading-border\"><div class=\"special-heading-inner-border\"><\/div><\/div><\/div>\n<section  class='av_textblock_section av-l409o87h-2f6c406e07e61bc19e5c82d494c1c0c3 '   itemscope=\"itemscope\" itemtype=\"https:\/\/schema.org\/CreativeWork\" ><div class='avia_textblock'  itemprop=\"text\" ><p>Il s&rsquo;agit du trac\u00e9 GPX correspondant uniquement au sentier 2 que j&rsquo;ai suivi lors de la belle randonn\u00e9e que j&rsquo;ai effectu\u00e9e le <strong>18 ao\u00fbt 2021<\/strong>, en montant d&rsquo;abord \u00e0 Weismatten par le sentier 2, puis en arrivant au col de Garda par le sentier 3A, encha\u00eenant le mont Rena, le mont Taille et le mont Taf en suivant le sentier 1B, puis en revenant \u00e0 Weismatten par le sentier 1A, d&rsquo;o\u00f9 je suis redescendu par le sentier 2.<\/p>\n<\/div><\/section>\n<div  class='avia-button-wrap av-l409rgns-215ce3c1f4cac1a1fdb0251d71e91e27-wrap avia-button-center  avia-builder-el-28  el_after_av_textblock  el_before_av_codeblock  pulsantesentieri'>\n<style type=\"text\/css\" data-created_by=\"avia_inline_auto\" id=\"style-css-av-l409rgns-215ce3c1f4cac1a1fdb0251d71e91e27\">\n#top #wrap_all .avia-button.av-l409rgns-215ce3c1f4cac1a1fdb0251d71e91e27{\nbackground-color:#3d3d3d;\nborder-color:#aaaaaa;\ncolor:#bfbfbf;\nborder-style:solid;\nborder-width:1px 1px 1px 1px;\ntransition:all 0.4s ease-in-out;\n}\n#top #wrap_all .avia-button.av-l409rgns-215ce3c1f4cac1a1fdb0251d71e91e27:hover{\nbackground-color:#8e8e8e;\ncolor:white;\ntransition:all 0.4s ease-in-out;\n}\n#top #wrap_all .avia-button.av-l409rgns-215ce3c1f4cac1a1fdb0251d71e91e27 .avia-svg-icon svg:first-child{\nfill:#bfbfbf;\nstroke:#bfbfbf;\n}\n#top #wrap_all .avia-button.av-l409rgns-215ce3c1f4cac1a1fdb0251d71e91e27:hover .avia-svg-icon svg:first-child{\nfill:white;\nstroke:white;\n}\n<\/style>\n<a href='https:\/\/www.sentierigressoney.it\/wp-content\/uploads\/2022\/06\/20210820_Weismatten_2.gpx'  class='avia-button av-l409rgns-215ce3c1f4cac1a1fdb0251d71e91e27 av-link-btn avia-icon_select-yes-left-icon avia-size-small avia-position-center'   aria-label=\"T\u00e9l\u00e9chargez le sentier au format GPX\"><span class='avia_button_icon avia_button_icon_left avia-iconfont avia-font-entypo-fontello' data-av_icon='\ue82d' data-av_iconfont='entypo-fontello' ><\/span><span class='avia_iconbox_title' >T\u00e9l\u00e9chargez le sentier au format GPX<\/span><\/a><\/div>\n\n\n","protected":false},"excerpt":{"rendered":"<p>Niveau de difficult\u00e9 : E<br \/>\nLongueur : 2777m<br \/>\nD\u00e9nivel\u00e9 : 590m<br \/>\nDur\u00e9e : 1h46 <\/p>\n","protected":false},"author":1,"featured_media":24230,"comment_status":"closed","ping_status":"closed","template":"","meta":{"footnotes":""},"tags":[],"portfolio_entries":[117,107],"class_list":["post-27189","portfolio","type-portfolio","status-publish","has-post-thumbnail","hentry","portfolio_entries-difficulte-e-fr","portfolio_entries-gressoney-saint-jean-fr"],"yoast_head":"<!-- This site is optimized with the Yoast SEO plugin v28.3 - https:\/\/yoast.com\/product\/yoast-seo-wordpress\/ -->\n<title>Weismatten (2055m), sentier 2<\/title>\n<meta name=\"description\" content=\"Description, trac\u00e9 GPX et photographies d\u00e9crivant le sentier de Gressoney-Saint-Jean 2, de Bienne \u00e0 Weismatten.\" \/>\n<meta name=\"robots\" content=\"index, follow, max-snippet:-1, max-image-preview:large, max-video-preview:-1\" \/>\n<link rel=\"canonical\" href=\"https:\/\/www.sentierigressoney.it\/fr\/sentieri\/weismatten-2055m-sentier-2\/\" \/>\n<meta property=\"og:locale\" content=\"fr_FR\" \/>\n<meta property=\"og:type\" content=\"article\" \/>\n<meta property=\"og:title\" content=\"Weismatten (2055m), sentier 2\" \/>\n<meta property=\"og:description\" content=\"Description, trac\u00e9 GPX et photographies d\u00e9crivant le sentier de Gressoney-Saint-Jean 2, de Bienne \u00e0 Weismatten.\" \/>\n<meta property=\"og:url\" content=\"https:\/\/www.sentierigressoney.it\/fr\/sentieri\/weismatten-2055m-sentier-2\/\" \/>\n<meta property=\"og:site_name\" content=\"I sentieri di Gressoney\" \/>\n<meta property=\"article:publisher\" content=\"https:\/\/www.facebook.com\/sentierigressoney\" \/>\n<meta property=\"article:modified_time\" content=\"2026-08-13T19:05:16+00:00\" \/>\n<meta property=\"og:image\" content=\"https:\/\/www.sentierigressoney.it\/wp-content\/uploads\/2021\/12\/DSC6114-HDR.jpg\" \/>\n\t<meta property=\"og:image:width\" content=\"2247\" \/>\n\t<meta property=\"og:image:height\" content=\"1500\" \/>\n\t<meta property=\"og:image:type\" content=\"image\/jpeg\" \/>\n<meta name=\"twitter:card\" content=\"summary_large_image\" \/>\n<meta name=\"twitter:label1\" content=\"Dur\u00e9e de lecture estim\u00e9e\" \/>\n\t<meta name=\"twitter:data1\" content=\"29 minutes\" \/>\n<script type=\"application\/ld+json\" class=\"yoast-schema-graph\">{\"@context\":\"https:\\\/\\\/schema.org\",\"@graph\":[{\"@type\":\"WebPage\",\"@id\":\"https:\\\/\\\/www.sentierigressoney.it\\\/fr\\\/sentieri\\\/weismatten-2055m-sentier-2\\\/\",\"url\":\"https:\\\/\\\/www.sentierigressoney.it\\\/fr\\\/sentieri\\\/weismatten-2055m-sentier-2\\\/\",\"name\":\"Weismatten (2055m), sentier 2\",\"isPartOf\":{\"@id\":\"https:\\\/\\\/www.sentierigressoney.it\\\/fr\\\/#website\"},\"primaryImageOfPage\":{\"@id\":\"https:\\\/\\\/www.sentierigressoney.it\\\/fr\\\/sentieri\\\/weismatten-2055m-sentier-2\\\/#primaryimage\"},\"image\":{\"@id\":\"https:\\\/\\\/www.sentierigressoney.it\\\/fr\\\/sentieri\\\/weismatten-2055m-sentier-2\\\/#primaryimage\"},\"thumbnailUrl\":\"https:\\\/\\\/www.sentierigressoney.it\\\/wp-content\\\/uploads\\\/2021\\\/12\\\/DSC6114-HDR.jpg\",\"datePublished\":\"2021-12-04T23:00:00+00:00\",\"dateModified\":\"2026-08-13T19:05:16+00:00\",\"description\":\"Description, trac\u00e9 GPX et photographies d\u00e9crivant le sentier de Gressoney-Saint-Jean 2, de Bienne \u00e0 Weismatten.\",\"inLanguage\":\"fr-FR\",\"potentialAction\":[{\"@type\":\"ReadAction\",\"target\":[\"https:\\\/\\\/www.sentierigressoney.it\\\/fr\\\/sentieri\\\/weismatten-2055m-sentier-2\\\/\"]}]},{\"@type\":\"ImageObject\",\"inLanguage\":\"fr-FR\",\"@id\":\"https:\\\/\\\/www.sentierigressoney.it\\\/fr\\\/sentieri\\\/weismatten-2055m-sentier-2\\\/#primaryimage\",\"url\":\"https:\\\/\\\/www.sentierigressoney.it\\\/wp-content\\\/uploads\\\/2021\\\/12\\\/DSC6114-HDR.jpg\",\"contentUrl\":\"https:\\\/\\\/www.sentierigressoney.it\\\/wp-content\\\/uploads\\\/2021\\\/12\\\/DSC6114-HDR.jpg\",\"width\":2247,\"height\":1500,\"caption\":\"Le refuge vu depuis le sentier 1A\"},{\"@type\":\"WebSite\",\"@id\":\"https:\\\/\\\/www.sentierigressoney.it\\\/fr\\\/#website\",\"url\":\"https:\\\/\\\/www.sentierigressoney.it\\\/fr\\\/\",\"name\":\"Sentieri di Gressoney\",\"description\":\"Informazioni sui sentieri di Gressoney\",\"publisher\":{\"@id\":\"https:\\\/\\\/www.sentierigressoney.it\\\/fr\\\/#organization\"},\"alternateName\":\"Sentieri di Gressoney\",\"potentialAction\":[{\"@type\":\"SearchAction\",\"target\":{\"@type\":\"EntryPoint\",\"urlTemplate\":\"https:\\\/\\\/www.sentierigressoney.it\\\/fr\\\/?s={search_term_string}\"},\"query-input\":{\"@type\":\"PropertyValueSpecification\",\"valueRequired\":true,\"valueName\":\"search_term_string\"}}],\"inLanguage\":\"fr-FR\"},{\"@type\":\"Organization\",\"@id\":\"https:\\\/\\\/www.sentierigressoney.it\\\/fr\\\/#organization\",\"name\":\"Sentieri di Gressoney\",\"alternateName\":\"Sentieri Gressoney\",\"url\":\"https:\\\/\\\/www.sentierigressoney.it\\\/fr\\\/\",\"logo\":{\"@type\":\"ImageObject\",\"inLanguage\":\"fr-FR\",\"@id\":\"https:\\\/\\\/www.sentierigressoney.it\\\/fr\\\/#\\\/schema\\\/logo\\\/image\\\/\",\"url\":\"https:\\\/\\\/www.sentierigressoney.it\\\/wp-content\\\/uploads\\\/2022\\\/01\\\/stambecco-2.jpg\",\"contentUrl\":\"https:\\\/\\\/www.sentierigressoney.it\\\/wp-content\\\/uploads\\\/2022\\\/01\\\/stambecco-2.jpg\",\"width\":2250,\"height\":1500,\"caption\":\"Sentieri di Gressoney\"},\"image\":{\"@id\":\"https:\\\/\\\/www.sentierigressoney.it\\\/fr\\\/#\\\/schema\\\/logo\\\/image\\\/\"},\"sameAs\":[\"https:\\\/\\\/www.facebook.com\\\/sentierigressoney\",\"https:\\\/\\\/www.instagram.com\\\/sentierigressoney\\\/\"]}]}<\/script>\n<!-- \/ Yoast SEO plugin. -->","yoast_head_json":{"title":"Weismatten (2055m), sentier 2","description":"Description, trac\u00e9 GPX et photographies d\u00e9crivant le sentier de Gressoney-Saint-Jean 2, de Bienne \u00e0 Weismatten.","robots":{"index":"index","follow":"follow","max-snippet":"max-snippet:-1","max-image-preview":"max-image-preview:large","max-video-preview":"max-video-preview:-1"},"canonical":"https:\/\/www.sentierigressoney.it\/fr\/sentieri\/weismatten-2055m-sentier-2\/","og_locale":"fr_FR","og_type":"article","og_title":"Weismatten (2055m), sentier 2","og_description":"Description, trac\u00e9 GPX et photographies d\u00e9crivant le sentier de Gressoney-Saint-Jean 2, de Bienne \u00e0 Weismatten.","og_url":"https:\/\/www.sentierigressoney.it\/fr\/sentieri\/weismatten-2055m-sentier-2\/","og_site_name":"I sentieri di Gressoney","article_publisher":"https:\/\/www.facebook.com\/sentierigressoney","article_modified_time":"2026-08-13T19:05:16+00:00","og_image":[{"width":2247,"height":1500,"url":"https:\/\/www.sentierigressoney.it\/wp-content\/uploads\/2021\/12\/DSC6114-HDR.jpg","type":"image\/jpeg"}],"twitter_card":"summary_large_image","twitter_misc":{"Dur\u00e9e de lecture estim\u00e9e":"29 minutes"},"schema":{"@context":"https:\/\/schema.org","@graph":[{"@type":"WebPage","@id":"https:\/\/www.sentierigressoney.it\/fr\/sentieri\/weismatten-2055m-sentier-2\/","url":"https:\/\/www.sentierigressoney.it\/fr\/sentieri\/weismatten-2055m-sentier-2\/","name":"Weismatten (2055m), sentier 2","isPartOf":{"@id":"https:\/\/www.sentierigressoney.it\/fr\/#website"},"primaryImageOfPage":{"@id":"https:\/\/www.sentierigressoney.it\/fr\/sentieri\/weismatten-2055m-sentier-2\/#primaryimage"},"image":{"@id":"https:\/\/www.sentierigressoney.it\/fr\/sentieri\/weismatten-2055m-sentier-2\/#primaryimage"},"thumbnailUrl":"https:\/\/www.sentierigressoney.it\/wp-content\/uploads\/2021\/12\/DSC6114-HDR.jpg","datePublished":"2021-12-04T23:00:00+00:00","dateModified":"2026-08-13T19:05:16+00:00","description":"Description, trac\u00e9 GPX et photographies d\u00e9crivant le sentier de Gressoney-Saint-Jean 2, de Bienne \u00e0 Weismatten.","inLanguage":"fr-FR","potentialAction":[{"@type":"ReadAction","target":["https:\/\/www.sentierigressoney.it\/fr\/sentieri\/weismatten-2055m-sentier-2\/"]}]},{"@type":"ImageObject","inLanguage":"fr-FR","@id":"https:\/\/www.sentierigressoney.it\/fr\/sentieri\/weismatten-2055m-sentier-2\/#primaryimage","url":"https:\/\/www.sentierigressoney.it\/wp-content\/uploads\/2021\/12\/DSC6114-HDR.jpg","contentUrl":"https:\/\/www.sentierigressoney.it\/wp-content\/uploads\/2021\/12\/DSC6114-HDR.jpg","width":2247,"height":1500,"caption":"Le refuge vu depuis le sentier 1A"},{"@type":"WebSite","@id":"https:\/\/www.sentierigressoney.it\/fr\/#website","url":"https:\/\/www.sentierigressoney.it\/fr\/","name":"Sentieri di Gressoney","description":"Informazioni sui sentieri di Gressoney","publisher":{"@id":"https:\/\/www.sentierigressoney.it\/fr\/#organization"},"alternateName":"Sentieri di Gressoney","potentialAction":[{"@type":"SearchAction","target":{"@type":"EntryPoint","urlTemplate":"https:\/\/www.sentierigressoney.it\/fr\/?s={search_term_string}"},"query-input":{"@type":"PropertyValueSpecification","valueRequired":true,"valueName":"search_term_string"}}],"inLanguage":"fr-FR"},{"@type":"Organization","@id":"https:\/\/www.sentierigressoney.it\/fr\/#organization","name":"Sentieri di Gressoney","alternateName":"Sentieri Gressoney","url":"https:\/\/www.sentierigressoney.it\/fr\/","logo":{"@type":"ImageObject","inLanguage":"fr-FR","@id":"https:\/\/www.sentierigressoney.it\/fr\/#\/schema\/logo\/image\/","url":"https:\/\/www.sentierigressoney.it\/wp-content\/uploads\/2022\/01\/stambecco-2.jpg","contentUrl":"https:\/\/www.sentierigressoney.it\/wp-content\/uploads\/2022\/01\/stambecco-2.jpg","width":2250,"height":1500,"caption":"Sentieri di Gressoney"},"image":{"@id":"https:\/\/www.sentierigressoney.it\/fr\/#\/schema\/logo\/image\/"},"sameAs":["https:\/\/www.facebook.com\/sentierigressoney","https:\/\/www.instagram.com\/sentierigressoney\/"]}]}},"_links":{"self":[{"href":"https:\/\/www.sentierigressoney.it\/fr\/wp-json\/wp\/v2\/portfolio\/27189","targetHints":{"allow":["GET"]}}],"collection":[{"href":"https:\/\/www.sentierigressoney.it\/fr\/wp-json\/wp\/v2\/portfolio"}],"about":[{"href":"https:\/\/www.sentierigressoney.it\/fr\/wp-json\/wp\/v2\/types\/portfolio"}],"author":[{"embeddable":true,"href":"https:\/\/www.sentierigressoney.it\/fr\/wp-json\/wp\/v2\/users\/1"}],"replies":[{"embeddable":true,"href":"https:\/\/www.sentierigressoney.it\/fr\/wp-json\/wp\/v2\/comments?post=27189"}],"version-history":[{"count":3,"href":"https:\/\/www.sentierigressoney.it\/fr\/wp-json\/wp\/v2\/portfolio\/27189\/revisions"}],"predecessor-version":[{"id":35556,"href":"https:\/\/www.sentierigressoney.it\/fr\/wp-json\/wp\/v2\/portfolio\/27189\/revisions\/35556"}],"wp:featuredmedia":[{"embeddable":true,"href":"https:\/\/www.sentierigressoney.it\/fr\/wp-json\/wp\/v2\/media\/24230"}],"wp:attachment":[{"href":"https:\/\/www.sentierigressoney.it\/fr\/wp-json\/wp\/v2\/media?parent=27189"}],"wp:term":[{"taxonomy":"post_tag","embeddable":true,"href":"https:\/\/www.sentierigressoney.it\/fr\/wp-json\/wp\/v2\/tags?post=27189"},{"taxonomy":"portfolio_entries","embeddable":true,"href":"https:\/\/www.sentierigressoney.it\/fr\/wp-json\/wp\/v2\/portfolio_entries?post=27189"}],"curies":[{"name":"wp","href":"https:\/\/api.w.org\/{rel}","templated":true}]}}